{"id":59377,"date":"2024-08-29T00:28:21","date_gmt":"2024-08-29T06:28:21","guid":{"rendered":"https:\/\/www.gesmujer.org\/sitio\/?page_id=59377"},"modified":"2024-11-25T13:33:16","modified_gmt":"2024-11-25T19:33:16","slug":"red-de-mujeres-cooperativistas","status":"publish","type":"page","link":"https:\/\/www.gesmujer.org\/sitio\/?page_id=59377","title":{"rendered":"Red de mujeres cooperativistas"},"content":{"rendered":"\t\t<div data-elementor-type=\"wp-page\" data-elementor-id=\"59377\" class=\"elementor elementor-59377\">\n\t\t\t\t\t\t<section class=\"elementor-section elementor-top-section elementor-element elementor-element-8270a6b elementor-section-boxed elementor-section-height-default elementor-section-height-default\" data-id=\"8270a6b\" data-element_type=\"section\" data-e-type=\"section\">\n\t\t\t\t\t\t<div class=\"elementor-container elementor-column-gap-default\">\n\t\t\t\t\t<div class=\"elementor-column elementor-col-50 elementor-top-column elementor-element elementor-element-bc41918\" data-id=\"bc41918\" data-element_type=\"column\" data-e-type=\"column\">\n\t\t\t<div class=\"elementor-widget-wrap elementor-element-populated\">\n\t\t\t\t\t\t<div class=\"elementor-element elementor-element-57a779b elementor-widget-tablet__width-initial elementor-widget elementor-widget-text-editor\" data-id=\"57a779b\" data-element_type=\"widget\" data-e-type=\"widget\" data-widget_type=\"text-editor.default\">\n\t\t\t\t<div class=\"elementor-widget-container\">\n\t\t\t\t\t\t\t\t\t<p>En el Grupo de Estudios sobre la mujer Rosario Castellanos Ac ( GESMujer) contribuimos desde una perspectiva de equidad de ge\u0301nero e interculturalidad, al bienestar de las mujeres del estado de Oaxaca M\u00e9xico.\u00a0<\/p><p>Nuestro trabajo se centra en procesos de fortalecimiento a trav\u00e9s de acciones de incidencia social por el empeoramiento de las ni\u00f1as y las mujeres ind\u00edgenas y afromexicanas.<br \/><span style=\"font-size: 15px; color: var(--bighearts-content-color);\">Promovemos el tejido social y autonom\u00eda econ\u00f3mica de las mujeres para abatir las cadenas de la dependencia econ\u00f3mica mecanismo que las restringe para su pleno desarrollo y agencia para la toma de sus propias decisiones.<\/span><\/p><p>Dise\u00f1amos y llevamos a cabo acciones que les permite ir transformando su mundo en uno m\u00e1s justo e igualitario, desde el enfoque de los Objetivos del Desarrollo Sostenible en su objetivo n\u00famero 5 principalmente.<\/p>\t\t\t\t\t\t\t\t<\/div>\n\t\t\t\t<\/div>\n\t\t\t\t\t<\/div>\n\t\t<\/div>\n\t\t\t\t<div class=\"elementor-column elementor-col-50 elementor-top-column elementor-element elementor-element-e67e010\" data-id=\"e67e010\" data-element_type=\"column\" data-e-type=\"column\">\n\t\t\t<div class=\"elementor-widget-wrap elementor-element-populated\">\n\t\t\t\t\t\t<div class=\"elementor-element elementor-element-d89980b elementor-widget elementor-widget-image\" data-id=\"d89980b\" data-element_type=\"widget\" data-e-type=\"widget\" data-widget_type=\"image.default\">\n\t\t\t\t<div class=\"elementor-widget-container\">\n\t\t\t\t\t\t\t\t\t\t\t\t\t\t\t<img fetchpriority=\"high\" decoding=\"async\" width=\"1024\" height=\"768\" src=\"https:\/\/www.gesmujer.org\/sitio\/wp-content\/uploads\/2024\/09\/6IAF-2daVisita-1024x768.jpeg\" class=\"attachment-large size-large wp-image-59453\" alt=\"\" srcset=\"https:\/\/www.gesmujer.org\/sitio\/wp-content\/uploads\/2024\/09\/6IAF-2daVisita-1024x768.jpeg 1024w, https:\/\/www.gesmujer.org\/sitio\/wp-content\/uploads\/2024\/09\/6IAF-2daVisita-300x225.jpeg 300w, https:\/\/www.gesmujer.org\/sitio\/wp-content\/uploads\/2024\/09\/6IAF-2daVisita-768x576.jpeg 768w, https:\/\/www.gesmujer.org\/sitio\/wp-content\/uploads\/2024\/09\/6IAF-2daVisita-1080x810.jpeg 1080w, https:\/\/www.gesmujer.org\/sitio\/wp-content\/uploads\/2024\/09\/6IAF-2daVisita.jpeg 1280w\" sizes=\"(max-width: 1024px) 100vw, 1024px\" \/>\t\t\t\t\t\t\t\t\t\t\t\t\t\t\t<\/div>\n\t\t\t\t<\/div>\n\t\t\t\t\t<\/div>\n\t\t<\/div>\n\t\t\t\t\t<\/div>\n\t\t<\/section>\n\t\t\t\t<section class=\"elementor-section elementor-top-section elementor-element elementor-element-588fded elementor-section-boxed elementor-section-height-default elementor-section-height-default\" data-id=\"588fded\" data-element_type=\"section\" data-e-type=\"section\">\n\t\t\t\t\t\t<div class=\"elementor-container elementor-column-gap-default\">\n\t\t\t\t\t<div class=\"elementor-column elementor-col-100 elementor-top-column elementor-element elementor-element-d35d0b3\" data-id=\"d35d0b3\" data-element_type=\"column\" data-e-type=\"column\">\n\t\t\t<div class=\"elementor-widget-wrap elementor-element-populated\">\n\t\t\t\t\t\t<div class=\"elementor-element elementor-element-ad84561 elementor-widget elementor-widget-video\" data-id=\"ad84561\" data-element_type=\"widget\" data-e-type=\"widget\" data-settings=\"{&quot;youtube_url&quot;:&quot;https:\\\/\\\/youtu.be\\\/JpSFVf_0H3E&quot;,&quot;video_type&quot;:&quot;youtube&quot;,&quot;controls&quot;:&quot;yes&quot;}\" data-widget_type=\"video.default\">\n\t\t\t\t<div class=\"elementor-widget-container\">\n\t\t\t\t\t\t\t<div class=\"elementor-wrapper elementor-open-inline\">\n\t\t\t<div class=\"elementor-video\"><\/div>\t\t<\/div>\n\t\t\t\t\t\t<\/div>\n\t\t\t\t<\/div>\n\t\t\t\t\t<\/div>\n\t\t<\/div>\n\t\t\t\t\t<\/div>\n\t\t<\/section>\n\t\t\t\t<section class=\"elementor-section elementor-top-section elementor-element elementor-element-6ffbfab elementor-section-boxed elementor-section-height-default elementor-section-height-default\" data-id=\"6ffbfab\" data-element_type=\"section\" data-e-type=\"section\">\n\t\t\t\t\t\t<div class=\"elementor-container elementor-column-gap-default\">\n\t\t\t\t\t<div class=\"elementor-column elementor-col-33 elementor-top-column elementor-element elementor-element-e5bc256\" data-id=\"e5bc256\" data-element_type=\"column\" data-e-type=\"column\">\n\t\t\t<div class=\"elementor-widget-wrap elementor-element-populated\">\n\t\t\t\t\t\t<div class=\"elementor-element elementor-element-d134689 elementor-widget elementor-widget-text-editor\" data-id=\"d134689\" data-element_type=\"widget\" data-e-type=\"widget\" data-widget_type=\"text-editor.default\">\n\t\t\t\t<div class=\"elementor-widget-container\">\n\t\t\t\t\t\t\t\t\t<p>&#8220;La red de mujeres cooperativistas para una cultura de paz GESMujer, han aprendido a caminar juntas a favor de sus derechos por autonom\u00eda con justicia econ\u00f3mica&#8221;.<br \/>El grupo de Estudios sobre la mujer Rosario Castellanos (GESMujer), una asociaci\u00f3n civil feminista en Oaxaca, con m\u00e1s de 45 a\u00f1os llevando acciones sociales enfocadas a empoderar a las mujeres y las ni\u00f1as de la entidad oaxaque\u00f1a, trabaja arduamente bajo el paraguas de los DD.HH, la perspectiva de g\u00e9nero, la interseccionalidad y la interculturalidad, para garantizar a las mujeres de la entidad una vida libre de violencias y un pleno ejercicio de sus derechos.<br \/>Reconocer y visibilizar el invaluable aporte de las mujeres en todas las \u00e1reas de la vida social, es un compromiso que GESMujer ha asumido desde hace m\u00e1s de 45 a\u00f1os. Nuestra labor se ha centrado en hacer visibles las inequidades de g\u00e9nero y promover procesos de desarrollo para contribuir a la autonom\u00eda de las mujeres y fortalecer as\u00ed su empoderamiento.<br \/>La justicia econ\u00f3mica para las mujeres es una deuda hist\u00f3rica, para todas, pero agravada para las mujeres ind\u00edgenas y afromexicanas. Reconociendo esta prioridad, en 2023 se crea la &#8220;Red de Mujeres Cooperativistas para una Cultura de Paz&#8221;, cuyo <b>objetivo es fomentar el empoderamiento econ\u00f3mico y el derecho de las mujeres a vivir libres de todas las formas de violencia. <\/b><\/p>\t\t\t\t\t\t\t\t<\/div>\n\t\t\t\t<\/div>\n\t\t\t\t\t<\/div>\n\t\t<\/div>\n\t\t\t\t<div class=\"elementor-column elementor-col-33 elementor-top-column elementor-element elementor-element-884e30c\" data-id=\"884e30c\" data-element_type=\"column\" data-e-type=\"column\">\n\t\t\t<div class=\"elementor-widget-wrap elementor-element-populated\">\n\t\t\t\t\t\t<div class=\"elementor-element elementor-element-24d71f7 elementor-widget elementor-widget-text-editor\" data-id=\"24d71f7\" data-element_type=\"widget\" data-e-type=\"widget\" data-widget_type=\"text-editor.default\">\n\t\t\t\t<div class=\"elementor-widget-container\">\n\t\t\t\t\t\t\t\t\t<p>En este Primer Aniversario de la &#8220;Red de Mujeres Cooperativistas para una Cultura de Paz&#8221; deseamos reconocer a los 12 grupos que la integran, quienes son l\u00edderes con emprendimientos econ\u00f3micos y sociales en las regiones de la Costa, Sierra Sur, Valles Centrales, Mixteca y Ca\u00f1ada, pues en un per\u00edodo tan corto han mostrado que apoyar sus iniciativas, brindan frutos: <br \/>&#8211; El 100% de los grupos participantes hoy est\u00e1n generando ingresos.<br \/>&#8211; El 75% son iniciativas nuevas.<br \/>&#8211; Los 12 grupos, es decir las 140 mujeres conocen sus derechos, identifican sus fortalezas en el \u00e1mbito econ\u00f3mico y son inspiraci\u00f3n para otras mujeres, adem\u00e1s de ser reconocidas por sus comunidades.<br \/>El trabajo con las promotoras se ha centrado en desarrollar sus capacidades e iniciativas econ\u00f3micas a trav\u00e9s de <b>tres ejes principales:<br \/>1. Promover el empoderamiento econ\u00f3mico de las mujeres para reducir la dependencia econ\u00f3mica y contribuir al bienestar familiar.<br \/>2. Fomentar una cultura de paz que reconozca sus derechos como mujeres, promoviendo su pleno ejercicio.<br \/>3. Fortalecer la red de mujeres cooperativistas por una cultura de paz, para el apoyo mutuo entre ellas.<\/b><\/p>\t\t\t\t\t\t\t\t<\/div>\n\t\t\t\t<\/div>\n\t\t\t\t\t<\/div>\n\t\t<\/div>\n\t\t\t\t<div class=\"elementor-column elementor-col-33 elementor-top-column elementor-element elementor-element-dcbb92b\" data-id=\"dcbb92b\" data-element_type=\"column\" data-e-type=\"column\">\n\t\t\t<div class=\"elementor-widget-wrap elementor-element-populated\">\n\t\t\t\t\t\t<div class=\"elementor-element elementor-element-0401d8e elementor-widget__width-initial elementor-widget elementor-widget-text-editor\" data-id=\"0401d8e\" data-element_type=\"widget\" data-e-type=\"widget\" data-widget_type=\"text-editor.default\">\n\t\t\t\t<div class=\"elementor-widget-container\">\n\t\t\t\t\t\t\t\t\t<p>En GESMujer Promovemos el tejido social y autonom\u00eda econ\u00f3mica de las mujeres para abatir las cadenas de la dependencia econ\u00f3mica mecanismo que las restringe para su pleno desarrollo y agencia para la toma de sus propias decisiones.<\/p><p>GESMujer busca que los grupos de mujeres en el cooperativismo sea un eje transformador que dinamice a las familias y sus comunidades, que les permita romper con las cadenas del yugo de la dependencia econ\u00f3mica que es un mecanismo de sometimiento y control para la precariedad, la violencia y el feminicidio. Para lograrlo, demandamos que las mujeres encuentran mayores facilidades ante las instituciones eliminando los obst\u00e1culos que les impiden tener una atenci\u00f3n basada en el respeto y con instituciones que brinden las facilidades a las necesidades de las mujeres al momento de acudir por atenci\u00f3n, ya que muchas de ellas al acudir a realizar sus tr\u00e1mites se topan con pared y sus procesos se detienen o terminan abandonando su sue\u00f1o por la falta de sensibilidad basada en el respeto y la interculturalidad .<\/p><p>Los productos de las mujeres se pueden adquirir en los espacios digitales de GES Mujer www.gesmujer.org, as\u00ed como en la tienda de la cooperativa &#8220;Comunali&#8221; Econom\u00eda social para las mujeres Oaxaque\u00f1as, una de las primeras cooperativas en constituirse legalmente y que es un veh\u00edculo para difundir y comercializar los productos de todos los grupos de la red de mujeres cooperativistas para una cultura de paz&#8221; ubicada en GESMujer (3ra priv. De Guadalupe Victoria 107, colonia Libertad, centro Oaxaca, entre la central de abastos y el museo del ferrocarril), invitamos a adquirir los productos de la Red ya que al comprar un producto de estos grupos, no solo contribuyen al ingreso familiar sino a mejorar las condiciones de vida de las mujeres y el mejoramiento de las condiciones de vida de las comunidades.<\/p>\t\t\t\t\t\t\t\t<\/div>\n\t\t\t\t<\/div>\n\t\t\t\t\t<\/div>\n\t\t<\/div>\n\t\t\t\t\t<\/div>\n\t\t<\/section>\n\t\t\t\t<section class=\"elementor-section elementor-top-section elementor-element elementor-element-eb1e9e4 elementor-section-boxed elementor-section-height-default elementor-section-height-default\" data-id=\"eb1e9e4\" data-element_type=\"section\" data-e-type=\"section\">\n\t\t\t\t\t\t<div class=\"elementor-container elementor-column-gap-default\">\n\t\t\t\t\t<div class=\"elementor-column elementor-col-100 elementor-top-column elementor-element elementor-element-c2a1ed8\" data-id=\"c2a1ed8\" data-element_type=\"column\" data-e-type=\"column\">\n\t\t\t<div class=\"elementor-widget-wrap elementor-element-populated\">\n\t\t\t\t\t\t<div class=\"elementor-element elementor-element-bb579a8 elementor-widget-divider--view-line elementor-widget elementor-widget-divider\" data-id=\"bb579a8\" data-element_type=\"widget\" data-e-type=\"widget\" data-widget_type=\"divider.default\">\n\t\t\t\t<div class=\"elementor-widget-container\">\n\t\t\t\t\t\t\t<div class=\"elementor-divider\">\n\t\t\t<span class=\"elementor-divider-separator\">\n\t\t\t\t\t\t<\/span>\n\t\t<\/div>\n\t\t\t\t\t\t<\/div>\n\t\t\t\t<\/div>\n\t\t\t\t\t<\/div>\n\t\t<\/div>\n\t\t\t\t\t<\/div>\n\t\t<\/section>\n\t\t\t\t<section class=\"elementor-section elementor-top-section elementor-element elementor-element-0854d56 elementor-section-boxed elementor-section-height-default elementor-section-height-default\" data-id=\"0854d56\" data-element_type=\"section\" data-e-type=\"section\">\n\t\t\t\t\t\t<div class=\"elementor-container elementor-column-gap-default\">\n\t\t\t\t\t<div class=\"elementor-column elementor-col-100 elementor-top-column elementor-element elementor-element-355627e\" data-id=\"355627e\" data-element_type=\"column\" data-e-type=\"column\">\n\t\t\t<div class=\"elementor-widget-wrap elementor-element-populated\">\n\t\t\t\t\t\t<div class=\"elementor-element elementor-element-59afe9e elementor-widget elementor-widget-text-editor\" data-id=\"59afe9e\" data-element_type=\"widget\" data-e-type=\"widget\" data-widget_type=\"text-editor.default\">\n\t\t\t\t<div class=\"elementor-widget-container\">\n\t\t\t\t\t\t\t\t\t<p><em>&#8221; Nuestra vida cotidiana comunitaria, va m\u00e1s all\u00e1 del intercambio monetario, nosotras hacemos intercambios de productos que tenemos, hacemos o cosechamos y nos acompa\u00f1amos en las buenas y las malas, eso, el sistema econ\u00f3mico no lo puede medir, nos importa el tejido social y la vida de nosotras por eso nos cuidamos y nos ayudamos mutuamente.&#8221; Voz de Mar\u00eda Antonia promotora del grupo &#8220;Ra\u00edces tejidas&#8221; de Santa Maria Apazco, Oaxaca M\u00e9xico.<\/em><\/p>\t\t\t\t\t\t\t\t<\/div>\n\t\t\t\t<\/div>\n\t\t\t\t\t<\/div>\n\t\t<\/div>\n\t\t\t\t\t<\/div>\n\t\t<\/section>\n\t\t\t\t<section class=\"elementor-section elementor-top-section elementor-element elementor-element-8fb5b0b elementor-section-boxed elementor-section-height-default elementor-section-height-default\" data-id=\"8fb5b0b\" data-element_type=\"section\" data-e-type=\"section\">\n\t\t\t\t\t\t<div class=\"elementor-container elementor-column-gap-default\">\n\t\t\t\t\t<div class=\"elementor-column elementor-col-100 elementor-top-column elementor-element elementor-element-6d05a69\" data-id=\"6d05a69\" data-element_type=\"column\" data-e-type=\"column\">\n\t\t\t<div class=\"elementor-widget-wrap elementor-element-populated\">\n\t\t\t\t\t\t<div class=\"elementor-element elementor-element-ede7939 elementor-widget-divider--view-line elementor-widget elementor-widget-divider\" data-id=\"ede7939\" data-element_type=\"widget\" data-e-type=\"widget\" data-widget_type=\"divider.default\">\n\t\t\t\t<div class=\"elementor-widget-container\">\n\t\t\t\t\t\t\t<div class=\"elementor-divider\">\n\t\t\t<span class=\"elementor-divider-separator\">\n\t\t\t\t\t\t<\/span>\n\t\t<\/div>\n\t\t\t\t\t\t<\/div>\n\t\t\t\t<\/div>\n\t\t\t\t\t<\/div>\n\t\t<\/div>\n\t\t\t\t\t<\/div>\n\t\t<\/section>\n\t\t\t\t<section class=\"elementor-section elementor-top-section elementor-element elementor-element-85c58c4 elementor-section-boxed elementor-section-height-default elementor-section-height-default\" data-id=\"85c58c4\" data-element_type=\"section\" data-e-type=\"section\">\n\t\t\t\t\t\t<div class=\"elementor-container elementor-column-gap-default\">\n\t\t\t\t\t<div class=\"elementor-column elementor-col-100 elementor-top-column elementor-element elementor-element-f0fa521\" data-id=\"f0fa521\" data-element_type=\"column\" data-e-type=\"column\">\n\t\t\t<div class=\"elementor-widget-wrap elementor-element-populated\">\n\t\t\t\t\t\t<div class=\"elementor-element elementor-element-6ad213e elementor-widget elementor-widget-video\" data-id=\"6ad213e\" data-element_type=\"widget\" data-e-type=\"widget\" data-settings=\"{&quot;youtube_url&quot;:&quot;https:\\\/\\\/www.youtube.com\\\/watch?v=LuJayRzeo6w&quot;,&quot;video_type&quot;:&quot;youtube&quot;,&quot;controls&quot;:&quot;yes&quot;}\" data-widget_type=\"video.default\">\n\t\t\t\t<div class=\"elementor-widget-container\">\n\t\t\t\t\t\t\t<div class=\"elementor-wrapper elementor-open-inline\">\n\t\t\t<div class=\"elementor-video\"><\/div>\t\t<\/div>\n\t\t\t\t\t\t<\/div>\n\t\t\t\t<\/div>\n\t\t\t\t\t<\/div>\n\t\t<\/div>\n\t\t\t\t\t<\/div>\n\t\t<\/section>\n\t\t\t\t<section class=\"elementor-section elementor-top-section elementor-element elementor-element-9d58f4e elementor-section-boxed elementor-section-height-default elementor-section-height-default\" data-id=\"9d58f4e\" data-element_type=\"section\" data-e-type=\"section\">\n\t\t\t\t\t\t<div class=\"elementor-container elementor-column-gap-default\">\n\t\t\t\t\t<div class=\"elementor-column elementor-col-100 elementor-top-column elementor-element elementor-element-8d9b31e\" data-id=\"8d9b31e\" data-element_type=\"column\" data-e-type=\"column\">\n\t\t\t<div class=\"elementor-widget-wrap elementor-element-populated\">\n\t\t\t\t\t\t<div class=\"elementor-element elementor-element-3525ab0 elementor-widget-divider--view-line elementor-widget elementor-widget-divider\" data-id=\"3525ab0\" data-element_type=\"widget\" data-e-type=\"widget\" data-widget_type=\"divider.default\">\n\t\t\t\t<div class=\"elementor-widget-container\">\n\t\t\t\t\t\t\t<div class=\"elementor-divider\">\n\t\t\t<span class=\"elementor-divider-separator\">\n\t\t\t\t\t\t<\/span>\n\t\t<\/div>\n\t\t\t\t\t\t<\/div>\n\t\t\t\t<\/div>\n\t\t\t\t\t<\/div>\n\t\t<\/div>\n\t\t\t\t\t<\/div>\n\t\t<\/section>\n\t\t\t\t<section class=\"elementor-section elementor-top-section elementor-element elementor-element-a9bdf79 elementor-section-boxed elementor-section-height-default elementor-section-height-default\" data-id=\"a9bdf79\" data-element_type=\"section\" data-e-type=\"section\">\n\t\t\t\t\t\t<div class=\"elementor-container elementor-column-gap-default\">\n\t\t\t\t\t<div class=\"elementor-column elementor-col-100 elementor-top-column elementor-element elementor-element-e6868af\" data-id=\"e6868af\" data-element_type=\"column\" data-e-type=\"column\">\n\t\t\t<div class=\"elementor-widget-wrap\">\n\t\t\t\t\t\t\t<\/div>\n\t\t<\/div>\n\t\t\t\t\t<\/div>\n\t\t<\/section>\n\t\t\t\t<section class=\"elementor-section elementor-top-section elementor-element elementor-element-7123a13 elementor-section-boxed elementor-section-height-default elementor-section-height-default\" data-id=\"7123a13\" data-element_type=\"section\" data-e-type=\"section\">\n\t\t\t\t\t\t<div class=\"elementor-container elementor-column-gap-default\">\n\t\t\t\t\t<div class=\"elementor-column elementor-col-100 elementor-top-column elementor-element elementor-element-976851c\" data-id=\"976851c\" data-element_type=\"column\" data-e-type=\"column\">\n\t\t\t<div class=\"elementor-widget-wrap elementor-element-populated\">\n\t\t\t\t\t\t<div class=\"elementor-element elementor-element-e2008f3 elementor-widget elementor-widget-heading\" data-id=\"e2008f3\" data-element_type=\"widget\" data-e-type=\"widget\" data-widget_type=\"heading.default\">\n\t\t\t\t<div class=\"elementor-widget-container\">\n\t\t\t\t\t<h2 class=\"elementor-heading-title elementor-size-default\">Tienda<\/h2>\t\t\t\t<\/div>\n\t\t\t\t<\/div>\n\t\t\t\t<div class=\"elementor-element elementor-element-8724269 columns-4 columns-tablet-2 columns-mobile-1 elementor-widget elementor-widget-wgl-products-grid\" data-id=\"8724269\" data-element_type=\"widget\" data-e-type=\"widget\" data-widget_type=\"wgl-products-grid.default\">\n\t\t\t\t<div class=\"elementor-widget-container\">\n\t\t\t\t\t<section class=\"wgl_cpt_section wgl-products-grid woocommerce\"><div class=\"wgl-products-catalog wgl-products-wrapper carousel\"><ul class=\"wgl-products container-grid\"><div class=\"wgl-carousel_wrapper\"><div class=\"wgl-carousel pagination_line_circle pag_align_center\"><div class=\"wgl-carousel_slick\" data-slick='{\"slidesToShow\":4,\"slidesToScroll\":4,\"infinite\":false,\"variableWidth\":false,\"autoplay\":false,\"autoplaySpeed\":\"\",\"speed\":300,\"arrows\":false,\"dots\":true,\"adaptiveHeight\":true,\"responsive\":[{\"breakpoint\":1201,\"settings\":{\"slidesToShow\":4,\"slidesToScroll\":4}},{\"breakpoint\":1025,\"settings\":{\"slidesToShow\":2,\"slidesToScroll\":2}},{\"breakpoint\":768,\"settings\":{\"slidesToShow\":1,\"slidesToScroll\":1}}]}'><li class=\"item product type-product post-59681 status-publish first instock product_cat-hecho-a-mano product_cat-red-de-mujeres-cooperativistas-gesmujer product_cat-textiles has-post-thumbnail taxable shipping-taxable purchasable product-type-simple\"><div class=\"woo_product_image shop_media\"><div class=\"picture  no_effects\"><a class=\"woo_post-link\" href=https:\/\/www.gesmujer.org\/sitio\/?product=%f0%9f%8c%ba%e2%9c%a8-blusa-de-rayon-bordada-a-mano-artesania-con-historia-y-estilo-negro-%e2%9c%a8%f0%9f%8c%ba><img decoding=\"async\" src=\"https:\/\/www.gesmujer.org\/sitio\/wp-content\/uploads\/2024\/04\/YUCUGES-15-scaled-536x536.jpg\" alt=\"\" \/><\/a><a href=\"\/sitio\/index.php?rest_route=%2Fwp%2Fv2%2Fpages%2F59377&#038;add-to-cart=59681\" aria-describedby=\"woocommerce_loop_add_to_cart_link_describedby_59681\" data-quantity=\"1\" class=\"button product_type_simple add_to_cart_button ajax_add_to_cart\" data-product_id=\"59681\" data-product_sku=\"\" aria-label=\"Add to cart: &ldquo;\ud83c\udf3a\u2728 Blusa de Ray\u00f3n Bordada a Mano \u2013 Artesan\u00eda con historia y estilo (Negro) \u2728\ud83c\udf3a&rdquo;\" rel=\"nofollow\" data-success_message=\"&ldquo;\ud83c\udf3a\u2728 Blusa de Ray\u00f3n Bordada a Mano \u2013 Artesan\u00eda con historia y estilo (Negro) \u2728\ud83c\udf3a&rdquo; has been added to your cart\">A\u00f1adir al carrito<\/a>\t<span id=\"woocommerce_loop_add_to_cart_link_describedby_59681\" class=\"screen-reader-text\">\n\t\t\t<\/span>\n<\/div><\/div><div class=\"woo_product_content\"><h2 class=\"woocommerce-loop-product__title\"><a href=\"https:\/\/www.gesmujer.org\/sitio\/?product=%f0%9f%8c%ba%e2%9c%a8-blusa-de-rayon-bordada-a-mano-artesania-con-historia-y-estilo-negro-%e2%9c%a8%f0%9f%8c%ba\" class=\"woocommerce-LoopProduct-link woocommerce-loop-product__link\">\ud83c\udf3a\u2728 Blusa de Ray\u00f3n Bordada a Mano \u2013 Artesan\u00eda con historia y estilo (Negro) \u2728\ud83c\udf3a<\/a><\/h2>\n\t<span class=\"price\"><span class=\"woocommerce-Price-amount amount\"><bdi><span class=\"woocommerce-Price-currencySymbol\">&#36;<\/span>&nbsp;650.0<\/bdi><\/span><\/span>\n<\/div><\/li><li class=\"item product type-product post-59670 status-publish instock product_cat-hecho-a-mano product_cat-red-de-mujeres-cooperativistas-gesmujer product_cat-textiles has-post-thumbnail taxable shipping-taxable purchasable product-type-simple\"><div class=\"woo_product_image shop_media\"><div class=\"picture  no_effects\"><a class=\"woo_post-link\" href=https:\/\/www.gesmujer.org\/sitio\/?product=%f0%9f%8c%ba%e2%9c%a8-blusa-de-rayon-bordada-a-mano-artesania-con-historia-y-estilo-verde-%e2%9c%a8%f0%9f%8c%ba><img decoding=\"async\" src=\"https:\/\/www.gesmujer.org\/sitio\/wp-content\/uploads\/2024\/04\/YUCUGES-6-scaled-536x536.jpg\" alt=\"\" \/><\/a><a href=\"\/sitio\/index.php?rest_route=%2Fwp%2Fv2%2Fpages%2F59377&#038;add-to-cart=59670\" aria-describedby=\"woocommerce_loop_add_to_cart_link_describedby_59670\" data-quantity=\"1\" class=\"button product_type_simple add_to_cart_button ajax_add_to_cart\" data-product_id=\"59670\" data-product_sku=\"\" aria-label=\"Add to cart: &ldquo;\ud83c\udf3a\u2728 Blusa de Ray\u00f3n Bordada a Mano \u2013 Artesan\u00eda con historia y estilo (Verde) \u2728\ud83c\udf3a&rdquo;\" rel=\"nofollow\" data-success_message=\"&ldquo;\ud83c\udf3a\u2728 Blusa de Ray\u00f3n Bordada a Mano \u2013 Artesan\u00eda con historia y estilo (Verde) \u2728\ud83c\udf3a&rdquo; has been added to your cart\">A\u00f1adir al carrito<\/a>\t<span id=\"woocommerce_loop_add_to_cart_link_describedby_59670\" class=\"screen-reader-text\">\n\t\t\t<\/span>\n<\/div><\/div><div class=\"woo_product_content\"><h2 class=\"woocommerce-loop-product__title\"><a href=\"https:\/\/www.gesmujer.org\/sitio\/?product=%f0%9f%8c%ba%e2%9c%a8-blusa-de-rayon-bordada-a-mano-artesania-con-historia-y-estilo-verde-%e2%9c%a8%f0%9f%8c%ba\" class=\"woocommerce-LoopProduct-link woocommerce-loop-product__link\">\ud83c\udf3a\u2728 Blusa de Ray\u00f3n Bordada a Mano \u2013 Artesan\u00eda con historia y estilo (Verde) \u2728\ud83c\udf3a<\/a><\/h2>\n\t<span class=\"price\"><span class=\"woocommerce-Price-amount amount\"><bdi><span class=\"woocommerce-Price-currencySymbol\">&#36;<\/span>&nbsp;650.0<\/bdi><\/span><\/span>\n<\/div><\/li><li class=\"item product type-product post-59664 status-publish last instock product_cat-hecho-a-mano product_cat-red-de-mujeres-cooperativistas-gesmujer product_cat-textiles has-post-thumbnail taxable shipping-taxable purchasable product-type-simple\"><div class=\"woo_product_image shop_media\"><div class=\"picture  no_effects\"><a class=\"woo_post-link\" href=https:\/\/www.gesmujer.org\/sitio\/?product=%f0%9f%8c%ba%e2%9c%a8-blusa-de-rayon-bordada-a-mano-artesania-con-historia-y-estilo-%e2%9c%a8%f0%9f%8c%ba><img decoding=\"async\" src=\"https:\/\/www.gesmujer.org\/sitio\/wp-content\/uploads\/2024\/04\/YUCUGES-24-scaled-536x536.jpg\" alt=\"\" \/><\/a><a href=\"\/sitio\/index.php?rest_route=%2Fwp%2Fv2%2Fpages%2F59377&#038;add-to-cart=59664\" aria-describedby=\"woocommerce_loop_add_to_cart_link_describedby_59664\" data-quantity=\"1\" class=\"button product_type_simple add_to_cart_button ajax_add_to_cart\" data-product_id=\"59664\" data-product_sku=\"\" aria-label=\"Add to cart: &ldquo;\ud83c\udf3a\u2728 Blusa de Ray\u00f3n Bordada a Mano \u2013 Artesan\u00eda con historia y estilo (amarilla con rosa) \u2728\ud83c\udf3a&rdquo;\" rel=\"nofollow\" data-success_message=\"&ldquo;\ud83c\udf3a\u2728 Blusa de Ray\u00f3n Bordada a Mano \u2013 Artesan\u00eda con historia y estilo (amarilla con rosa) \u2728\ud83c\udf3a&rdquo; has been added to your cart\">A\u00f1adir al carrito<\/a>\t<span id=\"woocommerce_loop_add_to_cart_link_describedby_59664\" class=\"screen-reader-text\">\n\t\t\t<\/span>\n<\/div><\/div><div class=\"woo_product_content\"><h2 class=\"woocommerce-loop-product__title\"><a href=\"https:\/\/www.gesmujer.org\/sitio\/?product=%f0%9f%8c%ba%e2%9c%a8-blusa-de-rayon-bordada-a-mano-artesania-con-historia-y-estilo-%e2%9c%a8%f0%9f%8c%ba\" class=\"woocommerce-LoopProduct-link woocommerce-loop-product__link\">\ud83c\udf3a\u2728 Blusa de Ray\u00f3n Bordada a Mano \u2013 Artesan\u00eda con historia y estilo (amarilla con rosa) \u2728\ud83c\udf3a<\/a><\/h2>\n\t<span class=\"price\"><span class=\"woocommerce-Price-amount amount\"><bdi><span class=\"woocommerce-Price-currencySymbol\">&#36;<\/span>&nbsp;650.0<\/bdi><\/span><\/span>\n<\/div><\/li><li class=\"item product type-product post-59658 status-publish first instock product_cat-disenos-gesmujer product_cat-hecho-a-mano product_cat-red-de-mujeres-cooperativistas-gesmujer product_cat-textiles product_tag-panoletas product_tag-textil has-post-thumbnail taxable shipping-taxable purchasable product-type-simple\"><div class=\"woo_product_image shop_media\"><div class=\"picture  no_effects\"><a class=\"woo_post-link\" href=https:\/\/www.gesmujer.org\/sitio\/?product=panoleta-feminista><img decoding=\"async\" src=\"https:\/\/www.gesmujer.org\/sitio\/wp-content\/uploads\/2024\/09\/PHOTO-2024-03-07-22-02-11-536x536.jpg\" alt=\"\" \/><\/a><a href=\"\/sitio\/index.php?rest_route=%2Fwp%2Fv2%2Fpages%2F59377&#038;add-to-cart=59658\" aria-describedby=\"woocommerce_loop_add_to_cart_link_describedby_59658\" data-quantity=\"1\" class=\"button product_type_simple add_to_cart_button ajax_add_to_cart\" data-product_id=\"59658\" data-product_sku=\"\" aria-label=\"Add to cart: &ldquo;\ud83d\udc9c\u2728 Pa\u00f1oleta Feminista \u2013 Lleva contigo el poder de la igualdad \ud83d\udcaa\u2728&rdquo;\" rel=\"nofollow\" data-success_message=\"&ldquo;\ud83d\udc9c\u2728 Pa\u00f1oleta Feminista \u2013 Lleva contigo el poder de la igualdad \ud83d\udcaa\u2728&rdquo; has been added to your cart\">A\u00f1adir al carrito<\/a>\t<span id=\"woocommerce_loop_add_to_cart_link_describedby_59658\" class=\"screen-reader-text\">\n\t\t\t<\/span>\n<\/div><\/div><div class=\"woo_product_content\"><h2 class=\"woocommerce-loop-product__title\"><a href=\"https:\/\/www.gesmujer.org\/sitio\/?product=panoleta-feminista\" class=\"woocommerce-LoopProduct-link woocommerce-loop-product__link\">\ud83d\udc9c\u2728 Pa\u00f1oleta Feminista \u2013 Lleva contigo el poder de la igualdad \ud83d\udcaa\u2728<\/a><\/h2>\n\t<span class=\"price\"><span class=\"woocommerce-Price-amount amount\"><bdi><span class=\"woocommerce-Price-currencySymbol\">&#36;<\/span>&nbsp;50.0<\/bdi><\/span><\/span>\n<\/div><\/li><li class=\"item product type-product post-59641 status-publish instock product_cat-productoras product_cat-productos-naturales product_cat-red-de-mujeres-cooperativistas-gesmujer product_tag-aceite-de-coco has-post-thumbnail taxable shipping-taxable purchasable product-type-simple\"><div class=\"woo_product_image shop_media\"><div class=\"picture  no_effects\"><a class=\"woo_post-link\" href=https:\/\/www.gesmujer.org\/sitio\/?product=%f0%9f%8c%bf%e2%9c%a8-aceite-de-coco-100-organico-%e2%9c%a8%f0%9f%8c%bf-atomizador-con-6ml-y-con-pomadera-con-50-ml><img decoding=\"async\" src=\"https:\/\/www.gesmujer.org\/sitio\/wp-content\/uploads\/2024\/09\/PHOTO-2024-08-15-19-21-28-536x536.jpg\" alt=\"\" \/><\/a><a href=\"\/sitio\/index.php?rest_route=%2Fwp%2Fv2%2Fpages%2F59377&#038;add-to-cart=59641\" aria-describedby=\"woocommerce_loop_add_to_cart_link_describedby_59641\" data-quantity=\"1\" class=\"button product_type_simple add_to_cart_button ajax_add_to_cart\" data-product_id=\"59641\" data-product_sku=\"\" aria-label=\"Add to cart: &ldquo;\ud83c\udf3f\u2728 Aceite de Coco 100% Org\u00e1nico \u2728\ud83c\udf3f ( Atomizador con 60 Ml y con pomadera con 50 Ml)&rdquo;\" rel=\"nofollow\" data-success_message=\"&ldquo;\ud83c\udf3f\u2728 Aceite de Coco 100% Org\u00e1nico \u2728\ud83c\udf3f ( Atomizador con 60 Ml y con pomadera con 50 Ml)&rdquo; has been added to your cart\">A\u00f1adir al carrito<\/a>\t<span id=\"woocommerce_loop_add_to_cart_link_describedby_59641\" class=\"screen-reader-text\">\n\t\t\t<\/span>\n<\/div><\/div><div class=\"woo_product_content\"><h2 class=\"woocommerce-loop-product__title\"><a href=\"https:\/\/www.gesmujer.org\/sitio\/?product=%f0%9f%8c%bf%e2%9c%a8-aceite-de-coco-100-organico-%e2%9c%a8%f0%9f%8c%bf-atomizador-con-6ml-y-con-pomadera-con-50-ml\" class=\"woocommerce-LoopProduct-link woocommerce-loop-product__link\">\ud83c\udf3f\u2728 Aceite de Coco 100% Org\u00e1nico \u2728\ud83c\udf3f ( Atomizador con 60 Ml y con pomadera con 50 Ml)<\/a><\/h2>\n\t<span class=\"price\"><span class=\"woocommerce-Price-amount amount\"><bdi><span class=\"woocommerce-Price-currencySymbol\">&#36;<\/span>&nbsp;160.0<\/bdi><\/span><\/span>\n<\/div><\/li><li class=\"item product type-product post-59634 status-publish last instock product_cat-miel product_cat-productoras product_cat-productos-varios has-post-thumbnail taxable shipping-taxable purchasable product-type-simple\"><div class=\"woo_product_image shop_media\"><div class=\"picture \"><a class=\"woo_post-link\" href=https:\/\/www.gesmujer.org\/sitio\/?product=descubre-la-dulzura-de-la-naturaleza-con-nuestra-miel-multifloral-100-ecologica-1-4-kg><img decoding=\"async\" src=\"https:\/\/www.gesmujer.org\/sitio\/wp-content\/uploads\/2024\/10\/Miel-comunali-2-536x536.png\" alt=\"\" \/><img decoding=\"async\" class=\"attachment-shop_catalog\" src=\"https:\/\/www.gesmujer.org\/sitio\/wp-content\/uploads\/2024\/10\/Miel-comunali-3-536x536.jpg\" alt=\"\" \/><\/a><a href=\"\/sitio\/index.php?rest_route=%2Fwp%2Fv2%2Fpages%2F59377&#038;add-to-cart=59634\" aria-describedby=\"woocommerce_loop_add_to_cart_link_describedby_59634\" data-quantity=\"1\" class=\"button product_type_simple add_to_cart_button ajax_add_to_cart\" data-product_id=\"59634\" data-product_sku=\"\" aria-label=\"Add to cart: &ldquo;\ud83c\udf3c\u2728 Descubre la dulzura de la naturaleza con nuestra Miel Multifloral 100% Ecol\u00f3gica \u2728\ud83c\udf3c 700 Grs.&rdquo;\" rel=\"nofollow\" data-success_message=\"&ldquo;\ud83c\udf3c\u2728 Descubre la dulzura de la naturaleza con nuestra Miel Multifloral 100% Ecol\u00f3gica \u2728\ud83c\udf3c 700 Grs.&rdquo; has been added to your cart\">A\u00f1adir al carrito<\/a>\t<span id=\"woocommerce_loop_add_to_cart_link_describedby_59634\" class=\"screen-reader-text\">\n\t\t\t<\/span>\n<\/div><\/div><div class=\"woo_product_content\"><h2 class=\"woocommerce-loop-product__title\"><a href=\"https:\/\/www.gesmujer.org\/sitio\/?product=descubre-la-dulzura-de-la-naturaleza-con-nuestra-miel-multifloral-100-ecologica-1-4-kg\" class=\"woocommerce-LoopProduct-link woocommerce-loop-product__link\">\ud83c\udf3c\u2728 Descubre la dulzura de la naturaleza con nuestra Miel Multifloral 100% Ecol\u00f3gica \u2728\ud83c\udf3c 700 Grs.<\/a><\/h2>\n\t<span class=\"price\"><span class=\"woocommerce-Price-amount amount\"><bdi><span class=\"woocommerce-Price-currencySymbol\">&#36;<\/span>&nbsp;100.0<\/bdi><\/span><\/span>\n<\/div><\/li><li class=\"item product type-product post-59613 status-publish first instock product_cat-miel product_cat-productoras product_cat-productos-naturales product_cat-red-de-mujeres-cooperativistas-gesmujer has-post-thumbnail taxable shipping-taxable purchasable product-type-simple\"><div class=\"woo_product_image shop_media\"><div class=\"picture \"><a class=\"woo_post-link\" href=https:\/\/www.gesmujer.org\/sitio\/?product=%f0%9f%8c%bc%e2%9c%a8-descubre-la-dulzura-de-la-naturaleza-con-nuestra-miel-multifloral-100-ecologica-%e2%9c%a8%f0%9f%8c%bc-1-4-kg><img decoding=\"async\" src=\"https:\/\/www.gesmujer.org\/sitio\/wp-content\/uploads\/2024\/10\/Miel-Comunali-1-536x536.png\" alt=\"\" \/><img decoding=\"async\" class=\"attachment-shop_catalog\" src=\"https:\/\/www.gesmujer.org\/sitio\/wp-content\/uploads\/2024\/10\/Miel-comunali-3-536x536.jpg\" alt=\"\" \/><\/a><a href=\"\/sitio\/index.php?rest_route=%2Fwp%2Fv2%2Fpages%2F59377&#038;add-to-cart=59613\" aria-describedby=\"woocommerce_loop_add_to_cart_link_describedby_59613\" data-quantity=\"1\" class=\"button product_type_simple add_to_cart_button ajax_add_to_cart\" data-product_id=\"59613\" data-product_sku=\"\" aria-label=\"Add to cart: &ldquo;\ud83c\udf3c\u2728 Descubre la dulzura de la naturaleza con nuestra Miel Multifloral 100% Ecol\u00f3gica \u2728\ud83c\udf3c 1.4 Kg.&rdquo;\" rel=\"nofollow\" data-success_message=\"&ldquo;\ud83c\udf3c\u2728 Descubre la dulzura de la naturaleza con nuestra Miel Multifloral 100% Ecol\u00f3gica \u2728\ud83c\udf3c 1.4 Kg.&rdquo; has been added to your cart\">A\u00f1adir al carrito<\/a>\t<span id=\"woocommerce_loop_add_to_cart_link_describedby_59613\" class=\"screen-reader-text\">\n\t\t\t<\/span>\n<\/div><\/div><div class=\"woo_product_content\"><h2 class=\"woocommerce-loop-product__title\"><a href=\"https:\/\/www.gesmujer.org\/sitio\/?product=%f0%9f%8c%bc%e2%9c%a8-descubre-la-dulzura-de-la-naturaleza-con-nuestra-miel-multifloral-100-ecologica-%e2%9c%a8%f0%9f%8c%bc-1-4-kg\" class=\"woocommerce-LoopProduct-link woocommerce-loop-product__link\">\ud83c\udf3c\u2728 Descubre la dulzura de la naturaleza con nuestra Miel Multifloral 100% Ecol\u00f3gica \u2728\ud83c\udf3c 1.4 Kg.<\/a><\/h2>\n\t<span class=\"price\"><span class=\"woocommerce-Price-amount amount\"><bdi><span class=\"woocommerce-Price-currencySymbol\">&#36;<\/span>&nbsp;200.0<\/bdi><\/span><\/span>\n<\/div><\/li><li class=\"item product type-product post-27972 status-publish instock product_cat-arte-literario product_cat-productoras product_cat-productos-con-causa has-post-thumbnail taxable shipping-taxable purchasable product-type-simple\"><div class=\"woo_product_image shop_media\"><div class=\"picture  no_effects\"><a class=\"woo_post-link\" href=https:\/\/www.gesmujer.org\/sitio\/?product=libro-de-cuentos-arcoiris><img decoding=\"async\" src=\"https:\/\/www.gesmujer.org\/sitio\/wp-content\/uploads\/2022\/11\/313422469_5600469086735134_7019706417617593510_n-536x536.png\" alt=\"\" \/><\/a><a href=\"\/sitio\/index.php?rest_route=%2Fwp%2Fv2%2Fpages%2F59377&#038;add-to-cart=27972\" aria-describedby=\"woocommerce_loop_add_to_cart_link_describedby_27972\" data-quantity=\"1\" class=\"button product_type_simple add_to_cart_button ajax_add_to_cart\" data-product_id=\"27972\" data-product_sku=\"\" aria-label=\"Add to cart: &ldquo;Libro de cuentos: Arco\u00edris&rdquo;\" rel=\"nofollow\" data-success_message=\"&ldquo;Libro de cuentos: Arco\u00edris&rdquo; has been added to your cart\">A\u00f1adir al carrito<\/a>\t<span id=\"woocommerce_loop_add_to_cart_link_describedby_27972\" class=\"screen-reader-text\">\n\t\t\t<\/span>\n<\/div><\/div><div class=\"woo_product_content\"><h2 class=\"woocommerce-loop-product__title\"><a href=\"https:\/\/www.gesmujer.org\/sitio\/?product=libro-de-cuentos-arcoiris\" class=\"woocommerce-LoopProduct-link woocommerce-loop-product__link\">Libro de cuentos: Arco\u00edris<\/a><\/h2>\n\t<span class=\"price\"><span class=\"woocommerce-Price-amount amount\"><bdi><span class=\"woocommerce-Price-currencySymbol\">&#36;<\/span>&nbsp;250.0<\/bdi><\/span><\/span>\n<\/div><\/li><li class=\"item product type-product post-24839 status-publish last instock product_cat-cafe product_cat-productos-con-causa product_cat-productos-varios has-post-thumbnail taxable shipping-taxable purchasable product-type-simple\"><div class=\"woo_product_image shop_media\"><div class=\"picture \"><a class=\"woo_post-link\" href=https:\/\/www.gesmujer.org\/sitio\/?product=cafe-arabica-caldo-negro-bolsa-con-1kg><img decoding=\"async\" src=\"https:\/\/www.gesmujer.org\/sitio\/wp-content\/uploads\/2022\/03\/Caldo-negro-1-536x536.png\" alt=\"\" \/><img decoding=\"async\" class=\"attachment-shop_catalog\" src=\"https:\/\/www.gesmujer.org\/sitio\/wp-content\/uploads\/2022\/03\/caldonegro-2-536x536.png\" alt=\"\" \/><\/a><a href=\"\/sitio\/index.php?rest_route=%2Fwp%2Fv2%2Fpages%2F59377&#038;add-to-cart=24839\" aria-describedby=\"woocommerce_loop_add_to_cart_link_describedby_24839\" data-quantity=\"1\" class=\"button product_type_simple add_to_cart_button ajax_add_to_cart\" data-product_id=\"24839\" data-product_sku=\"\" aria-label=\"Add to cart: &ldquo;Caf\u00e9 Ar\u00e1bica &quot;Caldo Negro&quot; Bolsa con 1KG&rdquo;\" rel=\"nofollow\" data-success_message=\"&ldquo;Caf\u00e9 Ar\u00e1bica &quot;Caldo Negro&quot; Bolsa con 1KG&rdquo; has been added to your cart\">A\u00f1adir al carrito<\/a>\t<span id=\"woocommerce_loop_add_to_cart_link_describedby_24839\" class=\"screen-reader-text\">\n\t\t\t<\/span>\n<\/div><\/div><div class=\"woo_product_content\"><h2 class=\"woocommerce-loop-product__title\"><a href=\"https:\/\/www.gesmujer.org\/sitio\/?product=cafe-arabica-caldo-negro-bolsa-con-1kg\" class=\"woocommerce-LoopProduct-link woocommerce-loop-product__link\">Caf\u00e9 Ar\u00e1bica &#8220;Caldo Negro&#8221; Bolsa con 1KG<\/a><\/h2>\n\t<span class=\"price\"><span class=\"woocommerce-Price-amount amount\"><bdi><span class=\"woocommerce-Price-currencySymbol\">&#36;<\/span>&nbsp;290.0<\/bdi><\/span><\/span>\n<\/div><\/li><li class=\"item product type-product post-24826 status-publish first instock product_cat-cafe product_cat-productos-con-causa product_cat-productos-varios has-post-thumbnail taxable shipping-taxable purchasable product-type-simple\"><div class=\"woo_product_image shop_media\"><div class=\"picture \"><a class=\"woo_post-link\" href=https:\/\/www.gesmujer.org\/sitio\/?product=cafe-robusta-arabica-caldo-negro><img decoding=\"async\" src=\"https:\/\/www.gesmujer.org\/sitio\/wp-content\/uploads\/2022\/03\/Caldo-negro-1-536x536.png\" alt=\"\" \/><img decoding=\"async\" class=\"attachment-shop_catalog\" src=\"https:\/\/www.gesmujer.org\/sitio\/wp-content\/uploads\/2022\/03\/caldonegro-2-536x536.png\" alt=\"\" \/><\/a><a href=\"\/sitio\/index.php?rest_route=%2Fwp%2Fv2%2Fpages%2F59377&#038;add-to-cart=24826\" aria-describedby=\"woocommerce_loop_add_to_cart_link_describedby_24826\" data-quantity=\"1\" class=\"button product_type_simple add_to_cart_button ajax_add_to_cart\" data-product_id=\"24826\" data-product_sku=\"\" aria-label=\"Add to cart: &ldquo;Caf\u00e9 Ar\u00e1bica &quot;Caldo Negro&quot; Bolsa con 500 Grs.&rdquo;\" rel=\"nofollow\" data-success_message=\"&ldquo;Caf\u00e9 Ar\u00e1bica &quot;Caldo Negro&quot; Bolsa con 500 Grs.&rdquo; has been added to your cart\">A\u00f1adir al carrito<\/a>\t<span id=\"woocommerce_loop_add_to_cart_link_describedby_24826\" class=\"screen-reader-text\">\n\t\t\t<\/span>\n<\/div><\/div><div class=\"woo_product_content\"><h2 class=\"woocommerce-loop-product__title\"><a href=\"https:\/\/www.gesmujer.org\/sitio\/?product=cafe-robusta-arabica-caldo-negro\" class=\"woocommerce-LoopProduct-link woocommerce-loop-product__link\">Caf\u00e9 Ar\u00e1bica &#8220;Caldo Negro&#8221; Bolsa con 500 Grs.<\/a><\/h2>\n\t<span class=\"price\"><span class=\"woocommerce-Price-amount amount\"><bdi><span class=\"woocommerce-Price-currencySymbol\">&#36;<\/span>&nbsp;150.0<\/bdi><\/span><\/span>\n<\/div><\/li><li class=\"item product type-product post-18871 status-publish instock product_cat-disenos-gesmujer product_cat-productos-con-causa product_cat-taza product_tag-taza has-post-thumbnail taxable shipping-taxable purchasable product-type-simple\"><div class=\"woo_product_image shop_media\"><div class=\"picture \"><a class=\"woo_post-link\" href=https:\/\/www.gesmujer.org\/sitio\/?product=creative-art><img decoding=\"async\" src=\"https:\/\/www.gesmujer.org\/sitio\/wp-content\/uploads\/2016\/03\/IMG_1253-scaled-536x536.jpg\" alt=\"\" \/><img decoding=\"async\" class=\"attachment-shop_catalog\" src=\"https:\/\/www.gesmujer.org\/sitio\/wp-content\/uploads\/2016\/03\/IMG_1253-scaled-536x536.jpg\" alt=\"\" \/><\/a><a href=\"\/sitio\/index.php?rest_route=%2Fwp%2Fv2%2Fpages%2F59377&#038;add-to-cart=18871\" aria-describedby=\"woocommerce_loop_add_to_cart_link_describedby_18871\" data-quantity=\"1\" class=\"button product_type_simple add_to_cart_button ajax_add_to_cart\" data-product_id=\"18871\" data-product_sku=\"GESM3\" aria-label=\"Add to cart: &ldquo;Taza GESMujer&rdquo;\" rel=\"nofollow\" data-success_message=\"&ldquo;Taza GESMujer&rdquo; has been added to your cart\">A\u00f1adir al carrito<\/a>\t<span id=\"woocommerce_loop_add_to_cart_link_describedby_18871\" class=\"screen-reader-text\">\n\t\t\t<\/span>\n<\/div><\/div><div class=\"woo_product_content\"><h2 class=\"woocommerce-loop-product__title\"><a href=\"https:\/\/www.gesmujer.org\/sitio\/?product=creative-art\" class=\"woocommerce-LoopProduct-link woocommerce-loop-product__link\">Taza GESMujer<\/a><\/h2>\n\t<span class=\"price\"><span class=\"woocommerce-Price-amount amount\"><bdi><span class=\"woocommerce-Price-currencySymbol\">&#36;<\/span>&nbsp;120.0<\/bdi><\/span><\/span>\n<\/div><\/li><\/div><\/div><\/div><\/ul><\/div><\/section>\t\t\t\t<\/div>\n\t\t\t\t<\/div>\n\t\t\t\t\t<\/div>\n\t\t<\/div>\n\t\t\t\t\t<\/div>\n\t\t<\/section>\n\t\t\t\t<\/div>\n\t\t","protected":false},"excerpt":{"rendered":"<p>La &#8220;Red de Mujeres Cooperativistas para una Cultura de Paz&#8221; reconoce con orgullo a los 12 grupos que la conforman. Estas lideresas, con emprendimientos econ\u00f3micos y sociales, representan con fuerza a las regiones de la Costa, Sierra Sur, Valles Centrales, Mixteca y Ca\u00f1ada. En un per\u00edodo tan breve, han demostrado que apoyar sus iniciativas genera grandes resultados:<\/p>\n<p>100% de los grupos participantes est\u00e1n generando ingresos sostenibles.<br \/>\n75% de los emprendimientos son iniciativas nuevas.<br \/>\nLas 140 mujeres que integran estos 12 grupos ahora conocen y ejercen sus derechos, identifican sus fortalezas econ\u00f3micas y se han convertido en fuentes de inspiraci\u00f3n para otras mujeres, adem\u00e1s de ser reconocidas por sus comunidades.<br \/>\nNuestro trabajo con estas promotoras ha tenido como eje central desarrollar sus capacidades y fortalecer sus iniciativas econ\u00f3micas, bajo tres pilares principales:<\/p>\n<p>Empoderamiento econ\u00f3mico: Reducir la dependencia econ\u00f3mica, potenciando el bienestar de sus familias.<br \/>\nCultura de paz: Reconocer y promover el ejercicio pleno de sus derechos como mujeres.<br \/>\nFortalecimiento de la red: Consolidar el apoyo mutuo entre las cooperativistas, fomentando un espacio de colaboraci\u00f3n y crecimiento colectivo.<br \/>\nGracias al esfuerzo colectivo, estas mujeres no solo est\u00e1n transformando sus vidas, sino tambi\u00e9n sembrando las semillas de una sociedad m\u00e1s equitativa y solidaria.<\/p>\n","protected":false},"author":4,"featured_media":59466,"parent":0,"menu_order":0,"comment_status":"closed","ping_status":"closed","template":"","meta":{"give_campaign_id":0,"rs_blank_template":"","rs_page_bg_color":"","slide_template_v7":"","footnotes":""},"class_list":["post-59377","page","type-page","status-publish","has-post-thumbnail","hentry"],"campaignId":"","_links":{"self":[{"href":"https:\/\/www.gesmujer.org\/sitio\/index.php?rest_route=\/wp\/v2\/pages\/59377","targetHints":{"allow":["GET"]}}],"collection":[{"href":"https:\/\/www.gesmujer.org\/sitio\/index.php?rest_route=\/wp\/v2\/pages"}],"about":[{"href":"https:\/\/www.gesmujer.org\/sitio\/index.php?rest_route=\/wp\/v2\/types\/page"}],"author":[{"embeddable":true,"href":"https:\/\/www.gesmujer.org\/sitio\/index.php?rest_route=\/wp\/v2\/users\/4"}],"replies":[{"embeddable":true,"href":"https:\/\/www.gesmujer.org\/sitio\/index.php?rest_route=%2Fwp%2Fv2%2Fcomments&post=59377"}],"version-history":[{"count":14,"href":"https:\/\/www.gesmujer.org\/sitio\/index.php?rest_route=\/wp\/v2\/pages\/59377\/revisions"}],"predecessor-version":[{"id":59727,"href":"https:\/\/www.gesmujer.org\/sitio\/index.php?rest_route=\/wp\/v2\/pages\/59377\/revisions\/59727"}],"wp:featuredmedia":[{"embeddable":true,"href":"https:\/\/www.gesmujer.org\/sitio\/index.php?rest_route=\/wp\/v2\/media\/59466"}],"wp:attachment":[{"href":"https:\/\/www.gesmujer.org\/sitio\/index.php?rest_route=%2Fwp%2Fv2%2Fmedia&parent=59377"}],"curies":[{"name":"wp","href":"https:\/\/api.w.org\/{rel}","templated":true}]}}