{"id":1366,"date":"2015-12-09T19:20:32","date_gmt":"2015-12-10T01:20:32","guid":{"rendered":"http:\/\/www.gesmujer.org\/sitio\/?page_id=1366"},"modified":"2021-08-12T00:12:59","modified_gmt":"2021-08-12T06:12:59","slug":"logros-y-reconocimientos","status":"publish","type":"page","link":"https:\/\/www.gesmujer.org\/sitio\/logros-y-reconocimientos\/","title":{"rendered":"L\u00ednea del tiempo"},"content":{"rendered":"<p style=\"text-align: center;\"><span style=\"color: #000000;\"><strong>\t\t\t<section id=\"cd-timeline\" class=\"cd-container timeline-express\">\n\n\t\t\t\n<div class=\"cd-timeline-block agosto 12 2021 announcement-3011\">\n\n\t\n\t\t<a class=\"cd-timeline-icon-link\" href=\"https:\/\/www.gesmujer.org\/sitio\/announcement\/3011-2\/\">\n\n\t\t\t\n\t\t<div class=\"cd-timeline-img cd-picture\" style=\"background:#b709a3;\">\n\n\t\t\t<!-- Custom Action Hook -->\n\t\t\t\n\t\t\t\t<!-- Standard Font Awesome Icon -->\n\t\t\t\t<span class=\"fa fa-tag\" title=\"1970-1990\"><\/span>\n\n\t\t\t\n\t\t<\/div> <!-- cd-timeline-img -->\n\n\t\n\t\t<\/a>\n\n\t\t\n\t<!-- Timeline Content -->\n\t<div class=\"cd-timeline-content\">\n\n\t\t\n\t\t<!-- Announcement Title -->\n\t\t<div class=\"cd-timeline-title-container\">\n\n\t\t\t\n\t\t\t<h2 class=\"cd-timeline-item-title\">\n\t\t\t\t1970-1990\t\t\t<\/h2>\n\n\t\t\t\t\t<\/div>\n\t\t<!-- End Announcement Title -->\n\n\t\t<img decoding=\"async\" width=\"152\" height=\"120\" src=\"https:\/\/www.gesmujer.org\/sitio\/wp-content\/uploads\/2018\/08\/antecedentes-scaled.jpg\" class=\"announcement-banner-image\" alt=\"1970-1990\" \/>\n\t\t<!-- Announcement Excerpt -->\n\t\t<div class=\"the-excerpt\">\n\t\t\t<p>En 1978 realizamos el Primer Encuentro de Mujeres en Oaxaca con feministas invitadas a nivel local y nacional. Entre 1979 y 1984 transmitimos en Radio Universidad el programa &#8220;Foro de la Mujer&#8221;. Entre 1985 y 1998 en el Teatro Juan Rulfo hicimos presentaciones semanales que daban a conocer la situaci\u00f3n de la mujer frente a las leyes y la necesidad de realizar algunas reformas en Oaxaca. En 1987, en el marco del d\u00e9cimo aniversario de nuestro Grupo, celebramos el Segundo Encuentro de Mujeres en Oaxaca. En 1990 recibimos un primer financiamiento de la Fundaci\u00f3n MacArthur que nos permiti\u00f3 brindar servicios en la Casa de la Mujer &#8220;Rosario Castellanos&#8221;.<\/p>\n<a class=\"timeline-express-read-more-link\" href=\"https:\/\/www.gesmujer.org\/sitio\/announcement\/3011-2\/\"> Read more<\/a>\t\t<\/div>\n\t\t<!-- End Announcement Excerpt -->\n\n\t\t\n\t<\/div>\n\t<!-- End Timeline Content -->\n\n<\/div>\n<!-- End Timeline Block -->\n\n<div class=\"cd-timeline-block septiembre 11 2018 announcement-no-image announcement-3020\">\n\n\t\n\t\t<a class=\"cd-timeline-icon-link\" href=\"https:\/\/www.gesmujer.org\/sitio\/announcement\/2014-2018\/\">\n\n\t\t\t\n\t\t<div class=\"cd-timeline-img cd-picture\" style=\"background:#ffffff;\">\n\n\t\t\t<!-- Custom Action Hook -->\n\t\t\t\n\t\t\t\t<!-- Standard Font Awesome Icon -->\n\t\t\t\t<span class=\"fa fa-expand\" title=\"2014-2018\"><\/span>\n\n\t\t\t\n\t\t<\/div> <!-- cd-timeline-img -->\n\n\t\n\t\t<\/a>\n\n\t\t\n\t<!-- Timeline Content -->\n\t<div class=\"cd-timeline-content\">\n\n\t\t\n\t\t<!-- Announcement Title -->\n\t\t<div class=\"cd-timeline-title-container\">\n\n\t\t\t\n\t\t\t<h2 class=\"cd-timeline-item-title\">\n\t\t\t\t2014-2018\t\t\t<\/h2>\n\n\t\t\t\t\t<\/div>\n\t\t<!-- End Announcement Title -->\n\n\t\t\n\t\t<!-- Announcement Excerpt -->\n\t\t<div class=\"the-excerpt\">\n\t\t\t<p>Banco de buenas Pr\u00e1cticas Hermanas Mirabal, Noviembre 2015 Contra la violencia hacia las Mujeres La comisi\u00f3n de Derechos Humanso del Distrito Federal Otorga reconocimiento al gesmujer. La Secretar\u00eda Ejecutiva del Sistema Local de Protecci\u00f3n de los Derechos de ni\u00f1as, Ni\u00f1os y Adolescentes en Coordinaci\u00f3n con el Fondo de las Naciones Unidas para la infancia, Marzo 2016. Por su participaci\u00f3n en el \u201cFORO Por la participaci\u00f3n de ni\u00f1os y adolescentes en el estado de Oaxaca NUESTRA VOZ, NUESTROS DERECHOS\u201d. COMISI\u00d3N NACIONAL FORESTAL EL CENTRO DE EDUCACION Y CAPACITACION FORESTAL N\u00b02 \u201cGRAL. L\u00c1ZARO C\u00c1RDENAS, ABRIL 2016 Por haber impartido Talleres y Feria&#8230;<\/p>\n<a class=\"timeline-express-read-more-link\" href=\"https:\/\/www.gesmujer.org\/sitio\/announcement\/2014-2018\/\"> Read more<\/a>\t\t<\/div>\n\t\t<!-- End Announcement Excerpt -->\n\n\t\t\n\t<\/div>\n\t<!-- End Timeline Content -->\n\n<\/div>\n<!-- End Timeline Block -->\n\n<div class=\"cd-timeline-block enero 01 2014 announcement-no-image announcement-3019\">\n\n\t\n\t\t<a class=\"cd-timeline-icon-link\" href=\"https:\/\/www.gesmujer.org\/sitio\/announcement\/2012-2014\/\">\n\n\t\t\t\n\t\t<div class=\"cd-timeline-img cd-picture\" style=\"background:#8224e3;\">\n\n\t\t\t<!-- Custom Action Hook -->\n\t\t\t\n\t\t\t\t<!-- Standard Font Awesome Icon -->\n\t\t\t\t<span class=\"fa fa-female\" title=\"2012-2014\"><\/span>\n\n\t\t\t\n\t\t<\/div> <!-- cd-timeline-img -->\n\n\t\n\t\t<\/a>\n\n\t\t\n\t<!-- Timeline Content -->\n\t<div class=\"cd-timeline-content\">\n\n\t\t\n\t\t<!-- Announcement Title -->\n\t\t<div class=\"cd-timeline-title-container\">\n\n\t\t\t\n\t\t\t<h2 class=\"cd-timeline-item-title\">\n\t\t\t\t2012-2014\t\t\t<\/h2>\n\n\t\t\t\t\t<\/div>\n\t\t<!-- End Announcement Title -->\n\n\t\t\n\t\t<!-- Announcement Excerpt -->\n\t\t<div class=\"the-excerpt\">\n\t\t\t<p>En 2012 recibimos el reconocimiento del Honorable Ayuntamiento de Oaxaca de Ju\u00e1rez por la invaluable labor a lo largo de 35 a\u00f1os en la promoci\u00f3n de la equidad social y el bienestar de las mujeres oaxaque\u00f1as. En 2012 recibimos el reconocimiento del Gobierno del Estado de Oaxaca por el trabajo a favor de los derechos de las mujeres y la lucha para construir una sociedad igualitaria, equitativa y justa. En 2014 Senate of the State of Texas certific\u00f3 que la bandera de Texas onde\u00f3 en el estado en honor a nuestro Grupo.<\/p>\n<a class=\"timeline-express-read-more-link\" href=\"https:\/\/www.gesmujer.org\/sitio\/announcement\/2012-2014\/\"> Read more<\/a>\t\t<\/div>\n\t\t<!-- End Announcement Excerpt -->\n\n\t\t\n\t<\/div>\n\t<!-- End Timeline Content -->\n\n<\/div>\n<!-- End Timeline Block -->\n\n<div class=\"cd-timeline-block enero 01 2012 announcement-no-image announcement-3018\">\n\n\t\n\t\t<a class=\"cd-timeline-icon-link\" href=\"https:\/\/www.gesmujer.org\/sitio\/announcement\/2004-2012\/\">\n\n\t\t\t\n\t\t<div class=\"cd-timeline-img cd-picture\" style=\"background:#eeee22;\">\n\n\t\t\t<!-- Custom Action Hook -->\n\t\t\t\n\t\t\t\t<!-- Standard Font Awesome Icon -->\n\t\t\t\t<span class=\"fa fa-deviantart\" title=\"2004-2012\"><\/span>\n\n\t\t\t\n\t\t<\/div> <!-- cd-timeline-img -->\n\n\t\n\t\t<\/a>\n\n\t\t\n\t<!-- Timeline Content -->\n\t<div class=\"cd-timeline-content\">\n\n\t\t\n\t\t<!-- Announcement Title -->\n\t\t<div class=\"cd-timeline-title-container\">\n\n\t\t\t\n\t\t\t<h2 class=\"cd-timeline-item-title\">\n\t\t\t\t2004-2012\t\t\t<\/h2>\n\n\t\t\t\t\t<\/div>\n\t\t<!-- End Announcement Title -->\n\n\t\t\n\t\t<!-- Announcement Excerpt -->\n\t\t<div class=\"the-excerpt\">\n\t\t\t<p>En 2004 sensibilizamos y capacitamos a parteras, aprendices de parteras, personal de salud del IMSS y promotores de salud en Tlahuitoltepec, Mixe, Oaxaca, sobre de la importancia de la prevenci\u00f3n y atenci\u00f3n de la violencia en las mujeres embarazadas. Elaboramos \u201cHablando se entiende la gente\u201d, una gu\u00eda breve de atenci\u00f3n a mujeres v\u00edctimas de violencia familiar. En 2004 realizamos el cortometraje \u201cCual Hoja al viento\u201d sobre la situaci\u00f3n de la salud de las mujeres jornaleras agr\u00edcolas, el cual recibi\u00f3 la menci\u00f3n honor\u00edfica en el concurso de video convocado por el Instituto Nacional de las Mujeres por el tema de salud y migraci\u00f3n. Mismo que recibi\u00f3 reconocimiento del Instituto Nacional de las Mujeres en 2006. Ese mismo a\u00f1o recibimos otro reconocimiento del Instituto Nacional de las Mujeres por el proyecto \u201cPaso a Paso Cuida el Embarazo: Salud Sexual y reproductiva a jornaleras migrantes en Oaxaca\u201d, por ser la mejor experiencia exitosa aplicada en materia de salud sexual y reproductiva en comunidades&#8230;<\/p>\n<a class=\"timeline-express-read-more-link\" href=\"https:\/\/www.gesmujer.org\/sitio\/announcement\/2004-2012\/\"> Read more<\/a>\t\t<\/div>\n\t\t<!-- End Announcement Excerpt -->\n\n\t\t\n\t<\/div>\n\t<!-- End Timeline Content -->\n\n<\/div>\n<!-- End Timeline Block -->\n\n<div class=\"cd-timeline-block enero 01 1997 announcement-3016\">\n\n\t\n\t\t<a class=\"cd-timeline-icon-link\" href=\"https:\/\/www.gesmujer.org\/sitio\/announcement\/1997-2003\/\">\n\n\t\t\t\n\t\t<div class=\"cd-timeline-img cd-picture\" style=\"background:#1e73be;\">\n\n\t\t\t<!-- Custom Action Hook -->\n\t\t\t\n\t\t\t\t<!-- Standard Font Awesome Icon -->\n\t\t\t\t<span class=\"fa fa-diamond\" title=\"1997-2003\"><\/span>\n\n\t\t\t\n\t\t<\/div> <!-- cd-timeline-img -->\n\n\t\n\t\t<\/a>\n\n\t\t\n\t<!-- Timeline Content -->\n\t<div class=\"cd-timeline-content\">\n\n\t\t\n\t\t<!-- Announcement Title -->\n\t\t<div class=\"cd-timeline-title-container\">\n\n\t\t\t\n\t\t\t<h2 class=\"cd-timeline-item-title\">\n\t\t\t\t1997-2003\t\t\t<\/h2>\n\n\t\t\t\t\t<\/div>\n\t\t<!-- End Announcement Title -->\n\n\t\t<img decoding=\"async\" width=\"180\" height=\"120\" src=\"https:\/\/www.gesmujer.org\/sitio\/wp-content\/uploads\/2018\/08\/capacitacion-scaled.jpg\" class=\"announcement-banner-image\" alt=\"1997-2003\" \/>\n\t\t<!-- Announcement Excerpt -->\n\t\t<div class=\"the-excerpt\">\n\t\t\t<p>En 1997 recibimos un reconocimiento otorgado por el Instituto Nacional Indigenista por capacitar a sus m\u00e9dicos\/as, cirujanos\/as y dentistas en equidad de g\u00e9nero y derechos sexuales y reproductivos. En 1999 celebramos un convenio de colaboraci\u00f3n con el Centro de estudios para la Mujer y la Familia (CEMyF) y la Comisi\u00f3n de Equidad de G\u00e9nero de la LVII legislatura del estado, para la realizaci\u00f3n de talleres de sensibilizaci\u00f3n a integrantes de la C\u00e1mara de Diputados. En 2001 organizamos el encuentro \u201cMujer ind\u00edgena: Un espacio de reflexi\u00f3n y participaci\u00f3n\u201d con la presencia de 120 participantes de cinco estados del pa\u00eds y del Distrito Federal. En 2002 realizamos el video \u201cPaso a paso: hacia una maternidad sin riesgos\u201d, que fue doblado al mixe, mixteco, zapoteco, chatino y subtitulado al ingl\u00e9s. De 2003 a 2005 firmamos un convenio con los Servicios de Salud de Oaxaca (SSO) para la capacitaci\u00f3n a personal en 21 municipios considerados repetidores de muerte materna. Promovimos y gestionamos la firma de los compromisos p\u00fablicos de los entonces candidatos a&#8230;<\/p>\n<a class=\"timeline-express-read-more-link\" href=\"https:\/\/www.gesmujer.org\/sitio\/announcement\/1997-2003\/\"> Read more<\/a>\t\t<\/div>\n\t\t<!-- End Announcement Excerpt -->\n\n\t\t\n\t<\/div>\n\t<!-- End Timeline Content -->\n\n<\/div>\n<!-- End Timeline Block -->\n\n<div class=\"cd-timeline-block enero 01 1990 announcement-3015\">\n\n\t\n\t\t<a class=\"cd-timeline-icon-link\" href=\"https:\/\/www.gesmujer.org\/sitio\/announcement\/1990-1997\/\">\n\n\t\t\t\n\t\t<div class=\"cd-timeline-img cd-picture\" style=\"background:#b5168d;\">\n\n\t\t\t<!-- Custom Action Hook -->\n\t\t\t\n\t\t\t\t<!-- Standard Font Awesome Icon -->\n\t\t\t\t<span class=\"fa fa-dot-circle-o\" title=\"1990-1997\"><\/span>\n\n\t\t\t\n\t\t<\/div> <!-- cd-timeline-img -->\n\n\t\n\t\t<\/a>\n\n\t\t\n\t<!-- Timeline Content -->\n\t<div class=\"cd-timeline-content\">\n\n\t\t\n\t\t<!-- Announcement Title -->\n\t\t<div class=\"cd-timeline-title-container\">\n\n\t\t\t\n\t\t\t<h2 class=\"cd-timeline-item-title\">\n\t\t\t\t1990-1997\t\t\t<\/h2>\n\n\t\t\t\t\t<\/div>\n\t\t<!-- End Announcement Title -->\n\n\t\t<img decoding=\"async\" width=\"153\" height=\"120\" src=\"https:\/\/www.gesmujer.org\/sitio\/wp-content\/uploads\/2018\/08\/historia-scaled.jpg\" class=\"announcement-banner-image\" alt=\"1990-1997\" \/>\n\t\t<!-- Announcement Excerpt -->\n\t\t<div class=\"the-excerpt\">\n\t\t\t<p>En 1992 gestionamos la creaci\u00f3n de una Agencia Especializada en Delitos Sexuales. En el mismo a\u00f1o firmamos un convenio con el DIF y la Procuradur\u00eda del Estado para la capacitaci\u00f3n del personal, a trav\u00e9s del Colectivo Contra la Violencia hacia la Mujer A. C. (COVAC). De 1992 a 1996, con el apoyo de la Fundaci\u00f3n MacArthur, realizamos una investigaci\u00f3n sobre la Realidad de la Salud Sexual y Reproductiva de las Mujeres en cinco regiones de Oaxaca, que trajo como resultado una serie de tres videos (Nuestras vidas compartidas), la cual fue doblada al zapoteco, mixe y mixteco, adem\u00e1s de subtitulada al ingl\u00e9s y distribuida en M\u00e9xico y otros pa\u00edses. Producimos tambi\u00e9n una&#8230;<\/p>\n<a class=\"timeline-express-read-more-link\" href=\"https:\/\/www.gesmujer.org\/sitio\/announcement\/1990-1997\/\"> Read more<\/a>\t\t<\/div>\n\t\t<!-- End Announcement Excerpt -->\n\n\t\t\n\t<\/div>\n\t<!-- End Timeline Content -->\n\n<\/div>\n<!-- End Timeline Block -->\n\n\t\t\t<\/section>\n\n\t\t\t<!-- Timeline Express Free v1.8.1 | Site: https:\/\/www.wp-timelineexpress.com | Author: CodeParrots - http:\/\/www.codeparrots.com --><\/strong><\/span><\/p>\n\n\n<p><\/p>\n","protected":false},"excerpt":{"rendered":"","protected":false},"author":4,"featured_media":0,"parent":0,"menu_order":0,"comment_status":"closed","ping_status":"closed","template":"","meta":{"give_campaign_id":0,"footnotes":""},"class_list":["post-1366","page","type-page","status-publish","hentry"],"yoast_head":"<!-- This site is optimized with the Yoast SEO plugin v27.4 - https:\/\/yoast.com\/product\/yoast-seo-wordpress\/ -->\n<title>L\u00ednea del tiempo - GESMujer &quot;Rosario Castellanos&quot;<\/title>\n<meta name=\"robots\" content=\"index, follow, max-snippet:-1, max-image-preview:large, max-video-preview:-1\" \/>\n<link rel=\"canonical\" href=\"https:\/\/www.gesmujer.org\/sitio\/logros-y-reconocimientos\/\" \/>\n<meta property=\"og:locale\" content=\"es_MX\" \/>\n<meta property=\"og:type\" content=\"article\" \/>\n<meta property=\"og:title\" content=\"L\u00ednea del tiempo - GESMujer &quot;Rosario Castellanos&quot;\" \/>\n<meta property=\"og:url\" content=\"https:\/\/www.gesmujer.org\/sitio\/logros-y-reconocimientos\/\" \/>\n<meta property=\"og:site_name\" content=\"GESMujer &quot;Rosario Castellanos&quot;\" \/>\n<meta property=\"article:publisher\" content=\"https:\/\/www.facebook.com\/gesmujer.rosario.castellanos.ac\" \/>\n<meta property=\"article:modified_time\" content=\"2021-08-12T06:12:59+00:00\" \/>\n<meta property=\"og:image\" content=\"https:\/\/www.gesmujer.org\/sitio\/wp-content\/uploads\/2023\/07\/tecnologia.png\" \/>\n\t<meta property=\"og:image:width\" content=\"1624\" \/>\n\t<meta property=\"og:image:height\" content=\"1242\" \/>\n\t<meta property=\"og:image:type\" content=\"image\/png\" \/>\n<meta name=\"twitter:card\" content=\"summary_large_image\" \/>\n<meta name=\"twitter:site\" content=\"@GES_Mujer\" \/>\n<script type=\"application\/ld+json\" class=\"yoast-schema-graph\">{\"@context\":\"https:\\\/\\\/schema.org\",\"@graph\":[{\"@type\":\"WebPage\",\"@id\":\"https:\\\/\\\/www.gesmujer.org\\\/sitio\\\/logros-y-reconocimientos\\\/\",\"url\":\"https:\\\/\\\/www.gesmujer.org\\\/sitio\\\/logros-y-reconocimientos\\\/\",\"name\":\"L\u00ednea del tiempo - GESMujer &quot;Rosario Castellanos&quot;\",\"isPartOf\":{\"@id\":\"https:\\\/\\\/www.gesmujer.org\\\/sitio\\\/#website\"},\"datePublished\":\"2015-12-10T01:20:32+00:00\",\"dateModified\":\"2021-08-12T06:12:59+00:00\",\"breadcrumb\":{\"@id\":\"https:\\\/\\\/www.gesmujer.org\\\/sitio\\\/logros-y-reconocimientos\\\/#breadcrumb\"},\"inLanguage\":\"es\",\"potentialAction\":[{\"@type\":\"ReadAction\",\"target\":[\"https:\\\/\\\/www.gesmujer.org\\\/sitio\\\/logros-y-reconocimientos\\\/\"]}]},{\"@type\":\"BreadcrumbList\",\"@id\":\"https:\\\/\\\/www.gesmujer.org\\\/sitio\\\/logros-y-reconocimientos\\\/#breadcrumb\",\"itemListElement\":[{\"@type\":\"ListItem\",\"position\":1,\"name\":\"Home\",\"item\":\"https:\\\/\\\/www.gesmujer.org\\\/sitio\\\/\"},{\"@type\":\"ListItem\",\"position\":2,\"name\":\"L\u00ednea del tiempo\"}]},{\"@type\":\"WebSite\",\"@id\":\"https:\\\/\\\/www.gesmujer.org\\\/sitio\\\/#website\",\"url\":\"https:\\\/\\\/www.gesmujer.org\\\/sitio\\\/\",\"name\":\"GESMujer \\\"Rosario Castellanos\\\"\",\"description\":\"M\u00e1s de 45 a\u00f1os ha llevado a cabo acciones para erradicar la violencia de g\u00e9nero y construir entornos donde las mujeres encuentren su resiliencia, incrementen su agencia y autonom\u00eda que les permita lograr su empoderamiento a trav\u00e9s de cinco l\u00edneas de acci\u00f3n.\",\"publisher\":{\"@id\":\"https:\\\/\\\/www.gesmujer.org\\\/sitio\\\/#organization\"},\"alternateName\":\"GESMujer\",\"potentialAction\":[{\"@type\":\"SearchAction\",\"target\":{\"@type\":\"EntryPoint\",\"urlTemplate\":\"https:\\\/\\\/www.gesmujer.org\\\/sitio\\\/?s={search_term_string}\"},\"query-input\":{\"@type\":\"PropertyValueSpecification\",\"valueRequired\":true,\"valueName\":\"search_term_string\"}}],\"inLanguage\":\"es\"},{\"@type\":\"Organization\",\"@id\":\"https:\\\/\\\/www.gesmujer.org\\\/sitio\\\/#organization\",\"name\":\"Grupo de estudios sobre la mujer Rosario Castellanos ac\",\"alternateName\":\"GESMujer\",\"url\":\"https:\\\/\\\/www.gesmujer.org\\\/sitio\\\/\",\"logo\":{\"@type\":\"ImageObject\",\"inLanguage\":\"es\",\"@id\":\"https:\\\/\\\/www.gesmujer.org\\\/sitio\\\/#\\\/schema\\\/logo\\\/image\\\/\",\"url\":\"https:\\\/\\\/www.gesmujer.org\\\/sitio\\\/wp-content\\\/uploads\\\/2026\\\/03\\\/Logo-GESMujer-300.png\",\"contentUrl\":\"https:\\\/\\\/www.gesmujer.org\\\/sitio\\\/wp-content\\\/uploads\\\/2026\\\/03\\\/Logo-GESMujer-300.png\",\"width\":300,\"height\":141,\"caption\":\"Grupo de estudios sobre la mujer Rosario Castellanos ac\"},\"image\":{\"@id\":\"https:\\\/\\\/www.gesmujer.org\\\/sitio\\\/#\\\/schema\\\/logo\\\/image\\\/\"},\"sameAs\":[\"https:\\\/\\\/www.facebook.com\\\/gesmujer.rosario.castellanos.ac\",\"https:\\\/\\\/x.com\\\/GES_Mujer\",\"https:\\\/\\\/www.instagram.com\\\/ges_mujer\\\/?hl=es\",\"https:\\\/\\\/www.youtube.com\\\/c\\\/GESMujerRosarioCastellanos\\\/videos\",\"https:\\\/\\\/soundcloud.com\\\/gesmujerac\",\"https:\\\/\\\/www.tiktok.com\\\/@gesmujer\"]}]}<\/script>\n<!-- \/ Yoast SEO plugin. -->","yoast_head_json":{"title":"L\u00ednea del tiempo - GESMujer &quot;Rosario Castellanos&quot;","robots":{"index":"index","follow":"follow","max-snippet":"max-snippet:-1","max-image-preview":"max-image-preview:large","max-video-preview":"max-video-preview:-1"},"canonical":"https:\/\/www.gesmujer.org\/sitio\/logros-y-reconocimientos\/","og_locale":"es_MX","og_type":"article","og_title":"L\u00ednea del tiempo - GESMujer &quot;Rosario Castellanos&quot;","og_url":"https:\/\/www.gesmujer.org\/sitio\/logros-y-reconocimientos\/","og_site_name":"GESMujer &quot;Rosario Castellanos&quot;","article_publisher":"https:\/\/www.facebook.com\/gesmujer.rosario.castellanos.ac","article_modified_time":"2021-08-12T06:12:59+00:00","og_image":[{"width":1624,"height":1242,"url":"https:\/\/www.gesmujer.org\/sitio\/wp-content\/uploads\/2023\/07\/tecnologia.png","type":"image\/png"}],"twitter_card":"summary_large_image","twitter_site":"@GES_Mujer","schema":{"@context":"https:\/\/schema.org","@graph":[{"@type":"WebPage","@id":"https:\/\/www.gesmujer.org\/sitio\/logros-y-reconocimientos\/","url":"https:\/\/www.gesmujer.org\/sitio\/logros-y-reconocimientos\/","name":"L\u00ednea del tiempo - GESMujer &quot;Rosario Castellanos&quot;","isPartOf":{"@id":"https:\/\/www.gesmujer.org\/sitio\/#website"},"datePublished":"2015-12-10T01:20:32+00:00","dateModified":"2021-08-12T06:12:59+00:00","breadcrumb":{"@id":"https:\/\/www.gesmujer.org\/sitio\/logros-y-reconocimientos\/#breadcrumb"},"inLanguage":"es","potentialAction":[{"@type":"ReadAction","target":["https:\/\/www.gesmujer.org\/sitio\/logros-y-reconocimientos\/"]}]},{"@type":"BreadcrumbList","@id":"https:\/\/www.gesmujer.org\/sitio\/logros-y-reconocimientos\/#breadcrumb","itemListElement":[{"@type":"ListItem","position":1,"name":"Home","item":"https:\/\/www.gesmujer.org\/sitio\/"},{"@type":"ListItem","position":2,"name":"L\u00ednea del tiempo"}]},{"@type":"WebSite","@id":"https:\/\/www.gesmujer.org\/sitio\/#website","url":"https:\/\/www.gesmujer.org\/sitio\/","name":"GESMujer \"Rosario Castellanos\"","description":"M\u00e1s de 45 a\u00f1os ha llevado a cabo acciones para erradicar la violencia de g\u00e9nero y construir entornos donde las mujeres encuentren su resiliencia, incrementen su agencia y autonom\u00eda que les permita lograr su empoderamiento a trav\u00e9s de cinco l\u00edneas de acci\u00f3n.","publisher":{"@id":"https:\/\/www.gesmujer.org\/sitio\/#organization"},"alternateName":"GESMujer","potentialAction":[{"@type":"SearchAction","target":{"@type":"EntryPoint","urlTemplate":"https:\/\/www.gesmujer.org\/sitio\/?s={search_term_string}"},"query-input":{"@type":"PropertyValueSpecification","valueRequired":true,"valueName":"search_term_string"}}],"inLanguage":"es"},{"@type":"Organization","@id":"https:\/\/www.gesmujer.org\/sitio\/#organization","name":"Grupo de estudios sobre la mujer Rosario Castellanos ac","alternateName":"GESMujer","url":"https:\/\/www.gesmujer.org\/sitio\/","logo":{"@type":"ImageObject","inLanguage":"es","@id":"https:\/\/www.gesmujer.org\/sitio\/#\/schema\/logo\/image\/","url":"https:\/\/www.gesmujer.org\/sitio\/wp-content\/uploads\/2026\/03\/Logo-GESMujer-300.png","contentUrl":"https:\/\/www.gesmujer.org\/sitio\/wp-content\/uploads\/2026\/03\/Logo-GESMujer-300.png","width":300,"height":141,"caption":"Grupo de estudios sobre la mujer Rosario Castellanos ac"},"image":{"@id":"https:\/\/www.gesmujer.org\/sitio\/#\/schema\/logo\/image\/"},"sameAs":["https:\/\/www.facebook.com\/gesmujer.rosario.castellanos.ac","https:\/\/x.com\/GES_Mujer","https:\/\/www.instagram.com\/ges_mujer\/?hl=es","https:\/\/www.youtube.com\/c\/GESMujerRosarioCastellanos\/videos","https:\/\/soundcloud.com\/gesmujerac","https:\/\/www.tiktok.com\/@gesmujer"]}]}},"campaignId":"","_links":{"self":[{"href":"https:\/\/www.gesmujer.org\/sitio\/wp-json\/wp\/v2\/pages\/1366","targetHints":{"allow":["GET"]}}],"collection":[{"href":"https:\/\/www.gesmujer.org\/sitio\/wp-json\/wp\/v2\/pages"}],"about":[{"href":"https:\/\/www.gesmujer.org\/sitio\/wp-json\/wp\/v2\/types\/page"}],"author":[{"embeddable":true,"href":"https:\/\/www.gesmujer.org\/sitio\/wp-json\/wp\/v2\/users\/4"}],"replies":[{"embeddable":true,"href":"https:\/\/www.gesmujer.org\/sitio\/wp-json\/wp\/v2\/comments?post=1366"}],"version-history":[{"count":13,"href":"https:\/\/www.gesmujer.org\/sitio\/wp-json\/wp\/v2\/pages\/1366\/revisions"}],"predecessor-version":[{"id":22104,"href":"https:\/\/www.gesmujer.org\/sitio\/wp-json\/wp\/v2\/pages\/1366\/revisions\/22104"}],"wp:attachment":[{"href":"https:\/\/www.gesmujer.org\/sitio\/wp-json\/wp\/v2\/media?parent=1366"}],"curies":[{"name":"wp","href":"https:\/\/api.w.org\/{rel}","templated":true}]}}