{"id":1374,"date":"2015-12-09T19:22:38","date_gmt":"2015-12-10T01:22:38","guid":{"rendered":"http:\/\/www.gesmujer.org\/sitio\/?page_id=1374"},"modified":"2024-03-25T17:15:16","modified_gmt":"2024-03-25T23:15:16","slug":"que-nos-motiva","status":"publish","type":"page","link":"https:\/\/www.gesmujer.org\/sitio\/nosotras\/que-nos-motiva\/","title":{"rendered":"Misi\u00f3n \/ Visi\u00f3n"},"content":{"rendered":"\t\t<div data-elementor-type=\"wp-page\" data-elementor-id=\"1374\" class=\"elementor elementor-1374\">\n\t\t\t\t\t\t<section class=\"elementor-section elementor-top-section elementor-element elementor-element-68142bc elementor-section-boxed elementor-section-height-default elementor-section-height-default\" data-id=\"68142bc\" data-element_type=\"section\" data-e-type=\"section\">\n\t\t\t\t\t\t<div class=\"elementor-container elementor-column-gap-default\">\n\t\t\t\t\t<div class=\"elementor-column elementor-col-100 elementor-top-column elementor-element elementor-element-66b8bec\" data-id=\"66b8bec\" data-element_type=\"column\" data-e-type=\"column\">\n\t\t\t<div class=\"elementor-widget-wrap elementor-element-populated\">\n\t\t\t\t\t\t<div class=\"elementor-element elementor-element-db079a8 elementor-widget elementor-widget-image\" data-id=\"db079a8\" data-element_type=\"widget\" data-e-type=\"widget\" data-widget_type=\"image.default\">\n\t\t\t\t<div class=\"elementor-widget-container\">\n\t\t\t\t\t\t\t\t\t\t\t\t\t\t\t<img decoding=\"async\" src=\"https:\/\/www.gesmujer.org\/sitio\/wp-content\/uploads\/2023\/07\/FotoGES20226-1300x650.jpeg\" title=\"FotoGES20226\" alt=\"FotoGES20226\" loading=\"lazy\" \/>\t\t\t\t\t\t\t\t\t\t\t\t\t\t\t<\/div>\n\t\t\t\t<\/div>\n\t\t\t\t\t<\/div>\n\t\t<\/div>\n\t\t\t\t\t<\/div>\n\t\t<\/section>\n\t\t\t\t<section class=\"elementor-section elementor-top-section elementor-element elementor-element-d376b73 elementor-section-boxed elementor-section-height-default elementor-section-height-default\" data-id=\"d376b73\" data-element_type=\"section\" data-e-type=\"section\">\n\t\t\t\t\t\t<div class=\"elementor-container elementor-column-gap-default\">\n\t\t\t\t\t<div class=\"elementor-column elementor-col-100 elementor-top-column elementor-element elementor-element-e815a91\" data-id=\"e815a91\" data-element_type=\"column\" data-e-type=\"column\">\n\t\t\t<div class=\"elementor-widget-wrap elementor-element-populated\">\n\t\t\t\t\t\t<section class=\"elementor-section elementor-inner-section elementor-element elementor-element-fa63d87 elementor-section-boxed elementor-section-height-default elementor-section-height-default\" data-id=\"fa63d87\" data-element_type=\"section\" data-e-type=\"section\">\n\t\t\t\t\t\t<div class=\"elementor-container elementor-column-gap-default\">\n\t\t\t\t\t<div class=\"elementor-column elementor-col-50 elementor-inner-column elementor-element elementor-element-e794f06\" data-id=\"e794f06\" data-element_type=\"column\" data-e-type=\"column\">\n\t\t\t<div class=\"elementor-widget-wrap elementor-element-populated\">\n\t\t\t\t\t\t<div class=\"elementor-element elementor-element-f757e6d elementor-widget elementor-widget-heading\" data-id=\"f757e6d\" data-element_type=\"widget\" data-e-type=\"widget\" data-widget_type=\"heading.default\">\n\t\t\t\t<div class=\"elementor-widget-container\">\n\t\t\t\t\t<h2 class=\"elementor-heading-title elementor-size-default\">Misi\u00f3n<\/h2>\t\t\t\t<\/div>\n\t\t\t\t<\/div>\n\t\t\t\t<div class=\"elementor-element elementor-element-e409c61 elementor-widget__width-initial elementor-widget elementor-widget-text-editor\" data-id=\"e409c61\" data-element_type=\"widget\" data-e-type=\"widget\" data-widget_type=\"text-editor.default\">\n\t\t\t\t<div class=\"elementor-widget-container\">\n\t\t\t\t\t\t\t\t\t<p>Somos una organizaci\u00f3n feminista dedicada a empoderar a ni\u00f1as y mujeres del estado de Oaxaca a trav\u00e9s de acciones con perspectiva de g\u00e9nero, interculturalidad y derechos humanos. Fortalecemos liderazgos comunitarios; capacitamos a trav\u00e9s de seminarios, cursos y talleres presenciales-virtuales; brindamos acompa\u00f1amiento psicol\u00f3gico y jur\u00eddico. Estamos comprometidas en difundir e impulsar acciones para lograr un Oaxaca de ni\u00f1as y mujeres vivas, libres y felices. Somos un referente de trabajo por un futuro justo, digno e incluyente.<\/p>\t\t\t\t\t\t\t\t<\/div>\n\t\t\t\t<\/div>\n\t\t\t\t\t<\/div>\n\t\t<\/div>\n\t\t\t\t<div class=\"elementor-column elementor-col-50 elementor-inner-column elementor-element elementor-element-a423374\" data-id=\"a423374\" data-element_type=\"column\" data-e-type=\"column\">\n\t\t\t<div class=\"elementor-widget-wrap elementor-element-populated\">\n\t\t\t\t\t\t<div class=\"elementor-element elementor-element-2d96dcd elementor-widget elementor-widget-heading\" data-id=\"2d96dcd\" data-element_type=\"widget\" data-e-type=\"widget\" data-widget_type=\"heading.default\">\n\t\t\t\t<div class=\"elementor-widget-container\">\n\t\t\t\t\t<h2 class=\"elementor-heading-title elementor-size-default\">Visi\u00f3n<\/h2>\t\t\t\t<\/div>\n\t\t\t\t<\/div>\n\t\t\t\t<div class=\"elementor-element elementor-element-c9b183d elementor-widget elementor-widget-text-editor\" data-id=\"c9b183d\" data-element_type=\"widget\" data-e-type=\"widget\" data-widget_type=\"text-editor.default\">\n\t\t\t\t<div class=\"elementor-widget-container\">\n\t\t\t\t\t\t\t\t\t<p>Ni\u00f1as y mujeres empoderadas desarrollando al m\u00e1ximo sus capacidades humanas; consolidando redes sostenibles en el reconocimiento y ejercicio de sus derechos, valorando el autocuidado, cuidado colectivo y la seguridad digital.<\/p>\t\t\t\t\t\t\t\t<\/div>\n\t\t\t\t<\/div>\n\t\t\t\t\t<\/div>\n\t\t<\/div>\n\t\t\t\t\t<\/div>\n\t\t<\/section>\n\t\t\t\t\t<\/div>\n\t\t<\/div>\n\t\t\t\t\t<\/div>\n\t\t<\/section>\n\t\t\t\t<section class=\"elementor-section elementor-top-section elementor-element elementor-element-69922a2 elementor-section-boxed elementor-section-height-default elementor-section-height-default\" data-id=\"69922a2\" data-element_type=\"section\" data-e-type=\"section\">\n\t\t\t\t\t\t<div class=\"elementor-container elementor-column-gap-default\">\n\t\t\t\t\t<div class=\"elementor-column elementor-col-100 elementor-top-column elementor-element elementor-element-d16e6fc\" data-id=\"d16e6fc\" data-element_type=\"column\" data-e-type=\"column\">\n\t\t\t<div class=\"elementor-widget-wrap elementor-element-populated\">\n\t\t\t\t\t\t<div class=\"elementor-element elementor-element-5269c10 elementor-widget elementor-widget-heading\" data-id=\"5269c10\" data-element_type=\"widget\" data-e-type=\"widget\" data-widget_type=\"heading.default\">\n\t\t\t\t<div class=\"elementor-widget-container\">\n\t\t\t\t\t<h2 class=\"elementor-heading-title elementor-size-default\">Objetivo general<\/h2>\t\t\t\t<\/div>\n\t\t\t\t<\/div>\n\t\t\t\t\t<\/div>\n\t\t<\/div>\n\t\t\t\t\t<\/div>\n\t\t<\/section>\n\t\t\t\t<section class=\"elementor-section elementor-top-section elementor-element elementor-element-90fba8e elementor-section-boxed elementor-section-height-default elementor-section-height-default\" data-id=\"90fba8e\" data-element_type=\"section\" data-e-type=\"section\">\n\t\t\t\t\t\t<div class=\"elementor-container elementor-column-gap-default\">\n\t\t\t\t\t<div class=\"elementor-column elementor-col-100 elementor-top-column elementor-element elementor-element-bb921ef\" data-id=\"bb921ef\" data-element_type=\"column\" data-e-type=\"column\">\n\t\t\t<div class=\"elementor-widget-wrap elementor-element-populated\">\n\t\t\t\t\t\t<div class=\"elementor-element elementor-element-4d7375e elementor-widget elementor-widget-text-editor\" data-id=\"4d7375e\" data-element_type=\"widget\" data-e-type=\"widget\" data-widget_type=\"text-editor.default\">\n\t\t\t\t<div class=\"elementor-widget-container\">\n\t\t\t\t\t\t\t\t\t<p>Contribuir a empoderar a ni\u00f1as y mujeres del estado de Oaxaca a trav\u00e9s de acciones con perspectiva de g\u00e9nero, interculturalidad y derechos humanos. Fortaleciendo liderazgos comunitarios; capacitando a trav\u00e9s de seminarios, cursos y talleres presenciales-virtuales; brindando acompa\u00f1amiento psicol\u00f3gico y jur\u00eddico. Comprometidas con difundir e impulsar acciones para lograr un Oaxaca de ni\u00f1as y mujeres vivas, libres y felices. Siendo un referente de trabajo por un futuro justo, digno e incluyente.<\/p>\t\t\t\t\t\t\t\t<\/div>\n\t\t\t\t<\/div>\n\t\t\t\t\t<\/div>\n\t\t<\/div>\n\t\t\t\t\t<\/div>\n\t\t<\/section>\n\t\t\t\t<section class=\"elementor-section elementor-top-section elementor-element elementor-element-1edfeef elementor-section-boxed elementor-section-height-default elementor-section-height-default\" data-id=\"1edfeef\" data-element_type=\"section\" data-e-type=\"section\">\n\t\t\t\t\t\t<div class=\"elementor-container elementor-column-gap-default\">\n\t\t\t\t\t<div class=\"elementor-column elementor-col-50 elementor-top-column elementor-element elementor-element-6a0018a\" data-id=\"6a0018a\" data-element_type=\"column\" data-e-type=\"column\">\n\t\t\t<div class=\"elementor-widget-wrap elementor-element-populated\">\n\t\t\t\t\t\t<div class=\"elementor-element elementor-element-3b21ecc elementor-widget elementor-widget-heading\" data-id=\"3b21ecc\" data-element_type=\"widget\" data-e-type=\"widget\" data-widget_type=\"heading.default\">\n\t\t\t\t<div class=\"elementor-widget-container\">\n\t\t\t\t\t<h2 class=\"elementor-heading-title elementor-size-default\">Objetivos estrat\u00e9gicos<\/h2>\t\t\t\t<\/div>\n\t\t\t\t<\/div>\n\t\t\t\t<div class=\"elementor-element elementor-element-5eb912f elementor-widget__width-initial elementor-widget elementor-widget-text-editor\" data-id=\"5eb912f\" data-element_type=\"widget\" data-e-type=\"widget\" data-widget_type=\"text-editor.default\">\n\t\t\t\t<div class=\"elementor-widget-container\">\n\t\t\t\t\t\t\t\t\t<p>El GESMujer contribuye desde una perspectiva de equidad de g\u00e9nero al bienestar de las mujeres de nuestro estado, a trav\u00e9s de los siguientes objetivos estrat\u00e9gicos que se convierten en l\u00edneas de acci\u00f3n:<\/p>\n<ol>\n<li><strong>Empoderamiento y acceso a la justicia:<\/strong> Fortalecer las capacidades de ni\u00f1as y mujeres v\u00edctimas de violencia a trav\u00e9s de atenci\u00f3n psicol\u00f3gica y jur\u00eddica, que les empodere para tomar decisiones sobre su vida, conformar redes de apoyo, sostener e impulsar cambios en sus entornos familiares y comunitarios que favorezcan una vida libre de violencias de g\u00e9nero.<\/li>\n<li><strong>Fortalecimiento de liderazgos: F<\/strong>ortalecer liderazgos de mujeres ind\u00edgenas y afromexicanas, en dos niveles, el desarrollo de liderazgos para impulsar la agenda de g\u00e9nero a nivel comunitario y el desarrollo de las capacidades para la gesti\u00f3n de cargos p\u00fablicos municipales.<\/li>\n<li><strong>Fortalecimiento de capacidades con enfoque de g\u00e9nero, derechos humanos y visi\u00f3n intercultural: <\/strong>Capacitar y sensibilizar a la poblaci\u00f3n a trav\u00e9s de diplomados, seminarios, cursos y talleres a fin de aportar conocimientos, habilidades y actitudes para el mejor desempe\u00f1o de su labor, aportando a la construcci\u00f3n de una sociedad m\u00e1s justa y equitativa que respete los derechos de las mujeres.<\/li>\n<li><strong>Autocuidado y cuidado colectivo:<\/strong> Contribuir al desarrollo de una cultura de bienestar al interior de GESMujer, de organizaciones, colectivas y defensoras de los Derechos Humanos, brindado herramientas para el autocuidado y cuidado colectivo, as\u00ed como de seguridad digital a mujeres que atienden a mujeres v\u00edctimas de violencia, a fin de que desarrollen su labor cuidando su salud psicoemocional y transiten en la virtualidad de manera segura, aportando a la sostenibilidad del movimiento feminista.<\/li>\n<li><strong>Econom\u00eda feminista:<\/strong> Contribuir a una justicia econ\u00f3mica que reconozca el aporte de las mujeres a trav\u00e9s de visibilizar las inequidades de g\u00e9nero a fin de impulsar una econom\u00eda social y solidaria que las empodere y les permita el ejercicio pleno de sus derechos humanos.<\/li>\n<\/ol>\n<p>\u00a0<\/p>\t\t\t\t\t\t\t\t<\/div>\n\t\t\t\t<\/div>\n\t\t\t\t\t<\/div>\n\t\t<\/div>\n\t\t\t\t<div class=\"elementor-column elementor-col-50 elementor-top-column elementor-element elementor-element-3700be8\" data-id=\"3700be8\" data-element_type=\"column\" data-e-type=\"column\">\n\t\t\t<div class=\"elementor-widget-wrap elementor-element-populated\">\n\t\t\t\t\t\t<div class=\"elementor-element elementor-element-a24fe3f elementor-widget elementor-widget-image\" data-id=\"a24fe3f\" data-element_type=\"widget\" data-e-type=\"widget\" data-widget_type=\"image.default\">\n\t\t\t\t<div class=\"elementor-widget-container\">\n\t\t\t\t\t\t\t\t\t\t\t\t<figure class=\"wp-caption\">\n\t\t\t\t\t\t\t\t\t\t<img decoding=\"async\" src=\"https:\/\/www.gesmujer.org\/sitio\/wp-content\/uploads\/2018\/09\/reconocimiento2.png\" title=\"\" alt=\"\" loading=\"lazy\" \/>\t\t\t\t\t\t\t\t\t\t\t<figcaption class=\"widget-image-caption wp-caption-text\">Dra. Margarita Dalt\u00f3n Palomo Fundadora GESMujer.<\/figcaption>\n\t\t\t\t\t\t\t\t\t\t<\/figure>\n\t\t\t\t\t\t\t\t\t<\/div>\n\t\t\t\t<\/div>\n\t\t\t\t<div class=\"elementor-element elementor-element-35c857b elementor-widget elementor-widget-image\" data-id=\"35c857b\" data-element_type=\"widget\" data-e-type=\"widget\" data-widget_type=\"image.default\">\n\t\t\t\t<div class=\"elementor-widget-container\">\n\t\t\t\t\t\t\t\t\t\t\t\t\t\t\t<img fetchpriority=\"high\" decoding=\"async\" width=\"1024\" height=\"683\" src=\"https:\/\/www.gesmujer.org\/sitio\/wp-content\/uploads\/2021\/08\/Seminarios-GES2-1024x683.jpg\" class=\"attachment-large size-large wp-image-21319\" alt=\"\" srcset=\"https:\/\/www.gesmujer.org\/sitio\/wp-content\/uploads\/2021\/08\/Seminarios-GES2-1024x683.jpg 1024w, https:\/\/www.gesmujer.org\/sitio\/wp-content\/uploads\/2021\/08\/Seminarios-GES2-1080x720.jpg 1080w, https:\/\/www.gesmujer.org\/sitio\/wp-content\/uploads\/2021\/08\/Seminarios-GES2-300x200.jpg 300w, https:\/\/www.gesmujer.org\/sitio\/wp-content\/uploads\/2021\/08\/Seminarios-GES2-768x512.jpg 768w, https:\/\/www.gesmujer.org\/sitio\/wp-content\/uploads\/2021\/08\/Seminarios-GES2-1536x1024.jpg 1536w, https:\/\/www.gesmujer.org\/sitio\/wp-content\/uploads\/2021\/08\/Seminarios-GES2-2048x1366.jpg 2048w, https:\/\/www.gesmujer.org\/sitio\/wp-content\/uploads\/2021\/08\/Seminarios-GES2-600x400.jpg 600w\" sizes=\"(max-width: 1024px) 100vw, 1024px\" \/>\t\t\t\t\t\t\t\t\t\t\t\t\t\t\t<\/div>\n\t\t\t\t<\/div>\n\t\t\t\t<div class=\"elementor-element elementor-element-f2eda94 elementor-widget elementor-widget-image\" data-id=\"f2eda94\" data-element_type=\"widget\" data-e-type=\"widget\" data-widget_type=\"image.default\">\n\t\t\t\t<div class=\"elementor-widget-container\">\n\t\t\t\t\t\t\t\t\t\t\t\t\t\t\t<img decoding=\"async\" width=\"768\" height=\"512\" src=\"https:\/\/www.gesmujer.org\/sitio\/wp-content\/uploads\/2023\/05\/WhatsApp-Image-2022-10-18-at-11.09.09-AM-2-768x512.jpeg\" class=\"attachment-medium_large size-medium_large wp-image-30044\" alt=\"\" srcset=\"https:\/\/www.gesmujer.org\/sitio\/wp-content\/uploads\/2023\/05\/WhatsApp-Image-2022-10-18-at-11.09.09-AM-2-768x512.jpeg 768w, https:\/\/www.gesmujer.org\/sitio\/wp-content\/uploads\/2023\/05\/WhatsApp-Image-2022-10-18-at-11.09.09-AM-2-1080x720.jpeg 1080w, https:\/\/www.gesmujer.org\/sitio\/wp-content\/uploads\/2023\/05\/WhatsApp-Image-2022-10-18-at-11.09.09-AM-2-300x200.jpeg 300w, https:\/\/www.gesmujer.org\/sitio\/wp-content\/uploads\/2023\/05\/WhatsApp-Image-2022-10-18-at-11.09.09-AM-2-1024x683.jpeg 1024w, https:\/\/www.gesmujer.org\/sitio\/wp-content\/uploads\/2023\/05\/WhatsApp-Image-2022-10-18-at-11.09.09-AM-2.jpeg 1200w\" sizes=\"(max-width: 768px) 100vw, 768px\" \/>\t\t\t\t\t\t\t\t\t\t\t\t\t\t\t<\/div>\n\t\t\t\t<\/div>\n\t\t\t\t<div class=\"elementor-element elementor-element-3b1154f elementor-widget elementor-widget-image\" data-id=\"3b1154f\" data-element_type=\"widget\" data-e-type=\"widget\" data-widget_type=\"image.default\">\n\t\t\t\t<div class=\"elementor-widget-container\">\n\t\t\t\t\t\t\t\t\t\t\t\t\t\t\t<img decoding=\"async\" width=\"768\" height=\"576\" src=\"https:\/\/www.gesmujer.org\/sitio\/wp-content\/uploads\/2023\/05\/WhatsApp-Image-2022-10-18-at-10.39.14-AM-768x576.jpeg\" class=\"attachment-medium_large size-medium_large wp-image-30320\" alt=\"\" srcset=\"https:\/\/www.gesmujer.org\/sitio\/wp-content\/uploads\/2023\/05\/WhatsApp-Image-2022-10-18-at-10.39.14-AM-768x576.jpeg 768w, https:\/\/www.gesmujer.org\/sitio\/wp-content\/uploads\/2023\/05\/WhatsApp-Image-2022-10-18-at-10.39.14-AM-1080x810.jpeg 1080w, https:\/\/www.gesmujer.org\/sitio\/wp-content\/uploads\/2023\/05\/WhatsApp-Image-2022-10-18-at-10.39.14-AM-300x225.jpeg 300w, https:\/\/www.gesmujer.org\/sitio\/wp-content\/uploads\/2023\/05\/WhatsApp-Image-2022-10-18-at-10.39.14-AM-1024x768.jpeg 1024w, https:\/\/www.gesmujer.org\/sitio\/wp-content\/uploads\/2023\/05\/WhatsApp-Image-2022-10-18-at-10.39.14-AM-1536x1152.jpeg 1536w, https:\/\/www.gesmujer.org\/sitio\/wp-content\/uploads\/2023\/05\/WhatsApp-Image-2022-10-18-at-10.39.14-AM-800x600.jpeg 800w, https:\/\/www.gesmujer.org\/sitio\/wp-content\/uploads\/2023\/05\/WhatsApp-Image-2022-10-18-at-10.39.14-AM.jpeg 1600w\" sizes=\"(max-width: 768px) 100vw, 768px\" \/>\t\t\t\t\t\t\t\t\t\t\t\t\t\t\t<\/div>\n\t\t\t\t<\/div>\n\t\t\t\t\t<\/div>\n\t\t<\/div>\n\t\t\t\t\t<\/div>\n\t\t<\/section>\n\t\t\t\t<section class=\"elementor-section elementor-top-section elementor-element elementor-element-18c2177 elementor-section-boxed elementor-section-height-default elementor-section-height-default\" data-id=\"18c2177\" data-element_type=\"section\" data-e-type=\"section\">\n\t\t\t\t\t\t<div class=\"elementor-container elementor-column-gap-default\">\n\t\t\t\t\t<div class=\"elementor-column elementor-col-100 elementor-top-column elementor-element elementor-element-c4d8e85\" data-id=\"c4d8e85\" data-element_type=\"column\" data-e-type=\"column\">\n\t\t\t<div class=\"elementor-widget-wrap elementor-element-populated\">\n\t\t\t\t\t\t<div class=\"elementor-element elementor-element-38b42a1 elementor-widget elementor-widget-video\" data-id=\"38b42a1\" data-element_type=\"widget\" data-e-type=\"widget\" data-settings=\"{&quot;youtube_url&quot;:&quot;https:\\\/\\\/www.youtube.com\\\/watch?v=pVq7SnSJTWk&amp;t=2s&quot;,&quot;video_type&quot;:&quot;youtube&quot;,&quot;controls&quot;:&quot;yes&quot;}\" data-widget_type=\"video.default\">\n\t\t\t\t<div class=\"elementor-widget-container\">\n\t\t\t\t\t\t\t<div class=\"elementor-wrapper elementor-open-inline\">\n\t\t\t<div class=\"elementor-video\"><\/div>\t\t<\/div>\n\t\t\t\t\t\t<\/div>\n\t\t\t\t<\/div>\n\t\t\t\t\t<\/div>\n\t\t<\/div>\n\t\t\t\t\t<\/div>\n\t\t<\/section>\n\t\t\t\t<section class=\"elementor-section elementor-top-section elementor-element elementor-element-00474eb elementor-section-boxed elementor-section-height-default elementor-section-height-default\" data-id=\"00474eb\" data-element_type=\"section\" data-e-type=\"section\">\n\t\t\t\t\t\t<div class=\"elementor-container elementor-column-gap-default\">\n\t\t\t\t\t<div class=\"elementor-column elementor-col-100 elementor-top-column elementor-element elementor-element-a270890\" data-id=\"a270890\" data-element_type=\"column\" data-e-type=\"column\">\n\t\t\t<div class=\"elementor-widget-wrap elementor-element-populated\">\n\t\t\t\t\t\t<div class=\"elementor-element elementor-element-0a2f733 elementor-widget elementor-widget-heading\" data-id=\"0a2f733\" data-element_type=\"widget\" data-e-type=\"widget\" data-widget_type=\"heading.default\">\n\t\t\t\t<div class=\"elementor-widget-container\">\n\t\t\t\t\t<h2 class=\"elementor-heading-title elementor-size-default\">Cont\u00e1ctanos<\/h2>\t\t\t\t<\/div>\n\t\t\t\t<\/div>\n\t\t\t\t\t<\/div>\n\t\t<\/div>\n\t\t\t\t\t<\/div>\n\t\t<\/section>\n\t\t\t\t<\/div>\n\t\t","protected":false},"excerpt":{"rendered":"<p>Misi\u00f3n Somos una organizaci\u00f3n feminista dedicada a empoderar a ni\u00f1as y mujeres del estado de Oaxaca a trav\u00e9s de acciones con perspectiva de g\u00e9nero, interculturalidad y derechos humanos. Fortalecemos liderazgos comunitarios; capacitamos a trav\u00e9s de seminarios, cursos y talleres presenciales-virtuales; brindamos acompa\u00f1amiento psicol\u00f3gico y jur\u00eddico. Estamos comprometidas en difundir e impulsar acciones para lograr un [&hellip;]<\/p>\n","protected":false},"author":4,"featured_media":0,"parent":1368,"menu_order":0,"comment_status":"closed","ping_status":"closed","template":"","meta":{"give_campaign_id":0,"footnotes":""},"class_list":["post-1374","page","type-page","status-publish","hentry"],"yoast_head":"<!-- This site is optimized with the Yoast SEO plugin v27.4 - https:\/\/yoast.com\/product\/yoast-seo-wordpress\/ -->\n<title>Misi\u00f3n \/ Visi\u00f3n - GESMujer &quot;Rosario Castellanos&quot;<\/title>\n<meta name=\"description\" content=\"Ni\u00f1as y mujeres empoderadas desarrollando al m\u00e1ximo sus capacidades humanas; consolidando redes sostenibles en el reconocimiento y ejercicio de sus derechos, valorando el autocuidado, cuidado colectivo y la seguridad digital.\" \/>\n<meta name=\"robots\" content=\"index, follow, max-snippet:-1, max-image-preview:large, max-video-preview:-1\" \/>\n<link rel=\"canonical\" href=\"https:\/\/www.gesmujer.org\/sitio\/nosotras\/que-nos-motiva\/\" \/>\n<meta property=\"og:locale\" content=\"es_MX\" \/>\n<meta property=\"og:type\" content=\"article\" \/>\n<meta property=\"og:title\" content=\"Misi\u00f3n \/ Visi\u00f3n - GESMujer &quot;Rosario Castellanos&quot;\" \/>\n<meta property=\"og:description\" content=\"Ni\u00f1as y mujeres empoderadas desarrollando al m\u00e1ximo sus capacidades humanas; consolidando redes sostenibles en el reconocimiento y ejercicio de sus derechos, valorando el autocuidado, cuidado colectivo y la seguridad digital.\" \/>\n<meta property=\"og:url\" content=\"https:\/\/www.gesmujer.org\/sitio\/nosotras\/que-nos-motiva\/\" \/>\n<meta property=\"og:site_name\" content=\"GESMujer &quot;Rosario Castellanos&quot;\" \/>\n<meta property=\"article:publisher\" content=\"https:\/\/www.facebook.com\/gesmujer.rosario.castellanos.ac\" \/>\n<meta property=\"article:modified_time\" content=\"2024-03-25T23:15:16+00:00\" \/>\n<meta property=\"og:image\" content=\"https:\/\/www.gesmujer.org\/sitio\/wp-content\/uploads\/2023\/07\/FotoGES20226-1300x650.jpeg\" \/>\n<meta name=\"twitter:card\" content=\"summary_large_image\" \/>\n<meta name=\"twitter:site\" content=\"@GES_Mujer\" \/>\n<meta name=\"twitter:label1\" content=\"Tiempo de lectura\" \/>\n\t<meta name=\"twitter:data1\" content=\"3 minutos\" \/>\n<script type=\"application\/ld+json\" class=\"yoast-schema-graph\">{\"@context\":\"https:\\\/\\\/schema.org\",\"@graph\":[{\"@type\":\"WebPage\",\"@id\":\"https:\\\/\\\/www.gesmujer.org\\\/sitio\\\/nosotras\\\/que-nos-motiva\\\/\",\"url\":\"https:\\\/\\\/www.gesmujer.org\\\/sitio\\\/nosotras\\\/que-nos-motiva\\\/\",\"name\":\"Misi\u00f3n \\\/ Visi\u00f3n - GESMujer &quot;Rosario Castellanos&quot;\",\"isPartOf\":{\"@id\":\"https:\\\/\\\/www.gesmujer.org\\\/sitio\\\/#website\"},\"primaryImageOfPage\":{\"@id\":\"https:\\\/\\\/www.gesmujer.org\\\/sitio\\\/nosotras\\\/que-nos-motiva\\\/#primaryimage\"},\"image\":{\"@id\":\"https:\\\/\\\/www.gesmujer.org\\\/sitio\\\/nosotras\\\/que-nos-motiva\\\/#primaryimage\"},\"thumbnailUrl\":\"https:\\\/\\\/www.gesmujer.org\\\/sitio\\\/wp-content\\\/uploads\\\/2023\\\/07\\\/FotoGES20226-1300x650.jpeg\",\"datePublished\":\"2015-12-10T01:22:38+00:00\",\"dateModified\":\"2024-03-25T23:15:16+00:00\",\"description\":\"Ni\u00f1as y mujeres empoderadas desarrollando al m\u00e1ximo sus capacidades humanas; consolidando redes sostenibles en el reconocimiento y ejercicio de sus derechos, valorando el autocuidado, cuidado colectivo y la seguridad digital.\",\"breadcrumb\":{\"@id\":\"https:\\\/\\\/www.gesmujer.org\\\/sitio\\\/nosotras\\\/que-nos-motiva\\\/#breadcrumb\"},\"inLanguage\":\"es\",\"potentialAction\":[{\"@type\":\"ReadAction\",\"target\":[\"https:\\\/\\\/www.gesmujer.org\\\/sitio\\\/nosotras\\\/que-nos-motiva\\\/\"]}]},{\"@type\":\"ImageObject\",\"inLanguage\":\"es\",\"@id\":\"https:\\\/\\\/www.gesmujer.org\\\/sitio\\\/nosotras\\\/que-nos-motiva\\\/#primaryimage\",\"url\":\"https:\\\/\\\/www.gesmujer.org\\\/sitio\\\/wp-content\\\/uploads\\\/2023\\\/07\\\/FotoGES20226-1300x650.jpeg\",\"contentUrl\":\"https:\\\/\\\/www.gesmujer.org\\\/sitio\\\/wp-content\\\/uploads\\\/2023\\\/07\\\/FotoGES20226-1300x650.jpeg\"},{\"@type\":\"BreadcrumbList\",\"@id\":\"https:\\\/\\\/www.gesmujer.org\\\/sitio\\\/nosotras\\\/que-nos-motiva\\\/#breadcrumb\",\"itemListElement\":[{\"@type\":\"ListItem\",\"position\":1,\"name\":\"Home\",\"item\":\"https:\\\/\\\/www.gesmujer.org\\\/sitio\\\/\"},{\"@type\":\"ListItem\",\"position\":2,\"name\":\"\u00bfQu\u00e9 es GESMujer?\",\"item\":\"https:\\\/\\\/www.gesmujer.org\\\/sitio\\\/nosotras\\\/\"},{\"@type\":\"ListItem\",\"position\":3,\"name\":\"Misi\u00f3n \\\/ Visi\u00f3n\"}]},{\"@type\":\"WebSite\",\"@id\":\"https:\\\/\\\/www.gesmujer.org\\\/sitio\\\/#website\",\"url\":\"https:\\\/\\\/www.gesmujer.org\\\/sitio\\\/\",\"name\":\"GESMujer \\\"Rosario Castellanos\\\"\",\"description\":\"M\u00e1s de 45 a\u00f1os ha llevado a cabo acciones para erradicar la violencia de g\u00e9nero y construir entornos donde las mujeres encuentren su resiliencia, incrementen su agencia y autonom\u00eda que les permita lograr su empoderamiento a trav\u00e9s de cinco l\u00edneas de acci\u00f3n.\",\"publisher\":{\"@id\":\"https:\\\/\\\/www.gesmujer.org\\\/sitio\\\/#organization\"},\"alternateName\":\"GESMujer\",\"potentialAction\":[{\"@type\":\"SearchAction\",\"target\":{\"@type\":\"EntryPoint\",\"urlTemplate\":\"https:\\\/\\\/www.gesmujer.org\\\/sitio\\\/?s={search_term_string}\"},\"query-input\":{\"@type\":\"PropertyValueSpecification\",\"valueRequired\":true,\"valueName\":\"search_term_string\"}}],\"inLanguage\":\"es\"},{\"@type\":\"Organization\",\"@id\":\"https:\\\/\\\/www.gesmujer.org\\\/sitio\\\/#organization\",\"name\":\"Grupo de estudios sobre la mujer Rosario Castellanos ac\",\"alternateName\":\"GESMujer\",\"url\":\"https:\\\/\\\/www.gesmujer.org\\\/sitio\\\/\",\"logo\":{\"@type\":\"ImageObject\",\"inLanguage\":\"es\",\"@id\":\"https:\\\/\\\/www.gesmujer.org\\\/sitio\\\/#\\\/schema\\\/logo\\\/image\\\/\",\"url\":\"https:\\\/\\\/www.gesmujer.org\\\/sitio\\\/wp-content\\\/uploads\\\/2026\\\/03\\\/Logo-GESMujer-300.png\",\"contentUrl\":\"https:\\\/\\\/www.gesmujer.org\\\/sitio\\\/wp-content\\\/uploads\\\/2026\\\/03\\\/Logo-GESMujer-300.png\",\"width\":300,\"height\":141,\"caption\":\"Grupo de estudios sobre la mujer Rosario Castellanos ac\"},\"image\":{\"@id\":\"https:\\\/\\\/www.gesmujer.org\\\/sitio\\\/#\\\/schema\\\/logo\\\/image\\\/\"},\"sameAs\":[\"https:\\\/\\\/www.facebook.com\\\/gesmujer.rosario.castellanos.ac\",\"https:\\\/\\\/x.com\\\/GES_Mujer\",\"https:\\\/\\\/www.instagram.com\\\/ges_mujer\\\/?hl=es\",\"https:\\\/\\\/www.youtube.com\\\/c\\\/GESMujerRosarioCastellanos\\\/videos\",\"https:\\\/\\\/soundcloud.com\\\/gesmujerac\",\"https:\\\/\\\/www.tiktok.com\\\/@gesmujer\"]}]}<\/script>\n<!-- \/ Yoast SEO plugin. -->","yoast_head_json":{"title":"Misi\u00f3n \/ Visi\u00f3n - GESMujer &quot;Rosario Castellanos&quot;","description":"Ni\u00f1as y mujeres empoderadas desarrollando al m\u00e1ximo sus capacidades humanas; consolidando redes sostenibles en el reconocimiento y ejercicio de sus derechos, valorando el autocuidado, cuidado colectivo y la seguridad digital.","robots":{"index":"index","follow":"follow","max-snippet":"max-snippet:-1","max-image-preview":"max-image-preview:large","max-video-preview":"max-video-preview:-1"},"canonical":"https:\/\/www.gesmujer.org\/sitio\/nosotras\/que-nos-motiva\/","og_locale":"es_MX","og_type":"article","og_title":"Misi\u00f3n \/ Visi\u00f3n - GESMujer &quot;Rosario Castellanos&quot;","og_description":"Ni\u00f1as y mujeres empoderadas desarrollando al m\u00e1ximo sus capacidades humanas; consolidando redes sostenibles en el reconocimiento y ejercicio de sus derechos, valorando el autocuidado, cuidado colectivo y la seguridad digital.","og_url":"https:\/\/www.gesmujer.org\/sitio\/nosotras\/que-nos-motiva\/","og_site_name":"GESMujer &quot;Rosario Castellanos&quot;","article_publisher":"https:\/\/www.facebook.com\/gesmujer.rosario.castellanos.ac","article_modified_time":"2024-03-25T23:15:16+00:00","og_image":[{"url":"https:\/\/www.gesmujer.org\/sitio\/wp-content\/uploads\/2023\/07\/FotoGES20226-1300x650.jpeg","type":"","width":"","height":""}],"twitter_card":"summary_large_image","twitter_site":"@GES_Mujer","twitter_misc":{"Tiempo de lectura":"3 minutos"},"schema":{"@context":"https:\/\/schema.org","@graph":[{"@type":"WebPage","@id":"https:\/\/www.gesmujer.org\/sitio\/nosotras\/que-nos-motiva\/","url":"https:\/\/www.gesmujer.org\/sitio\/nosotras\/que-nos-motiva\/","name":"Misi\u00f3n \/ Visi\u00f3n - GESMujer &quot;Rosario Castellanos&quot;","isPartOf":{"@id":"https:\/\/www.gesmujer.org\/sitio\/#website"},"primaryImageOfPage":{"@id":"https:\/\/www.gesmujer.org\/sitio\/nosotras\/que-nos-motiva\/#primaryimage"},"image":{"@id":"https:\/\/www.gesmujer.org\/sitio\/nosotras\/que-nos-motiva\/#primaryimage"},"thumbnailUrl":"https:\/\/www.gesmujer.org\/sitio\/wp-content\/uploads\/2023\/07\/FotoGES20226-1300x650.jpeg","datePublished":"2015-12-10T01:22:38+00:00","dateModified":"2024-03-25T23:15:16+00:00","description":"Ni\u00f1as y mujeres empoderadas desarrollando al m\u00e1ximo sus capacidades humanas; consolidando redes sostenibles en el reconocimiento y ejercicio de sus derechos, valorando el autocuidado, cuidado colectivo y la seguridad digital.","breadcrumb":{"@id":"https:\/\/www.gesmujer.org\/sitio\/nosotras\/que-nos-motiva\/#breadcrumb"},"inLanguage":"es","potentialAction":[{"@type":"ReadAction","target":["https:\/\/www.gesmujer.org\/sitio\/nosotras\/que-nos-motiva\/"]}]},{"@type":"ImageObject","inLanguage":"es","@id":"https:\/\/www.gesmujer.org\/sitio\/nosotras\/que-nos-motiva\/#primaryimage","url":"https:\/\/www.gesmujer.org\/sitio\/wp-content\/uploads\/2023\/07\/FotoGES20226-1300x650.jpeg","contentUrl":"https:\/\/www.gesmujer.org\/sitio\/wp-content\/uploads\/2023\/07\/FotoGES20226-1300x650.jpeg"},{"@type":"BreadcrumbList","@id":"https:\/\/www.gesmujer.org\/sitio\/nosotras\/que-nos-motiva\/#breadcrumb","itemListElement":[{"@type":"ListItem","position":1,"name":"Home","item":"https:\/\/www.gesmujer.org\/sitio\/"},{"@type":"ListItem","position":2,"name":"\u00bfQu\u00e9 es GESMujer?","item":"https:\/\/www.gesmujer.org\/sitio\/nosotras\/"},{"@type":"ListItem","position":3,"name":"Misi\u00f3n \/ Visi\u00f3n"}]},{"@type":"WebSite","@id":"https:\/\/www.gesmujer.org\/sitio\/#website","url":"https:\/\/www.gesmujer.org\/sitio\/","name":"GESMujer \"Rosario Castellanos\"","description":"M\u00e1s de 45 a\u00f1os ha llevado a cabo acciones para erradicar la violencia de g\u00e9nero y construir entornos donde las mujeres encuentren su resiliencia, incrementen su agencia y autonom\u00eda que les permita lograr su empoderamiento a trav\u00e9s de cinco l\u00edneas de acci\u00f3n.","publisher":{"@id":"https:\/\/www.gesmujer.org\/sitio\/#organization"},"alternateName":"GESMujer","potentialAction":[{"@type":"SearchAction","target":{"@type":"EntryPoint","urlTemplate":"https:\/\/www.gesmujer.org\/sitio\/?s={search_term_string}"},"query-input":{"@type":"PropertyValueSpecification","valueRequired":true,"valueName":"search_term_string"}}],"inLanguage":"es"},{"@type":"Organization","@id":"https:\/\/www.gesmujer.org\/sitio\/#organization","name":"Grupo de estudios sobre la mujer Rosario Castellanos ac","alternateName":"GESMujer","url":"https:\/\/www.gesmujer.org\/sitio\/","logo":{"@type":"ImageObject","inLanguage":"es","@id":"https:\/\/www.gesmujer.org\/sitio\/#\/schema\/logo\/image\/","url":"https:\/\/www.gesmujer.org\/sitio\/wp-content\/uploads\/2026\/03\/Logo-GESMujer-300.png","contentUrl":"https:\/\/www.gesmujer.org\/sitio\/wp-content\/uploads\/2026\/03\/Logo-GESMujer-300.png","width":300,"height":141,"caption":"Grupo de estudios sobre la mujer Rosario Castellanos ac"},"image":{"@id":"https:\/\/www.gesmujer.org\/sitio\/#\/schema\/logo\/image\/"},"sameAs":["https:\/\/www.facebook.com\/gesmujer.rosario.castellanos.ac","https:\/\/x.com\/GES_Mujer","https:\/\/www.instagram.com\/ges_mujer\/?hl=es","https:\/\/www.youtube.com\/c\/GESMujerRosarioCastellanos\/videos","https:\/\/soundcloud.com\/gesmujerac","https:\/\/www.tiktok.com\/@gesmujer"]}]}},"campaignId":"","_links":{"self":[{"href":"https:\/\/www.gesmujer.org\/sitio\/wp-json\/wp\/v2\/pages\/1374","targetHints":{"allow":["GET"]}}],"collection":[{"href":"https:\/\/www.gesmujer.org\/sitio\/wp-json\/wp\/v2\/pages"}],"about":[{"href":"https:\/\/www.gesmujer.org\/sitio\/wp-json\/wp\/v2\/types\/page"}],"author":[{"embeddable":true,"href":"https:\/\/www.gesmujer.org\/sitio\/wp-json\/wp\/v2\/users\/4"}],"replies":[{"embeddable":true,"href":"https:\/\/www.gesmujer.org\/sitio\/wp-json\/wp\/v2\/comments?post=1374"}],"version-history":[{"count":60,"href":"https:\/\/www.gesmujer.org\/sitio\/wp-json\/wp\/v2\/pages\/1374\/revisions"}],"predecessor-version":[{"id":30937,"href":"https:\/\/www.gesmujer.org\/sitio\/wp-json\/wp\/v2\/pages\/1374\/revisions\/30937"}],"up":[{"embeddable":true,"href":"https:\/\/www.gesmujer.org\/sitio\/wp-json\/wp\/v2\/pages\/1368"}],"wp:attachment":[{"href":"https:\/\/www.gesmujer.org\/sitio\/wp-json\/wp\/v2\/media?parent=1374"}],"curies":[{"name":"wp","href":"https:\/\/api.w.org\/{rel}","templated":true}]}}