{"id":3034,"date":"2018-09-14T11:46:07","date_gmt":"2018-09-14T17:46:07","guid":{"rendered":"http:\/\/www.gesmujer.org\/sitio\/?page_id=3034"},"modified":"2018-09-18T15:41:21","modified_gmt":"2018-09-18T21:41:21","slug":"who-we-are","status":"publish","type":"page","link":"https:\/\/www.gesmujer.org\/sitio\/about-us\/who-we-are\/","title":{"rendered":"Who we are?"},"content":{"rendered":"<link rel=\"stylesheet\" href=\"https:\/\/use.fontawesome.com\/releases\/v5.3.1\/css\/all.css\" integrity=\"sha384-mzrmE5qonljUremFsqc01SB46JvROS7bZs3IO2EmfFsd15uHvIt+Y8vEf7N7fWAU\" crossorigin=\"anonymous\">\n<h1 style=\"text-align: center;\">GENERAL ASSEMBLY<\/h1>\n<table class=\"table whoweare\">\n<tbody>\n<tr>\n<td><i class=\"fas fa-female fa-2x\"><\/i>Ang\u00e9lica Ayala Ortiz.<\/td>\n<td><i class=\"fas fa-female fa-2x\"><\/i>Mar\u00eda Cecilia Sandoval Salazar.<\/td>\n<\/tr>\n<tr>\n<td><i class=\"fas fa-female fa-2x\"><\/i> Angelina Mart\u00ednez Per\u00e9z.<\/td>\n<td><i class=\"fas fa-female fa-2x\"><\/i> Mar\u00eda del Rosario Mart\u00ednez Miguel.<\/td>\n<\/tr>\n<tr>\n<td><i class=\"fas fa-female fa-2x\"><\/i> Mar\u00eda Antonia Cruz Montero.<\/td>\n<td><i class=\"fas fa-female fa-2x\"><\/i> Maricela Zurita Cruz.<\/td>\n<\/tr>\n<tr>\n<td><i class=\"fas fa-female fa-2x\"><\/i> Gabriela Guti\u00e9rrez Kleman.<\/td>\n<td><i class=\"fas fa-female fa-2x\"><\/i> Noem\u00ed Calder\u00f3n Z\u00e1rate.<\/td>\n<\/tr>\n<tr>\n<td><i class=\"fas fa-female fa-2x\"><\/i> Gabriela Salom\u00e9 Loaeza Santos.<\/td>\n<td><i class=\"fas fa-female fa-2x\"><\/i>Olga Lydia Calder\u00f3n Z\u00e1rate.<\/td>\n<\/tr>\n<tr>\n<td><i class=\"fas fa-female fa-2x\"><\/i> Julia Jimena Barco Isakson.<\/td>\n<td><i class=\"fas fa-female fa-2x\"><\/i>Tania Aurora Melchor G\u00f3mez.<\/td>\n<\/tr>\n<tr>\n<td><i class=\"fas fa-female fa-2x\"><\/i>Lina Herrera Mart\u00ednez Negrete.<\/td>\n<td><i class=\"fas fa-female fa-2x\"><\/i>Tzatzil Ayala Barahona.<\/td>\n<\/tr>\n<tr>\n<td><i class=\"fas fa-female fa-2x\"><\/i>Margarita Dalton Palomo.<\/td>\n<td><i class=\"fas fa-female fa-2x\"><\/i> Luisa Jimena Avellaneda D\u00edaz.<\/td>\n<\/tr>\n<tr>\n<td><i class=\"fas fa-female fa-2x\"><\/i> Martha Aparicio Rojas.<\/td>\n<td><\/td>\n<\/tr>\n<\/tbody>\n<\/table>\n<h1 style=\"text-align: center;\">GOVERNING BOARD<\/h1>\n<table class=\"photos\">\n<tbody>\n<tr>\n<td>\n<h3 style=\"text-align: center;\">PRESIDENT<\/h3>\n<p style=\"text-align: center;\">Mtra. Luisa Jimena Avellaneda D\u00edaz.<\/p>\n<p><a href=\"http:\/\/www.gesmujer.org\/SITIO\/wp-content\/uploads\/\/2018\/08\/luisa.jpg\"><img decoding=\"async\" class=\"aligncenter size-thumbnail wp-image-2864\" src=\"http:\/\/www.gesmujer.org\/SITIO\/wp-content\/uploads\/\/2018\/08\/luisa-150x150.jpg\" alt=\"\" width=\"150\" height=\"150\" srcset=\"https:\/\/www.gesmujer.org\/sitio\/wp-content\/uploads\/2018\/08\/luisa-150x150.jpg 150w, https:\/\/www.gesmujer.org\/sitio\/wp-content\/uploads\/2018\/08\/luisa-540x540.jpg 540w, https:\/\/www.gesmujer.org\/sitio\/wp-content\/uploads\/2018\/08\/luisa-240x240.jpg 240w\" sizes=\"(max-width: 150px) 100vw, 150px\" \/><\/a><\/td>\n<td>\n<h3 style=\"text-align: center;\">SECRETARY<\/h3>\n<p style=\"text-align: center;\">Licda. Maricela Zurita Cruz.<\/p>\n<p><a href=\"http:\/\/www.gesmujer.org\/SITIO\/wp-content\/uploads\/\/2018\/08\/maricela.jpg\"><img decoding=\"async\" class=\"aligncenter size-thumbnail wp-image-2865\" src=\"http:\/\/www.gesmujer.org\/SITIO\/wp-content\/uploads\/\/2018\/08\/maricela-150x150.jpg\" alt=\"\" width=\"150\" height=\"150\" srcset=\"https:\/\/www.gesmujer.org\/sitio\/wp-content\/uploads\/2018\/08\/maricela-150x150.jpg 150w, https:\/\/www.gesmujer.org\/sitio\/wp-content\/uploads\/2018\/08\/maricela-540x540.jpg 540w, https:\/\/www.gesmujer.org\/sitio\/wp-content\/uploads\/2018\/08\/maricela-240x240.jpg 240w, https:\/\/www.gesmujer.org\/sitio\/wp-content\/uploads\/2018\/08\/maricela-300x300.jpg 300w, https:\/\/www.gesmujer.org\/sitio\/wp-content\/uploads\/2018\/08\/maricela-100x100.jpg 100w\" sizes=\"(max-width: 150px) 100vw, 150px\" \/><\/a><\/td>\n<td>\n<h3 style=\"text-align: center;\">TREASURER<\/h3>\n<p style=\"text-align: center;\">Licda. Mar\u00eda del Rosario Mart\u00ednez Miguel.<\/p>\n<p><a href=\"http:\/\/www.gesmujer.org\/SITIO\/wp-content\/uploads\/\/2018\/08\/mrosario.jpg\"><img decoding=\"async\" class=\"aligncenter size-thumbnail wp-image-2867\" src=\"http:\/\/www.gesmujer.org\/SITIO\/wp-content\/uploads\/\/2018\/08\/mrosario-150x150.jpg\" alt=\"\" width=\"150\" height=\"150\" srcset=\"https:\/\/www.gesmujer.org\/sitio\/wp-content\/uploads\/2018\/08\/mrosario-150x150.jpg 150w, https:\/\/www.gesmujer.org\/sitio\/wp-content\/uploads\/2018\/08\/mrosario-540x540.jpg 540w, https:\/\/www.gesmujer.org\/sitio\/wp-content\/uploads\/2018\/08\/mrosario-240x240.jpg 240w\" sizes=\"(max-width: 150px) 100vw, 150px\" \/><\/a><\/td>\n<\/tr>\n<\/tbody>\n<\/table>\n<table class=\"vocal\">\n<tbody>\n<tr>\n<td>\n<h3 style=\"text-align: center;\">SPOKESPERSON<\/h3>\n<p style=\"text-align: center;\">Licda. Martha Aparicio Rojas.<\/p>\n<p><a href=\"http:\/\/www.gesmujer.org\/SITIO\/wp-content\/uploads\/\/2018\/08\/martha.jpg\"><img loading=\"lazy\" decoding=\"async\" class=\"aligncenter size-thumbnail wp-image-2866\" src=\"http:\/\/www.gesmujer.org\/SITIO\/wp-content\/uploads\/\/2018\/08\/martha-150x150.jpg\" alt=\"\" width=\"150\" height=\"150\" srcset=\"https:\/\/www.gesmujer.org\/sitio\/wp-content\/uploads\/2018\/08\/martha-150x150.jpg 150w, https:\/\/www.gesmujer.org\/sitio\/wp-content\/uploads\/2018\/08\/martha-540x540.jpg 540w, https:\/\/www.gesmujer.org\/sitio\/wp-content\/uploads\/2018\/08\/martha-240x240.jpg 240w\" sizes=\"(max-width: 150px) 100vw, 150px\" \/><\/a><\/td>\n<td>\n<h3 style=\"text-align: center;\">SPOKESPERSON<\/h3>\n<p style=\"text-align: center;\">C.P. Olga Lydia Calder\u00f3n Z\u00e1rate.<\/p>\n<p><a href=\"http:\/\/www.gesmujer.org\/SITIO\/wp-content\/uploads\/\/2018\/08\/olga.jpg\"><img loading=\"lazy\" decoding=\"async\" class=\"aligncenter size-thumbnail wp-image-2868\" src=\"http:\/\/www.gesmujer.org\/SITIO\/wp-content\/uploads\/\/2018\/08\/olga-150x150.jpg\" alt=\"\" width=\"150\" height=\"150\" srcset=\"https:\/\/www.gesmujer.org\/sitio\/wp-content\/uploads\/2018\/08\/olga-150x150.jpg 150w, https:\/\/www.gesmujer.org\/sitio\/wp-content\/uploads\/2018\/08\/olga-540x540.jpg 540w, https:\/\/www.gesmujer.org\/sitio\/wp-content\/uploads\/2018\/08\/olga-240x240.jpg 240w\" sizes=\"(max-width: 150px) 100vw, 150px\" \/><\/a><\/td>\n<\/tr>\n<\/tbody>\n<\/table>\n<h1 style=\"text-align: center;\">EXTERNAL COUNSEL<\/h1>\n<p style=\"text-align: center;\"><i class=\"fas fa-female fa-2x\"><\/i>Dra. Blanca Rico Galindo &#8211; Oficial de Proyectos del Fondo de Poblaci\u00f3n de las Naciones Unidas (UNFPA).<br \/>\n<i class=\"fas fa-female fa-2x\"><\/i>Sra. Mina Fern\u00e1ndez Pichardo &#8211; Responsable de Relaciones P\u00fablicas del Diario El Imparcial.<br \/>\n<i class=\"fas fa-female fa-2x\"><\/i>Licda. Mar\u00eda Eugenia Mata Garc\u00eda &#8211; Directora de IDEMO.<br \/>\n<i class=\"fas fa-female fa-2x\"><\/i>Licda. Sof\u00eda Robles Hern\u00e1ndez &#8211; Servicios del Pueblo Mixe.<br \/>\n<i class=\"fas fa-male fa-2x\"><\/i>Lic. Eduardo Torres Navarrete &#8211; Director de OCAMPO, A.C.<br \/>\n<i class=\"fas fa-male fa-2x\"><\/i>Mtro. Francisco Mart\u00ednez Neri &#8211; Consultor Fiscal.<br \/>\n<i class=\"fas fa-female fa-2x\"><\/i>Dra. Leticia Brise\u00f1o Maas &#8211; \u2022 Acad\u00e9mica \/ Investigadora en temas de g\u00e9nero de la UABJO e integrante del Sistema Nacional de Investigadores del CONACYT.<br \/>\n<i class=\"fas fa-female fa-2x\"><\/i>C. Lucille C Atkin &#8211; Consultora de g\u00e9nero-derechos-desarrollo sustentable, monitoreo y evaluaci\u00f3n de programas sociales.<br \/>\n<i class=\"fas fa-male fa-2x\"><\/i>Lic. Carlos Moreno &#8211;<br \/>\n<i class=\"fas fa-female fa-2x\"><\/i>Licda. Zenaida P\u00e9rez- Coordinadora del programa de mujeres ind\u00edgenas (PROMUI) del Instituto de Liderazgo Simone de Beauvoir (ILSB)<\/p>\n<h1 style=\"text-align: center;\">OPERATIONAL TEAM<\/h1>\n<p style=\"text-align: center;\"><i class=\"fas fa-female fa-2x\"><\/i>Luisa Jimena Avellaneda D\u00edaz-Coordinadora de Investigaci\u00f3n-Acci\u00f3n y del Centro de Capacitaci\u00f3n en Liderazgo y Gesti\u00f3n Comunitaria.<br \/>\n<i class=\"fas fa-female fa-2x\"><\/i>Mar\u00eda del Rosario Mart\u00ednez Miguel-Coordinadora Administrativa.<br \/>\n<i class=\"fas fa-female fa-2x\"><\/i>Maricela Zurita Cruz-Coordinadora de GESMujer Joven.<br \/>\n<i class=\"fas fa-female fa-2x\"><\/i>Nadia Altamirano D\u00edaz-Coordinadora del \u00e1rea de Comunicaci\u00f3n.<br \/>\n<i class=\"fas fa-female fa-2x\"><\/i>Josefina Salazar Mart\u00ednez-Bibliotecaria.<br \/>\n<i class=\"fas fa-female fa-2x\"><\/i>Amalia Contreras Robles-Enlace.<br \/>\n<i class=\"fas fa-female fa-2x\"><\/i>Olga Lydia Calder\u00f3n Z\u00e1rate-Coordinadora del \u00e1rea de Finanzas.<br \/>\n<i class=\"fas fa-female fa-2x\"><\/i>Mar\u00eda Reynalda Mart\u00ednez Hern\u00e1ndez-Encargada de mantenimiento.<br \/>\n<i class=\"fas fa-female fa-2x\"><\/i>Lina Herrera Mart\u00ednez Negrete-Psic\u00f3loga.<br \/>\n<i class=\"fas fa-female fa-2x\"><\/i>Ana Lina Mart\u00ednez-Psic\u00f3loga<br \/>\n<i class=\"fas fa-female fa-2x\"><\/i>Mar\u00eda Antonia Cruz Montero-Abogada.<\/p>\n","protected":false},"excerpt":{"rendered":"<p>GENERAL ASSEMBLY Ang\u00e9lica Ayala Ortiz. Mar\u00eda Cecilia Sandoval Salazar. Angelina Mart\u00ednez Per\u00e9z. Mar\u00eda del Rosario Mart\u00ednez Miguel. Mar\u00eda Antonia Cruz Montero. Maricela Zurita Cruz. Gabriela Guti\u00e9rrez Kleman. Noem\u00ed Calder\u00f3n Z\u00e1rate. Gabriela Salom\u00e9 Loaeza Santos. Olga Lydia Calder\u00f3n Z\u00e1rate. Julia Jimena Barco Isakson. Tania Aurora Melchor G\u00f3mez. Lina Herrera Mart\u00ednez Negrete. Tzatzil Ayala Barahona. Margarita Dalton [&hellip;]<\/p>\n","protected":false},"author":4,"featured_media":0,"parent":3002,"menu_order":0,"comment_status":"closed","ping_status":"closed","template":"template-fullwidth.php","meta":{"give_campaign_id":0,"footnotes":""},"class_list":["post-3034","page","type-page","status-publish","hentry"],"yoast_head":"<!-- This site is optimized with the Yoast SEO plugin v27.4 - https:\/\/yoast.com\/product\/yoast-seo-wordpress\/ -->\n<title>Who we are? - GESMujer &quot;Rosario Castellanos&quot;<\/title>\n<meta name=\"robots\" content=\"index, follow, max-snippet:-1, max-image-preview:large, max-video-preview:-1\" \/>\n<link rel=\"canonical\" href=\"https:\/\/www.gesmujer.org\/sitio\/about-us\/who-we-are\/\" \/>\n<meta property=\"og:locale\" content=\"es_MX\" \/>\n<meta property=\"og:type\" content=\"article\" \/>\n<meta property=\"og:title\" content=\"Who we are? - GESMujer &quot;Rosario Castellanos&quot;\" \/>\n<meta property=\"og:description\" content=\"GENERAL ASSEMBLY Ang\u00e9lica Ayala Ortiz. Mar\u00eda Cecilia Sandoval Salazar. Angelina Mart\u00ednez Per\u00e9z. Mar\u00eda del Rosario Mart\u00ednez Miguel. Mar\u00eda Antonia Cruz Montero. Maricela Zurita Cruz. Gabriela Guti\u00e9rrez Kleman. Noem\u00ed Calder\u00f3n Z\u00e1rate. Gabriela Salom\u00e9 Loaeza Santos. Olga Lydia Calder\u00f3n Z\u00e1rate. Julia Jimena Barco Isakson. Tania Aurora Melchor G\u00f3mez. Lina Herrera Mart\u00ednez Negrete. Tzatzil Ayala Barahona. Margarita Dalton [&hellip;]\" \/>\n<meta property=\"og:url\" content=\"https:\/\/www.gesmujer.org\/sitio\/about-us\/who-we-are\/\" \/>\n<meta property=\"og:site_name\" content=\"GESMujer &quot;Rosario Castellanos&quot;\" \/>\n<meta property=\"article:publisher\" content=\"https:\/\/www.facebook.com\/gesmujer.rosario.castellanos.ac\" \/>\n<meta property=\"article:modified_time\" content=\"2018-09-18T21:41:21+00:00\" \/>\n<meta property=\"og:image\" content=\"http:\/\/www.gesmujer.org\/SITIO\/wp-content\/uploads\/\/2018\/08\/luisa-150x150.jpg\" \/>\n<meta name=\"twitter:card\" content=\"summary_large_image\" \/>\n<meta name=\"twitter:site\" content=\"@GES_Mujer\" \/>\n<meta name=\"twitter:label1\" content=\"Tiempo de lectura\" \/>\n\t<meta name=\"twitter:data1\" content=\"2 minutos\" \/>\n<script type=\"application\/ld+json\" class=\"yoast-schema-graph\">{\"@context\":\"https:\\\/\\\/schema.org\",\"@graph\":[{\"@type\":\"WebPage\",\"@id\":\"https:\\\/\\\/www.gesmujer.org\\\/sitio\\\/about-us\\\/who-we-are\\\/\",\"url\":\"https:\\\/\\\/www.gesmujer.org\\\/sitio\\\/about-us\\\/who-we-are\\\/\",\"name\":\"Who we are? - GESMujer &quot;Rosario Castellanos&quot;\",\"isPartOf\":{\"@id\":\"https:\\\/\\\/www.gesmujer.org\\\/sitio\\\/#website\"},\"primaryImageOfPage\":{\"@id\":\"https:\\\/\\\/www.gesmujer.org\\\/sitio\\\/about-us\\\/who-we-are\\\/#primaryimage\"},\"image\":{\"@id\":\"https:\\\/\\\/www.gesmujer.org\\\/sitio\\\/about-us\\\/who-we-are\\\/#primaryimage\"},\"thumbnailUrl\":\"http:\\\/\\\/www.gesmujer.org\\\/SITIO\\\/wp-content\\\/uploads\\\/\\\/2018\\\/08\\\/luisa-150x150.jpg\",\"datePublished\":\"2018-09-14T17:46:07+00:00\",\"dateModified\":\"2018-09-18T21:41:21+00:00\",\"breadcrumb\":{\"@id\":\"https:\\\/\\\/www.gesmujer.org\\\/sitio\\\/about-us\\\/who-we-are\\\/#breadcrumb\"},\"inLanguage\":\"es\",\"potentialAction\":[{\"@type\":\"ReadAction\",\"target\":[\"https:\\\/\\\/www.gesmujer.org\\\/sitio\\\/about-us\\\/who-we-are\\\/\"]}]},{\"@type\":\"ImageObject\",\"inLanguage\":\"es\",\"@id\":\"https:\\\/\\\/www.gesmujer.org\\\/sitio\\\/about-us\\\/who-we-are\\\/#primaryimage\",\"url\":\"http:\\\/\\\/www.gesmujer.org\\\/SITIO\\\/wp-content\\\/uploads\\\/\\\/2018\\\/08\\\/luisa-150x150.jpg\",\"contentUrl\":\"http:\\\/\\\/www.gesmujer.org\\\/SITIO\\\/wp-content\\\/uploads\\\/\\\/2018\\\/08\\\/luisa-150x150.jpg\"},{\"@type\":\"BreadcrumbList\",\"@id\":\"https:\\\/\\\/www.gesmujer.org\\\/sitio\\\/about-us\\\/who-we-are\\\/#breadcrumb\",\"itemListElement\":[{\"@type\":\"ListItem\",\"position\":1,\"name\":\"Home\",\"item\":\"https:\\\/\\\/www.gesmujer.org\\\/sitio\\\/\"},{\"@type\":\"ListItem\",\"position\":2,\"name\":\"About us\",\"item\":\"https:\\\/\\\/www.gesmujer.org\\\/sitio\\\/about-us\\\/\"},{\"@type\":\"ListItem\",\"position\":3,\"name\":\"Who we are?\"}]},{\"@type\":\"WebSite\",\"@id\":\"https:\\\/\\\/www.gesmujer.org\\\/sitio\\\/#website\",\"url\":\"https:\\\/\\\/www.gesmujer.org\\\/sitio\\\/\",\"name\":\"GESMujer \\\"Rosario Castellanos\\\"\",\"description\":\"M\u00e1s de 45 a\u00f1os ha llevado a cabo acciones para erradicar la violencia de g\u00e9nero y construir entornos donde las mujeres encuentren su resiliencia, incrementen su agencia y autonom\u00eda que les permita lograr su empoderamiento a trav\u00e9s de cinco l\u00edneas de acci\u00f3n.\",\"publisher\":{\"@id\":\"https:\\\/\\\/www.gesmujer.org\\\/sitio\\\/#organization\"},\"alternateName\":\"GESMujer\",\"potentialAction\":[{\"@type\":\"SearchAction\",\"target\":{\"@type\":\"EntryPoint\",\"urlTemplate\":\"https:\\\/\\\/www.gesmujer.org\\\/sitio\\\/?s={search_term_string}\"},\"query-input\":{\"@type\":\"PropertyValueSpecification\",\"valueRequired\":true,\"valueName\":\"search_term_string\"}}],\"inLanguage\":\"es\"},{\"@type\":\"Organization\",\"@id\":\"https:\\\/\\\/www.gesmujer.org\\\/sitio\\\/#organization\",\"name\":\"Grupo de estudios sobre la mujer Rosario Castellanos ac\",\"alternateName\":\"GESMujer\",\"url\":\"https:\\\/\\\/www.gesmujer.org\\\/sitio\\\/\",\"logo\":{\"@type\":\"ImageObject\",\"inLanguage\":\"es\",\"@id\":\"https:\\\/\\\/www.gesmujer.org\\\/sitio\\\/#\\\/schema\\\/logo\\\/image\\\/\",\"url\":\"https:\\\/\\\/www.gesmujer.org\\\/sitio\\\/wp-content\\\/uploads\\\/2026\\\/03\\\/Logo-GESMujer-300.png\",\"contentUrl\":\"https:\\\/\\\/www.gesmujer.org\\\/sitio\\\/wp-content\\\/uploads\\\/2026\\\/03\\\/Logo-GESMujer-300.png\",\"width\":300,\"height\":141,\"caption\":\"Grupo de estudios sobre la mujer Rosario Castellanos ac\"},\"image\":{\"@id\":\"https:\\\/\\\/www.gesmujer.org\\\/sitio\\\/#\\\/schema\\\/logo\\\/image\\\/\"},\"sameAs\":[\"https:\\\/\\\/www.facebook.com\\\/gesmujer.rosario.castellanos.ac\",\"https:\\\/\\\/x.com\\\/GES_Mujer\",\"https:\\\/\\\/www.instagram.com\\\/ges_mujer\\\/?hl=es\",\"https:\\\/\\\/www.youtube.com\\\/c\\\/GESMujerRosarioCastellanos\\\/videos\",\"https:\\\/\\\/soundcloud.com\\\/gesmujerac\",\"https:\\\/\\\/www.tiktok.com\\\/@gesmujer\"]}]}<\/script>\n<!-- \/ Yoast SEO plugin. -->","yoast_head_json":{"title":"Who we are? - GESMujer &quot;Rosario Castellanos&quot;","robots":{"index":"index","follow":"follow","max-snippet":"max-snippet:-1","max-image-preview":"max-image-preview:large","max-video-preview":"max-video-preview:-1"},"canonical":"https:\/\/www.gesmujer.org\/sitio\/about-us\/who-we-are\/","og_locale":"es_MX","og_type":"article","og_title":"Who we are? - GESMujer &quot;Rosario Castellanos&quot;","og_description":"GENERAL ASSEMBLY Ang\u00e9lica Ayala Ortiz. Mar\u00eda Cecilia Sandoval Salazar. Angelina Mart\u00ednez Per\u00e9z. Mar\u00eda del Rosario Mart\u00ednez Miguel. Mar\u00eda Antonia Cruz Montero. Maricela Zurita Cruz. Gabriela Guti\u00e9rrez Kleman. Noem\u00ed Calder\u00f3n Z\u00e1rate. Gabriela Salom\u00e9 Loaeza Santos. Olga Lydia Calder\u00f3n Z\u00e1rate. Julia Jimena Barco Isakson. Tania Aurora Melchor G\u00f3mez. Lina Herrera Mart\u00ednez Negrete. Tzatzil Ayala Barahona. Margarita Dalton [&hellip;]","og_url":"https:\/\/www.gesmujer.org\/sitio\/about-us\/who-we-are\/","og_site_name":"GESMujer &quot;Rosario Castellanos&quot;","article_publisher":"https:\/\/www.facebook.com\/gesmujer.rosario.castellanos.ac","article_modified_time":"2018-09-18T21:41:21+00:00","og_image":[{"url":"http:\/\/www.gesmujer.org\/SITIO\/wp-content\/uploads\/\/2018\/08\/luisa-150x150.jpg","type":"","width":"","height":""}],"twitter_card":"summary_large_image","twitter_site":"@GES_Mujer","twitter_misc":{"Tiempo de lectura":"2 minutos"},"schema":{"@context":"https:\/\/schema.org","@graph":[{"@type":"WebPage","@id":"https:\/\/www.gesmujer.org\/sitio\/about-us\/who-we-are\/","url":"https:\/\/www.gesmujer.org\/sitio\/about-us\/who-we-are\/","name":"Who we are? - GESMujer &quot;Rosario Castellanos&quot;","isPartOf":{"@id":"https:\/\/www.gesmujer.org\/sitio\/#website"},"primaryImageOfPage":{"@id":"https:\/\/www.gesmujer.org\/sitio\/about-us\/who-we-are\/#primaryimage"},"image":{"@id":"https:\/\/www.gesmujer.org\/sitio\/about-us\/who-we-are\/#primaryimage"},"thumbnailUrl":"http:\/\/www.gesmujer.org\/SITIO\/wp-content\/uploads\/\/2018\/08\/luisa-150x150.jpg","datePublished":"2018-09-14T17:46:07+00:00","dateModified":"2018-09-18T21:41:21+00:00","breadcrumb":{"@id":"https:\/\/www.gesmujer.org\/sitio\/about-us\/who-we-are\/#breadcrumb"},"inLanguage":"es","potentialAction":[{"@type":"ReadAction","target":["https:\/\/www.gesmujer.org\/sitio\/about-us\/who-we-are\/"]}]},{"@type":"ImageObject","inLanguage":"es","@id":"https:\/\/www.gesmujer.org\/sitio\/about-us\/who-we-are\/#primaryimage","url":"http:\/\/www.gesmujer.org\/SITIO\/wp-content\/uploads\/\/2018\/08\/luisa-150x150.jpg","contentUrl":"http:\/\/www.gesmujer.org\/SITIO\/wp-content\/uploads\/\/2018\/08\/luisa-150x150.jpg"},{"@type":"BreadcrumbList","@id":"https:\/\/www.gesmujer.org\/sitio\/about-us\/who-we-are\/#breadcrumb","itemListElement":[{"@type":"ListItem","position":1,"name":"Home","item":"https:\/\/www.gesmujer.org\/sitio\/"},{"@type":"ListItem","position":2,"name":"About us","item":"https:\/\/www.gesmujer.org\/sitio\/about-us\/"},{"@type":"ListItem","position":3,"name":"Who we are?"}]},{"@type":"WebSite","@id":"https:\/\/www.gesmujer.org\/sitio\/#website","url":"https:\/\/www.gesmujer.org\/sitio\/","name":"GESMujer \"Rosario Castellanos\"","description":"M\u00e1s de 45 a\u00f1os ha llevado a cabo acciones para erradicar la violencia de g\u00e9nero y construir entornos donde las mujeres encuentren su resiliencia, incrementen su agencia y autonom\u00eda que les permita lograr su empoderamiento a trav\u00e9s de cinco l\u00edneas de acci\u00f3n.","publisher":{"@id":"https:\/\/www.gesmujer.org\/sitio\/#organization"},"alternateName":"GESMujer","potentialAction":[{"@type":"SearchAction","target":{"@type":"EntryPoint","urlTemplate":"https:\/\/www.gesmujer.org\/sitio\/?s={search_term_string}"},"query-input":{"@type":"PropertyValueSpecification","valueRequired":true,"valueName":"search_term_string"}}],"inLanguage":"es"},{"@type":"Organization","@id":"https:\/\/www.gesmujer.org\/sitio\/#organization","name":"Grupo de estudios sobre la mujer Rosario Castellanos ac","alternateName":"GESMujer","url":"https:\/\/www.gesmujer.org\/sitio\/","logo":{"@type":"ImageObject","inLanguage":"es","@id":"https:\/\/www.gesmujer.org\/sitio\/#\/schema\/logo\/image\/","url":"https:\/\/www.gesmujer.org\/sitio\/wp-content\/uploads\/2026\/03\/Logo-GESMujer-300.png","contentUrl":"https:\/\/www.gesmujer.org\/sitio\/wp-content\/uploads\/2026\/03\/Logo-GESMujer-300.png","width":300,"height":141,"caption":"Grupo de estudios sobre la mujer Rosario Castellanos ac"},"image":{"@id":"https:\/\/www.gesmujer.org\/sitio\/#\/schema\/logo\/image\/"},"sameAs":["https:\/\/www.facebook.com\/gesmujer.rosario.castellanos.ac","https:\/\/x.com\/GES_Mujer","https:\/\/www.instagram.com\/ges_mujer\/?hl=es","https:\/\/www.youtube.com\/c\/GESMujerRosarioCastellanos\/videos","https:\/\/soundcloud.com\/gesmujerac","https:\/\/www.tiktok.com\/@gesmujer"]}]}},"campaignId":"","_links":{"self":[{"href":"https:\/\/www.gesmujer.org\/sitio\/wp-json\/wp\/v2\/pages\/3034","targetHints":{"allow":["GET"]}}],"collection":[{"href":"https:\/\/www.gesmujer.org\/sitio\/wp-json\/wp\/v2\/pages"}],"about":[{"href":"https:\/\/www.gesmujer.org\/sitio\/wp-json\/wp\/v2\/types\/page"}],"author":[{"embeddable":true,"href":"https:\/\/www.gesmujer.org\/sitio\/wp-json\/wp\/v2\/users\/4"}],"replies":[{"embeddable":true,"href":"https:\/\/www.gesmujer.org\/sitio\/wp-json\/wp\/v2\/comments?post=3034"}],"version-history":[{"count":2,"href":"https:\/\/www.gesmujer.org\/sitio\/wp-json\/wp\/v2\/pages\/3034\/revisions"}],"predecessor-version":[{"id":3071,"href":"https:\/\/www.gesmujer.org\/sitio\/wp-json\/wp\/v2\/pages\/3034\/revisions\/3071"}],"up":[{"embeddable":true,"href":"https:\/\/www.gesmujer.org\/sitio\/wp-json\/wp\/v2\/pages\/3002"}],"wp:attachment":[{"href":"https:\/\/www.gesmujer.org\/sitio\/wp-json\/wp\/v2\/media?parent=3034"}],"curies":[{"name":"wp","href":"https:\/\/api.w.org\/{rel}","templated":true}]}}