{"id":30702,"date":"2023-07-14T15:41:46","date_gmt":"2023-07-14T21:41:46","guid":{"rendered":"https:\/\/www.gesmujer.org\/sitio\/?page_id=30702"},"modified":"2024-03-25T17:55:44","modified_gmt":"2024-03-25T23:55:44","slug":"botiquin-de-autocuidado","status":"publish","type":"page","link":"https:\/\/www.gesmujer.org\/sitio\/botiquin-de-autocuidado\/","title":{"rendered":"Botiqu\u00edn de autocuidado"},"content":{"rendered":"\t\t<div data-elementor-type=\"wp-page\" data-elementor-id=\"30702\" class=\"elementor elementor-30702\">\n\t\t\t\t\t\t<section class=\"elementor-section elementor-top-section elementor-element elementor-element-2b13a04a elementor-section-boxed elementor-section-height-default elementor-section-height-default\" data-id=\"2b13a04a\" data-element_type=\"section\" data-e-type=\"section\">\n\t\t\t\t\t\t<div class=\"elementor-container elementor-column-gap-default\">\n\t\t\t\t\t<div class=\"elementor-column elementor-col-100 elementor-top-column elementor-element elementor-element-eefa8aa\" data-id=\"eefa8aa\" data-element_type=\"column\" data-e-type=\"column\">\n\t\t\t<div class=\"elementor-widget-wrap elementor-element-populated\">\n\t\t\t\t\t\t<div class=\"elementor-element elementor-element-346534cf elementor-widget elementor-widget-text-editor\" data-id=\"346534cf\" data-element_type=\"widget\" data-e-type=\"widget\" data-widget_type=\"text-editor.default\">\n\t\t\t\t<div class=\"elementor-widget-container\">\n\t\t\t\t\t\t\t\t\t<p><\/p>\n<p class=\"has-white-color has-vivid-purple-background-color has-text-color has-background\">En el Grupo de estudios sobre la mujer &#8220;Rosario Castellanos&#8221; a.c., a trav\u00e9s de sesiones colectivas hemos ido conociendo y descubriendo herramientas y t\u00e9cnicas que nos han beneficiado mucho, en todos los \u00e1mbitos tanto a nivel personal de autocuidado como en el cuidado colectivo, hemos aprendido a conectar con nuestras emociones, nuestros sentidos, nuestro cuerpo, espiritualidad con nuestros placeres, para lograr nuestra sanaci\u00f3n, por ello aqu\u00ed te compartimos nuestro botiqu\u00edn de autocuidado y cuidado colectivo. \u00a1Que lo disfrutes!<\/p>\n<p><\/p>\n<div class=\"wp-block-columns is-layout-flex wp-container-core-columns-is-layout-9d6595d7 wp-block-columns-is-layout-flex\">\n<p><\/p>\n<div class=\"wp-block-column is-layout-flow wp-block-column-is-layout-flow\">\n<p><\/p>\n<h2 class=\"wp-block-heading\">Kit de seguridad digital<\/h2>\n<p><\/p>\n<p>Te compartimos un Kit de seguridad digital para defensoras de derechos humanos de las mujeres, en este Kit recopilamos lo que en co-construcci\u00f3n con otras colectivas, di\u00f3 como resultado este Kit, seguro ser\u00e1 de ayuda y te pedimos lo compartas y lo puedas poner en pr\u00e1ctica.<\/p>\n<p><\/p>\n<figure class=\"wp-block-image size-full is-resized\"><a href=\"https:\/\/www.gesmujer.org\/sitio\/wp-content\/uploads\/2023\/07\/Kit-de-seguridad-digital-GESMjer.pdf\" target=\"_blank\" rel=\"noreferrer noopener\"><img fetchpriority=\"high\" decoding=\"async\" class=\"wp-image-30780\" src=\"https:\/\/www.gesmujer.org\/sitio\/wp-content\/uploads\/2023\/07\/Portada-KSG-GESMujer.png\" alt=\"\" width=\"302\" height=\"302\" srcset=\"https:\/\/www.gesmujer.org\/sitio\/wp-content\/uploads\/2023\/07\/Portada-KSG-GESMujer.png 450w, https:\/\/www.gesmujer.org\/sitio\/wp-content\/uploads\/2023\/07\/Portada-KSG-GESMujer-240x240.png 240w, https:\/\/www.gesmujer.org\/sitio\/wp-content\/uploads\/2023\/07\/Portada-KSG-GESMujer-300x300.png 300w, https:\/\/www.gesmujer.org\/sitio\/wp-content\/uploads\/2023\/07\/Portada-KSG-GESMujer-150x150.png 150w\" sizes=\"(max-width: 302px) 100vw, 302px\" \/><\/a><\/figure>\n<p><\/p>\n<\/div>\n<p><\/p>\n<div class=\"wp-block-column is-layout-flow wp-block-column-is-layout-flow\">\n<p><\/p>\n<h2 class=\"wp-block-heading\">Kit de sanaci\u00f3n<\/h2>\n<p><\/p>\n<p>Hemos recopilado una seria de aceites, esencias, flores, hierbas, t\u00e9s e inciensos, que nos han ayudado a reconfortar el alma, el esp\u00edritu, las emociones y el cuerpo.<\/p>\n<p><\/p>\n<figure class=\"wp-block-image size-large is-resized\"><a href=\"https:\/\/www.gesmujer.org\/sitio\/aceites-y-esencias-de-autocuidado\/\"><img decoding=\"async\" class=\"wp-image-30289\" src=\"https:\/\/www.gesmujer.org\/sitio\/wp-content\/uploads\/2023\/05\/Defensora-02-1024x1024.png\" alt=\"\" width=\"327\" height=\"327\" srcset=\"https:\/\/www.gesmujer.org\/sitio\/wp-content\/uploads\/2023\/05\/Defensora-02-1024x1024.png 1024w, https:\/\/www.gesmujer.org\/sitio\/wp-content\/uploads\/2023\/05\/Defensora-02-540x540.png 540w, https:\/\/www.gesmujer.org\/sitio\/wp-content\/uploads\/2023\/05\/Defensora-02-240x240.png 240w, https:\/\/www.gesmujer.org\/sitio\/wp-content\/uploads\/2023\/05\/Defensora-02-600x600.png 600w, https:\/\/www.gesmujer.org\/sitio\/wp-content\/uploads\/2023\/05\/Defensora-02-300x300.png 300w, https:\/\/www.gesmujer.org\/sitio\/wp-content\/uploads\/2023\/05\/Defensora-02-150x150.png 150w, https:\/\/www.gesmujer.org\/sitio\/wp-content\/uploads\/2023\/05\/Defensora-02-768x768.png 768w, https:\/\/www.gesmujer.org\/sitio\/wp-content\/uploads\/2023\/05\/Defensora-02-550x550.png 550w, https:\/\/www.gesmujer.org\/sitio\/wp-content\/uploads\/2023\/05\/Defensora-02-1000x1000.png 1000w, https:\/\/www.gesmujer.org\/sitio\/wp-content\/uploads\/2023\/05\/Defensora-02-650x650.png 650w, https:\/\/www.gesmujer.org\/sitio\/wp-content\/uploads\/2023\/05\/Defensora-02.png 1080w\" sizes=\"(max-width: 327px) 100vw, 327px\" \/><\/a><\/figure>\n<p><\/p>\n<\/div>\n<p><\/p>\n<div class=\"wp-block-column is-layout-flow wp-block-column-is-layout-flow\">\n<p><\/p>\n<h2 class=\"wp-block-heading\">App Autocuidado GESMujer<\/h2>\n<p><\/p>\n<p>Contamos con la descarga de la aplicaci\u00f3n para dispositivos m\u00f3viles, en las plataformas de IOS y Android, en esta aplicaci\u00f3n encontrar\u00e1s las claves de autocuidado y cuidado colectivo, adem\u00e1s de un kit de seguridad digital.<\/p>\n<p><\/p>\n<figure class=\"wp-block-image size-full is-resized\"><a href=\"https:\/\/www.gesmujer.org\/sitio\/wp-content\/uploads\/2023\/07\/Portada-App.png\"><img decoding=\"async\" class=\"alignnone wp-image-30799 size-medium\" src=\"https:\/\/www.gesmujer.org\/sitio\/wp-content\/uploads\/2023\/07\/Portada-App-300x300.png\" alt=\"\" width=\"300\" height=\"300\" srcset=\"https:\/\/www.gesmujer.org\/sitio\/wp-content\/uploads\/2023\/07\/Portada-App-300x300.png 300w, https:\/\/www.gesmujer.org\/sitio\/wp-content\/uploads\/2023\/07\/Portada-App-240x240.png 240w, https:\/\/www.gesmujer.org\/sitio\/wp-content\/uploads\/2023\/07\/Portada-App-150x150.png 150w, https:\/\/www.gesmujer.org\/sitio\/wp-content\/uploads\/2023\/07\/Portada-App.png 450w\" sizes=\"(max-width: 300px) 100vw, 300px\" \/><\/a><\/figure>\n<p><\/p>\n<\/div>\n<p><\/p>\n<\/div>\n<p><\/p>\n<p><\/p>\n<div class=\"wp-block-columns is-layout-flex wp-container-core-columns-is-layout-9d6595d7 wp-block-columns-is-layout-flex\">\n<p><\/p>\n<div class=\"wp-block-column is-layout-flow wp-block-column-is-layout-flow\">\n<p><\/p>\n<h2 class=\"wp-block-heading\">PlayList &#8220;El mundo que so\u00f1amos&#8221; GESMujer<\/h2>\n<p><\/p>\n<p>Una colecci\u00f3n de las canciones que nos han acompa\u00f1ado en las sesiones de autocuidado y cuidado colectivos as\u00ed como una recopilaci\u00f3n de temas por parte de las defensoras, para ser compartidas. \u00a1A disfrutar!<\/p>\n<p><\/p>\n<figure class=\"wp-block-embed is-type-rich is-provider-spotify wp-block-embed-spotify wp-embed-aspect-21-9 wp-has-aspect-ratio\">\n<div class=\"wp-block-embed__wrapper\">https:\/\/open.spotify.com\/playlist\/4GOH937H2l5cSJ86g2sIdS?si=6LIcC63KRpOX5rzl3PTbHw&amp;nd=1<\/div>\n<\/figure>\n<p><\/p>\n<\/div>\n<p><\/p>\n<div class=\"wp-block-column is-layout-flow wp-block-column-is-layout-flow\">\n<p><\/p>\n<h2 class=\"wp-block-heading\">Meditaci\u00f3n guiada<\/h2>\n<p><\/p>\n<p>Una de las herramientas para guiarnos por el camino de la tranquilidad y el soltar las cargas diarias, escuchalo y d\u00e9jate llevar.<\/p>\n<p><\/p>\n<figure class=\"wp-block-audio\"><audio src=\"https:\/\/www.gesmujer.org\/sitio\/wp-content\/uploads\/2023\/03\/Instrucciones-de-viaje-imaginario.mp3\" controls=\"controls\"><\/audio><\/figure>\n<p><\/p>\n<\/div>\n<p><\/p>\n<div class=\"wp-block-column is-layout-flow wp-block-column-is-layout-flow\">\n<p><\/p>\n<h2 class=\"wp-block-heading\">Enganche de Cook<\/h2>\n<p><\/p>\n<p>Lo importante de este ejercicio es que causa un efecto integrador en el cerebro y ayuda a activar la corteza sensorial y motora de ambos hemisferios cerebrales.<\/p>\n<p><\/p>\n<figure class=\"wp-block-image size-full is-resized\"><a href=\"https:\/\/www.gesmujer.org\/sitio\/wp-content\/uploads\/2023\/07\/Enganche-Cook.png\"><img loading=\"lazy\" decoding=\"async\" class=\"wp-image-30834\" src=\"https:\/\/www.gesmujer.org\/sitio\/wp-content\/uploads\/2023\/07\/Enganche-Cook.png\" alt=\"\" width=\"255\" height=\"299\" srcset=\"https:\/\/www.gesmujer.org\/sitio\/wp-content\/uploads\/2023\/07\/Enganche-Cook.png 648w, https:\/\/www.gesmujer.org\/sitio\/wp-content\/uploads\/2023\/07\/Enganche-Cook-600x706.png 600w, https:\/\/www.gesmujer.org\/sitio\/wp-content\/uploads\/2023\/07\/Enganche-Cook-255x300.png 255w\" sizes=\"(max-width: 255px) 100vw, 255px\" \/><\/a><\/figure>\n<p><\/p>\n<\/div>\n<p><\/p>\n<\/div>\n<p><\/p>\n<div class=\"wp-block-columns is-layout-flex wp-container-core-columns-is-layout-9d6595d7 wp-block-columns-is-layout-flex\">\n<p><\/p>\n<div class=\"wp-block-column is-layout-flow wp-block-column-is-layout-flow\">\n<p><\/p>\n<h2 class=\"wp-block-heading\">Mapa corporal<\/h2>\n<p><\/p>\n<p>Uno de los instrumentos que nos han ayudado a saber que parte de nuestro cuerpo tiene dolencias y cuales son nuestras fortalezas, te la recomendamos para hacer una evaluaci\u00f3n gr\u00e1fica del dolor del cuerpo.<\/p>\n<p><\/p>\n<figure class=\"wp-block-image size-full is-resized\"><a href=\"https:\/\/www.gesmujer.org\/sitio\/wp-content\/uploads\/2023\/07\/04.-Mapa-Corporal.pdf\" target=\"_blank\" rel=\"noreferrer noopener\"><img loading=\"lazy\" decoding=\"async\" class=\"wp-image-30835\" src=\"https:\/\/www.gesmujer.org\/sitio\/wp-content\/uploads\/2023\/07\/Mapa.png\" alt=\"\" width=\"174\" height=\"139\" srcset=\"https:\/\/www.gesmujer.org\/sitio\/wp-content\/uploads\/2023\/07\/Mapa.png 861w, https:\/\/www.gesmujer.org\/sitio\/wp-content\/uploads\/2023\/07\/Mapa-600x482.png 600w, https:\/\/www.gesmujer.org\/sitio\/wp-content\/uploads\/2023\/07\/Mapa-300x241.png 300w, https:\/\/www.gesmujer.org\/sitio\/wp-content\/uploads\/2023\/07\/Mapa-768x617.png 768w\" sizes=\"(max-width: 174px) 100vw, 174px\" \/><\/a><\/figure>\n<p><\/p>\n<\/div>\n<p><\/p>\n<div class=\"wp-block-column is-layout-flow wp-block-column-is-layout-flow\">\n<p><\/p>\n<h2 class=\"wp-block-heading\">Respiraci\u00f3n para reducir el estr\u00e9s<\/h2>\n<p><\/p>\n<p>Un video que nos ha ayudado mucho para liberar el estr\u00e9s a trav\u00e9s de la respiraci\u00f3n, te lo recomendamos.<\/p>\n<p><\/p>\n<figure class=\"wp-block-image size-full is-resized\"><a href=\"https:\/\/youtu.be\/Mh_6c5l4rM0\" target=\"_blank\" rel=\"noreferrer noopener\"><img loading=\"lazy\" decoding=\"async\" class=\"wp-image-30836\" src=\"https:\/\/www.gesmujer.org\/sitio\/wp-content\/uploads\/2023\/07\/Youtube.png\" alt=\"\" width=\"209\" height=\"88\" srcset=\"https:\/\/www.gesmujer.org\/sitio\/wp-content\/uploads\/2023\/07\/Youtube.png 320w, https:\/\/www.gesmujer.org\/sitio\/wp-content\/uploads\/2023\/07\/Youtube-300x127.png 300w\" sizes=\"(max-width: 209px) 100vw, 209px\" \/><\/a><\/figure>\n<p><\/p>\n<\/div>\n<p><\/p>\n<div class=\"wp-block-column is-layout-flow wp-block-column-is-layout-flow\">\n<p><\/p>\n<h2 class=\"wp-block-heading\">Ejercicios de relajaci\u00f3n<\/h2>\n<p><\/p>\n<p>Te compartimos una t\u00e9cnica para la relajaci\u00f3n, para que nos ayude a liberar el estr\u00e9s acumulado.<\/p>\n<p><\/p>\n<figure class=\"wp-block-image size-full is-resized\"><a href=\"https:\/\/youtu.be\/VTBe8k0HKu8\" target=\"_blank\" rel=\"noreferrer noopener\"><img loading=\"lazy\" decoding=\"async\" class=\"wp-image-30836\" src=\"https:\/\/www.gesmujer.org\/sitio\/wp-content\/uploads\/2023\/07\/Youtube.png\" alt=\"\" width=\"204\" height=\"86\" srcset=\"https:\/\/www.gesmujer.org\/sitio\/wp-content\/uploads\/2023\/07\/Youtube.png 320w, https:\/\/www.gesmujer.org\/sitio\/wp-content\/uploads\/2023\/07\/Youtube-300x127.png 300w\" sizes=\"(max-width: 204px) 100vw, 204px\" \/><\/a><\/figure>\n<p><\/p>\n<\/div>\n<p><\/p>\n<\/div>\n<p><\/p>\n<div class=\"wp-block-columns is-layout-flex wp-container-core-columns-is-layout-9d6595d7 wp-block-columns-is-layout-flex\">\n<p><\/p>\n<div class=\"wp-block-column is-layout-flow wp-block-column-is-layout-flow\">\n<p><\/p>\n<h2 class=\"wp-block-heading\">Formato para agenda<\/h2>\n<p><\/p>\n<p>Te compartimos un formato que ayudar\u00e1 a gestionar y organizar la agenda colectiva de autocuidado y cuidado colectivo.<\/p>\n<p><\/p>\n<figure class=\"wp-block-image size-full\"><a href=\"https:\/\/www.gesmujer.org\/sitio\/wp-content\/uploads\/2023\/07\/07.-Dercarga-Formato-de-Agenda.docx\" target=\"_blank\" rel=\"noreferrer noopener\"><img loading=\"lazy\" decoding=\"async\" width=\"527\" height=\"222\" class=\"wp-image-30837\" src=\"https:\/\/www.gesmujer.org\/sitio\/wp-content\/uploads\/2023\/07\/Formato-agenda.png\" alt=\"\" srcset=\"https:\/\/www.gesmujer.org\/sitio\/wp-content\/uploads\/2023\/07\/Formato-agenda.png 527w, https:\/\/www.gesmujer.org\/sitio\/wp-content\/uploads\/2023\/07\/Formato-agenda-300x126.png 300w\" sizes=\"(max-width: 527px) 100vw, 527px\" \/><\/a><\/figure>\n<p><\/p>\n<\/div>\n<p><\/p>\n<div class=\"wp-block-column is-layout-flow wp-block-column-is-layout-flow\">\n<p><\/p>\n<h2 class=\"wp-block-heading\">Plan de autocuidado<\/h2>\n<p><\/p>\n<p>Un plan de autocuidado y cuidado colectivo es de mucha ayuda, porque ah\u00ed iremos colocando lo que nos interesa atender de las claves de autocuidado y cuidado colectivo, as\u00ed que descarga y manos a la obra.<\/p>\n<p><\/p>\n<figure class=\"wp-block-image size-full is-resized\"><a href=\"https:\/\/www.gesmujer.org\/sitio\/wp-content\/uploads\/2023\/07\/08.-Plan-de-Autocuidado-Individual.pdf\" target=\"_blank\" rel=\"noreferrer noopener\"><img loading=\"lazy\" decoding=\"async\" class=\"wp-image-30839\" src=\"https:\/\/www.gesmujer.org\/sitio\/wp-content\/uploads\/2023\/07\/Plan-autocuidado.png\" alt=\"\" width=\"229\" height=\"263\" srcset=\"https:\/\/www.gesmujer.org\/sitio\/wp-content\/uploads\/2023\/07\/Plan-autocuidado.png 731w, https:\/\/www.gesmujer.org\/sitio\/wp-content\/uploads\/2023\/07\/Plan-autocuidado-600x688.png 600w, https:\/\/www.gesmujer.org\/sitio\/wp-content\/uploads\/2023\/07\/Plan-autocuidado-262x300.png 262w\" sizes=\"(max-width: 229px) 100vw, 229px\" \/><\/a><\/figure>\n<p><\/p>\n<\/div>\n<p><\/p>\n<div class=\"wp-block-column is-layout-flow wp-block-column-is-layout-flow\">\n<p><\/p>\n<h2 class=\"wp-block-heading\">Comunicaci\u00f3n asertiva<\/h2>\n<p><\/p>\n<p>Pasos para expresar lo que siento y necesito.<\/p>\n<p><\/p>\n<figure class=\"wp-block-image size-full is-resized\"><a href=\"https:\/\/www.gesmujer.org\/sitio\/wp-content\/uploads\/2023\/07\/10.-Pasos-para-expresar-lo-que-siento.pdf\"><img loading=\"lazy\" decoding=\"async\" class=\"wp-image-30840\" src=\"https:\/\/www.gesmujer.org\/sitio\/wp-content\/uploads\/2023\/07\/Asertiva.png\" alt=\"\" width=\"273\" height=\"325\" srcset=\"https:\/\/www.gesmujer.org\/sitio\/wp-content\/uploads\/2023\/07\/Asertiva.png 620w, https:\/\/www.gesmujer.org\/sitio\/wp-content\/uploads\/2023\/07\/Asertiva-600x713.png 600w, https:\/\/www.gesmujer.org\/sitio\/wp-content\/uploads\/2023\/07\/Asertiva-252x300.png 252w\" sizes=\"(max-width: 273px) 100vw, 273px\" \/><\/a><\/figure>\n<p><\/p>\n<\/div>\n<p><\/p>\n<\/div>\n<p><\/p>\n<div class=\"wp-block-columns is-layout-flex wp-container-core-columns-is-layout-9d6595d7 wp-block-columns-is-layout-flex\">\n<p><\/p>\n<div class=\"wp-block-column is-layout-flow wp-block-column-is-layout-flow\">\n<p><\/p>\n<h2 class=\"wp-block-heading\"><strong>P<\/strong>ol\u00edticas de autocuidado<\/h2>\n<p><\/p>\n<p>Descarga Formato de Pol\u00edticas Institucionales de Autocuidado<\/p>\n<p><\/p>\n<figure class=\"wp-block-image size-full is-resized\"><a href=\"https:\/\/www.gesmujer.org\/sitio\/wp-content\/uploads\/2023\/07\/11.-Formato-Politicas-Institucionales-de-Autocuidado.docx\"><img loading=\"lazy\" decoding=\"async\" class=\"wp-image-30841\" src=\"https:\/\/www.gesmujer.org\/sitio\/wp-content\/uploads\/2023\/07\/Politicas.png\" alt=\"\" width=\"402\" height=\"226\" srcset=\"https:\/\/www.gesmujer.org\/sitio\/wp-content\/uploads\/2023\/07\/Politicas.png 864w, https:\/\/www.gesmujer.org\/sitio\/wp-content\/uploads\/2023\/07\/Politicas-600x338.png 600w, https:\/\/www.gesmujer.org\/sitio\/wp-content\/uploads\/2023\/07\/Politicas-300x169.png 300w, https:\/\/www.gesmujer.org\/sitio\/wp-content\/uploads\/2023\/07\/Politicas-768x432.png 768w\" sizes=\"(max-width: 402px) 100vw, 402px\" \/><\/a><\/figure>\n<p><\/p>\n<\/div>\n<p><\/p>\n<div class=\"wp-block-column is-layout-flow wp-block-column-is-layout-flow\">\n<p><\/p>\n<h2 class=\"wp-block-heading\">Plan de autocuidado y cuidado colectivo<\/h2>\n<p><\/p>\n<p>Para dar paso al plan de cuidado colectivo, es importante primero realizar un diagn\u00f3stico con nuestra colectiva, equipa u organizaci\u00f3n, con quienes laboramos y, poder encontrar los niveles de riesgo, dise\u00f1ar estrategias y herramientas que permitan disminuir el impacto y mantener procesos arm\u00f3nicos\u00a0 de crecimiento dentro de nuestros espacios y colectivas. Descarga el Formato.<\/p>\n<p><\/p>\n<figure class=\"wp-block-image size-full\"><a href=\"https:\/\/www.gesmujer.org\/sitio\/wp-content\/uploads\/2023\/08\/PLAN-DE-AUTOCUIDADO-COLECTIVO-GESMUJER-POLITICAS.docx\" target=\"_blank\" rel=\"noopener\"><img loading=\"lazy\" decoding=\"async\" class=\"alignnone wp-image-31007 size-medium\" src=\"https:\/\/www.gesmujer.org\/sitio\/wp-content\/uploads\/2023\/08\/Colectiva-300x177.png\" alt=\"\" width=\"300\" height=\"177\" srcset=\"https:\/\/www.gesmujer.org\/sitio\/wp-content\/uploads\/2023\/08\/Colectiva-300x177.png 300w, https:\/\/www.gesmujer.org\/sitio\/wp-content\/uploads\/2023\/08\/Colectiva-600x353.png 600w, https:\/\/www.gesmujer.org\/sitio\/wp-content\/uploads\/2023\/08\/Colectiva.png 608w\" sizes=\"(max-width: 300px) 100vw, 300px\" \/><\/a><\/figure>\n<p><\/p>\n<\/div>\n<p><\/p>\n<div class=\"wp-block-column is-layout-flow wp-block-column-is-layout-flow\">\u00a0<\/div>\n<p><\/p>\n<\/div>\n<p><\/p>\t\t\t\t\t\t\t\t<\/div>\n\t\t\t\t<\/div>\n\t\t\t\t\t<\/div>\n\t\t<\/div>\n\t\t\t\t\t<\/div>\n\t\t<\/section>\n\t\t\t\t<\/div>\n\t\t","protected":false},"excerpt":{"rendered":"<p>En el Grupo de estudios sobre la mujer &#8220;Rosario Castellanos&#8221; a.c., a trav\u00e9s de sesiones colectivas hemos ido conociendo y descubriendo herramientas y t\u00e9cnicas que nos han beneficiado mucho, en todos los \u00e1mbitos tanto a nivel personal de autocuidado como en el cuidado colectivo, hemos aprendido a conectar con nuestras emociones, nuestros sentidos, nuestro cuerpo, [&hellip;]<\/p>\n","protected":false},"author":4,"featured_media":0,"parent":0,"menu_order":0,"comment_status":"closed","ping_status":"closed","template":"","meta":{"give_campaign_id":0,"footnotes":""},"class_list":["post-30702","page","type-page","status-publish","hentry"],"yoast_head":"<!-- This site is optimized with the Yoast SEO plugin v27.4 - https:\/\/yoast.com\/product\/yoast-seo-wordpress\/ -->\n<title>Botiqu\u00edn de autocuidado - GESMujer &quot;Rosario Castellanos&quot;<\/title>\n<meta name=\"robots\" content=\"index, follow, max-snippet:-1, max-image-preview:large, max-video-preview:-1\" \/>\n<link rel=\"canonical\" href=\"https:\/\/www.gesmujer.org\/sitio\/botiquin-de-autocuidado\/\" \/>\n<meta property=\"og:locale\" content=\"es_MX\" \/>\n<meta property=\"og:type\" content=\"article\" \/>\n<meta property=\"og:title\" content=\"Botiqu\u00edn de autocuidado - GESMujer &quot;Rosario Castellanos&quot;\" \/>\n<meta property=\"og:description\" content=\"En el Grupo de estudios sobre la mujer &#8220;Rosario Castellanos&#8221; a.c., a trav\u00e9s de sesiones colectivas hemos ido conociendo y descubriendo herramientas y t\u00e9cnicas que nos han beneficiado mucho, en todos los \u00e1mbitos tanto a nivel personal de autocuidado como en el cuidado colectivo, hemos aprendido a conectar con nuestras emociones, nuestros sentidos, nuestro cuerpo, [&hellip;]\" \/>\n<meta property=\"og:url\" content=\"https:\/\/www.gesmujer.org\/sitio\/botiquin-de-autocuidado\/\" \/>\n<meta property=\"og:site_name\" content=\"GESMujer &quot;Rosario Castellanos&quot;\" \/>\n<meta property=\"article:publisher\" content=\"https:\/\/www.facebook.com\/gesmujer.rosario.castellanos.ac\" \/>\n<meta property=\"article:modified_time\" content=\"2024-03-25T23:55:44+00:00\" \/>\n<meta property=\"og:image\" content=\"https:\/\/www.gesmujer.org\/sitio\/wp-content\/uploads\/2023\/07\/Portada-KSG-GESMujer.png\" \/>\n<meta name=\"twitter:card\" content=\"summary_large_image\" \/>\n<meta name=\"twitter:site\" content=\"@GES_Mujer\" \/>\n<meta name=\"twitter:label1\" content=\"Tiempo de lectura\" \/>\n\t<meta name=\"twitter:data1\" content=\"3 minutos\" \/>\n<script type=\"application\/ld+json\" class=\"yoast-schema-graph\">{\"@context\":\"https:\\\/\\\/schema.org\",\"@graph\":[{\"@type\":\"WebPage\",\"@id\":\"https:\\\/\\\/www.gesmujer.org\\\/sitio\\\/botiquin-de-autocuidado\\\/\",\"url\":\"https:\\\/\\\/www.gesmujer.org\\\/sitio\\\/botiquin-de-autocuidado\\\/\",\"name\":\"Botiqu\u00edn de autocuidado - GESMujer &quot;Rosario Castellanos&quot;\",\"isPartOf\":{\"@id\":\"https:\\\/\\\/www.gesmujer.org\\\/sitio\\\/#website\"},\"primaryImageOfPage\":{\"@id\":\"https:\\\/\\\/www.gesmujer.org\\\/sitio\\\/botiquin-de-autocuidado\\\/#primaryimage\"},\"image\":{\"@id\":\"https:\\\/\\\/www.gesmujer.org\\\/sitio\\\/botiquin-de-autocuidado\\\/#primaryimage\"},\"thumbnailUrl\":\"https:\\\/\\\/www.gesmujer.org\\\/sitio\\\/wp-content\\\/uploads\\\/2023\\\/07\\\/Portada-KSG-GESMujer.png\",\"datePublished\":\"2023-07-14T21:41:46+00:00\",\"dateModified\":\"2024-03-25T23:55:44+00:00\",\"breadcrumb\":{\"@id\":\"https:\\\/\\\/www.gesmujer.org\\\/sitio\\\/botiquin-de-autocuidado\\\/#breadcrumb\"},\"inLanguage\":\"es\",\"potentialAction\":[{\"@type\":\"ReadAction\",\"target\":[\"https:\\\/\\\/www.gesmujer.org\\\/sitio\\\/botiquin-de-autocuidado\\\/\"]}]},{\"@type\":\"ImageObject\",\"inLanguage\":\"es\",\"@id\":\"https:\\\/\\\/www.gesmujer.org\\\/sitio\\\/botiquin-de-autocuidado\\\/#primaryimage\",\"url\":\"https:\\\/\\\/www.gesmujer.org\\\/sitio\\\/wp-content\\\/uploads\\\/2023\\\/07\\\/Portada-KSG-GESMujer.png\",\"contentUrl\":\"https:\\\/\\\/www.gesmujer.org\\\/sitio\\\/wp-content\\\/uploads\\\/2023\\\/07\\\/Portada-KSG-GESMujer.png\"},{\"@type\":\"BreadcrumbList\",\"@id\":\"https:\\\/\\\/www.gesmujer.org\\\/sitio\\\/botiquin-de-autocuidado\\\/#breadcrumb\",\"itemListElement\":[{\"@type\":\"ListItem\",\"position\":1,\"name\":\"Home\",\"item\":\"https:\\\/\\\/www.gesmujer.org\\\/sitio\\\/\"},{\"@type\":\"ListItem\",\"position\":2,\"name\":\"Botiqu\u00edn de autocuidado\"}]},{\"@type\":\"WebSite\",\"@id\":\"https:\\\/\\\/www.gesmujer.org\\\/sitio\\\/#website\",\"url\":\"https:\\\/\\\/www.gesmujer.org\\\/sitio\\\/\",\"name\":\"GESMujer \\\"Rosario Castellanos\\\"\",\"description\":\"M\u00e1s de 45 a\u00f1os ha llevado a cabo acciones para erradicar la violencia de g\u00e9nero y construir entornos donde las mujeres encuentren su resiliencia, incrementen su agencia y autonom\u00eda que les permita lograr su empoderamiento a trav\u00e9s de cinco l\u00edneas de acci\u00f3n.\",\"publisher\":{\"@id\":\"https:\\\/\\\/www.gesmujer.org\\\/sitio\\\/#organization\"},\"alternateName\":\"GESMujer\",\"potentialAction\":[{\"@type\":\"SearchAction\",\"target\":{\"@type\":\"EntryPoint\",\"urlTemplate\":\"https:\\\/\\\/www.gesmujer.org\\\/sitio\\\/?s={search_term_string}\"},\"query-input\":{\"@type\":\"PropertyValueSpecification\",\"valueRequired\":true,\"valueName\":\"search_term_string\"}}],\"inLanguage\":\"es\"},{\"@type\":\"Organization\",\"@id\":\"https:\\\/\\\/www.gesmujer.org\\\/sitio\\\/#organization\",\"name\":\"Grupo de estudios sobre la mujer Rosario Castellanos ac\",\"alternateName\":\"GESMujer\",\"url\":\"https:\\\/\\\/www.gesmujer.org\\\/sitio\\\/\",\"logo\":{\"@type\":\"ImageObject\",\"inLanguage\":\"es\",\"@id\":\"https:\\\/\\\/www.gesmujer.org\\\/sitio\\\/#\\\/schema\\\/logo\\\/image\\\/\",\"url\":\"https:\\\/\\\/www.gesmujer.org\\\/sitio\\\/wp-content\\\/uploads\\\/2026\\\/03\\\/Logo-GESMujer-300.png\",\"contentUrl\":\"https:\\\/\\\/www.gesmujer.org\\\/sitio\\\/wp-content\\\/uploads\\\/2026\\\/03\\\/Logo-GESMujer-300.png\",\"width\":300,\"height\":141,\"caption\":\"Grupo de estudios sobre la mujer Rosario Castellanos ac\"},\"image\":{\"@id\":\"https:\\\/\\\/www.gesmujer.org\\\/sitio\\\/#\\\/schema\\\/logo\\\/image\\\/\"},\"sameAs\":[\"https:\\\/\\\/www.facebook.com\\\/gesmujer.rosario.castellanos.ac\",\"https:\\\/\\\/x.com\\\/GES_Mujer\",\"https:\\\/\\\/www.instagram.com\\\/ges_mujer\\\/?hl=es\",\"https:\\\/\\\/www.youtube.com\\\/c\\\/GESMujerRosarioCastellanos\\\/videos\",\"https:\\\/\\\/soundcloud.com\\\/gesmujerac\",\"https:\\\/\\\/www.tiktok.com\\\/@gesmujer\"]}]}<\/script>\n<!-- \/ Yoast SEO plugin. -->","yoast_head_json":{"title":"Botiqu\u00edn de autocuidado - GESMujer &quot;Rosario Castellanos&quot;","robots":{"index":"index","follow":"follow","max-snippet":"max-snippet:-1","max-image-preview":"max-image-preview:large","max-video-preview":"max-video-preview:-1"},"canonical":"https:\/\/www.gesmujer.org\/sitio\/botiquin-de-autocuidado\/","og_locale":"es_MX","og_type":"article","og_title":"Botiqu\u00edn de autocuidado - GESMujer &quot;Rosario Castellanos&quot;","og_description":"En el Grupo de estudios sobre la mujer &#8220;Rosario Castellanos&#8221; a.c., a trav\u00e9s de sesiones colectivas hemos ido conociendo y descubriendo herramientas y t\u00e9cnicas que nos han beneficiado mucho, en todos los \u00e1mbitos tanto a nivel personal de autocuidado como en el cuidado colectivo, hemos aprendido a conectar con nuestras emociones, nuestros sentidos, nuestro cuerpo, [&hellip;]","og_url":"https:\/\/www.gesmujer.org\/sitio\/botiquin-de-autocuidado\/","og_site_name":"GESMujer &quot;Rosario Castellanos&quot;","article_publisher":"https:\/\/www.facebook.com\/gesmujer.rosario.castellanos.ac","article_modified_time":"2024-03-25T23:55:44+00:00","og_image":[{"url":"https:\/\/www.gesmujer.org\/sitio\/wp-content\/uploads\/2023\/07\/Portada-KSG-GESMujer.png","type":"","width":"","height":""}],"twitter_card":"summary_large_image","twitter_site":"@GES_Mujer","twitter_misc":{"Tiempo de lectura":"3 minutos"},"schema":{"@context":"https:\/\/schema.org","@graph":[{"@type":"WebPage","@id":"https:\/\/www.gesmujer.org\/sitio\/botiquin-de-autocuidado\/","url":"https:\/\/www.gesmujer.org\/sitio\/botiquin-de-autocuidado\/","name":"Botiqu\u00edn de autocuidado - GESMujer &quot;Rosario Castellanos&quot;","isPartOf":{"@id":"https:\/\/www.gesmujer.org\/sitio\/#website"},"primaryImageOfPage":{"@id":"https:\/\/www.gesmujer.org\/sitio\/botiquin-de-autocuidado\/#primaryimage"},"image":{"@id":"https:\/\/www.gesmujer.org\/sitio\/botiquin-de-autocuidado\/#primaryimage"},"thumbnailUrl":"https:\/\/www.gesmujer.org\/sitio\/wp-content\/uploads\/2023\/07\/Portada-KSG-GESMujer.png","datePublished":"2023-07-14T21:41:46+00:00","dateModified":"2024-03-25T23:55:44+00:00","breadcrumb":{"@id":"https:\/\/www.gesmujer.org\/sitio\/botiquin-de-autocuidado\/#breadcrumb"},"inLanguage":"es","potentialAction":[{"@type":"ReadAction","target":["https:\/\/www.gesmujer.org\/sitio\/botiquin-de-autocuidado\/"]}]},{"@type":"ImageObject","inLanguage":"es","@id":"https:\/\/www.gesmujer.org\/sitio\/botiquin-de-autocuidado\/#primaryimage","url":"https:\/\/www.gesmujer.org\/sitio\/wp-content\/uploads\/2023\/07\/Portada-KSG-GESMujer.png","contentUrl":"https:\/\/www.gesmujer.org\/sitio\/wp-content\/uploads\/2023\/07\/Portada-KSG-GESMujer.png"},{"@type":"BreadcrumbList","@id":"https:\/\/www.gesmujer.org\/sitio\/botiquin-de-autocuidado\/#breadcrumb","itemListElement":[{"@type":"ListItem","position":1,"name":"Home","item":"https:\/\/www.gesmujer.org\/sitio\/"},{"@type":"ListItem","position":2,"name":"Botiqu\u00edn de autocuidado"}]},{"@type":"WebSite","@id":"https:\/\/www.gesmujer.org\/sitio\/#website","url":"https:\/\/www.gesmujer.org\/sitio\/","name":"GESMujer \"Rosario Castellanos\"","description":"M\u00e1s de 45 a\u00f1os ha llevado a cabo acciones para erradicar la violencia de g\u00e9nero y construir entornos donde las mujeres encuentren su resiliencia, incrementen su agencia y autonom\u00eda que les permita lograr su empoderamiento a trav\u00e9s de cinco l\u00edneas de acci\u00f3n.","publisher":{"@id":"https:\/\/www.gesmujer.org\/sitio\/#organization"},"alternateName":"GESMujer","potentialAction":[{"@type":"SearchAction","target":{"@type":"EntryPoint","urlTemplate":"https:\/\/www.gesmujer.org\/sitio\/?s={search_term_string}"},"query-input":{"@type":"PropertyValueSpecification","valueRequired":true,"valueName":"search_term_string"}}],"inLanguage":"es"},{"@type":"Organization","@id":"https:\/\/www.gesmujer.org\/sitio\/#organization","name":"Grupo de estudios sobre la mujer Rosario Castellanos ac","alternateName":"GESMujer","url":"https:\/\/www.gesmujer.org\/sitio\/","logo":{"@type":"ImageObject","inLanguage":"es","@id":"https:\/\/www.gesmujer.org\/sitio\/#\/schema\/logo\/image\/","url":"https:\/\/www.gesmujer.org\/sitio\/wp-content\/uploads\/2026\/03\/Logo-GESMujer-300.png","contentUrl":"https:\/\/www.gesmujer.org\/sitio\/wp-content\/uploads\/2026\/03\/Logo-GESMujer-300.png","width":300,"height":141,"caption":"Grupo de estudios sobre la mujer Rosario Castellanos ac"},"image":{"@id":"https:\/\/www.gesmujer.org\/sitio\/#\/schema\/logo\/image\/"},"sameAs":["https:\/\/www.facebook.com\/gesmujer.rosario.castellanos.ac","https:\/\/x.com\/GES_Mujer","https:\/\/www.instagram.com\/ges_mujer\/?hl=es","https:\/\/www.youtube.com\/c\/GESMujerRosarioCastellanos\/videos","https:\/\/soundcloud.com\/gesmujerac","https:\/\/www.tiktok.com\/@gesmujer"]}]}},"campaignId":"","_links":{"self":[{"href":"https:\/\/www.gesmujer.org\/sitio\/wp-json\/wp\/v2\/pages\/30702","targetHints":{"allow":["GET"]}}],"collection":[{"href":"https:\/\/www.gesmujer.org\/sitio\/wp-json\/wp\/v2\/pages"}],"about":[{"href":"https:\/\/www.gesmujer.org\/sitio\/wp-json\/wp\/v2\/types\/page"}],"author":[{"embeddable":true,"href":"https:\/\/www.gesmujer.org\/sitio\/wp-json\/wp\/v2\/users\/4"}],"replies":[{"embeddable":true,"href":"https:\/\/www.gesmujer.org\/sitio\/wp-json\/wp\/v2\/comments?post=30702"}],"version-history":[{"count":22,"href":"https:\/\/www.gesmujer.org\/sitio\/wp-json\/wp\/v2\/pages\/30702\/revisions"}],"predecessor-version":[{"id":31136,"href":"https:\/\/www.gesmujer.org\/sitio\/wp-json\/wp\/v2\/pages\/30702\/revisions\/31136"}],"wp:attachment":[{"href":"https:\/\/www.gesmujer.org\/sitio\/wp-json\/wp\/v2\/media?parent=30702"}],"curies":[{"name":"wp","href":"https:\/\/api.w.org\/{rel}","templated":true}]}}