{"id":32579,"date":"2020-08-26T09:43:51","date_gmt":"2020-08-26T09:43:51","guid":{"rendered":"https:\/\/bighearts.wgl-demo.net\/?page_id=434"},"modified":"2020-08-26T09:43:51","modified_gmt":"2020-08-26T09:43:51","slug":"grid-2-columns","status":"publish","type":"page","link":"https:\/\/www.gesmujer.org\/sitio\/grid-2-columns\/","title":{"rendered":"Grid 2 Columns"},"content":{"rendered":"\t\t<div data-elementor-type=\"wp-page\" data-elementor-id=\"32579\" class=\"elementor elementor-32579\">\n\t\t\t\t\t\t<section class=\"elementor-section elementor-top-section elementor-element elementor-element-9c2e2af elementor-section-boxed elementor-section-height-default elementor-section-height-default\" data-id=\"9c2e2af\" data-element_type=\"section\" data-e-type=\"section\">\n\t\t\t\t\t\t<div class=\"elementor-container elementor-column-gap-default\">\n\t\t\t\t\t<div class=\"elementor-column elementor-col-100 elementor-top-column elementor-element elementor-element-41262a4\" data-id=\"41262a4\" data-element_type=\"column\" data-e-type=\"column\">\n\t\t\t<div class=\"elementor-widget-wrap elementor-element-populated\">\n\t\t\t\t\t\t<div class=\"elementor-element elementor-element-1313779 elementor-widget elementor-widget-wgl-blog\" data-id=\"1313779\" data-element_type=\"widget\" data-e-type=\"widget\" data-settings=\"{&quot;blog_columns&quot;:&quot;6&quot;}\" data-widget_type=\"wgl-blog.default\">\n\t\t\t\t<div class=\"elementor-widget-container\">\n\t\t\t\t\t<section class=\"wgl_cpt_section\"><div class=\"blog-posts\"><div class=\"container-grid row blog_columns-2 grid blog-style-standard\"><div class=\"wgl_col-6 item\"><div class=\"blog-post format-standard-image\"><div class=\"blog-post_wrapper\"><div class=\"blog-post_media\"><div class=\"blog-post_media_part\"><a href=\"https:\/\/www.gesmujer.org\/sitio\/se-realiza-el-primer-taller-para-madres-y-padres-eficaz-y-tecnicamente-preparados-en-gesmujer\/\" class=\"media-link image-overlay\"><img fetchpriority=\"high\" decoding=\"async\" src=\"https:\/\/www.gesmujer.org\/sitio\/wp-content\/uploads\/2014\/01\/02-scaled-1170x725.jpg\" class=\" blog-img\" width=\"1170\" height=\"725\" alt=\"02\"><\/a><\/div><span class=\"post_categories\"><span><a href=\"https:\/\/www.gesmujer.org\/sitio\/category\/portada\/\">portada<\/a><\/span><\/span><\/div><div class=\"blog-post_content\"><div class=\"meta-data\"><span class=\"post_date\">29 enero, 2014<\/span><\/div><h3 class=\"blog-post_title\"><a href=\"https:\/\/www.gesmujer.org\/sitio\/se-realiza-el-primer-taller-para-madres-y-padres-eficaz-y-tecnicamente-preparados-en-gesmujer\/\">Se realiza el primer taller para Madres y Padres eficaz y t\u00e9cnicamente preparados en GesMujer<\/a><\/h3><\/div><div class=\"blog-post_meta-wrap\"><div class=\"meta-data\"><span class=\"post_author\">By <a href=\"https:\/\/www.gesmujer.org\/sitio\/author\/cendoc\/\">cendoc<\/a><\/span><\/div><div class=\"meta-info\"><div class=\"share_post-container\"><a href=\"#\"><\/a><div class=\"share_social-wpapper\"><ul><li><a class=\"share_post share_whatsapp\" target=\"_blank\" href=\"https:\/\/wa.me\/?text=https:\/\/www.gesmujer.org\/sitio\/se-realiza-el-primer-taller-para-madres-y-padres-eficaz-y-tecnicamente-preparados-en-gesmujer\/%20-%20Se%20realiza%20el%20primer%20taller%20para%20Madres%20y%20Padres%20eficaz%20y%20t\u00e9cnicamente%20preparados%20en%20GesMujer\"><span class=\"fab fa-whatsapp\"><\/span><\/a><\/li><li><a class=\"share_post share_twitter\" target=\"_blank\" href=\"https:\/\/twitter.com\/intent\/tweet?text=Se%20realiza%20el%20primer%20taller%20para%20Madres%20y%20Padres%20eficaz%20y%20t\u00e9cnicamente%20preparados%20en%20GesMujer&#038;url=https:\/\/www.gesmujer.org\/sitio\/se-realiza-el-primer-taller-para-madres-y-padres-eficaz-y-tecnicamente-preparados-en-gesmujer\/\"><span class=\"fab fa-twitter\"><\/span><\/a><\/li><li><a class=\"share_post share_facebook\" target=\"_blank\" href=\"https:\/\/www.facebook.com\/share.php?u=https:\/\/www.gesmujer.org\/sitio\/se-realiza-el-primer-taller-para-madres-y-padres-eficaz-y-tecnicamente-preparados-en-gesmujer\/\"><span class=\"fab fa-facebook-f\"><\/span><\/a><\/li><\/ul><\/div><\/div><\/div><\/div><\/div><\/div><\/div><div class=\"wgl_col-6 item\"><div class=\"blog-post format-standard-image\"><div class=\"blog-post_wrapper\"><div class=\"blog-post_media\"><div class=\"blog-post_media_part\"><a href=\"https:\/\/www.gesmujer.org\/sitio\/concluye-diplomado-en-liderazgo-y-gestion-comunitaria-en-gesmujer\/\" class=\"media-link image-overlay\"><img decoding=\"async\" src=\"https:\/\/www.gesmujer.org\/sitio\/wp-content\/uploads\/2014\/01\/IMG_0578-1170x725.jpg\" class=\" blog-img blog-img\" width=\"1170\" height=\"725\" alt=\"Diplomantes Gesmujer\"><\/a><\/div><span class=\"post_categories\"><span><a href=\"https:\/\/www.gesmujer.org\/sitio\/category\/portada\/\">portada<\/a><\/span><\/span><\/div><div class=\"blog-post_content\"><div class=\"meta-data\"><span class=\"post_date\">29 enero, 2014<\/span><\/div><h3 class=\"blog-post_title\"><a href=\"https:\/\/www.gesmujer.org\/sitio\/concluye-diplomado-en-liderazgo-y-gestion-comunitaria-en-gesmujer\/\">Concluye Diplomado en Liderazgo y Gesti\u00f3n Comunitaria en GesMujer<\/a><\/h3><\/div><div class=\"blog-post_meta-wrap\"><div class=\"meta-data\"><span class=\"post_author\">By <a href=\"https:\/\/www.gesmujer.org\/sitio\/author\/cendoc\/\">cendoc<\/a><\/span><\/div><div class=\"meta-info\"><div class=\"share_post-container\"><a href=\"#\"><\/a><div class=\"share_social-wpapper\"><ul><li><a class=\"share_post share_whatsapp\" target=\"_blank\" href=\"https:\/\/wa.me\/?text=https:\/\/www.gesmujer.org\/sitio\/concluye-diplomado-en-liderazgo-y-gestion-comunitaria-en-gesmujer\/%20-%20Concluye%20Diplomado%20en%20Liderazgo%20y%20Gesti\u00f3n%20Comunitaria%20en%20GesMujer\"><span class=\"fab fa-whatsapp\"><\/span><\/a><\/li><li><a class=\"share_post share_twitter\" target=\"_blank\" href=\"https:\/\/twitter.com\/intent\/tweet?text=Concluye%20Diplomado%20en%20Liderazgo%20y%20Gesti\u00f3n%20Comunitaria%20en%20GesMujer&#038;url=https:\/\/www.gesmujer.org\/sitio\/concluye-diplomado-en-liderazgo-y-gestion-comunitaria-en-gesmujer\/\"><span class=\"fab fa-twitter\"><\/span><\/a><\/li><li><a class=\"share_post share_facebook\" target=\"_blank\" href=\"https:\/\/www.facebook.com\/share.php?u=https:\/\/www.gesmujer.org\/sitio\/concluye-diplomado-en-liderazgo-y-gestion-comunitaria-en-gesmujer\/\"><span class=\"fab fa-facebook-f\"><\/span><\/a><\/li><\/ul><\/div><\/div><\/div><\/div><\/div><\/div><\/div><div class=\"wgl_col-6 item\"><div class=\"blog-post format-standard-image\"><div class=\"blog-post_wrapper\"><div class=\"blog-post_media\"><div class=\"blog-post_media_part\"><a href=\"https:\/\/www.gesmujer.org\/sitio\/presentacion-de-la-guia-el-abc-de-la-lider-comunitaria-entrelazando-saberes\/\" class=\"media-link image-overlay\"><img decoding=\"async\" src=\"https:\/\/www.gesmujer.org\/sitio\/wp-content\/uploads\/2014\/02\/Gui\u0301a-ABC.png\" class=\" blog-img blog-img blog-img\" alt=\"Gui\u0301a ABC\"><\/a><\/div><span class=\"post_categories\"><span><a href=\"https:\/\/www.gesmujer.org\/sitio\/category\/portada\/\">portada<\/a><\/span><\/span><\/div><div class=\"blog-post_content\"><div class=\"meta-data\"><span class=\"post_date\">20 febrero, 2014<\/span><\/div><h3 class=\"blog-post_title\"><a href=\"https:\/\/www.gesmujer.org\/sitio\/presentacion-de-la-guia-el-abc-de-la-lider-comunitaria-entrelazando-saberes\/\">Presentaci\u00f3n de la gu\u00eda &#8220;El abc de la l\u00edder comunitaria: entrelazando saberes&#8221;<\/a><\/h3><\/div><div class=\"blog-post_meta-wrap\"><div class=\"meta-data\"><span class=\"post_author\">By <a href=\"https:\/\/www.gesmujer.org\/sitio\/author\/cendoc\/\">cendoc<\/a><\/span><\/div><div class=\"meta-info\"><div class=\"share_post-container\"><a href=\"#\"><\/a><div class=\"share_social-wpapper\"><ul><li><a class=\"share_post share_whatsapp\" target=\"_blank\" href=\"https:\/\/wa.me\/?text=https:\/\/www.gesmujer.org\/sitio\/presentacion-de-la-guia-el-abc-de-la-lider-comunitaria-entrelazando-saberes\/%20-%20Presentaci\u00f3n%20de%20la%20gu\u00eda%20&#8220;El%20abc%20de%20la%20l\u00edder%20comunitaria:%20entrelazando%20saberes&#8221;\"><span class=\"fab fa-whatsapp\"><\/span><\/a><\/li><li><a class=\"share_post share_twitter\" target=\"_blank\" href=\"https:\/\/twitter.com\/intent\/tweet?text=Presentaci\u00f3n%20de%20la%20gu\u00eda%20&#8220;El%20abc%20de%20la%20l\u00edder%20comunitaria:%20entrelazando%20saberes&#8221;&#038;url=https:\/\/www.gesmujer.org\/sitio\/presentacion-de-la-guia-el-abc-de-la-lider-comunitaria-entrelazando-saberes\/\"><span class=\"fab fa-twitter\"><\/span><\/a><\/li><li><a class=\"share_post share_facebook\" target=\"_blank\" href=\"https:\/\/www.facebook.com\/share.php?u=https:\/\/www.gesmujer.org\/sitio\/presentacion-de-la-guia-el-abc-de-la-lider-comunitaria-entrelazando-saberes\/\"><span class=\"fab fa-facebook-f\"><\/span><\/a><\/li><\/ul><\/div><\/div><\/div><\/div><\/div><\/div><\/div><div class=\"wgl_col-6 item\"><div class=\"blog-post format-standard-image\"><div class=\"blog-post_wrapper\"><div class=\"blog-post_media\"><div class=\"blog-post_media_part\"><a href=\"https:\/\/www.gesmujer.org\/sitio\/presenta-gesmujer-el-abc-de-la-lider-comunitaria-entrelazando-saberes\/\" class=\"media-link image-overlay\"><img decoding=\"async\" src=\"https:\/\/www.gesmujer.org\/sitio\/wp-content\/uploads\/2014\/03\/IMG_0079-e1394215377653-scaled-1170x725.jpg\" class=\" blog-img blog-img blog-img blog-img\" width=\"1170\" height=\"725\" alt=\"Presentan Gu\u00eda ABC\"><\/a><\/div><span class=\"post_categories\"><span><a href=\"https:\/\/www.gesmujer.org\/sitio\/category\/portada\/\">portada<\/a><\/span><\/span><\/div><div class=\"blog-post_content\"><div class=\"meta-data\"><span class=\"post_date\">7 marzo, 2014<\/span><\/div><h3 class=\"blog-post_title\"><a href=\"https:\/\/www.gesmujer.org\/sitio\/presenta-gesmujer-el-abc-de-la-lider-comunitaria-entrelazando-saberes\/\">Presenta GESMujer  \u201cEl abc de la l\u00edder comunitaria: entrelazando saberes\u201d<\/a><\/h3><\/div><div class=\"blog-post_meta-wrap\"><div class=\"meta-data\"><span class=\"post_author\">By <a href=\"https:\/\/www.gesmujer.org\/sitio\/author\/cendoc\/\">cendoc<\/a><\/span><\/div><div class=\"meta-info\"><div class=\"share_post-container\"><a href=\"#\"><\/a><div class=\"share_social-wpapper\"><ul><li><a class=\"share_post share_whatsapp\" target=\"_blank\" href=\"https:\/\/wa.me\/?text=https:\/\/www.gesmujer.org\/sitio\/presenta-gesmujer-el-abc-de-la-lider-comunitaria-entrelazando-saberes\/%20-%20Presenta%20GESMujer%20%20\u201cEl%20abc%20de%20la%20l\u00edder%20comunitaria:%20entrelazando%20saberes\u201d\"><span class=\"fab fa-whatsapp\"><\/span><\/a><\/li><li><a class=\"share_post share_twitter\" target=\"_blank\" href=\"https:\/\/twitter.com\/intent\/tweet?text=Presenta%20GESMujer%20%20\u201cEl%20abc%20de%20la%20l\u00edder%20comunitaria:%20entrelazando%20saberes\u201d&#038;url=https:\/\/www.gesmujer.org\/sitio\/presenta-gesmujer-el-abc-de-la-lider-comunitaria-entrelazando-saberes\/\"><span class=\"fab fa-twitter\"><\/span><\/a><\/li><li><a class=\"share_post share_facebook\" target=\"_blank\" href=\"https:\/\/www.facebook.com\/share.php?u=https:\/\/www.gesmujer.org\/sitio\/presenta-gesmujer-el-abc-de-la-lider-comunitaria-entrelazando-saberes\/\"><span class=\"fab fa-facebook-f\"><\/span><\/a><\/li><\/ul><\/div><\/div><\/div><\/div><\/div><\/div><\/div><div class=\"wgl_col-6 item\"><div class=\"blog-post format-standard-image\"><div class=\"blog-post_wrapper\"><div class=\"blog-post_media\"><div class=\"blog-post_media_part\"><a href=\"https:\/\/www.gesmujer.org\/sitio\/acerca-del-dia-internacional-de-la-mujer\/\" class=\"media-link image-overlay\"><img decoding=\"async\" src=\"https:\/\/www.gesmujer.org\/sitio\/wp-content\/uploads\/2014\/03\/Sin-t\u00edtulo-2.jpg\" class=\" blog-img blog-img blog-img blog-img blog-img\" alt=\"Sin t\u00edtulo-2\"><\/a><\/div><span class=\"post_categories\"><span><a href=\"https:\/\/www.gesmujer.org\/sitio\/category\/portada\/\">portada<\/a><\/span><\/span><\/div><div class=\"blog-post_content\"><div class=\"meta-data\"><span class=\"post_date\">10 marzo, 2014<\/span><\/div><h3 class=\"blog-post_title\"><a href=\"https:\/\/www.gesmujer.org\/sitio\/acerca-del-dia-internacional-de-la-mujer\/\">Acerca del D\u00eda Internacional de la Mujer<\/a><\/h3><\/div><div class=\"blog-post_meta-wrap\"><div class=\"meta-data\"><span class=\"post_author\">By <a href=\"https:\/\/www.gesmujer.org\/sitio\/author\/cendoc\/\">cendoc<\/a><\/span><\/div><div class=\"meta-info\"><div class=\"share_post-container\"><a href=\"#\"><\/a><div class=\"share_social-wpapper\"><ul><li><a class=\"share_post share_whatsapp\" target=\"_blank\" href=\"https:\/\/wa.me\/?text=https:\/\/www.gesmujer.org\/sitio\/acerca-del-dia-internacional-de-la-mujer\/%20-%20Acerca%20del%20D\u00eda%20Internacional%20de%20la%20Mujer\"><span class=\"fab fa-whatsapp\"><\/span><\/a><\/li><li><a class=\"share_post share_twitter\" target=\"_blank\" href=\"https:\/\/twitter.com\/intent\/tweet?text=Acerca%20del%20D\u00eda%20Internacional%20de%20la%20Mujer&#038;url=https:\/\/www.gesmujer.org\/sitio\/acerca-del-dia-internacional-de-la-mujer\/\"><span class=\"fab fa-twitter\"><\/span><\/a><\/li><li><a class=\"share_post share_facebook\" target=\"_blank\" href=\"https:\/\/www.facebook.com\/share.php?u=https:\/\/www.gesmujer.org\/sitio\/acerca-del-dia-internacional-de-la-mujer\/\"><span class=\"fab fa-facebook-f\"><\/span><\/a><\/li><\/ul><\/div><\/div><\/div><\/div><\/div><\/div><\/div><div class=\"wgl_col-6 item\"><div class=\"blog-post format-standard-image\"><div class=\"blog-post_wrapper\"><div class=\"blog-post_media\"><div class=\"blog-post_media_part\"><a href=\"https:\/\/www.gesmujer.org\/sitio\/sesion-2-proyecto-movil-com-por-la-salud-y-los-derechos-sexuales-y-reproductivos-de-la-poblacion-joven\/\" class=\"media-link image-overlay\"><img loading=\"lazy\" decoding=\"async\" src=\"https:\/\/www.gesmujer.org\/sitio\/wp-content\/uploads\/2014\/04\/DSC01233-1170x725.jpg\" class=\" blog-img blog-img blog-img blog-img blog-img blog-img\" width=\"1170\" height=\"725\" alt=\"DSC01233\"><\/a><\/div><span class=\"post_categories\"><span><a href=\"https:\/\/www.gesmujer.org\/sitio\/category\/portada\/\">portada<\/a><\/span><\/span><\/div><div class=\"blog-post_content\"><div class=\"meta-data\"><span class=\"post_date\">10 abril, 2014<\/span><\/div><h3 class=\"blog-post_title\"><a href=\"https:\/\/www.gesmujer.org\/sitio\/sesion-2-proyecto-movil-com-por-la-salud-y-los-derechos-sexuales-y-reproductivos-de-la-poblacion-joven\/\">Proyecto M\u00f3vil.com: Por la salud y los derechos sexuales y reproductivos de la poblaci\u00f3n joven<\/a><\/h3><\/div><div class=\"blog-post_meta-wrap\"><div class=\"meta-data\"><span class=\"post_author\">By <a href=\"https:\/\/www.gesmujer.org\/sitio\/author\/cendoc\/\">cendoc<\/a><\/span><\/div><div class=\"meta-info\"><div class=\"share_post-container\"><a href=\"#\"><\/a><div class=\"share_social-wpapper\"><ul><li><a class=\"share_post share_whatsapp\" target=\"_blank\" href=\"https:\/\/wa.me\/?text=https:\/\/www.gesmujer.org\/sitio\/sesion-2-proyecto-movil-com-por-la-salud-y-los-derechos-sexuales-y-reproductivos-de-la-poblacion-joven\/%20-%20Proyecto%20M\u00f3vil.com:%20Por%20la%20salud%20y%20los%20derechos%20sexuales%20y%20reproductivos%20de%20la%20poblaci\u00f3n%20joven\"><span class=\"fab fa-whatsapp\"><\/span><\/a><\/li><li><a class=\"share_post share_twitter\" target=\"_blank\" href=\"https:\/\/twitter.com\/intent\/tweet?text=Proyecto%20M\u00f3vil.com:%20Por%20la%20salud%20y%20los%20derechos%20sexuales%20y%20reproductivos%20de%20la%20poblaci\u00f3n%20joven&#038;url=https:\/\/www.gesmujer.org\/sitio\/sesion-2-proyecto-movil-com-por-la-salud-y-los-derechos-sexuales-y-reproductivos-de-la-poblacion-joven\/\"><span class=\"fab fa-twitter\"><\/span><\/a><\/li><li><a class=\"share_post share_facebook\" target=\"_blank\" href=\"https:\/\/www.facebook.com\/share.php?u=https:\/\/www.gesmujer.org\/sitio\/sesion-2-proyecto-movil-com-por-la-salud-y-los-derechos-sexuales-y-reproductivos-de-la-poblacion-joven\/\"><span class=\"fab fa-facebook-f\"><\/span><\/a><\/li><\/ul><\/div><\/div><\/div><\/div><\/div><\/div><\/div><\/div><\/div><div class=\"clear\"><\/div><div class=\"load_more_wrapper\"><div class=\"button_wrapper\"><button class=\"load_more_item\"><span>LOAD MORE<\/span><\/button><\/div><form class=\"posts_grid_ajax\"><input type='hidden' class='ajax_data' name='69f5ef6d496b1_ajax_data' value='{&quot;query&quot;:{&quot;query&quot;:{&quot;post_status&quot;:&quot;publish&quot;,&quot;posts_per_page&quot;:6,&quot;order&quot;:&quot;ASC&quot;,&quot;orderby&quot;:&quot;date&quot;,&quot;paged&quot;:1,&quot;update_post_term_cache&quot;:false,&quot;update_post_meta_cache&quot;:false},&quot;query_vars&quot;:{&quot;post_status&quot;:&quot;publish&quot;,&quot;posts_per_page&quot;:6,&quot;order&quot;:&quot;ASC&quot;,&quot;orderby&quot;:&quot;date&quot;,&quot;paged&quot;:1,&quot;update_post_term_cache&quot;:false,&quot;update_post_meta_cache&quot;:false,&quot;error&quot;:&quot;&quot;,&quot;m&quot;:&quot;&quot;,&quot;p&quot;:0,&quot;post_parent&quot;:&quot;&quot;,&quot;subpost&quot;:&quot;&quot;,&quot;subpost_id&quot;:&quot;&quot;,&quot;attachment&quot;:&quot;&quot;,&quot;attachment_id&quot;:0,&quot;name&quot;:&quot;&quot;,&quot;pagename&quot;:&quot;&quot;,&quot;page_id&quot;:0,&quot;second&quot;:&quot;&quot;,&quot;minute&quot;:&quot;&quot;,&quot;hour&quot;:&quot;&quot;,&quot;day&quot;:0,&quot;monthnum&quot;:0,&quot;year&quot;:0,&quot;w&quot;:0,&quot;category_name&quot;:&quot;&quot;,&quot;tag&quot;:&quot;&quot;,&quot;cat&quot;:&quot;&quot;,&quot;tag_id&quot;:&quot;&quot;,&quot;author&quot;:&quot;&quot;,&quot;author_name&quot;:&quot;&quot;,&quot;feed&quot;:&quot;&quot;,&quot;tb&quot;:&quot;&quot;,&quot;meta_key&quot;:&quot;&quot;,&quot;meta_value&quot;:&quot;&quot;,&quot;preview&quot;:&quot;&quot;,&quot;s&quot;:&quot;&quot;,&quot;sentence&quot;:&quot;&quot;,&quot;title&quot;:&quot;&quot;,&quot;fields&quot;:&quot;all&quot;,&quot;menu_order&quot;:&quot;&quot;,&quot;embed&quot;:&quot;&quot;,&quot;category__in&quot;:[],&quot;category__not_in&quot;:[],&quot;category__and&quot;:[],&quot;post__in&quot;:[],&quot;post__not_in&quot;:[],&quot;post_name__in&quot;:[],&quot;tag__in&quot;:[],&quot;tag__not_in&quot;:[],&quot;tag__and&quot;:[],&quot;tag_slug__in&quot;:[],&quot;tag_slug__and&quot;:[],&quot;post_parent__in&quot;:[],&quot;post_parent__not_in&quot;:[],&quot;author__in&quot;:[],&quot;author__not_in&quot;:[],&quot;search_columns&quot;:[],&quot;ignore_sticky_posts&quot;:false,&quot;suppress_filters&quot;:false,&quot;cache_results&quot;:true,&quot;update_menu_item_cache&quot;:false,&quot;lazy_load_term_meta&quot;:false,&quot;post_type&quot;:&quot;&quot;,&quot;nopaging&quot;:false,&quot;comments_per_page&quot;:&quot;50&quot;,&quot;no_found_rows&quot;:false},&quot;tax_query&quot;:{&quot;queries&quot;:[],&quot;relation&quot;:&quot;AND&quot;,&quot;queried_terms&quot;:[],&quot;primary_table&quot;:&quot;gm_posts&quot;,&quot;primary_id_column&quot;:&quot;ID&quot;},&quot;meta_query&quot;:{&quot;queries&quot;:[],&quot;relation&quot;:null,&quot;meta_table&quot;:null,&quot;meta_id_column&quot;:null,&quot;primary_table&quot;:null,&quot;primary_id_column&quot;:null},&quot;date_query&quot;:false,&quot;request&quot;:&quot;SELECT SQL_CALC_FOUND_ROWS  gm_posts.ID\\n\\t\\t\\t\\t\\t FROM gm_posts \\n\\t\\t\\t\\t\\t WHERE 1=1  AND gm_posts.post_type = &#039;post&#039; AND ((gm_posts.post_status = &#039;publish&#039;))\\n\\t\\t\\t\\t\\t \\n\\t\\t\\t\\t\\t ORDER BY gm_posts.post_date ASC\\n\\t\\t\\t\\t\\t LIMIT 0, 6&quot;,&quot;posts&quot;:[{&quot;ID&quot;:120,&quot;post_author&quot;:&quot;4&quot;,&quot;post_date&quot;:&quot;2014-01-29 11:37:02&quot;,&quot;post_date_gmt&quot;:&quot;2014-01-29 17:37:02&quot;,&quot;post_content&quot;:&quot;[styled_image image=\\&quot;127\\&quot; w=\\&quot;300\\&quot; h=\\&quot;199\\&quot; lightbox=\\&quot;yes\\&quot; alt=\\&quot;Sesi\\u00f3n de trabajo MyPET\\&quot; rel=\\&quot;taller\\&quot; align=\\&quot;left\\&quot;]\\n&lt;p style=\\&quot;text-align: justify;\\&quot;&gt;El Grupo de estudios sobre la mujer \\u201cRosario Castellanos\\u201d a.c., con apoyo de la Secretar\\u00eda de Desarrollo Social y Humano (SEDESOH), llev\\u00f3 a cabo el taller para Madres y Padres eficaz y t\\u00e9cnicamente preparados (MyPET) durante\\u00a0 9 sesiones en las que se habilit\\u00f3 a 30 mujeres para adquirir herramientas que les permitan tener una mejor comunicaci\\u00f3n con hijas e hijos.&lt;\\\/p&gt;\\n&lt;p style=\\&quot;text-align: justify;\\&quot;&gt;A decir de la instructora Lina Herrera Mart\\u00ednez Negrete, este m\\u00e9todo ense\\u00f1a habilidades a pap\\u00e1s y mam\\u00e1s para que escuchen mejor a sus hijas e hijos. En ocasiones, preguntar demasiado, moralizar o aconsejar en exceso implica que se formen barreras, las cuales no resuelven los problemas generados en las familias.&lt;\\\/p&gt;\\n&lt;p style=\\&quot;text-align: justify;\\&quot;&gt;\\u201cEn la comunicaci\\u00f3n cotidiana hay muchas barreras, por eso el taller MyPET promueve una forma de comunicarse m\\u00e1s eficaz y clara que ayuda a las hijas e hijos a ser m\\u00e1s independientes. Dar muchos consejos no les ayuda a resolver las cosas\\u201d, expres\\u00f3.&lt;\\\/p&gt;\\n&lt;p style=\\&quot;text-align: justify;\\&quot;&gt;&lt;span style=\\&quot;line-height: 1.5em;\\&quot;&gt;La selecci\\u00f3n de las participantes, fue a partir de identificar a las usuarias que han asistido previamente a terapia psicol\\u00f3gica en la Casa de la Mujer \\u201cRosario Castellanos\\u201d por motivos de violencia y como consecuencia la han ejercido hacia sus hijas e hijos.&lt;\\\/span&gt;&lt;\\\/p&gt;\\n&lt;p style=\\&quot;text-align: justify;\\&quot;&gt;&lt;span style=\\&quot;line-height: 1.5em;\\&quot;&gt;\\u201cDurante las consultas que se ofrecen ya hab\\u00eda puesto en pr\\u00e1ctica las t\\u00e9cnicas de MyPET, aunque en menor grado, por lo que decid\\u00ed certificarme para ayudar a las familias a resolver sus problemas. El hecho de que sean mujeres con previo trabajo en terapia, facilita m\\u00e1s que identifiquen los problemas y tengan mejor manejo de los sentimientos\\u201d, mencion\\u00f3.&lt;\\\/span&gt;&lt;\\\/p&gt;\\n&lt;p style=\\&quot;text-align: justify;\\&quot;&gt;La din\\u00e1mica del taller consisti\\u00f3 en t\\u00e9cnicas como los \\u201cmensajes yo\\u201d, que consiste en decir las cosas de manera que no se ataca, juzga o etiqueta. La t\\u00e9cnica reside en dar informaci\\u00f3n exactamente de c\\u00f3mo se sienten ambas partes ante una conducta, de est\\u00e1 manera el mensaje llega m\\u00e1s f\\u00e1cil.&lt;\\\/p&gt;\\n&lt;p style=\\&quot;text-align: justify;\\&quot;&gt;&lt;span style=\\&quot;line-height: 1.5em;\\&quot;&gt;\\u201cTodas las din\\u00e1micas permitieron que los grupos se fuera hermanando, compart\\u00edan experiencias en las tareas que se dejaban,\\u00a0 hab\\u00eda ejercicios en parejas o en grupo y se cre\\u00f3 un ambiente\\u00a0 muy agradable. Este espacio me permiti\\u00f3 ver que s\\u00ed se estaban aplicando las herramientas y se fueron generando cambios asombrosos en las mam\\u00e1s y sus familias\\u201d.&lt;\\\/span&gt;&lt;\\\/p&gt;\\n&lt;p style=\\&quot;text-align: justify;\\&quot;&gt;&lt;span style=\\&quot;line-height: 1.5em;\\&quot;&gt;La psic\\u00f3loga Lina ha dedicado gran parte de su vida profesional a ayudar a mujeres que han sido violentadas y que requieren apoyo psicol\\u00f3gico para enfrentar esta situaci\\u00f3n. Esta labor, la certifica ahora como instructora del taller MyPET.&lt;\\\/span&gt;&lt;\\\/p&gt;\\n&lt;p style=\\&quot;text-align: justify;\\&quot;&gt;&lt;span style=\\&quot;line-height: 1.5em;\\&quot;&gt;El taller fue realizado en las instalaciones de la Casa de la Mujer \\u201cRosario Castellanos\\u201d\\u00a0 con un total de 9 sesiones que dieron inicio en octubre y concluyeron en el mes de noviembre. Se cont\\u00f3 con dos grupos de 15 mam\\u00e1s que sesionaban todos los jueves, uno por la ma\\u00f1ana y el otro en la tarde. Cabe destacar que el costo por participar en este taller es de 4000 mil pesos (incluye material de trabajo: libro y cuaderno de ejercicio) y que gracias al apoyo de SEDESOH fue posible que las usuarias lo cursaran totalmente gratis.&lt;\\\/span&gt;&lt;\\\/p&gt;\\n&lt;p style=\\&quot;text-align: justify;\\&quot;&gt;&lt;b&gt;Algunos testimonios:&lt;\\\/b&gt;&lt;\\\/p&gt;\\n&lt;p style=\\&quot;text-align: justify;\\&quot;&gt;&lt;span style=\\&quot;line-height: 1.5em;\\&quot;&gt;\\u201cMe gusta este espacio porque no me juzgan como mam\\u00e1, sino que vamos aprendiendo todas\\u201d&lt;\\\/span&gt;&lt;\\\/p&gt;\\n&lt;p style=\\&quot;text-align: justify;\\&quot;&gt;&lt;span style=\\&quot;line-height: 1.5em;\\&quot;&gt;\\u201cEstoy muy contenta de aprender lo que antes ignoraba. Siento que el curso me ayud\\u00f3 a entenderme mejor con mi hija y mi familia est\\u00e1 muy agradecida de eso\\u201d.&lt;\\\/span&gt;&lt;\\\/p&gt;\\n&lt;p style=\\&quot;text-align: justify;\\&quot;&gt;\\u201cFue esperanzador saber que hay maneras saludables de comunicarse en familia y saber que el secreto es el repaso de los ejercicios y la pr\\u00e1ctica\\u201d.&lt;\\\/p&gt;\\n&lt;p style=\\&quot;text-align: justify;\\&quot;&gt;&lt;span style=\\&quot;line-height: 1.5em;\\&quot;&gt;\\u201cEstoy muy agradecida por haber participado en este curso que ha cambiado la relaci\\u00f3n con mis hijos y con todos lo que me rodean. Estoy feliz porque s\\u00e9 que voy a prevenir muchas cosas de riesgo como las drogas o cosas peores. Me siento triste porque el taller se termine y porque hay muchas madres que lo necesitan\\u201d.&lt;\\\/span&gt;&lt;\\\/p&gt;\\n&lt;p style=\\&quot;text-align: justify;\\&quot;&gt;&lt;span style=\\&quot;line-height: 1.5em;\\&quot;&gt;\\u201cGracias a este curso me he dado cuenta de los errores que he cometido, pero he encontrado la ventana para salir y mejorar todos los aspectos. Estoy tranquila y satisfecha\\u201d.&lt;\\\/span&gt;[styled_image image=\\&quot;125\\&quot; w=\\&quot;300\\&quot; h=\\&quot;199\\&quot; lightbox=\\&quot;yes\\&quot; alt=\\&quot;Entrega diplomas\\&quot; rel=\\&quot;taller\\&quot; align=\\&quot;left\\&quot;]&lt;\\\/p&gt;\\n&lt;p style=\\&quot;text-align: justify;\\&quot;&gt;\\u201cEstoy muy contenta con el curso pues me ha ayudado mucho para mejorar la relaci\\u00f3n con mis dos hijos y mi pareja. \\u00a1En casa ya no hay gritos!, gracias\\u201d.&lt;\\\/p&gt;\\n&lt;p style=\\&quot;text-align: justify;\\&quot;&gt;&lt;span style=\\&quot;line-height: 1.5em;\\&quot;&gt;\\u201cExcelente el que obtengamos herramientas nuevas para educar a nuestros hijos y lograr ser mejor mam\\u00e1\\u201d&lt;\\\/span&gt;&lt;\\\/p&gt;  &lt;!--codes_iframe--&gt;&lt;!--\\\/codes_iframe--&gt;&quot;,&quot;post_title&quot;:&quot;Se realiza el primer taller para Madres y Padres eficaz y t\\u00e9cnicamente preparados en GesMujer&quot;,&quot;post_excerpt&quot;:&quot;&quot;,&quot;post_status&quot;:&quot;publish&quot;,&quot;comment_status&quot;:&quot;closed&quot;,&quot;ping_status&quot;:&quot;open&quot;,&quot;post_password&quot;:&quot;&quot;,&quot;post_name&quot;:&quot;se-realiza-el-primer-taller-para-madres-y-padres-eficaz-y-tecnicamente-preparados-en-gesmujer&quot;,&quot;to_ping&quot;:&quot;&quot;,&quot;pinged&quot;:&quot;&quot;,&quot;post_modified&quot;:&quot;2024-04-05 14:55:44&quot;,&quot;post_modified_gmt&quot;:&quot;2024-04-05 20:55:44&quot;,&quot;post_content_filtered&quot;:&quot;&quot;,&quot;post_parent&quot;:0,&quot;guid&quot;:&quot;http:\\\/\\\/www.gesmujer.org\\\/sitio\\\/?p=120&quot;,&quot;menu_order&quot;:0,&quot;post_type&quot;:&quot;post&quot;,&quot;post_mime_type&quot;:&quot;&quot;,&quot;comment_count&quot;:&quot;0&quot;,&quot;filter&quot;:&quot;raw&quot;},{&quot;ID&quot;:121,&quot;post_author&quot;:&quot;4&quot;,&quot;post_date&quot;:&quot;2014-01-29 12:12:51&quot;,&quot;post_date_gmt&quot;:&quot;2014-01-29 18:12:51&quot;,&quot;post_content&quot;:&quot;[styled_image image=\\&quot;123\\&quot; w=\\&quot;300\\&quot; h=\\&quot;225\\&quot; lightbox=\\&quot;yes\\&quot; alt=\\&quot;Entrega de diplomas a las j\\u00f3venes participantes\\&quot; rel=\\&quot;liderazgo\\&quot; align=\\&quot;left\\&quot;]\\n&lt;p style=\\&quot;text-align: justify;\\&quot;&gt;El Grupo de estudios sobre la Mujer \\u201cRosario Castellanos\\u201d a.c., concluy\\u00f3 este jueves 5 de diciembre el primer Diplomado en Liderazgo y Gesti\\u00f3n Comunitaria con temas de g\\u00e9nero, salud sexual y reproductiva, prevenci\\u00f3n de la violencia en el noviazgo y participaci\\u00f3n comunitaria, mismo que fue avalado por la Universidad Aut\\u00f3noma Benito Ju\\u00e1rez de Oaxaca (UABJO).&lt;\\\/p&gt;\\n&lt;p style=\\&quot;text-align: justify;\\&quot;&gt;En el diplomado participaron 11 mujeres oaxaque\\u00f1as provenientes de 9 comunidades del estado de Oaxaca: San Pedro el Alto Zimatl\\u00e1n, San Pedro Teozacoalco, Nochixtl\\u00e1n; San Pedro y San Pablo Ayutla; San Juan Atepec, Ixtl\\u00e1n de Ju\\u00e1rez; San Juan Guivini, San Francisco Ozolotepec, Miahuatl\\u00e1n; Santa Mar\\u00eda Chachoapam, Nochixtl\\u00e1n; San Sebasti\\u00e1n Coatl\\u00e1n, Miahuatl\\u00e1n; Maguey Largo, San Jos\\u00e9 del Progreso, Ocotl\\u00e1n y Santa Mar\\u00eda Tlahuitoltepec, Mixe.&lt;\\\/p&gt;\\n&lt;p style=\\&quot;text-align: justify;\\&quot;&gt;Durante los seis meses que dur\\u00f3 el diplomado -comenz\\u00f3 el 10 de julio y concluy\\u00f3 5 de diciembre- las diplomantes compartieron y analizaron experiencias en torno a diversas situaciones que se presentan en sus comunidades, con el fin de fortalecer su liderazgo y ser agentes de cambio que impulsen proyectos para erradicar problemas como la desigualdad de g\\u00e9nero.&lt;\\\/p&gt;\\n&lt;p style=\\&quot;text-align: justify;\\&quot;&gt;Ximena Avellaneda D\\u00edaz, coordinadora de este diplomado, agradeci\\u00f3 el esfuerzo de las 11 mujeres que participaron activamente en las sesiones de trabajo, y celebr\\u00f3 el crecimiento personal y profesional de cada una de ellas.&lt;\\\/p&gt;\\n&lt;p style=\\&quot;text-align: justify;\\&quot;&gt;\\u201cEl equipo de GesMujer se encuentra feliz de ver concluido este proyecto que inicio hace seis meses. Es fabuloso ver el desarrollo de cada una de las diplomantes y agradezco al equipo de trabajo que le imprimi\\u00f3 un sello especial a cada sesi\\u00f3n. Adem\\u00e1s, un reconocimiento para las autoridades municipales que nos acompa\\u00f1an y a todas aquellas personas que facilitaron los talleres\\u201d, expres\\u00f3.&lt;\\\/p&gt;\\n&lt;p style=\\&quot;text-align: justify;\\&quot;&gt;Cabe destacar que las sesiones de este diplomado se realizaban durante dos semanas en las instalaciones de la Casa de la Mujer, tiempo en el que las j\\u00f3venes recib\\u00edan conocimientos y se iban a sus comunidades durante las dos semanas pr\\u00f3ximas para replicar los temas con su grupo de aliadas y aliados.\\n[styled_image image=\\&quot;122\\&quot; w=\\&quot;300\\&quot; h=\\&quot;225\\&quot; lightbox=\\&quot;yes\\&quot; alt=\\&quot;Clausura del Diplomado en Liderazgo y Gesti\\u00f3n Comunitaria\\&quot; rel=\\&quot;liderazgo\\&quot; align=\\&quot;left\\&quot;]\\nEn el acto de clausura estuvieron presentes Autoridades Municipales de algunas comunidades participantes; Sandra Luz Villalobos Rueda, Directora de la Direcci\\u00f3n de Equidad y G\\u00e9nero de la UABJO; Zenida P\\u00e9rez Guti\\u00e9rrez, jefa del departamento de Derechos de la Mujer Ind\\u00edgena de la Secretar\\u00eda de Asuntos Ind\\u00edgenas y equipo de trabajo del Grupo de estudios sobre la Mujer \\u201cRosario Castellanos\\u201d a.c.&lt;\\\/p&gt;  &lt;!--codes_iframe--&gt;&lt;!--\\\/codes_iframe--&gt;&quot;,&quot;post_title&quot;:&quot;Concluye Diplomado en Liderazgo y Gesti\\u00f3n Comunitaria en GesMujer&quot;,&quot;post_excerpt&quot;:&quot;&quot;,&quot;post_status&quot;:&quot;publish&quot;,&quot;comment_status&quot;:&quot;closed&quot;,&quot;ping_status&quot;:&quot;open&quot;,&quot;post_password&quot;:&quot;&quot;,&quot;post_name&quot;:&quot;concluye-diplomado-en-liderazgo-y-gestion-comunitaria-en-gesmujer&quot;,&quot;to_ping&quot;:&quot;&quot;,&quot;pinged&quot;:&quot;&quot;,&quot;post_modified&quot;:&quot;2024-04-05 14:55:45&quot;,&quot;post_modified_gmt&quot;:&quot;2024-04-05 20:55:45&quot;,&quot;post_content_filtered&quot;:&quot;&quot;,&quot;post_parent&quot;:0,&quot;guid&quot;:&quot;http:\\\/\\\/www.gesmujer.org\\\/sitio\\\/?p=121&quot;,&quot;menu_order&quot;:0,&quot;post_type&quot;:&quot;post&quot;,&quot;post_mime_type&quot;:&quot;&quot;,&quot;comment_count&quot;:&quot;0&quot;,&quot;filter&quot;:&quot;raw&quot;},{&quot;ID&quot;:509,&quot;post_author&quot;:&quot;4&quot;,&quot;post_date&quot;:&quot;2014-02-20 11:10:27&quot;,&quot;post_date_gmt&quot;:&quot;2014-02-20 17:10:27&quot;,&quot;post_content&quot;:&quot;&lt;p style=\\&quot;text-align: center;\\&quot;&gt;&lt;a title=\\&quot;Gu\\u00eda &amp;quot;El abc de la l\\u00edder comunitaria: entrelanzando saberes&amp;quot;\\&quot; href=\\&quot;http:\\\/\\\/www.gesmujer.org\\\/SITIO\\\/wp-content\\\/uploads\\\/\\\/2014\\\/02\\\/Gui\\u0301a-ABC.png\\&quot;&gt;&lt;img class=\\&quot;wp-image-510 aligncenter\\&quot; alt=\\&quot;Gui\\u0301a ABC\\&quot; src=\\&quot;http:\\\/\\\/www.gesmujer.org\\\/SITIO\\\/wp-content\\\/uploads\\\/\\\/2014\\\/02\\\/Gui\\u0301a-ABC-196x300.png\\&quot; width=\\&quot;157\\&quot; height=\\&quot;240\\&quot; \\\/&gt;&lt;\\\/a&gt;&lt;\\\/p&gt;\\n&lt;p style=\\&quot;text-align: justify;\\&quot;&gt;\\&quot;El abc de la l\\u00edder comunitaria: entrelazando saberes\\&quot; es una herramienta te\\u00f3rico-pr\\u00e1ctica dise\\u00f1ada desde una perspectiva de g\\u00e9nero y un enfoque intercultural, para acompa\\u00f1arlas en el proceso de compartir conocimientos, motivar reflexiones y convocar cambios a favor de la Igualdad y Equidad de G\\u00e9nero; la Salud y los Derechos Sexuales y Reproductivos; la Prevenci\\u00f3n de la violencia durante el Noviazgo y la Participaci\\u00f3n y Gesti\\u00f3n comunitaria.&lt;\\\/p&gt;\\n&lt;p style=\\&quot;text-align: justify;\\&quot;&gt;\\&quot;El abc de la l\\u00edder comunitaria: entrelazando saberes\\&quot; es una propuesta metodol\\u00f3gica que contempla la gu\\u00eda de trabajo y una caja de herramientas contenidas en un disco, a partir de las cuales se implementar\\u00e1n sesiones de capacitaci\\u00f3n en la modalidad de taller y pr\\u00e1cticas comunitarias para convocar la participaci\\u00f3n de la poblaci\\u00f3n, de autoridades locales, personal de los servicios de salud, de educaci\\u00f3n y justicia, a fin de generar condiciones favorables para un cambio cultural incluyente, donde todas las voces sean escuchadas.&lt;\\\/p&gt;\\n&lt;p style=\\&quot;text-align: justify;\\&quot;&gt;\\&quot;El abc de la l\\u00edder comunitaria: entrelazando saberes\\&quot;\\u00a0 es una aportaci\\u00f3n del Grupo de estudios \\u00a0sobre la mujer \\&quot;Rosario Castellanos\\&quot; A.C. en un reconocimiento a las mujeres l\\u00edderes, que desde sus comunidades entrelazan sus saberes para hacer realidad sus sue\\u00f1os de justicia y libertad.&lt;\\\/p&gt;\\n&lt;strong&gt;PRESENTACI\\u00d3N: Viernes 28 de Febrero 2014 \\\/ Sala Videoarte del Centro Cultural Universitario de la UABJO \\\/ 11:00 HRS.&lt;\\\/strong&gt;\\n\\n&amp;nbsp;\\n\\n&amp;nbsp;  &lt;!--codes_iframe--&gt;&lt;!--\\\/codes_iframe--&gt;&quot;,&quot;post_title&quot;:&quot;Presentaci\\u00f3n de la gu\\u00eda \\&quot;El abc de la l\\u00edder comunitaria: entrelazando saberes\\&quot;&quot;,&quot;post_excerpt&quot;:&quot;&quot;,&quot;post_status&quot;:&quot;publish&quot;,&quot;comment_status&quot;:&quot;closed&quot;,&quot;ping_status&quot;:&quot;open&quot;,&quot;post_password&quot;:&quot;&quot;,&quot;post_name&quot;:&quot;presentacion-de-la-guia-el-abc-de-la-lider-comunitaria-entrelazando-saberes&quot;,&quot;to_ping&quot;:&quot;&quot;,&quot;pinged&quot;:&quot;&quot;,&quot;post_modified&quot;:&quot;2024-04-05 14:55:49&quot;,&quot;post_modified_gmt&quot;:&quot;2024-04-05 20:55:49&quot;,&quot;post_content_filtered&quot;:&quot;&quot;,&quot;post_parent&quot;:0,&quot;guid&quot;:&quot;http:\\\/\\\/www.gesmujer.org\\\/sitio\\\/?p=509&quot;,&quot;menu_order&quot;:0,&quot;post_type&quot;:&quot;post&quot;,&quot;post_mime_type&quot;:&quot;&quot;,&quot;comment_count&quot;:&quot;0&quot;,&quot;filter&quot;:&quot;raw&quot;},{&quot;ID&quot;:578,&quot;post_author&quot;:&quot;4&quot;,&quot;post_date&quot;:&quot;2014-03-07 12:03:40&quot;,&quot;post_date_gmt&quot;:&quot;2014-03-07 18:03:40&quot;,&quot;post_content&quot;:&quot;&amp;nbsp;\\n&lt;p style=\\&quot;text-align: justify;\\&quot;&gt;&lt;\\\/p&gt;\\n&lt;p style=\\&quot;text-align: justify;\\&quot;&gt;\\u00a0\\u00a0&lt;a href=\\&quot;http:\\\/\\\/www.gesmujer.org\\\/SITIO\\\/wp-content\\\/uploads\\\/\\\/2014\\\/03\\\/IMG_0085.jpg\\&quot;&gt;&lt;img class=\\&quot;alignnone size-medium wp-image-580\\&quot; alt=\\&quot;\\&quot; src=\\&quot;http:\\\/\\\/www.gesmujer.org\\\/SITIO\\\/wp-content\\\/uploads\\\/\\\/2014\\\/03\\\/IMG_0085-300x225.jpg\\&quot; width=\\&quot;300\\&quot; height=\\&quot;225\\&quot; \\\/&gt;&lt;\\\/a&gt;\\u00a0 Este viernes 28 de febrero, el Grupo de Estudios Sobre la Mujer \\u201cRosario Castellanos\\u201d A.C., present\\u00f3 la gu\\u00eda &lt;i&gt;\\u201cEl abc de la l\\u00edder comunitaria: entrelazando saberes\\u201d&lt;\\\/i&gt;, material que se realiz\\u00f3 como producto de las capacitaciones en los diferentes programas de Liderazgo y Gesti\\u00f3n Comunitaria que ha aplicado.&lt;\\\/p&gt;\\n&lt;p style=\\&quot;text-align: justify;\\&quot;&gt;La gu\\u00eda &lt;i&gt;\\u201cEl abc de la l\\u00edder comunitaria: entrelazando saberes\\u201d, &lt;\\\/i&gt;es una herramienta te\\u00f3rico-pr\\u00e1ctica, dise\\u00f1ada desde una perspectiva de g\\u00e9nero y un enfoque intercultural para acompa\\u00f1ar a las l\\u00edderes comunitarias en el proceso de compartir conocimientos a favor de la igualdad y equidad de g\\u00e9nero; salud y derechos sexuales y reproductivos; prevenci\\u00f3n de la violencia durante el noviazgo y la participaci\\u00f3n y gesti\\u00f3n comunitaria.&lt;\\\/p&gt;\\n&lt;p style=\\&quot;text-align: justify;\\&quot;&gt;Ximena Avellaneda D\\u00edaz, Presidenta de GESMujer, mencion\\u00f3 que este material es producto del inter\\u00e9s que tiene la organizaci\\u00f3n por documentar un modelo de liderazgo que sirva en futuros procesos de formaci\\u00f3n, y en estar en posibilidad de compartir con otras organizaciones.&lt;\\\/p&gt;\\n&lt;p style=\\&quot;text-align: justify;\\&quot;&gt;\\u201cEste documento fue probado en diversos contextos culturales del estado, fue replicado en diversas comunidades y sufri\\u00f3 las modificaciones necesarias hechas por las j\\u00f3venes participantes en el Diplomado del 2013 para ofrecer una herramienta a organizaciones de la sociedad civil e instituciones gubernamentales que se interesan en estos temas\\u201d, mencion\\u00f3.&lt;\\\/p&gt;\\n&lt;p style=\\&quot;text-align: justify;\\&quot;&gt;Durante el evento de presentaci\\u00f3n, la Dra. Leticia Brise\\u00f1o Maas expres\\u00f3 su agrado por la publicaci\\u00f3n de este material que servir\\u00e1 como apoyo al trabajo comunitario que realizan las j\\u00f3venes mujeres.&lt;\\\/p&gt;\\n&lt;p style=\\&quot;text-align: justify;\\&quot;&gt;Por su parte Eugenia Mata, Directora de Iniciativas para el Desarrollo de la Mujer Oaxaque\\u00f1a (IDEMO A.C), mencion\\u00f3 como virtud principal de la gu\\u00eda, que fue concebida bajo el enfoque de g\\u00e9nero, es decir que contempla un abordaje para mujeres y hombres.&lt;\\\/p&gt;\\n&lt;a href=\\&quot;http:\\\/\\\/www.gesmujer.org\\\/SITIO\\\/wp-content\\\/uploads\\\/\\\/2014\\\/03\\\/IMG_0143.jpg\\&quot;&gt;&lt;img class=\\&quot;size-medium wp-image-581 aligncenter\\&quot; alt=\\&quot;IMG_0143\\&quot; src=\\&quot;http:\\\/\\\/www.gesmujer.org\\\/SITIO\\\/wp-content\\\/uploads\\\/\\\/2014\\\/03\\\/IMG_0143-300x225.jpg\\&quot; width=\\&quot;300\\&quot; height=\\&quot;225\\&quot; \\\/&gt;&lt;\\\/a&gt;\\n&lt;p style=\\&quot;text-align: justify;\\&quot;&gt;Finalmente, Sandra Luz Villalobos Rueda, encargada de la Direcci\\u00f3n de Equidad y G\\u00e9nero de la Universidad Aut\\u00f3noma Benito Ju\\u00e1rez de Oaxaca (UABJO), dijo sentirse muy contenta de la colaboraci\\u00f3n que ha tenido la Universidad con el Grupo de Estudios, y felicit\\u00f3 a las j\\u00f3venes que han participado en las capacitaciones de liderazgo.&lt;\\\/p&gt;\\n&lt;p style=\\&quot;text-align: justify;\\&quot;&gt;La publicaci\\u00f3n de la gu\\u00eda \\u201cEl abc de la l\\u00edder comunitaria: entrelazando saberes\\u201d consta de 124 p\\u00e1ginas y un DVD multimedia que contiene lecturas, din\\u00e1micas, juegos did\\u00e1cticos, glosario de t\\u00e9rminos, marco legal y videos relacionados con las tem\\u00e1ticas que trabaja GESMujer.&lt;\\\/p&gt;\\n&lt;p style=\\&quot;text-align: justify;\\&quot;&gt;La presentaci\\u00f3n se llev\\u00f3 a cabo en la Sala de Videoarte del Centro Cultural Universitario de la UABJO, en presencia de las j\\u00f3venes l\\u00edderes que se han capacitado en GESMujer, invitadas, invitados y compa\\u00f1eras de la Casa de la Mujer \\u201cRosario Castellanos\\u201d.&lt;\\\/p&gt;  &lt;!--codes_iframe--&gt;&lt;!--\\\/codes_iframe--&gt;&quot;,&quot;post_title&quot;:&quot;Presenta GESMujer  \\u201cEl abc de la l\\u00edder comunitaria: entrelazando saberes\\u201d&quot;,&quot;post_excerpt&quot;:&quot;&quot;,&quot;post_status&quot;:&quot;publish&quot;,&quot;comment_status&quot;:&quot;closed&quot;,&quot;ping_status&quot;:&quot;open&quot;,&quot;post_password&quot;:&quot;&quot;,&quot;post_name&quot;:&quot;presenta-gesmujer-el-abc-de-la-lider-comunitaria-entrelazando-saberes&quot;,&quot;to_ping&quot;:&quot;&quot;,&quot;pinged&quot;:&quot;&quot;,&quot;post_modified&quot;:&quot;2024-04-05 14:55:46&quot;,&quot;post_modified_gmt&quot;:&quot;2024-04-05 20:55:46&quot;,&quot;post_content_filtered&quot;:&quot;&quot;,&quot;post_parent&quot;:0,&quot;guid&quot;:&quot;http:\\\/\\\/www.gesmujer.org\\\/sitio\\\/?p=578&quot;,&quot;menu_order&quot;:0,&quot;post_type&quot;:&quot;post&quot;,&quot;post_mime_type&quot;:&quot;&quot;,&quot;comment_count&quot;:&quot;0&quot;,&quot;filter&quot;:&quot;raw&quot;},{&quot;ID&quot;:585,&quot;post_author&quot;:&quot;4&quot;,&quot;post_date&quot;:&quot;2014-03-10 19:23:18&quot;,&quot;post_date_gmt&quot;:&quot;2014-03-11 01:23:18&quot;,&quot;post_content&quot;:&quot;&lt;p style=\\&quot;text-align: justify;\\&quot;&gt;Una conmemoraci\\u00f3n m\\u00e1s del D\\u00eda Internacional de la Mujer. Mucha tinta corre en torno a los compromisos pendientes de la agenda de las mujeres, muchos discursos y muchas promesas que a estas alturas nos cuestan trabajo creer. Este a\\u00f1o, el ofrecimiento se centra en un aspecto muy importante en la vida de las mujeres: Toda mujer embarazada tendr\\u00e1 acceso universal a los servicios de salud aunque no cuenten con seguridad social. La Secretar\\u00eda de Salud a trav\\u00e9s del Ejecutivo Federal hizo este importante anuncio como parte de los mensajes pol\\u00edticos de esta fecha, donde destac\\u00f3 que era el momento de erradicar pol\\u00edticas y costumbres de violencia hacia las mujeres.&lt;\\\/p&gt;\\n&lt;p style=\\&quot;text-align: justify;\\&quot;&gt;\\u00a0Esta afirmaci\\u00f3n cobra especial importancia en nuestro estado, donde de julio del 2013 al d\\u00eda de hoy se han documentado en los medios de comunicaci\\u00f3n 7 casos de violencia institucional ocurridos en diferentes Centros de Salud del Estado. Lo paradigm\\u00e1tico de estos sucesos es que en todos los casos, las mujeres involucradas lograron superar el primer nivel en las \\u201cdemoras\\u201d relacionadas con los usos y costumbres al interior de la familia y de la comunidad, que anteriormente cobraban el mayor n\\u00famero de casos de muerte materna en la entidad. De igual manera, superaron el segundo nivel de \\u201cdemoras\\u201d relacionadas con el camino\\u00a0 o traslado de su comunidad hasta el Centro de atenci\\u00f3n de Salud. Lo m\\u00e1s preocupante, es que una vez a las puertas de los estos espacios, se toparon con este tercer nivel de \\u201cdemoras\\u201d relacionadas con la falta de atenci\\u00f3n oportuna o de calidad que situaron a estas mujeres en riesgo \\u00a0para ellas y las criaturas y las oblig\\u00f3 a dar a luz en las puertas, patios o estacionamientos de los Centros de Salud.&lt;\\\/p&gt;\\n&lt;p style=\\&quot;text-align: justify;\\&quot;&gt;El mensaje que estas experiencias\\u00a0 nos da, es que no basta con construir costosas edificaciones o \\u201celefantes blancos\\u201d si estos no est\\u00e1n dotados de equipamiento, suministros, medicamentos, horarios amplios y lo m\\u00e1s importante: personal sensibilizado, capacitado y con la idea clara de que a una mujer que llega a sus instalaciones se le tiende c\\u00e1lida y oportunamente.&lt;\\\/p&gt;\\n&lt;p style=\\&quot;text-align: justify;\\&quot;&gt;GESMujer A.C.&lt;\\\/p&gt;  &lt;!--codes_iframe--&gt;&lt;!--\\\/codes_iframe--&gt;&quot;,&quot;post_title&quot;:&quot;Acerca del D\\u00eda Internacional de la Mujer&quot;,&quot;post_excerpt&quot;:&quot;&quot;,&quot;post_status&quot;:&quot;publish&quot;,&quot;comment_status&quot;:&quot;closed&quot;,&quot;ping_status&quot;:&quot;open&quot;,&quot;post_password&quot;:&quot;&quot;,&quot;post_name&quot;:&quot;acerca-del-dia-internacional-de-la-mujer&quot;,&quot;to_ping&quot;:&quot;&quot;,&quot;pinged&quot;:&quot;&quot;,&quot;post_modified&quot;:&quot;2024-04-05 14:55:48&quot;,&quot;post_modified_gmt&quot;:&quot;2024-04-05 20:55:48&quot;,&quot;post_content_filtered&quot;:&quot;&quot;,&quot;post_parent&quot;:0,&quot;guid&quot;:&quot;http:\\\/\\\/www.gesmujer.org\\\/sitio\\\/?p=585&quot;,&quot;menu_order&quot;:0,&quot;post_type&quot;:&quot;post&quot;,&quot;post_mime_type&quot;:&quot;&quot;,&quot;comment_count&quot;:&quot;0&quot;,&quot;filter&quot;:&quot;raw&quot;},{&quot;ID&quot;:667,&quot;post_author&quot;:&quot;4&quot;,&quot;post_date&quot;:&quot;2014-04-10 09:42:03&quot;,&quot;post_date_gmt&quot;:&quot;2014-04-10 15:42:03&quot;,&quot;post_content&quot;:&quot;&lt;p style=\\&quot;text-align: justify;\\&quot;&gt;&lt;a href=\\&quot;http:\\\/\\\/www.gesmujer.org\\\/SITIO\\\/wp-content\\\/uploads\\\/\\\/2014\\\/04\\\/DSC01244.jpg\\&quot;&gt;&lt;img class=\\&quot;size-medium wp-image-669 alignleft\\&quot; alt=\\&quot;DSC01244\\&quot; src=\\&quot;http:\\\/\\\/www.gesmujer.org\\\/SITIO\\\/wp-content\\\/uploads\\\/\\\/2014\\\/04\\\/DSC01244-300x225.jpg\\&quot; width=\\&quot;300\\&quot; height=\\&quot;225\\&quot; \\\/&gt;&lt;\\\/a&gt;El pasado 04 y 05 de abril de 2014, se realiz\\u00f3 en las instalaciones de la Casa de la mujer \\u201cRosario Castellanos\\u201d la segunda sesi\\u00f3n de l\\u00edderes comunitarias \\u201cAprendizajes y retos para convocar la participaci\\u00f3n juvenil\\u201d enmarcado dentro del proyecto Movil.com: Por la salud y los derechos sexuales y reproductivos de la poblaci\\u00f3n joven.&lt;\\\/p&gt;\\n&lt;p style=\\&quot;text-align: justify;\\&quot;&gt;En esta sesi\\u00f3n las participantes del proyecto brindaron informaci\\u00f3n y socializaron sus avances hacia la definici\\u00f3n de estrategias locales, que les permiten motivar la inclusi\\u00f3n de sus aliadas y aliados en la planeaci\\u00f3n, ejecuci\\u00f3n, monitoreo y evaluaci\\u00f3n de su plan de trabajo para el a\\u00f1o 2014, orientado a favorecer la conformaci\\u00f3n de grupos juveniles hacia su autonom\\u00eda, a trav\\u00e9s del cumplimiento de las metas que tienen como l\\u00edderes comunitarias.&lt;\\\/p&gt;\\n&lt;p style=\\&quot;text-align: justify;\\&quot;&gt;El trabajo que las l\\u00edderes y sus aliadas\\\/os han realizado en sus comunidades ha sido en favor del ejercicio libre y responsable de los derechos sexuales y reproductivos de las y los j\\u00f3venes. Ahora lo que se busca es que las y los j\\u00f3venes que se han interesado en el trabajo avancen en su proceso de autonom\\u00eda como grupos juveniles y con ello sigan impulsando cambios culturales hacia la igualdad y equidad, la salud y los derechos sexuales y reproductivos, y la prevenci\\u00f3n de la violencia en el noviazgo en comunidades ind\\u00edgenas.&lt;\\\/p&gt;\\n&lt;p style=\\&quot;text-align: justify;\\&quot;&gt;El viernes y s\\u00e1bado pasado tuvimos la oportunidad de contagiarnos de la energ\\u00eda y ganas que tienen estas j\\u00f3venes por ser part\\u00edcipes del cambio a favor de las y los j\\u00f3venes de sus comunidades.&lt;\\\/p&gt;  &lt;!--codes_iframe--&gt;&lt;!--\\\/codes_iframe--&gt;&quot;,&quot;post_title&quot;:&quot;Proyecto M\\u00f3vil.com: Por la salud y los derechos sexuales y reproductivos de la poblaci\\u00f3n joven&quot;,&quot;post_excerpt&quot;:&quot;&quot;,&quot;post_status&quot;:&quot;publish&quot;,&quot;comment_status&quot;:&quot;closed&quot;,&quot;ping_status&quot;:&quot;open&quot;,&quot;post_password&quot;:&quot;&quot;,&quot;post_name&quot;:&quot;sesion-2-proyecto-movil-com-por-la-salud-y-los-derechos-sexuales-y-reproductivos-de-la-poblacion-joven&quot;,&quot;to_ping&quot;:&quot;&quot;,&quot;pinged&quot;:&quot;&quot;,&quot;post_modified&quot;:&quot;2024-04-05 14:55:51&quot;,&quot;post_modified_gmt&quot;:&quot;2024-04-05 20:55:51&quot;,&quot;post_content_filtered&quot;:&quot;&quot;,&quot;post_parent&quot;:0,&quot;guid&quot;:&quot;http:\\\/\\\/www.gesmujer.org\\\/sitio\\\/?p=667&quot;,&quot;menu_order&quot;:0,&quot;post_type&quot;:&quot;post&quot;,&quot;post_mime_type&quot;:&quot;&quot;,&quot;comment_count&quot;:&quot;0&quot;,&quot;filter&quot;:&quot;raw&quot;}],&quot;post_count&quot;:6,&quot;current_post&quot;:-1,&quot;before_loop&quot;:false,&quot;in_the_loop&quot;:false,&quot;post&quot;:{&quot;ID&quot;:120,&quot;post_author&quot;:&quot;4&quot;,&quot;post_date&quot;:&quot;2014-01-29 11:37:02&quot;,&quot;post_date_gmt&quot;:&quot;2014-01-29 17:37:02&quot;,&quot;post_content&quot;:&quot;[styled_image image=\\&quot;127\\&quot; w=\\&quot;300\\&quot; h=\\&quot;199\\&quot; lightbox=\\&quot;yes\\&quot; alt=\\&quot;Sesi\\u00f3n de trabajo MyPET\\&quot; rel=\\&quot;taller\\&quot; align=\\&quot;left\\&quot;]\\n&lt;p style=\\&quot;text-align: justify;\\&quot;&gt;El Grupo de estudios sobre la mujer \\u201cRosario Castellanos\\u201d a.c., con apoyo de la Secretar\\u00eda de Desarrollo Social y Humano (SEDESOH), llev\\u00f3 a cabo el taller para Madres y Padres eficaz y t\\u00e9cnicamente preparados (MyPET) durante\\u00a0 9 sesiones en las que se habilit\\u00f3 a 30 mujeres para adquirir herramientas que les permitan tener una mejor comunicaci\\u00f3n con hijas e hijos.&lt;\\\/p&gt;\\n&lt;p style=\\&quot;text-align: justify;\\&quot;&gt;A decir de la instructora Lina Herrera Mart\\u00ednez Negrete, este m\\u00e9todo ense\\u00f1a habilidades a pap\\u00e1s y mam\\u00e1s para que escuchen mejor a sus hijas e hijos. En ocasiones, preguntar demasiado, moralizar o aconsejar en exceso implica que se formen barreras, las cuales no resuelven los problemas generados en las familias.&lt;\\\/p&gt;\\n&lt;p style=\\&quot;text-align: justify;\\&quot;&gt;\\u201cEn la comunicaci\\u00f3n cotidiana hay muchas barreras, por eso el taller MyPET promueve una forma de comunicarse m\\u00e1s eficaz y clara que ayuda a las hijas e hijos a ser m\\u00e1s independientes. Dar muchos consejos no les ayuda a resolver las cosas\\u201d, expres\\u00f3.&lt;\\\/p&gt;\\n&lt;p style=\\&quot;text-align: justify;\\&quot;&gt;&lt;span style=\\&quot;line-height: 1.5em;\\&quot;&gt;La selecci\\u00f3n de las participantes, fue a partir de identificar a las usuarias que han asistido previamente a terapia psicol\\u00f3gica en la Casa de la Mujer \\u201cRosario Castellanos\\u201d por motivos de violencia y como consecuencia la han ejercido hacia sus hijas e hijos.&lt;\\\/span&gt;&lt;\\\/p&gt;\\n&lt;p style=\\&quot;text-align: justify;\\&quot;&gt;&lt;span style=\\&quot;line-height: 1.5em;\\&quot;&gt;\\u201cDurante las consultas que se ofrecen ya hab\\u00eda puesto en pr\\u00e1ctica las t\\u00e9cnicas de MyPET, aunque en menor grado, por lo que decid\\u00ed certificarme para ayudar a las familias a resolver sus problemas. El hecho de que sean mujeres con previo trabajo en terapia, facilita m\\u00e1s que identifiquen los problemas y tengan mejor manejo de los sentimientos\\u201d, mencion\\u00f3.&lt;\\\/span&gt;&lt;\\\/p&gt;\\n&lt;p style=\\&quot;text-align: justify;\\&quot;&gt;La din\\u00e1mica del taller consisti\\u00f3 en t\\u00e9cnicas como los \\u201cmensajes yo\\u201d, que consiste en decir las cosas de manera que no se ataca, juzga o etiqueta. La t\\u00e9cnica reside en dar informaci\\u00f3n exactamente de c\\u00f3mo se sienten ambas partes ante una conducta, de est\\u00e1 manera el mensaje llega m\\u00e1s f\\u00e1cil.&lt;\\\/p&gt;\\n&lt;p style=\\&quot;text-align: justify;\\&quot;&gt;&lt;span style=\\&quot;line-height: 1.5em;\\&quot;&gt;\\u201cTodas las din\\u00e1micas permitieron que los grupos se fuera hermanando, compart\\u00edan experiencias en las tareas que se dejaban,\\u00a0 hab\\u00eda ejercicios en parejas o en grupo y se cre\\u00f3 un ambiente\\u00a0 muy agradable. Este espacio me permiti\\u00f3 ver que s\\u00ed se estaban aplicando las herramientas y se fueron generando cambios asombrosos en las mam\\u00e1s y sus familias\\u201d.&lt;\\\/span&gt;&lt;\\\/p&gt;\\n&lt;p style=\\&quot;text-align: justify;\\&quot;&gt;&lt;span style=\\&quot;line-height: 1.5em;\\&quot;&gt;La psic\\u00f3loga Lina ha dedicado gran parte de su vida profesional a ayudar a mujeres que han sido violentadas y que requieren apoyo psicol\\u00f3gico para enfrentar esta situaci\\u00f3n. Esta labor, la certifica ahora como instructora del taller MyPET.&lt;\\\/span&gt;&lt;\\\/p&gt;\\n&lt;p style=\\&quot;text-align: justify;\\&quot;&gt;&lt;span style=\\&quot;line-height: 1.5em;\\&quot;&gt;El taller fue realizado en las instalaciones de la Casa de la Mujer \\u201cRosario Castellanos\\u201d\\u00a0 con un total de 9 sesiones que dieron inicio en octubre y concluyeron en el mes de noviembre. Se cont\\u00f3 con dos grupos de 15 mam\\u00e1s que sesionaban todos los jueves, uno por la ma\\u00f1ana y el otro en la tarde. Cabe destacar que el costo por participar en este taller es de 4000 mil pesos (incluye material de trabajo: libro y cuaderno de ejercicio) y que gracias al apoyo de SEDESOH fue posible que las usuarias lo cursaran totalmente gratis.&lt;\\\/span&gt;&lt;\\\/p&gt;\\n&lt;p style=\\&quot;text-align: justify;\\&quot;&gt;&lt;b&gt;Algunos testimonios:&lt;\\\/b&gt;&lt;\\\/p&gt;\\n&lt;p style=\\&quot;text-align: justify;\\&quot;&gt;&lt;span style=\\&quot;line-height: 1.5em;\\&quot;&gt;\\u201cMe gusta este espacio porque no me juzgan como mam\\u00e1, sino que vamos aprendiendo todas\\u201d&lt;\\\/span&gt;&lt;\\\/p&gt;\\n&lt;p style=\\&quot;text-align: justify;\\&quot;&gt;&lt;span style=\\&quot;line-height: 1.5em;\\&quot;&gt;\\u201cEstoy muy contenta de aprender lo que antes ignoraba. Siento que el curso me ayud\\u00f3 a entenderme mejor con mi hija y mi familia est\\u00e1 muy agradecida de eso\\u201d.&lt;\\\/span&gt;&lt;\\\/p&gt;\\n&lt;p style=\\&quot;text-align: justify;\\&quot;&gt;\\u201cFue esperanzador saber que hay maneras saludables de comunicarse en familia y saber que el secreto es el repaso de los ejercicios y la pr\\u00e1ctica\\u201d.&lt;\\\/p&gt;\\n&lt;p style=\\&quot;text-align: justify;\\&quot;&gt;&lt;span style=\\&quot;line-height: 1.5em;\\&quot;&gt;\\u201cEstoy muy agradecida por haber participado en este curso que ha cambiado la relaci\\u00f3n con mis hijos y con todos lo que me rodean. Estoy feliz porque s\\u00e9 que voy a prevenir muchas cosas de riesgo como las drogas o cosas peores. Me siento triste porque el taller se termine y porque hay muchas madres que lo necesitan\\u201d.&lt;\\\/span&gt;&lt;\\\/p&gt;\\n&lt;p style=\\&quot;text-align: justify;\\&quot;&gt;&lt;span style=\\&quot;line-height: 1.5em;\\&quot;&gt;\\u201cGracias a este curso me he dado cuenta de los errores que he cometido, pero he encontrado la ventana para salir y mejorar todos los aspectos. Estoy tranquila y satisfecha\\u201d.&lt;\\\/span&gt;[styled_image image=\\&quot;125\\&quot; w=\\&quot;300\\&quot; h=\\&quot;199\\&quot; lightbox=\\&quot;yes\\&quot; alt=\\&quot;Entrega diplomas\\&quot; rel=\\&quot;taller\\&quot; align=\\&quot;left\\&quot;]&lt;\\\/p&gt;\\n&lt;p style=\\&quot;text-align: justify;\\&quot;&gt;\\u201cEstoy muy contenta con el curso pues me ha ayudado mucho para mejorar la relaci\\u00f3n con mis dos hijos y mi pareja. \\u00a1En casa ya no hay gritos!, gracias\\u201d.&lt;\\\/p&gt;\\n&lt;p style=\\&quot;text-align: justify;\\&quot;&gt;&lt;span style=\\&quot;line-height: 1.5em;\\&quot;&gt;\\u201cExcelente el que obtengamos herramientas nuevas para educar a nuestros hijos y lograr ser mejor mam\\u00e1\\u201d&lt;\\\/span&gt;&lt;\\\/p&gt;  &lt;!--codes_iframe--&gt;&lt;!--\\\/codes_iframe--&gt;&quot;,&quot;post_title&quot;:&quot;Se realiza el primer taller para Madres y Padres eficaz y t\\u00e9cnicamente preparados en GesMujer&quot;,&quot;post_excerpt&quot;:&quot;&quot;,&quot;post_status&quot;:&quot;publish&quot;,&quot;comment_status&quot;:&quot;closed&quot;,&quot;ping_status&quot;:&quot;open&quot;,&quot;post_password&quot;:&quot;&quot;,&quot;post_name&quot;:&quot;se-realiza-el-primer-taller-para-madres-y-padres-eficaz-y-tecnicamente-preparados-en-gesmujer&quot;,&quot;to_ping&quot;:&quot;&quot;,&quot;pinged&quot;:&quot;&quot;,&quot;post_modified&quot;:&quot;2024-04-05 14:55:44&quot;,&quot;post_modified_gmt&quot;:&quot;2024-04-05 20:55:44&quot;,&quot;post_content_filtered&quot;:&quot;&quot;,&quot;post_parent&quot;:0,&quot;guid&quot;:&quot;http:\\\/\\\/www.gesmujer.org\\\/sitio\\\/?p=120&quot;,&quot;menu_order&quot;:0,&quot;post_type&quot;:&quot;post&quot;,&quot;post_mime_type&quot;:&quot;&quot;,&quot;comment_count&quot;:&quot;0&quot;,&quot;filter&quot;:&quot;raw&quot;},&quot;comment_count&quot;:0,&quot;current_comment&quot;:-1,&quot;found_posts&quot;:1069,&quot;max_num_pages&quot;:179,&quot;max_num_comment_pages&quot;:0,&quot;is_single&quot;:false,&quot;is_preview&quot;:false,&quot;is_page&quot;:false,&quot;is_archive&quot;:false,&quot;is_date&quot;:false,&quot;is_year&quot;:false,&quot;is_month&quot;:false,&quot;is_day&quot;:false,&quot;is_time&quot;:false,&quot;is_author&quot;:false,&quot;is_category&quot;:false,&quot;is_tag&quot;:false,&quot;is_tax&quot;:false,&quot;is_search&quot;:false,&quot;is_feed&quot;:false,&quot;is_comment_feed&quot;:false,&quot;is_trackback&quot;:false,&quot;is_home&quot;:true,&quot;is_privacy_policy&quot;:false,&quot;is_404&quot;:false,&quot;is_embed&quot;:false,&quot;is_paged&quot;:false,&quot;is_admin&quot;:false,&quot;is_attachment&quot;:false,&quot;is_singular&quot;:false,&quot;is_robots&quot;:false,&quot;is_favicon&quot;:false,&quot;is_posts_page&quot;:false,&quot;is_post_type_archive&quot;:false,&quot;thumbnails_cached&quot;:false},&quot;blog_layout&quot;:&quot;grid&quot;,&quot;blog_columns&quot;:&quot;6&quot;,&quot;hide_media&quot;:&quot;&quot;,&quot;media_link&quot;:&quot;yes&quot;,&quot;hide_share&quot;:&quot;&quot;,&quot;hide_content&quot;:&quot;yes&quot;,&quot;hide_blog_title&quot;:&quot;&quot;,&quot;hide_all_meta&quot;:&quot;&quot;,&quot;meta_author&quot;:&quot;&quot;,&quot;meta_comments&quot;:&quot;yes&quot;,&quot;meta_categories&quot;:&quot;&quot;,&quot;meta_date&quot;:&quot;&quot;,&quot;hide_views&quot;:&quot;yes&quot;,&quot;hide_likes&quot;:&quot;yes&quot;,&quot;read_more_hide&quot;:&quot;yes&quot;,&quot;read_more_text&quot;:null,&quot;content_letter_count&quot;:null,&quot;img_size&quot;:&quot;1170x725&quot;,&quot;img_aspect_ratio&quot;:&quot;&quot;,&quot;heading_tag&quot;:&quot;h3&quot;,&quot;items_load&quot;:2,&quot;load_more_text&quot;:&quot;LOAD MORE&quot;,&quot;post_count&quot;:6,&quot;query_args&quot;:{&quot;post_status&quot;:&quot;publish&quot;,&quot;posts_per_page&quot;:6,&quot;order&quot;:&quot;ASC&quot;,&quot;orderby&quot;:&quot;date&quot;,&quot;paged&quot;:1,&quot;update_post_term_cache&quot;:false,&quot;update_post_meta_cache&quot;:false,&quot;error&quot;:&quot;&quot;,&quot;m&quot;:&quot;&quot;,&quot;p&quot;:0,&quot;post_parent&quot;:&quot;&quot;,&quot;subpost&quot;:&quot;&quot;,&quot;subpost_id&quot;:&quot;&quot;,&quot;attachment&quot;:&quot;&quot;,&quot;attachment_id&quot;:0,&quot;name&quot;:&quot;&quot;,&quot;pagename&quot;:&quot;&quot;,&quot;page_id&quot;:0,&quot;second&quot;:&quot;&quot;,&quot;minute&quot;:&quot;&quot;,&quot;hour&quot;:&quot;&quot;,&quot;day&quot;:0,&quot;monthnum&quot;:0,&quot;year&quot;:0,&quot;w&quot;:0,&quot;category_name&quot;:&quot;&quot;,&quot;tag&quot;:&quot;&quot;,&quot;cat&quot;:&quot;&quot;,&quot;tag_id&quot;:&quot;&quot;,&quot;author&quot;:&quot;&quot;,&quot;author_name&quot;:&quot;&quot;,&quot;feed&quot;:&quot;&quot;,&quot;tb&quot;:&quot;&quot;,&quot;meta_key&quot;:&quot;&quot;,&quot;meta_value&quot;:&quot;&quot;,&quot;preview&quot;:&quot;&quot;,&quot;s&quot;:&quot;&quot;,&quot;sentence&quot;:&quot;&quot;,&quot;title&quot;:&quot;&quot;,&quot;fields&quot;:&quot;all&quot;,&quot;menu_order&quot;:&quot;&quot;,&quot;embed&quot;:&quot;&quot;,&quot;category__in&quot;:[],&quot;category__not_in&quot;:[],&quot;category__and&quot;:[],&quot;post__in&quot;:[],&quot;post__not_in&quot;:[],&quot;post_name__in&quot;:[],&quot;tag__in&quot;:[],&quot;tag__not_in&quot;:[],&quot;tag__and&quot;:[],&quot;tag_slug__in&quot;:[],&quot;tag_slug__and&quot;:[],&quot;post_parent__in&quot;:[],&quot;post_parent__not_in&quot;:[],&quot;author__in&quot;:[],&quot;author__not_in&quot;:[],&quot;search_columns&quot;:[],&quot;ignore_sticky_posts&quot;:false,&quot;suppress_filters&quot;:false,&quot;cache_results&quot;:true,&quot;update_menu_item_cache&quot;:false,&quot;lazy_load_term_meta&quot;:false,&quot;post_type&quot;:&quot;&quot;,&quot;nopaging&quot;:false,&quot;comments_per_page&quot;:&quot;50&quot;,&quot;no_found_rows&quot;:false},&quot;atts&quot;:{&quot;blog_columns&quot;:&quot;6&quot;,&quot;img_size_array&quot;:null,&quot;navigation_type&quot;:&quot;load_more&quot;,&quot;load_more_text&quot;:&quot;LOAD MORE&quot;,&quot;hide_content&quot;:&quot;yes&quot;,&quot;read_more_text&quot;:null,&quot;meta_comments&quot;:&quot;yes&quot;,&quot;hide_likes&quot;:&quot;yes&quot;,&quot;hide_share&quot;:&quot;&quot;,&quot;number_of_posts&quot;:6,&quot;order&quot;:&quot;ASC&quot;,&quot;items_load&quot;:2,&quot;load_more_margin&quot;:{&quot;unit&quot;:&quot;px&quot;,&quot;top&quot;:&quot;10&quot;,&quot;right&quot;:&quot;0&quot;,&quot;bottom&quot;:&quot;0&quot;,&quot;left&quot;:&quot;0&quot;,&quot;isLinked&quot;:false},&quot;blog_title&quot;:&quot;&quot;,&quot;blog_subtitle&quot;:&quot;&quot;,&quot;blog_layout&quot;:&quot;grid&quot;,&quot;img_size_string&quot;:&quot;1170x725&quot;,&quot;img_aspect_ratio&quot;:&quot;&quot;,&quot;navigation_align&quot;:null,&quot;navigation_align_tablet&quot;:null,&quot;navigation_align_mobile&quot;:null,&quot;navigation_offset&quot;:null,&quot;hide_media&quot;:&quot;&quot;,&quot;media_link&quot;:&quot;yes&quot;,&quot;hide_blog_title&quot;:&quot;&quot;,&quot;content_letter_count&quot;:null,&quot;read_more_hide&quot;:&quot;yes&quot;,&quot;hide_all_meta&quot;:&quot;&quot;,&quot;meta_author&quot;:&quot;&quot;,&quot;meta_categories&quot;:&quot;&quot;,&quot;meta_date&quot;:&quot;&quot;,&quot;hide_views&quot;:&quot;yes&quot;,&quot;autoplay&quot;:null,&quot;autoplay_speed&quot;:null,&quot;infinite_loop&quot;:null,&quot;slides_to_scroll&quot;:null,&quot;use_pagination&quot;:null,&quot;pag_type&quot;:null,&quot;pag_offset&quot;:null,&quot;custom_pag_color&quot;:null,&quot;pag_color&quot;:null,&quot;use_navigation&quot;:null,&quot;custom_contols_color&quot;:null,&quot;controls_color_idle&quot;:null,&quot;controls_bg_idle&quot;:null,&quot;controls_idle_border&quot;:null,&quot;controls_idle_width&quot;:null,&quot;controls_idle_color&quot;:null,&quot;controls_color_hover&quot;:null,&quot;controls_bg_hover&quot;:null,&quot;controls_hover_border&quot;:null,&quot;controls_hover_width&quot;:null,&quot;controls_hover_color&quot;:null,&quot;custom_resp&quot;:null,&quot;resp_medium&quot;:null,&quot;resp_medium_slides&quot;:null,&quot;resp_tablets&quot;:null,&quot;resp_tablets_slides&quot;:null,&quot;resp_mobile&quot;:null,&quot;resp_mobile_slides&quot;:null,&quot;order_by&quot;:&quot;date&quot;,&quot;categories&quot;:&quot;&quot;,&quot;exclude_categories&quot;:&quot;&quot;,&quot;tags&quot;:&quot;&quot;,&quot;exclude_tags&quot;:&quot;&quot;,&quot;taxonomies&quot;:&quot;&quot;,&quot;exclude_taxonomies&quot;:&quot;&quot;,&quot;by_posts&quot;:&quot;&quot;,&quot;exclude_any&quot;:&quot;&quot;,&quot;author&quot;:&quot;&quot;,&quot;exclude_author&quot;:&quot;&quot;,&quot;content_wrapper_padding&quot;:{&quot;unit&quot;:&quot;px&quot;,&quot;top&quot;:&quot;&quot;,&quot;right&quot;:&quot;&quot;,&quot;bottom&quot;:&quot;&quot;,&quot;left&quot;:&quot;&quot;,&quot;isLinked&quot;:true},&quot;post_item_box_shadow_type&quot;:&quot;&quot;,&quot;post_item_box_shadow&quot;:null,&quot;post_item_box_shadow_position&quot;:null,&quot;item_bg&quot;:&quot;&quot;,&quot;item_bg_background&quot;:null,&quot;item_bg_color&quot;:null,&quot;item_bg_color_stop&quot;:null,&quot;item_bg_color_b&quot;:null,&quot;item_bg_color_b_stop&quot;:null,&quot;item_bg_gradient_type&quot;:null,&quot;item_bg_gradient_angle&quot;:null,&quot;item_bg_gradient_position&quot;:null,&quot;item_bg_image&quot;:null,&quot;item_bg_position&quot;:null,&quot;item_bg_xpos&quot;:null,&quot;item_bg_ypos&quot;:null,&quot;item_bg_attachment&quot;:null,&quot;item_bg_repeat&quot;:null,&quot;item_bg_size&quot;:null,&quot;item_bg_bg_width&quot;:null,&quot;item_bg_video_link&quot;:null,&quot;item_bg_video_start&quot;:null,&quot;item_bg_video_end&quot;:null,&quot;item_bg_play_once&quot;:null,&quot;item_bg_play_on_mobile&quot;:null,&quot;item_bg_privacy_mode&quot;:null,&quot;item_bg_video_fallback&quot;:null,&quot;item_bg_slideshow_gallery&quot;:null,&quot;item_bg_slideshow_loop&quot;:null,&quot;item_bg_slideshow_slide_duration&quot;:null,&quot;item_bg_slideshow_slide_transition&quot;:null,&quot;item_bg_slideshow_transition_duration&quot;:null,&quot;item_bg_slideshow_background_size&quot;:null,&quot;item_bg_slideshow_background_position&quot;:null,&quot;item_bg_slideshow_lazyload&quot;:null,&quot;item_bg_slideshow_ken_burns&quot;:null,&quot;item_bg_slideshow_ken_burns_zoom_direction&quot;:null,&quot;module_title_typography&quot;:null,&quot;module_title_font_family&quot;:null,&quot;module_title_font_size&quot;:null,&quot;module_title_font_weight&quot;:null,&quot;module_title_text_transform&quot;:null,&quot;module_title_font_style&quot;:null,&quot;module_title_text_decoration&quot;:null,&quot;module_title_line_height&quot;:null,&quot;module_title_letter_spacing&quot;:null,&quot;module_title_word_spacing&quot;:null,&quot;blog_title_margin&quot;:null,&quot;module_subtitle_typography&quot;:null,&quot;module_subtitle_font_family&quot;:null,&quot;module_subtitle_font_size&quot;:null,&quot;module_subtitle_font_weight&quot;:null,&quot;module_subtitle_text_transform&quot;:null,&quot;module_subtitle_font_style&quot;:null,&quot;module_subtitle_text_decoration&quot;:null,&quot;module_subtitle_line_height&quot;:null,&quot;module_subtitle_letter_spacing&quot;:null,&quot;module_subtitle_word_spacing&quot;:null,&quot;blog_subtitle_margin&quot;:null,&quot;custom_fonts_blog_headings_typography&quot;:&quot;&quot;,&quot;custom_fonts_blog_headings_font_family&quot;:null,&quot;custom_fonts_blog_headings_font_size&quot;:null,&quot;custom_fonts_blog_headings_font_weight&quot;:null,&quot;custom_fonts_blog_headings_text_transform&quot;:null,&quot;custom_fonts_blog_headings_font_style&quot;:null,&quot;custom_fonts_blog_headings_text_decoration&quot;:null,&quot;custom_fonts_blog_headings_line_height&quot;:null,&quot;custom_fonts_blog_headings_letter_spacing&quot;:null,&quot;custom_fonts_blog_headings_word_spacing&quot;:null,&quot;heading_tag&quot;:&quot;h3&quot;,&quot;heading_margin&quot;:{&quot;unit&quot;:&quot;px&quot;,&quot;top&quot;:&quot;&quot;,&quot;right&quot;:&quot;&quot;,&quot;bottom&quot;:&quot;&quot;,&quot;left&quot;:&quot;&quot;,&quot;isLinked&quot;:true},&quot;headings_color_idle&quot;:&quot;#521769&quot;,&quot;headings_color_hover&quot;:&quot;#23B8A9&quot;,&quot;content_typography&quot;:null,&quot;content_font_family&quot;:null,&quot;content_font_size&quot;:null,&quot;content_font_weight&quot;:null,&quot;content_text_transform&quot;:null,&quot;content_font_style&quot;:null,&quot;content_text_decoration&quot;:null,&quot;content_line_height&quot;:null,&quot;content_letter_spacing&quot;:null,&quot;content_word_spacing&quot;:null,&quot;content_margin&quot;:null,&quot;content_color&quot;:null,&quot;meta_data_typography&quot;:&quot;&quot;,&quot;meta_data_font_family&quot;:null,&quot;meta_data_font_size&quot;:null,&quot;meta_data_font_weight&quot;:null,&quot;meta_data_text_transform&quot;:null,&quot;meta_data_font_style&quot;:null,&quot;meta_data_text_decoration&quot;:null,&quot;meta_data_line_height&quot;:null,&quot;meta_data_letter_spacing&quot;:null,&quot;meta_data_word_spacing&quot;:null,&quot;meta_data_margin&quot;:{&quot;unit&quot;:&quot;px&quot;,&quot;top&quot;:&quot;&quot;,&quot;right&quot;:&quot;&quot;,&quot;bottom&quot;:&quot;&quot;,&quot;left&quot;:&quot;&quot;,&quot;isLinked&quot;:true},&quot;meta_data_padding&quot;:{&quot;unit&quot;:&quot;px&quot;,&quot;top&quot;:&quot;&quot;,&quot;right&quot;:&quot;&quot;,&quot;bottom&quot;:&quot;&quot;,&quot;left&quot;:&quot;&quot;,&quot;isLinked&quot;:true},&quot;meta_data_border&quot;:&quot;&quot;,&quot;meta_data_width&quot;:null,&quot;meta_data_color&quot;:null,&quot;icon_meta_color_idle&quot;:&quot;&quot;,&quot;meta_color_idle&quot;:&quot;&quot;,&quot;meta_color_hover&quot;:&quot;&quot;,&quot;meta_date_typography&quot;:&quot;&quot;,&quot;meta_date_font_family&quot;:null,&quot;meta_date_font_size&quot;:null,&quot;meta_date_font_weight&quot;:null,&quot;meta_date_text_transform&quot;:null,&quot;meta_date_font_style&quot;:null,&quot;meta_date_text_decoration&quot;:null,&quot;meta_date_line_height&quot;:null,&quot;meta_date_letter_spacing&quot;:null,&quot;meta_date_word_spacing&quot;:null,&quot;meta_date_margin&quot;:{&quot;unit&quot;:&quot;px&quot;,&quot;top&quot;:&quot;&quot;,&quot;right&quot;:&quot;&quot;,&quot;bottom&quot;:&quot;&quot;,&quot;left&quot;:&quot;&quot;,&quot;isLinked&quot;:true},&quot;meta_date_padding&quot;:{&quot;unit&quot;:&quot;px&quot;,&quot;top&quot;:&quot;&quot;,&quot;right&quot;:&quot;&quot;,&quot;bottom&quot;:&quot;&quot;,&quot;left&quot;:&quot;&quot;,&quot;isLinked&quot;:true},&quot;meta_date_border&quot;:&quot;&quot;,&quot;meta_date_width&quot;:null,&quot;meta_date_color&quot;:null,&quot;meta_date_color_idle&quot;:&quot;#521769&quot;,&quot;media_overlay_idle&quot;:&quot;&quot;,&quot;media_overlay_idle_background&quot;:null,&quot;media_overlay_idle_color&quot;:null,&quot;media_overlay_idle_color_stop&quot;:null,&quot;media_overlay_idle_color_b&quot;:null,&quot;media_overlay_idle_color_b_stop&quot;:null,&quot;media_overlay_idle_gradient_type&quot;:null,&quot;media_overlay_idle_gradient_angle&quot;:null,&quot;media_overlay_idle_gradient_position&quot;:null,&quot;media_overlay_idle_image&quot;:null,&quot;media_overlay_idle_position&quot;:null,&quot;media_overlay_idle_xpos&quot;:null,&quot;media_overlay_idle_ypos&quot;:null,&quot;media_overlay_idle_attachment&quot;:null,&quot;media_overlay_idle_repeat&quot;:null,&quot;media_overlay_idle_size&quot;:null,&quot;media_overlay_idle_bg_width&quot;:null,&quot;media_overlay_idle_video_link&quot;:null,&quot;media_overlay_idle_video_start&quot;:null,&quot;media_overlay_idle_video_end&quot;:null,&quot;media_overlay_idle_play_once&quot;:null,&quot;media_overlay_idle_play_on_mobile&quot;:null,&quot;media_overlay_idle_privacy_mode&quot;:null,&quot;media_overlay_idle_video_fallback&quot;:null,&quot;media_overlay_idle_slideshow_gallery&quot;:null,&quot;media_overlay_idle_slideshow_loop&quot;:null,&quot;media_overlay_idle_slideshow_slide_duration&quot;:null,&quot;media_overlay_idle_slideshow_slide_transition&quot;:null,&quot;media_overlay_idle_slideshow_transition_duration&quot;:null,&quot;media_overlay_idle_slideshow_background_size&quot;:null,&quot;media_overlay_idle_slideshow_background_position&quot;:null,&quot;media_overlay_idle_slideshow_lazyload&quot;:null,&quot;media_overlay_idle_slideshow_ken_burns&quot;:null,&quot;media_overlay_idle_slideshow_ken_burns_zoom_direction&quot;:null,&quot;media_overlay_hover&quot;:&quot;&quot;,&quot;media_overlay_hover_background&quot;:null,&quot;media_overlay_hover_color&quot;:null,&quot;media_overlay_hover_color_stop&quot;:null,&quot;media_overlay_hover_color_b&quot;:null,&quot;media_overlay_hover_color_b_stop&quot;:null,&quot;media_overlay_hover_gradient_type&quot;:null,&quot;media_overlay_hover_gradient_angle&quot;:null,&quot;media_overlay_hover_gradient_position&quot;:null,&quot;media_overlay_hover_image&quot;:null,&quot;media_overlay_hover_position&quot;:null,&quot;media_overlay_hover_xpos&quot;:null,&quot;media_overlay_hover_ypos&quot;:null,&quot;media_overlay_hover_attachment&quot;:null,&quot;media_overlay_hover_repeat&quot;:null,&quot;media_overlay_hover_size&quot;:null,&quot;media_overlay_hover_bg_width&quot;:null,&quot;media_overlay_hover_video_link&quot;:null,&quot;media_overlay_hover_video_start&quot;:null,&quot;media_overlay_hover_video_end&quot;:null,&quot;media_overlay_hover_play_once&quot;:null,&quot;media_overlay_hover_play_on_mobile&quot;:null,&quot;media_overlay_hover_privacy_mode&quot;:null,&quot;media_overlay_hover_video_fallback&quot;:null,&quot;media_overlay_hover_slideshow_gallery&quot;:null,&quot;media_overlay_hover_slideshow_loop&quot;:null,&quot;media_overlay_hover_slideshow_slide_duration&quot;:null,&quot;media_overlay_hover_slideshow_slide_transition&quot;:null,&quot;media_overlay_hover_slideshow_transition_duration&quot;:null,&quot;media_overlay_hover_slideshow_background_size&quot;:null,&quot;media_overlay_hover_slideshow_background_position&quot;:null,&quot;media_overlay_hover_slideshow_lazyload&quot;:null,&quot;media_overlay_hover_slideshow_ken_burns&quot;:null,&quot;media_overlay_hover_slideshow_ken_burns_zoom_direction&quot;:null,&quot;read_more_typography&quot;:null,&quot;read_more_font_family&quot;:null,&quot;read_more_font_size&quot;:null,&quot;read_more_font_weight&quot;:null,&quot;read_more_text_transform&quot;:null,&quot;read_more_font_style&quot;:null,&quot;read_more_text_decoration&quot;:null,&quot;read_more_line_height&quot;:null,&quot;read_more_letter_spacing&quot;:null,&quot;read_more_word_spacing&quot;:null,&quot;read_more_margin&quot;:null,&quot;read_more_padding&quot;:null,&quot;read_more_color_idle&quot;:null,&quot;read_more_extra_idle&quot;:null,&quot;read_more_color_hover&quot;:null,&quot;read_more_extra_hover&quot;:null,&quot;load_more_typography&quot;:&quot;&quot;,&quot;load_more_font_family&quot;:null,&quot;load_more_font_size&quot;:null,&quot;load_more_font_weight&quot;:null,&quot;load_more_text_transform&quot;:null,&quot;load_more_font_style&quot;:null,&quot;load_more_text_decoration&quot;:null,&quot;load_more_line_height&quot;:null,&quot;load_more_letter_spacing&quot;:null,&quot;load_more_word_spacing&quot;:null,&quot;align_load_more&quot;:&quot;center&quot;,&quot;load_more_padding&quot;:{&quot;unit&quot;:&quot;px&quot;,&quot;top&quot;:&quot;&quot;,&quot;right&quot;:&quot;&quot;,&quot;bottom&quot;:&quot;&quot;,&quot;left&quot;:&quot;&quot;,&quot;isLinked&quot;:true},&quot;load_more_color_idle&quot;:&quot;&quot;,&quot;load_more_bg_idle&quot;:&quot;&quot;,&quot;load_more_color_hover&quot;:&quot;&quot;,&quot;load_more_bg_hover&quot;:&quot;&quot;,&quot;load_more_border_border&quot;:&quot;solid&quot;,&quot;load_more_border_width&quot;:{&quot;unit&quot;:&quot;px&quot;,&quot;top&quot;:2,&quot;right&quot;:2,&quot;bottom&quot;:2,&quot;left&quot;:2,&quot;isLinked&quot;:true},&quot;load_more_border_color&quot;:&quot;#23B8A9&quot;,&quot;load_more_radius&quot;:{&quot;unit&quot;:&quot;px&quot;,&quot;top&quot;:28,&quot;right&quot;:28,&quot;bottom&quot;:28,&quot;left&quot;:28,&quot;isLinked&quot;:true},&quot;load_more_shadow_box_shadow_type&quot;:&quot;&quot;,&quot;load_more_shadow_box_shadow&quot;:null,&quot;load_more_shadow_box_shadow_position&quot;:null,&quot;_title&quot;:&quot;&quot;,&quot;_margin&quot;:{&quot;unit&quot;:&quot;px&quot;,&quot;top&quot;:&quot;&quot;,&quot;right&quot;:&quot;&quot;,&quot;bottom&quot;:&quot;&quot;,&quot;left&quot;:&quot;&quot;,&quot;isLinked&quot;:true},&quot;_padding&quot;:{&quot;unit&quot;:&quot;px&quot;,&quot;top&quot;:&quot;&quot;,&quot;right&quot;:&quot;&quot;,&quot;bottom&quot;:&quot;&quot;,&quot;left&quot;:&quot;&quot;,&quot;isLinked&quot;:true},&quot;_element_width&quot;:&quot;&quot;,&quot;_element_width_tablet&quot;:&quot;&quot;,&quot;_element_width_mobile&quot;:&quot;&quot;,&quot;_element_custom_width&quot;:null,&quot;_grid_column&quot;:&quot;&quot;,&quot;_grid_column_custom&quot;:null,&quot;_grid_row&quot;:&quot;&quot;,&quot;_grid_row_custom&quot;:null,&quot;_element_vertical_align&quot;:null,&quot;_position&quot;:&quot;&quot;,&quot;_offset_orientation_h&quot;:null,&quot;_offset_x&quot;:null,&quot;_offset_x_end&quot;:null,&quot;_offset_orientation_v&quot;:null,&quot;_offset_y&quot;:null,&quot;_offset_y_end&quot;:null,&quot;_z_index&quot;:&quot;&quot;,&quot;_element_id&quot;:&quot;&quot;,&quot;_css_classes&quot;:&quot;&quot;,&quot;_element_cache&quot;:&quot;&quot;,&quot;_animation&quot;:&quot;&quot;,&quot;_animation_tablet&quot;:&quot;&quot;,&quot;_animation_mobile&quot;:&quot;&quot;,&quot;animation_duration&quot;:null,&quot;_animation_delay&quot;:null,&quot;_transform_rotate_popover&quot;:&quot;&quot;,&quot;_transform_rotateZ_effect&quot;:null,&quot;_transform_rotateZ_effect_tablet&quot;:null,&quot;_transform_rotateZ_effect_mobile&quot;:null,&quot;_transform_rotate_3d&quot;:null,&quot;_transform_rotateX_effect&quot;:null,&quot;_transform_rotateX_effect_tablet&quot;:null,&quot;_transform_rotateX_effect_mobile&quot;:null,&quot;_transform_rotateY_effect&quot;:null,&quot;_transform_rotateY_effect_tablet&quot;:null,&quot;_transform_rotateY_effect_mobile&quot;:null,&quot;_transform_perspective_effect&quot;:null,&quot;_transform_perspective_effect_tablet&quot;:null,&quot;_transform_perspective_effect_mobile&quot;:null,&quot;_transform_translate_popover&quot;:&quot;&quot;,&quot;_transform_translateX_effect&quot;:null,&quot;_transform_translateX_effect_tablet&quot;:null,&quot;_transform_translateX_effect_mobile&quot;:null,&quot;_transform_translateY_effect&quot;:null,&quot;_transform_translateY_effect_tablet&quot;:null,&quot;_transform_translateY_effect_mobile&quot;:null,&quot;_transform_scale_popover&quot;:&quot;&quot;,&quot;_transform_keep_proportions&quot;:&quot;yes&quot;,&quot;_transform_scale_effect&quot;:null,&quot;_transform_scale_effect_tablet&quot;:null,&quot;_transform_scale_effect_mobile&quot;:null,&quot;_transform_scaleX_effect&quot;:null,&quot;_transform_scaleX_effect_tablet&quot;:null,&quot;_transform_scaleX_effect_mobile&quot;:null,&quot;_transform_scaleY_effect&quot;:null,&quot;_transform_scaleY_effect_tablet&quot;:null,&quot;_transform_scaleY_effect_mobile&quot;:null,&quot;_transform_skew_popover&quot;:&quot;&quot;,&quot;_transform_skewX_effect&quot;:null,&quot;_transform_skewX_effect_tablet&quot;:null,&quot;_transform_skewX_effect_mobile&quot;:null,&quot;_transform_skewY_effect&quot;:null,&quot;_transform_skewY_effect_tablet&quot;:null,&quot;_transform_skewY_effect_mobile&quot;:null,&quot;_transform_flipX_effect&quot;:&quot;&quot;,&quot;_transform_flipY_effect&quot;:&quot;&quot;,&quot;_transform_rotate_popover_hover&quot;:&quot;&quot;,&quot;_transform_rotateZ_effect_hover&quot;:null,&quot;_transform_rotateZ_effect_hover_tablet&quot;:null,&quot;_transform_rotateZ_effect_hover_mobile&quot;:null,&quot;_transform_rotate_3d_hover&quot;:null,&quot;_transform_rotateX_effect_hover&quot;:null,&quot;_transform_rotateX_effect_hover_tablet&quot;:null,&quot;_transform_rotateX_effect_hover_mobile&quot;:null,&quot;_transform_rotateY_effect_hover&quot;:null,&quot;_transform_rotateY_effect_hover_tablet&quot;:null,&quot;_transform_rotateY_effect_hover_mobile&quot;:null,&quot;_transform_perspective_effect_hover&quot;:null,&quot;_transform_perspective_effect_hover_tablet&quot;:null,&quot;_transform_perspective_effect_hover_mobile&quot;:null,&quot;_transform_translate_popover_hover&quot;:&quot;&quot;,&quot;_transform_translateX_effect_hover&quot;:null,&quot;_transform_translateX_effect_hover_tablet&quot;:null,&quot;_transform_translateX_effect_hover_mobile&quot;:null,&quot;_transform_translateY_effect_hover&quot;:null,&quot;_transform_translateY_effect_hover_tablet&quot;:null,&quot;_transform_translateY_effect_hover_mobile&quot;:null,&quot;_transform_scale_popover_hover&quot;:&quot;&quot;,&quot;_transform_keep_proportions_hover&quot;:&quot;yes&quot;,&quot;_transform_scale_effect_hover&quot;:null,&quot;_transform_scale_effect_hover_tablet&quot;:null,&quot;_transform_scale_effect_hover_mobile&quot;:null,&quot;_transform_scaleX_effect_hover&quot;:null,&quot;_transform_scaleX_effect_hover_tablet&quot;:null,&quot;_transform_scaleX_effect_hover_mobile&quot;:null,&quot;_transform_scaleY_effect_hover&quot;:null,&quot;_transform_scaleY_effect_hover_tablet&quot;:null,&quot;_transform_scaleY_effect_hover_mobile&quot;:null,&quot;_transform_skew_popover_hover&quot;:&quot;&quot;,&quot;_transform_skewX_effect_hover&quot;:null,&quot;_transform_skewX_effect_hover_tablet&quot;:null,&quot;_transform_skewX_effect_hover_mobile&quot;:null,&quot;_transform_skewY_effect_hover&quot;:null,&quot;_transform_skewY_effect_hover_tablet&quot;:null,&quot;_transform_skewY_effect_hover_mobile&quot;:null,&quot;_transform_flipX_effect_hover&quot;:&quot;&quot;,&quot;_transform_flipY_effect_hover&quot;:&quot;&quot;,&quot;_transform_transition_hover&quot;:{&quot;unit&quot;:&quot;px&quot;,&quot;size&quot;:&quot;&quot;,&quot;sizes&quot;:[]},&quot;motion_fx_transform_x_anchor_point&quot;:null,&quot;motion_fx_transform_y_anchor_point&quot;:null,&quot;_background_background&quot;:&quot;&quot;,&quot;_background_color&quot;:null,&quot;_background_color_stop&quot;:null,&quot;_background_color_b&quot;:null,&quot;_background_color_b_stop&quot;:null,&quot;_background_gradient_type&quot;:null,&quot;_background_gradient_angle&quot;:null,&quot;_background_gradient_position&quot;:null,&quot;_background_image&quot;:null,&quot;_background_position&quot;:null,&quot;_background_xpos&quot;:null,&quot;_background_ypos&quot;:null,&quot;_background_attachment&quot;:null,&quot;_background_repeat&quot;:null,&quot;_background_size&quot;:null,&quot;_background_bg_width&quot;:null,&quot;_background_video_link&quot;:null,&quot;_background_video_start&quot;:null,&quot;_background_video_end&quot;:null,&quot;_background_play_once&quot;:null,&quot;_background_play_on_mobile&quot;:null,&quot;_background_privacy_mode&quot;:null,&quot;_background_video_fallback&quot;:null,&quot;_background_slideshow_gallery&quot;:null,&quot;_background_slideshow_loop&quot;:null,&quot;_background_slideshow_slide_duration&quot;:null,&quot;_background_slideshow_slide_transition&quot;:null,&quot;_background_slideshow_transition_duration&quot;:null,&quot;_background_slideshow_background_size&quot;:null,&quot;_background_slideshow_background_position&quot;:null,&quot;_background_slideshow_lazyload&quot;:null,&quot;_background_slideshow_ken_burns&quot;:null,&quot;_background_slideshow_ken_burns_zoom_direction&quot;:null,&quot;_background_hover_background&quot;:&quot;&quot;,&quot;_background_hover_color&quot;:null,&quot;_background_hover_color_stop&quot;:null,&quot;_background_hover_color_b&quot;:null,&quot;_background_hover_color_b_stop&quot;:null,&quot;_background_hover_gradient_type&quot;:null,&quot;_background_hover_gradient_angle&quot;:null,&quot;_background_hover_gradient_position&quot;:null,&quot;_background_hover_image&quot;:null,&quot;_background_hover_position&quot;:null,&quot;_background_hover_xpos&quot;:null,&quot;_background_hover_ypos&quot;:null,&quot;_background_hover_attachment&quot;:null,&quot;_background_hover_repeat&quot;:null,&quot;_background_hover_size&quot;:null,&quot;_background_hover_bg_width&quot;:null,&quot;_background_hover_video_link&quot;:null,&quot;_background_hover_video_start&quot;:null,&quot;_background_hover_video_end&quot;:null,&quot;_background_hover_play_once&quot;:null,&quot;_background_hover_play_on_mobile&quot;:null,&quot;_background_hover_privacy_mode&quot;:null,&quot;_background_hover_video_fallback&quot;:null,&quot;_background_hover_slideshow_gallery&quot;:null,&quot;_background_hover_slideshow_loop&quot;:null,&quot;_background_hover_slideshow_slide_duration&quot;:null,&quot;_background_hover_slideshow_slide_transition&quot;:null,&quot;_background_hover_slideshow_transition_duration&quot;:null,&quot;_background_hover_slideshow_background_size&quot;:null,&quot;_background_hover_slideshow_background_position&quot;:null,&quot;_background_hover_slideshow_lazyload&quot;:null,&quot;_background_hover_slideshow_ken_burns&quot;:null,&quot;_background_hover_slideshow_ken_burns_zoom_direction&quot;:null,&quot;_background_hover_transition&quot;:{&quot;unit&quot;:&quot;px&quot;,&quot;size&quot;:&quot;&quot;,&quot;sizes&quot;:[]},&quot;_border_border&quot;:&quot;&quot;,&quot;_border_width&quot;:null,&quot;_border_color&quot;:null,&quot;_border_radius&quot;:{&quot;unit&quot;:&quot;px&quot;,&quot;top&quot;:&quot;&quot;,&quot;right&quot;:&quot;&quot;,&quot;bottom&quot;:&quot;&quot;,&quot;left&quot;:&quot;&quot;,&quot;isLinked&quot;:true},&quot;_box_shadow_box_shadow_type&quot;:&quot;&quot;,&quot;_box_shadow_box_shadow&quot;:null,&quot;_box_shadow_box_shadow_position&quot;:null,&quot;_border_hover_border&quot;:&quot;&quot;,&quot;_border_hover_width&quot;:null,&quot;_border_hover_color&quot;:null,&quot;_border_radius_hover&quot;:{&quot;unit&quot;:&quot;px&quot;,&quot;top&quot;:&quot;&quot;,&quot;right&quot;:&quot;&quot;,&quot;bottom&quot;:&quot;&quot;,&quot;left&quot;:&quot;&quot;,&quot;isLinked&quot;:true},&quot;_box_shadow_hover_box_shadow_type&quot;:&quot;&quot;,&quot;_box_shadow_hover_box_shadow&quot;:null,&quot;_box_shadow_hover_box_shadow_position&quot;:null,&quot;_border_hover_transition&quot;:{&quot;unit&quot;:&quot;px&quot;,&quot;size&quot;:&quot;&quot;,&quot;sizes&quot;:[]},&quot;_mask_switch&quot;:&quot;&quot;,&quot;_mask_shape&quot;:null,&quot;_mask_image&quot;:null,&quot;_mask_size&quot;:null,&quot;_mask_size_scale&quot;:null,&quot;_mask_position&quot;:null,&quot;_mask_position_x&quot;:null,&quot;_mask_position_y&quot;:null,&quot;_mask_repeat&quot;:null,&quot;hide_desktop&quot;:&quot;&quot;,&quot;hide_tablet&quot;:&quot;&quot;,&quot;hide_mobile&quot;:&quot;&quot;}}' \/><\/form><\/div><\/section>\t\t\t\t<\/div>\n\t\t\t\t<\/div>\n\t\t\t\t\t<\/div>\n\t\t<\/div>\n\t\t\t\t\t<\/div>\n\t\t<\/section>\n\t\t\t\t<section class=\"elementor-section elementor-top-section elementor-element elementor-element-8d96d22 elementor-section-boxed elementor-section-height-default elementor-section-height-default\" data-id=\"8d96d22\" data-element_type=\"section\" data-e-type=\"section\">\n\t\t\t\t\t\t<div class=\"elementor-container elementor-column-gap-default\">\n\t\t\t\t\t<div class=\"elementor-column elementor-col-100 elementor-top-column elementor-element elementor-element-3ff5773\" data-id=\"3ff5773\" data-element_type=\"column\" data-e-type=\"column\">\n\t\t\t<div class=\"elementor-widget-wrap elementor-element-populated\">\n\t\t\t\t\t\t<div class=\"elementor-element elementor-element-6a9babb elementor-widget elementor-widget-spacer\" data-id=\"6a9babb\" data-element_type=\"widget\" data-e-type=\"widget\" data-widget_type=\"spacer.default\">\n\t\t\t\t<div class=\"elementor-widget-container\">\n\t\t\t\t\t\t\t<div class=\"elementor-spacer\">\n\t\t\t<div class=\"elementor-spacer-inner\"><\/div>\n\t\t<\/div>\n\t\t\t\t\t\t<\/div>\n\t\t\t\t<\/div>\n\t\t\t\t\t<\/div>\n\t\t<\/div>\n\t\t\t\t\t<\/div>\n\t\t<\/section>\n\t\t\t\t<\/div>\n\t\t","protected":false},"excerpt":{"rendered":"<p>CHARITYAugust 25, 2020 Take Your Online Donation to the Next Level! By developers DONATIONAugust 26, 2020 Get Ready For #Giving Tuesday 2022 By developers KIDS IN AFRICAAugust 26, 2020 We Asked. You Answered. Here is What We Heard By developers FOOD AND WATERAugust 26, 2020 Providing Clean Water on the Blue Planet By developers KIDS [&hellip;]<\/p>\n","protected":false},"author":4,"featured_media":0,"parent":0,"menu_order":0,"comment_status":"closed","ping_status":"closed","template":"","meta":{"give_campaign_id":0,"footnotes":""},"class_list":["post-32579","page","type-page","status-publish","hentry"],"yoast_head":"<!-- This site is optimized with the Yoast SEO plugin v27.4 - https:\/\/yoast.com\/product\/yoast-seo-wordpress\/ -->\n<title>Grid 2 Columns - GESMujer &quot;Rosario Castellanos&quot;<\/title>\n<meta name=\"robots\" content=\"index, follow, max-snippet:-1, max-image-preview:large, max-video-preview:-1\" \/>\n<link rel=\"canonical\" href=\"https:\/\/www.gesmujer.org\/sitio\/grid-2-columns\/\" \/>\n<meta property=\"og:locale\" content=\"es_MX\" \/>\n<meta property=\"og:type\" content=\"article\" \/>\n<meta property=\"og:title\" content=\"Grid 2 Columns - GESMujer &quot;Rosario Castellanos&quot;\" \/>\n<meta property=\"og:description\" content=\"CHARITYAugust 25, 2020 Take Your Online Donation to the Next Level! By developers DONATIONAugust 26, 2020 Get Ready For #Giving Tuesday 2022 By developers KIDS IN AFRICAAugust 26, 2020 We Asked. You Answered. Here is What We Heard By developers FOOD AND WATERAugust 26, 2020 Providing Clean Water on the Blue Planet By developers KIDS [&hellip;]\" \/>\n<meta property=\"og:url\" content=\"https:\/\/www.gesmujer.org\/sitio\/grid-2-columns\/\" \/>\n<meta property=\"og:site_name\" content=\"GESMujer &quot;Rosario Castellanos&quot;\" \/>\n<meta property=\"article:publisher\" content=\"https:\/\/www.facebook.com\/gesmujer.rosario.castellanos.ac\" \/>\n<meta property=\"og:image\" content=\"https:\/\/gesmujer.org\/sitio\/wp-content\/uploads\/2020\/08\/blog_01-1170x725.jpg\" \/>\n<meta name=\"twitter:card\" content=\"summary_large_image\" \/>\n<meta name=\"twitter:site\" content=\"@GES_Mujer\" \/>\n<script type=\"application\/ld+json\" class=\"yoast-schema-graph\">{\"@context\":\"https:\\\/\\\/schema.org\",\"@graph\":[{\"@type\":\"WebPage\",\"@id\":\"https:\\\/\\\/www.gesmujer.org\\\/sitio\\\/grid-2-columns\\\/\",\"url\":\"https:\\\/\\\/www.gesmujer.org\\\/sitio\\\/grid-2-columns\\\/\",\"name\":\"Grid 2 Columns - GESMujer &quot;Rosario Castellanos&quot;\",\"isPartOf\":{\"@id\":\"https:\\\/\\\/www.gesmujer.org\\\/sitio\\\/#website\"},\"primaryImageOfPage\":{\"@id\":\"https:\\\/\\\/www.gesmujer.org\\\/sitio\\\/grid-2-columns\\\/#primaryimage\"},\"image\":{\"@id\":\"https:\\\/\\\/www.gesmujer.org\\\/sitio\\\/grid-2-columns\\\/#primaryimage\"},\"thumbnailUrl\":\"https:\\\/\\\/gesmujer.org\\\/sitio\\\/wp-content\\\/uploads\\\/2020\\\/08\\\/blog_01-1170x725.jpg\",\"datePublished\":\"2020-08-26T09:43:51+00:00\",\"breadcrumb\":{\"@id\":\"https:\\\/\\\/www.gesmujer.org\\\/sitio\\\/grid-2-columns\\\/#breadcrumb\"},\"inLanguage\":\"es\",\"potentialAction\":[{\"@type\":\"ReadAction\",\"target\":[\"https:\\\/\\\/www.gesmujer.org\\\/sitio\\\/grid-2-columns\\\/\"]}]},{\"@type\":\"ImageObject\",\"inLanguage\":\"es\",\"@id\":\"https:\\\/\\\/www.gesmujer.org\\\/sitio\\\/grid-2-columns\\\/#primaryimage\",\"url\":\"https:\\\/\\\/gesmujer.org\\\/sitio\\\/wp-content\\\/uploads\\\/2020\\\/08\\\/blog_01-1170x725.jpg\",\"contentUrl\":\"https:\\\/\\\/gesmujer.org\\\/sitio\\\/wp-content\\\/uploads\\\/2020\\\/08\\\/blog_01-1170x725.jpg\"},{\"@type\":\"BreadcrumbList\",\"@id\":\"https:\\\/\\\/www.gesmujer.org\\\/sitio\\\/grid-2-columns\\\/#breadcrumb\",\"itemListElement\":[{\"@type\":\"ListItem\",\"position\":1,\"name\":\"Home\",\"item\":\"https:\\\/\\\/www.gesmujer.org\\\/sitio\\\/\"},{\"@type\":\"ListItem\",\"position\":2,\"name\":\"Grid 2 Columns\"}]},{\"@type\":\"WebSite\",\"@id\":\"https:\\\/\\\/www.gesmujer.org\\\/sitio\\\/#website\",\"url\":\"https:\\\/\\\/www.gesmujer.org\\\/sitio\\\/\",\"name\":\"GESMujer \\\"Rosario Castellanos\\\"\",\"description\":\"M\u00e1s de 45 a\u00f1os ha llevado a cabo acciones para erradicar la violencia de g\u00e9nero y construir entornos donde las mujeres encuentren su resiliencia, incrementen su agencia y autonom\u00eda que les permita lograr su empoderamiento a trav\u00e9s de cinco l\u00edneas de acci\u00f3n.\",\"publisher\":{\"@id\":\"https:\\\/\\\/www.gesmujer.org\\\/sitio\\\/#organization\"},\"alternateName\":\"GESMujer\",\"potentialAction\":[{\"@type\":\"SearchAction\",\"target\":{\"@type\":\"EntryPoint\",\"urlTemplate\":\"https:\\\/\\\/www.gesmujer.org\\\/sitio\\\/?s={search_term_string}\"},\"query-input\":{\"@type\":\"PropertyValueSpecification\",\"valueRequired\":true,\"valueName\":\"search_term_string\"}}],\"inLanguage\":\"es\"},{\"@type\":\"Organization\",\"@id\":\"https:\\\/\\\/www.gesmujer.org\\\/sitio\\\/#organization\",\"name\":\"Grupo de estudios sobre la mujer Rosario Castellanos ac\",\"alternateName\":\"GESMujer\",\"url\":\"https:\\\/\\\/www.gesmujer.org\\\/sitio\\\/\",\"logo\":{\"@type\":\"ImageObject\",\"inLanguage\":\"es\",\"@id\":\"https:\\\/\\\/www.gesmujer.org\\\/sitio\\\/#\\\/schema\\\/logo\\\/image\\\/\",\"url\":\"https:\\\/\\\/www.gesmujer.org\\\/sitio\\\/wp-content\\\/uploads\\\/2026\\\/03\\\/Logo-GESMujer-300.png\",\"contentUrl\":\"https:\\\/\\\/www.gesmujer.org\\\/sitio\\\/wp-content\\\/uploads\\\/2026\\\/03\\\/Logo-GESMujer-300.png\",\"width\":300,\"height\":141,\"caption\":\"Grupo de estudios sobre la mujer Rosario Castellanos ac\"},\"image\":{\"@id\":\"https:\\\/\\\/www.gesmujer.org\\\/sitio\\\/#\\\/schema\\\/logo\\\/image\\\/\"},\"sameAs\":[\"https:\\\/\\\/www.facebook.com\\\/gesmujer.rosario.castellanos.ac\",\"https:\\\/\\\/x.com\\\/GES_Mujer\",\"https:\\\/\\\/www.instagram.com\\\/ges_mujer\\\/?hl=es\",\"https:\\\/\\\/www.youtube.com\\\/c\\\/GESMujerRosarioCastellanos\\\/videos\",\"https:\\\/\\\/soundcloud.com\\\/gesmujerac\",\"https:\\\/\\\/www.tiktok.com\\\/@gesmujer\"]}]}<\/script>\n<!-- \/ Yoast SEO plugin. -->","yoast_head_json":{"title":"Grid 2 Columns - GESMujer &quot;Rosario Castellanos&quot;","robots":{"index":"index","follow":"follow","max-snippet":"max-snippet:-1","max-image-preview":"max-image-preview:large","max-video-preview":"max-video-preview:-1"},"canonical":"https:\/\/www.gesmujer.org\/sitio\/grid-2-columns\/","og_locale":"es_MX","og_type":"article","og_title":"Grid 2 Columns - GESMujer &quot;Rosario Castellanos&quot;","og_description":"CHARITYAugust 25, 2020 Take Your Online Donation to the Next Level! By developers DONATIONAugust 26, 2020 Get Ready For #Giving Tuesday 2022 By developers KIDS IN AFRICAAugust 26, 2020 We Asked. You Answered. Here is What We Heard By developers FOOD AND WATERAugust 26, 2020 Providing Clean Water on the Blue Planet By developers KIDS [&hellip;]","og_url":"https:\/\/www.gesmujer.org\/sitio\/grid-2-columns\/","og_site_name":"GESMujer &quot;Rosario Castellanos&quot;","article_publisher":"https:\/\/www.facebook.com\/gesmujer.rosario.castellanos.ac","og_image":[{"url":"https:\/\/gesmujer.org\/sitio\/wp-content\/uploads\/2020\/08\/blog_01-1170x725.jpg","type":"","width":"","height":""}],"twitter_card":"summary_large_image","twitter_site":"@GES_Mujer","schema":{"@context":"https:\/\/schema.org","@graph":[{"@type":"WebPage","@id":"https:\/\/www.gesmujer.org\/sitio\/grid-2-columns\/","url":"https:\/\/www.gesmujer.org\/sitio\/grid-2-columns\/","name":"Grid 2 Columns - GESMujer &quot;Rosario Castellanos&quot;","isPartOf":{"@id":"https:\/\/www.gesmujer.org\/sitio\/#website"},"primaryImageOfPage":{"@id":"https:\/\/www.gesmujer.org\/sitio\/grid-2-columns\/#primaryimage"},"image":{"@id":"https:\/\/www.gesmujer.org\/sitio\/grid-2-columns\/#primaryimage"},"thumbnailUrl":"https:\/\/gesmujer.org\/sitio\/wp-content\/uploads\/2020\/08\/blog_01-1170x725.jpg","datePublished":"2020-08-26T09:43:51+00:00","breadcrumb":{"@id":"https:\/\/www.gesmujer.org\/sitio\/grid-2-columns\/#breadcrumb"},"inLanguage":"es","potentialAction":[{"@type":"ReadAction","target":["https:\/\/www.gesmujer.org\/sitio\/grid-2-columns\/"]}]},{"@type":"ImageObject","inLanguage":"es","@id":"https:\/\/www.gesmujer.org\/sitio\/grid-2-columns\/#primaryimage","url":"https:\/\/gesmujer.org\/sitio\/wp-content\/uploads\/2020\/08\/blog_01-1170x725.jpg","contentUrl":"https:\/\/gesmujer.org\/sitio\/wp-content\/uploads\/2020\/08\/blog_01-1170x725.jpg"},{"@type":"BreadcrumbList","@id":"https:\/\/www.gesmujer.org\/sitio\/grid-2-columns\/#breadcrumb","itemListElement":[{"@type":"ListItem","position":1,"name":"Home","item":"https:\/\/www.gesmujer.org\/sitio\/"},{"@type":"ListItem","position":2,"name":"Grid 2 Columns"}]},{"@type":"WebSite","@id":"https:\/\/www.gesmujer.org\/sitio\/#website","url":"https:\/\/www.gesmujer.org\/sitio\/","name":"GESMujer \"Rosario Castellanos\"","description":"M\u00e1s de 45 a\u00f1os ha llevado a cabo acciones para erradicar la violencia de g\u00e9nero y construir entornos donde las mujeres encuentren su resiliencia, incrementen su agencia y autonom\u00eda que les permita lograr su empoderamiento a trav\u00e9s de cinco l\u00edneas de acci\u00f3n.","publisher":{"@id":"https:\/\/www.gesmujer.org\/sitio\/#organization"},"alternateName":"GESMujer","potentialAction":[{"@type":"SearchAction","target":{"@type":"EntryPoint","urlTemplate":"https:\/\/www.gesmujer.org\/sitio\/?s={search_term_string}"},"query-input":{"@type":"PropertyValueSpecification","valueRequired":true,"valueName":"search_term_string"}}],"inLanguage":"es"},{"@type":"Organization","@id":"https:\/\/www.gesmujer.org\/sitio\/#organization","name":"Grupo de estudios sobre la mujer Rosario Castellanos ac","alternateName":"GESMujer","url":"https:\/\/www.gesmujer.org\/sitio\/","logo":{"@type":"ImageObject","inLanguage":"es","@id":"https:\/\/www.gesmujer.org\/sitio\/#\/schema\/logo\/image\/","url":"https:\/\/www.gesmujer.org\/sitio\/wp-content\/uploads\/2026\/03\/Logo-GESMujer-300.png","contentUrl":"https:\/\/www.gesmujer.org\/sitio\/wp-content\/uploads\/2026\/03\/Logo-GESMujer-300.png","width":300,"height":141,"caption":"Grupo de estudios sobre la mujer Rosario Castellanos ac"},"image":{"@id":"https:\/\/www.gesmujer.org\/sitio\/#\/schema\/logo\/image\/"},"sameAs":["https:\/\/www.facebook.com\/gesmujer.rosario.castellanos.ac","https:\/\/x.com\/GES_Mujer","https:\/\/www.instagram.com\/ges_mujer\/?hl=es","https:\/\/www.youtube.com\/c\/GESMujerRosarioCastellanos\/videos","https:\/\/soundcloud.com\/gesmujerac","https:\/\/www.tiktok.com\/@gesmujer"]}]}},"campaignId":"","_links":{"self":[{"href":"https:\/\/www.gesmujer.org\/sitio\/wp-json\/wp\/v2\/pages\/32579","targetHints":{"allow":["GET"]}}],"collection":[{"href":"https:\/\/www.gesmujer.org\/sitio\/wp-json\/wp\/v2\/pages"}],"about":[{"href":"https:\/\/www.gesmujer.org\/sitio\/wp-json\/wp\/v2\/types\/page"}],"author":[{"embeddable":true,"href":"https:\/\/www.gesmujer.org\/sitio\/wp-json\/wp\/v2\/users\/4"}],"replies":[{"embeddable":true,"href":"https:\/\/www.gesmujer.org\/sitio\/wp-json\/wp\/v2\/comments?post=32579"}],"version-history":[{"count":0,"href":"https:\/\/www.gesmujer.org\/sitio\/wp-json\/wp\/v2\/pages\/32579\/revisions"}],"wp:attachment":[{"href":"https:\/\/www.gesmujer.org\/sitio\/wp-json\/wp\/v2\/media?parent=32579"}],"curies":[{"name":"wp","href":"https:\/\/api.w.org\/{rel}","templated":true}]}}