{"id":570,"date":"2014-02-21T13:00:15","date_gmt":"2014-02-21T19:00:15","guid":{"rendered":"http:\/\/www.gesmujer.org\/sitio\/?page_id=570"},"modified":"2014-02-21T13:19:29","modified_gmt":"2014-02-21T19:19:29","slug":"seminario-en-liderazgo-y-gestion-comunitaria","status":"publish","type":"page","link":"https:\/\/www.gesmujer.org\/sitio\/centro-de-capacitacion\/proyectos\/seminario-en-liderazgo-y-gestion-comunitaria\/","title":{"rendered":"Seminario en Liderazgo y Gesti\u00f3n Comunitaria"},"content":{"rendered":"<p style=\"text-align: center;\"><a href=\"http:\/\/www.gesmujer.org\/SITIO\/wp-content\/uploads\/\/2014\/02\/Captura-de-pantalla-2014-02-21-a-las-12.45.30.png\"><img decoding=\"async\" class=\" wp-image-572 aligncenter\" alt=\"Participantes del Seminario en Liderazgo y Gesti\u00f3n Comunitaria\" src=\"http:\/\/www.gesmujer.org\/SITIO\/wp-content\/uploads\/\/2014\/02\/Captura-de-pantalla-2014-02-21-a-las-12.45.30-300x169.png\" width=\"270\" height=\"152\" srcset=\"https:\/\/www.gesmujer.org\/sitio\/wp-content\/uploads\/2014\/02\/Captura-de-pantalla-2014-02-21-a-las-12.45.30-300x169.png 300w, https:\/\/www.gesmujer.org\/sitio\/wp-content\/uploads\/2014\/02\/Captura-de-pantalla-2014-02-21-a-las-12.45.30-1080x610.png 1080w, https:\/\/www.gesmujer.org\/sitio\/wp-content\/uploads\/2014\/02\/Captura-de-pantalla-2014-02-21-a-las-12.45.30-1024x577.png 1024w, https:\/\/www.gesmujer.org\/sitio\/wp-content\/uploads\/2014\/02\/Captura-de-pantalla-2014-02-21-a-las-12.45.30.png 1118w\" sizes=\"(max-width: 270px) 100vw, 270px\" \/><\/a><\/p>\n<p style=\"text-align: justify;\">El Grupo de Estudios sobre la Mujer \u201cRosario Castellanos\u201d A. C., realiz\u00f3 de\u00a0 junio a noviembre 2012,\u00a0 el \u201cSeminario de Liderazgo y Gesti\u00f3n Comunitaria\u201d, con la finalidad de\u00a0 fortalecer el liderazgo en mujeres j\u00f3venes de distintas comunidades ind\u00edgenas y afrodescendientes.<\/p>\n<p style=\"text-align: justify;\">A trav\u00e9s de sesiones mensuales intensivas, estas j\u00f3venes tuvieron la posibilidad de realizar \u00a0acciones en favor de las y los j\u00f3venes para que reconozcan la importancia de un ejercicio responsable de los derechos sexuales y reproductivos, lo que favorecer\u00e1 en la disminuci\u00f3n de embarazos no deseados, embarazos a temprana edad, abortos y riesgo de muerte materna.<\/p>\n","protected":false},"excerpt":{"rendered":"<p>El Grupo de Estudios sobre la Mujer \u201cRosario Castellanos\u201d A. C., realiz\u00f3 de\u00a0 junio a noviembre 2012,\u00a0 el \u201cSeminario de Liderazgo y Gesti\u00f3n Comunitaria\u201d, con la finalidad de\u00a0 fortalecer el liderazgo en mujeres j\u00f3venes de distintas comunidades ind\u00edgenas y afrodescendientes. A trav\u00e9s de sesiones mensuales intensivas, estas j\u00f3venes tuvieron la posibilidad de realizar \u00a0acciones en [&hellip;]<\/p>\n","protected":false},"author":4,"featured_media":571,"parent":52,"menu_order":0,"comment_status":"closed","ping_status":"open","template":"","meta":{"give_campaign_id":0,"footnotes":""},"class_list":["post-570","page","type-page","status-publish","has-post-thumbnail","hentry"],"yoast_head":"<!-- This site is optimized with the Yoast SEO plugin v27.4 - https:\/\/yoast.com\/product\/yoast-seo-wordpress\/ -->\n<title>Seminario en Liderazgo y Gesti\u00f3n Comunitaria - GESMujer &quot;Rosario Castellanos&quot;<\/title>\n<meta name=\"robots\" content=\"index, follow, max-snippet:-1, max-image-preview:large, max-video-preview:-1\" \/>\n<link rel=\"canonical\" href=\"https:\/\/www.gesmujer.org\/sitio\/centro-de-capacitacion\/proyectos\/seminario-en-liderazgo-y-gestion-comunitaria\/\" \/>\n<meta property=\"og:locale\" content=\"es_MX\" \/>\n<meta property=\"og:type\" content=\"article\" \/>\n<meta property=\"og:title\" content=\"Seminario en Liderazgo y Gesti\u00f3n Comunitaria - GESMujer &quot;Rosario Castellanos&quot;\" \/>\n<meta property=\"og:description\" content=\"El Grupo de Estudios sobre la Mujer \u201cRosario Castellanos\u201d A. C., realiz\u00f3 de\u00a0 junio a noviembre 2012,\u00a0 el \u201cSeminario de Liderazgo y Gesti\u00f3n Comunitaria\u201d, con la finalidad de\u00a0 fortalecer el liderazgo en mujeres j\u00f3venes de distintas comunidades ind\u00edgenas y afrodescendientes. A trav\u00e9s de sesiones mensuales intensivas, estas j\u00f3venes tuvieron la posibilidad de realizar \u00a0acciones en [&hellip;]\" \/>\n<meta property=\"og:url\" content=\"https:\/\/www.gesmujer.org\/sitio\/centro-de-capacitacion\/proyectos\/seminario-en-liderazgo-y-gestion-comunitaria\/\" \/>\n<meta property=\"og:site_name\" content=\"GESMujer &quot;Rosario Castellanos&quot;\" \/>\n<meta property=\"article:publisher\" content=\"https:\/\/www.facebook.com\/gesmujer.rosario.castellanos.ac\" \/>\n<meta property=\"article:modified_time\" content=\"2014-02-21T19:19:29+00:00\" \/>\n<meta property=\"og:image\" content=\"https:\/\/www.gesmujer.org\/sitio\/wp-content\/uploads\/2014\/02\/Captura-de-pantalla-2014-02-21-a-las-12.45.42.png\" \/>\n\t<meta property=\"og:image:width\" content=\"1056\" \/>\n\t<meta property=\"og:image:height\" content=\"616\" \/>\n\t<meta property=\"og:image:type\" content=\"image\/png\" \/>\n<meta name=\"twitter:card\" content=\"summary_large_image\" \/>\n<meta name=\"twitter:site\" content=\"@GES_Mujer\" \/>\n<meta name=\"twitter:label1\" content=\"Tiempo de lectura\" \/>\n\t<meta name=\"twitter:data1\" content=\"1 minuto\" \/>\n<script type=\"application\/ld+json\" class=\"yoast-schema-graph\">{\"@context\":\"https:\\\/\\\/schema.org\",\"@graph\":[{\"@type\":\"WebPage\",\"@id\":\"https:\\\/\\\/www.gesmujer.org\\\/sitio\\\/centro-de-capacitacion\\\/proyectos\\\/seminario-en-liderazgo-y-gestion-comunitaria\\\/\",\"url\":\"https:\\\/\\\/www.gesmujer.org\\\/sitio\\\/centro-de-capacitacion\\\/proyectos\\\/seminario-en-liderazgo-y-gestion-comunitaria\\\/\",\"name\":\"Seminario en Liderazgo y Gesti\u00f3n Comunitaria - GESMujer &quot;Rosario Castellanos&quot;\",\"isPartOf\":{\"@id\":\"https:\\\/\\\/www.gesmujer.org\\\/sitio\\\/#website\"},\"primaryImageOfPage\":{\"@id\":\"https:\\\/\\\/www.gesmujer.org\\\/sitio\\\/centro-de-capacitacion\\\/proyectos\\\/seminario-en-liderazgo-y-gestion-comunitaria\\\/#primaryimage\"},\"image\":{\"@id\":\"https:\\\/\\\/www.gesmujer.org\\\/sitio\\\/centro-de-capacitacion\\\/proyectos\\\/seminario-en-liderazgo-y-gestion-comunitaria\\\/#primaryimage\"},\"thumbnailUrl\":\"https:\\\/\\\/www.gesmujer.org\\\/sitio\\\/wp-content\\\/uploads\\\/2014\\\/02\\\/Captura-de-pantalla-2014-02-21-a-las-12.45.42.png\",\"datePublished\":\"2014-02-21T19:00:15+00:00\",\"dateModified\":\"2014-02-21T19:19:29+00:00\",\"breadcrumb\":{\"@id\":\"https:\\\/\\\/www.gesmujer.org\\\/sitio\\\/centro-de-capacitacion\\\/proyectos\\\/seminario-en-liderazgo-y-gestion-comunitaria\\\/#breadcrumb\"},\"inLanguage\":\"es\",\"potentialAction\":[{\"@type\":\"ReadAction\",\"target\":[\"https:\\\/\\\/www.gesmujer.org\\\/sitio\\\/centro-de-capacitacion\\\/proyectos\\\/seminario-en-liderazgo-y-gestion-comunitaria\\\/\"]}]},{\"@type\":\"ImageObject\",\"inLanguage\":\"es\",\"@id\":\"https:\\\/\\\/www.gesmujer.org\\\/sitio\\\/centro-de-capacitacion\\\/proyectos\\\/seminario-en-liderazgo-y-gestion-comunitaria\\\/#primaryimage\",\"url\":\"https:\\\/\\\/www.gesmujer.org\\\/sitio\\\/wp-content\\\/uploads\\\/2014\\\/02\\\/Captura-de-pantalla-2014-02-21-a-las-12.45.42.png\",\"contentUrl\":\"https:\\\/\\\/www.gesmujer.org\\\/sitio\\\/wp-content\\\/uploads\\\/2014\\\/02\\\/Captura-de-pantalla-2014-02-21-a-las-12.45.42.png\",\"width\":1056,\"height\":616},{\"@type\":\"BreadcrumbList\",\"@id\":\"https:\\\/\\\/www.gesmujer.org\\\/sitio\\\/centro-de-capacitacion\\\/proyectos\\\/seminario-en-liderazgo-y-gestion-comunitaria\\\/#breadcrumb\",\"itemListElement\":[{\"@type\":\"ListItem\",\"position\":1,\"name\":\"Home\",\"item\":\"https:\\\/\\\/www.gesmujer.org\\\/sitio\\\/\"},{\"@type\":\"ListItem\",\"position\":2,\"name\":\"Centro de Capacitaci\u00f3n\",\"item\":\"https:\\\/\\\/www.gesmujer.org\\\/sitio\\\/centro-de-capacitacion\\\/\"},{\"@type\":\"ListItem\",\"position\":3,\"name\":\"Proyectos\",\"item\":\"https:\\\/\\\/www.gesmujer.org\\\/sitio\\\/centro-de-capacitacion\\\/proyectos\\\/\"},{\"@type\":\"ListItem\",\"position\":4,\"name\":\"Seminario en Liderazgo y Gesti\u00f3n Comunitaria\"}]},{\"@type\":\"WebSite\",\"@id\":\"https:\\\/\\\/www.gesmujer.org\\\/sitio\\\/#website\",\"url\":\"https:\\\/\\\/www.gesmujer.org\\\/sitio\\\/\",\"name\":\"GESMujer \\\"Rosario Castellanos\\\"\",\"description\":\"M\u00e1s de 45 a\u00f1os ha llevado a cabo acciones para erradicar la violencia de g\u00e9nero y construir entornos donde las mujeres encuentren su resiliencia, incrementen su agencia y autonom\u00eda que les permita lograr su empoderamiento a trav\u00e9s de cinco l\u00edneas de acci\u00f3n.\",\"publisher\":{\"@id\":\"https:\\\/\\\/www.gesmujer.org\\\/sitio\\\/#organization\"},\"alternateName\":\"GESMujer\",\"potentialAction\":[{\"@type\":\"SearchAction\",\"target\":{\"@type\":\"EntryPoint\",\"urlTemplate\":\"https:\\\/\\\/www.gesmujer.org\\\/sitio\\\/?s={search_term_string}\"},\"query-input\":{\"@type\":\"PropertyValueSpecification\",\"valueRequired\":true,\"valueName\":\"search_term_string\"}}],\"inLanguage\":\"es\"},{\"@type\":\"Organization\",\"@id\":\"https:\\\/\\\/www.gesmujer.org\\\/sitio\\\/#organization\",\"name\":\"Grupo de estudios sobre la mujer Rosario Castellanos ac\",\"alternateName\":\"GESMujer\",\"url\":\"https:\\\/\\\/www.gesmujer.org\\\/sitio\\\/\",\"logo\":{\"@type\":\"ImageObject\",\"inLanguage\":\"es\",\"@id\":\"https:\\\/\\\/www.gesmujer.org\\\/sitio\\\/#\\\/schema\\\/logo\\\/image\\\/\",\"url\":\"https:\\\/\\\/www.gesmujer.org\\\/sitio\\\/wp-content\\\/uploads\\\/2026\\\/03\\\/Logo-GESMujer-300.png\",\"contentUrl\":\"https:\\\/\\\/www.gesmujer.org\\\/sitio\\\/wp-content\\\/uploads\\\/2026\\\/03\\\/Logo-GESMujer-300.png\",\"width\":300,\"height\":141,\"caption\":\"Grupo de estudios sobre la mujer Rosario Castellanos ac\"},\"image\":{\"@id\":\"https:\\\/\\\/www.gesmujer.org\\\/sitio\\\/#\\\/schema\\\/logo\\\/image\\\/\"},\"sameAs\":[\"https:\\\/\\\/www.facebook.com\\\/gesmujer.rosario.castellanos.ac\",\"https:\\\/\\\/x.com\\\/GES_Mujer\",\"https:\\\/\\\/www.instagram.com\\\/ges_mujer\\\/?hl=es\",\"https:\\\/\\\/www.youtube.com\\\/c\\\/GESMujerRosarioCastellanos\\\/videos\",\"https:\\\/\\\/soundcloud.com\\\/gesmujerac\",\"https:\\\/\\\/www.tiktok.com\\\/@gesmujer\"]}]}<\/script>\n<!-- \/ Yoast SEO plugin. -->","yoast_head_json":{"title":"Seminario en Liderazgo y Gesti\u00f3n Comunitaria - GESMujer &quot;Rosario Castellanos&quot;","robots":{"index":"index","follow":"follow","max-snippet":"max-snippet:-1","max-image-preview":"max-image-preview:large","max-video-preview":"max-video-preview:-1"},"canonical":"https:\/\/www.gesmujer.org\/sitio\/centro-de-capacitacion\/proyectos\/seminario-en-liderazgo-y-gestion-comunitaria\/","og_locale":"es_MX","og_type":"article","og_title":"Seminario en Liderazgo y Gesti\u00f3n Comunitaria - GESMujer &quot;Rosario Castellanos&quot;","og_description":"El Grupo de Estudios sobre la Mujer \u201cRosario Castellanos\u201d A. C., realiz\u00f3 de\u00a0 junio a noviembre 2012,\u00a0 el \u201cSeminario de Liderazgo y Gesti\u00f3n Comunitaria\u201d, con la finalidad de\u00a0 fortalecer el liderazgo en mujeres j\u00f3venes de distintas comunidades ind\u00edgenas y afrodescendientes. A trav\u00e9s de sesiones mensuales intensivas, estas j\u00f3venes tuvieron la posibilidad de realizar \u00a0acciones en [&hellip;]","og_url":"https:\/\/www.gesmujer.org\/sitio\/centro-de-capacitacion\/proyectos\/seminario-en-liderazgo-y-gestion-comunitaria\/","og_site_name":"GESMujer &quot;Rosario Castellanos&quot;","article_publisher":"https:\/\/www.facebook.com\/gesmujer.rosario.castellanos.ac","article_modified_time":"2014-02-21T19:19:29+00:00","og_image":[{"width":1056,"height":616,"url":"https:\/\/www.gesmujer.org\/sitio\/wp-content\/uploads\/2014\/02\/Captura-de-pantalla-2014-02-21-a-las-12.45.42.png","type":"image\/png"}],"twitter_card":"summary_large_image","twitter_site":"@GES_Mujer","twitter_misc":{"Tiempo de lectura":"1 minuto"},"schema":{"@context":"https:\/\/schema.org","@graph":[{"@type":"WebPage","@id":"https:\/\/www.gesmujer.org\/sitio\/centro-de-capacitacion\/proyectos\/seminario-en-liderazgo-y-gestion-comunitaria\/","url":"https:\/\/www.gesmujer.org\/sitio\/centro-de-capacitacion\/proyectos\/seminario-en-liderazgo-y-gestion-comunitaria\/","name":"Seminario en Liderazgo y Gesti\u00f3n Comunitaria - GESMujer &quot;Rosario Castellanos&quot;","isPartOf":{"@id":"https:\/\/www.gesmujer.org\/sitio\/#website"},"primaryImageOfPage":{"@id":"https:\/\/www.gesmujer.org\/sitio\/centro-de-capacitacion\/proyectos\/seminario-en-liderazgo-y-gestion-comunitaria\/#primaryimage"},"image":{"@id":"https:\/\/www.gesmujer.org\/sitio\/centro-de-capacitacion\/proyectos\/seminario-en-liderazgo-y-gestion-comunitaria\/#primaryimage"},"thumbnailUrl":"https:\/\/www.gesmujer.org\/sitio\/wp-content\/uploads\/2014\/02\/Captura-de-pantalla-2014-02-21-a-las-12.45.42.png","datePublished":"2014-02-21T19:00:15+00:00","dateModified":"2014-02-21T19:19:29+00:00","breadcrumb":{"@id":"https:\/\/www.gesmujer.org\/sitio\/centro-de-capacitacion\/proyectos\/seminario-en-liderazgo-y-gestion-comunitaria\/#breadcrumb"},"inLanguage":"es","potentialAction":[{"@type":"ReadAction","target":["https:\/\/www.gesmujer.org\/sitio\/centro-de-capacitacion\/proyectos\/seminario-en-liderazgo-y-gestion-comunitaria\/"]}]},{"@type":"ImageObject","inLanguage":"es","@id":"https:\/\/www.gesmujer.org\/sitio\/centro-de-capacitacion\/proyectos\/seminario-en-liderazgo-y-gestion-comunitaria\/#primaryimage","url":"https:\/\/www.gesmujer.org\/sitio\/wp-content\/uploads\/2014\/02\/Captura-de-pantalla-2014-02-21-a-las-12.45.42.png","contentUrl":"https:\/\/www.gesmujer.org\/sitio\/wp-content\/uploads\/2014\/02\/Captura-de-pantalla-2014-02-21-a-las-12.45.42.png","width":1056,"height":616},{"@type":"BreadcrumbList","@id":"https:\/\/www.gesmujer.org\/sitio\/centro-de-capacitacion\/proyectos\/seminario-en-liderazgo-y-gestion-comunitaria\/#breadcrumb","itemListElement":[{"@type":"ListItem","position":1,"name":"Home","item":"https:\/\/www.gesmujer.org\/sitio\/"},{"@type":"ListItem","position":2,"name":"Centro de Capacitaci\u00f3n","item":"https:\/\/www.gesmujer.org\/sitio\/centro-de-capacitacion\/"},{"@type":"ListItem","position":3,"name":"Proyectos","item":"https:\/\/www.gesmujer.org\/sitio\/centro-de-capacitacion\/proyectos\/"},{"@type":"ListItem","position":4,"name":"Seminario en Liderazgo y Gesti\u00f3n Comunitaria"}]},{"@type":"WebSite","@id":"https:\/\/www.gesmujer.org\/sitio\/#website","url":"https:\/\/www.gesmujer.org\/sitio\/","name":"GESMujer \"Rosario Castellanos\"","description":"M\u00e1s de 45 a\u00f1os ha llevado a cabo acciones para erradicar la violencia de g\u00e9nero y construir entornos donde las mujeres encuentren su resiliencia, incrementen su agencia y autonom\u00eda que les permita lograr su empoderamiento a trav\u00e9s de cinco l\u00edneas de acci\u00f3n.","publisher":{"@id":"https:\/\/www.gesmujer.org\/sitio\/#organization"},"alternateName":"GESMujer","potentialAction":[{"@type":"SearchAction","target":{"@type":"EntryPoint","urlTemplate":"https:\/\/www.gesmujer.org\/sitio\/?s={search_term_string}"},"query-input":{"@type":"PropertyValueSpecification","valueRequired":true,"valueName":"search_term_string"}}],"inLanguage":"es"},{"@type":"Organization","@id":"https:\/\/www.gesmujer.org\/sitio\/#organization","name":"Grupo de estudios sobre la mujer Rosario Castellanos ac","alternateName":"GESMujer","url":"https:\/\/www.gesmujer.org\/sitio\/","logo":{"@type":"ImageObject","inLanguage":"es","@id":"https:\/\/www.gesmujer.org\/sitio\/#\/schema\/logo\/image\/","url":"https:\/\/www.gesmujer.org\/sitio\/wp-content\/uploads\/2026\/03\/Logo-GESMujer-300.png","contentUrl":"https:\/\/www.gesmujer.org\/sitio\/wp-content\/uploads\/2026\/03\/Logo-GESMujer-300.png","width":300,"height":141,"caption":"Grupo de estudios sobre la mujer Rosario Castellanos ac"},"image":{"@id":"https:\/\/www.gesmujer.org\/sitio\/#\/schema\/logo\/image\/"},"sameAs":["https:\/\/www.facebook.com\/gesmujer.rosario.castellanos.ac","https:\/\/x.com\/GES_Mujer","https:\/\/www.instagram.com\/ges_mujer\/?hl=es","https:\/\/www.youtube.com\/c\/GESMujerRosarioCastellanos\/videos","https:\/\/soundcloud.com\/gesmujerac","https:\/\/www.tiktok.com\/@gesmujer"]}]}},"campaignId":"","_links":{"self":[{"href":"https:\/\/www.gesmujer.org\/sitio\/wp-json\/wp\/v2\/pages\/570","targetHints":{"allow":["GET"]}}],"collection":[{"href":"https:\/\/www.gesmujer.org\/sitio\/wp-json\/wp\/v2\/pages"}],"about":[{"href":"https:\/\/www.gesmujer.org\/sitio\/wp-json\/wp\/v2\/types\/page"}],"author":[{"embeddable":true,"href":"https:\/\/www.gesmujer.org\/sitio\/wp-json\/wp\/v2\/users\/4"}],"replies":[{"embeddable":true,"href":"https:\/\/www.gesmujer.org\/sitio\/wp-json\/wp\/v2\/comments?post=570"}],"version-history":[{"count":3,"href":"https:\/\/www.gesmujer.org\/sitio\/wp-json\/wp\/v2\/pages\/570\/revisions"}],"predecessor-version":[{"id":576,"href":"https:\/\/www.gesmujer.org\/sitio\/wp-json\/wp\/v2\/pages\/570\/revisions\/576"}],"up":[{"embeddable":true,"href":"https:\/\/www.gesmujer.org\/sitio\/wp-json\/wp\/v2\/pages\/52"}],"wp:featuredmedia":[{"embeddable":true,"href":"https:\/\/www.gesmujer.org\/sitio\/wp-json\/wp\/v2\/media\/571"}],"wp:attachment":[{"href":"https:\/\/www.gesmujer.org\/sitio\/wp-json\/wp\/v2\/media?parent=570"}],"curies":[{"name":"wp","href":"https:\/\/api.w.org\/{rel}","templated":true}]}}