{"id":626,"date":"2014-03-01T11:38:51","date_gmt":"2014-03-01T17:38:51","guid":{"rendered":"http:\/\/www.gesmujer.org\/sitio\/?page_id=626"},"modified":"2014-03-13T11:41:57","modified_gmt":"2014-03-13T17:41:57","slug":"el-abc-de-la-lider-comunitaria-entrelazando-saberes-por-zenaida-perez","status":"publish","type":"page","link":"https:\/\/www.gesmujer.org\/sitio\/centro-de-capacitacion\/guia-abc-2\/el-abc-de-la-lider-comunitaria-entrelazando-saberes-por-zenaida-perez\/","title":{"rendered":"\u201cEl abc de la l\u00edder comunitaria: entrelazando saberes\u201d. Por Zenaida P\u00e9rez"},"content":{"rendered":"<p style=\"text-align: justify;\">Quiero agradecer a Ximena y a todo el equipo de la Casa por darme la oportunidad de expresar mis ideas en este espacio, al tiempo que ofrezco disculpas por no estar presente f\u00edsicamente. Quise compartir este escrito porque no quer\u00eda dejar pasar esta oportunidad para saludarlas, y sobre todo para expresar mi reconocimiento por las grandiosas presentadoras que hoy engalanan el evento.<\/p>\n<p style=\"text-align: justify;\">Y entrando de lleno a la materia expreso:<\/p>\n<p style=\"text-align: justify;\">De las tantas series de talleres en que hemos participado, donde hemos sido alumnas, a veces tambi\u00e9n facilitadoras. En esos espacios donde se entrelazan ideas sobre el g\u00e9nero, las mujeres, los derechos, en fin. Donde en cada sesi\u00f3n regresa la pregunta \u00bfC\u00f3mo hacer que m\u00e1s personas se interesen en este tema? \u00bfC\u00f3mo trabajar con perspectiva de g\u00e9nero?<\/p>\n<p style=\"text-align: justify;\">La respuesta parece sencilla. Aprovechando la ocasi\u00f3n les comparto mi testimonio. Soy mujer mixe, hablante de mi idioma, entonces cuando una vez pregunt\u00e9 a un ling\u00fcista ayuujk, \u00bfc\u00f3mo puedo aprender a escribir el mixe si no se hacerlo? A lo que claro\u00a0 y sencillamente me respondi\u00f3: pues escribiendo.<\/p>\n<p style=\"text-align: justify;\">Entonces me parece que la respuesta aplica tambi\u00e9n para el tema que nos ocupa. Ante la pregunta \u00bfc\u00f3mo la gente puede aprender a trabajar con perspectiva de g\u00e9nero? \u00bfC\u00f3mo pueden aprender a respetar a las mujeres? Pues haci\u00e9ndolo, No hay m\u00e1s. Pero para hacerlo, necesitamos de herramientas, de gu\u00edas, ideas, saberes, experiencias de personas que nos han antecedido en el andar, o quienes hoy comparten nuestro caminar.<\/p>\n<p style=\"text-align: justify;\">A esta necesidad responde la presente gu\u00eda. A esos primeros pasos contribuye el <i>\u201cEl abc de la l\u00edder comunitaria: entrelazando saberes\u201d.<\/i> Porque lo hace as\u00ed platicadito, tal como vivimos y convivimos en nuestras comunidades. Lo hace as\u00ed vivencial, testimonial. Adem\u00e1s lo hace desde lo local, pero sobre todo lo hace desde la visi\u00f3n y experiencia de las mujeres, desde las mujeres j\u00f3venes que comienzan a andar este camino de las gafas violetas como mencionan las ancestras en el tema.<\/p>\n<p style=\"text-align: justify;\"><i>\u201cEl abc de la l\u00edder comunitaria: entrelazando saberes\u201d.<\/i> Contiene diversos temas, que van desde los que hablan a favor de la Igualdad y Equidad de G\u00e9nero; la Salud y los Derechos Sexuales y Reproductivos; la Prevenci\u00f3n de la violencia durante el Noviazgo, el autocuidado y la Participaci\u00f3n y Gesti\u00f3n comunitaria. Temas que sirven de pretexto para compartir con las mujeres, sobre todo ind\u00edgenas, esta herramienta te\u00f3rico-pr\u00e1ctica para convocar, involucrar y accionar de mujeres, hombres, autoridades y l\u00edderes locales a trabajar a favor de valorar el ser y aporte de las mujeres en la vida comunitaria.<\/p>\n<p style=\"text-align: justify;\">Trabajar un documento que involucre dos perspectivas, la de g\u00e9nero e interculturalidad, es todo un desaf\u00edo. Tal vez por la experiencia \u00a0acumulada se facilita m\u00e1s desarrollar la perspectiva de g\u00e9nero en los contenidos, que parece que en ocasiones rebasa a la perspectiva intercultural, \u00e9sta \u00faltima, se construye desde el trabajo en equipo, desde la diversidad de perspectivas, creencias, de modos de ser y de concebir el mundo. En ese proceso me involucr\u00e9 y contribu\u00ed.<\/p>\n<p style=\"text-align: justify;\">Desde mi ser es de total agrado ver materializado un documento donde participamos muchas, donde las del Seminario y Diplomado de Liderazgo y Gesti\u00f3n comunitaria, y las de los diversos programas que maneja el GESMujer, aportaron su granito de arena para dar contenido a cada palabra a cada cap\u00edtulo, a cada saber contenido en el libro. Y donde nosotras, las que hoy nos toca acompa\u00f1ar, tambi\u00e9n aportamos nuestra mirada, nuestra experiencia, Donde quienes nos guiaron, tomaron en cuenta nuestra palabra y le dieron valor.<\/p>\n<p style=\"text-align: justify;\">Por esta contribuci\u00f3n al trabajo local de las mujeres, mis reconocimientos al equipo coordinador, porque para dar esos primeros pasos en el tema desde la comunidad, necesitamos m\u00ednimamente saber c\u00f3mo se estructura un taller, c\u00f3mo se da un mensaje de bienvenida, c\u00f3mo se pueden abordar ciertos temas que parecen dif\u00edciles de desarrollar en los ambientes de comunidad.<\/p>\n<p style=\"text-align: justify;\">Por ello desde mi perspectiva esta Gu\u00eda posee gran valor, porque es una herramienta metodol\u00f3gica que nos comparte una carta program\u00e1tica, as\u00ed como tips para desarrollar las reflexiones en un taller, para no dejar esas reflexiones solamente en el grupo, sino para abrirlas a la poblaci\u00f3n en general, incluso a trav\u00e9s de formatos radiof\u00f3nicos, respetando esa tradici\u00f3n oral para transmitir conocimiento desde las comunidades.<\/p>\n<p style=\"text-align: justify;\">Aprovechemos entonces todos los medios a nuestro alcance para compartir estos saberes, desde el escribir, el leer, el redactar\u00a0 y el hablar. Desde mi rol les mandar\u00e9 mis saludos desde la radio. En hora buena y felicitaciones a todas por generar este conocimiento desde lo local, desde las ind\u00edgenas. Muchas gracias por escuchar.<\/p>\n<p style=\"text-align: justify;\">Discurso le\u00eddo durante la presentaci\u00f3n de la Gu\u00eda &#8220;El abc de la l\u00edder comunitaria: entrelazando saberes&#8221;. 28 de febrero del 2014<\/p>\n","protected":false},"excerpt":{"rendered":"<p>Quiero agradecer a Ximena y a todo el equipo de la Casa por darme la oportunidad de expresar mis ideas en este espacio, al tiempo que ofrezco disculpas por no estar presente f\u00edsicamente. Quise compartir este escrito porque no quer\u00eda dejar pasar esta oportunidad para saludarlas, y sobre todo para expresar mi reconocimiento por las [&hellip;]<\/p>\n","protected":false},"author":4,"featured_media":627,"parent":623,"menu_order":0,"comment_status":"closed","ping_status":"open","template":"","meta":{"give_campaign_id":0,"footnotes":""},"class_list":["post-626","page","type-page","status-publish","has-post-thumbnail","hentry"],"yoast_head":"<!-- This site is optimized with the Yoast SEO plugin v27.4 - https:\/\/yoast.com\/product\/yoast-seo-wordpress\/ -->\n<title>\u201cEl abc de la l\u00edder comunitaria: entrelazando saberes\u201d. Por Zenaida P\u00e9rez - GESMujer &quot;Rosario Castellanos&quot;<\/title>\n<meta name=\"robots\" content=\"index, follow, max-snippet:-1, max-image-preview:large, max-video-preview:-1\" \/>\n<link rel=\"canonical\" href=\"https:\/\/www.gesmujer.org\/sitio\/centro-de-capacitacion\/guia-abc-2\/el-abc-de-la-lider-comunitaria-entrelazando-saberes-por-zenaida-perez\/\" \/>\n<meta property=\"og:locale\" content=\"es_MX\" \/>\n<meta property=\"og:type\" content=\"article\" \/>\n<meta property=\"og:title\" content=\"\u201cEl abc de la l\u00edder comunitaria: entrelazando saberes\u201d. Por Zenaida P\u00e9rez - GESMujer &quot;Rosario Castellanos&quot;\" \/>\n<meta property=\"og:description\" content=\"Quiero agradecer a Ximena y a todo el equipo de la Casa por darme la oportunidad de expresar mis ideas en este espacio, al tiempo que ofrezco disculpas por no estar presente f\u00edsicamente. Quise compartir este escrito porque no quer\u00eda dejar pasar esta oportunidad para saludarlas, y sobre todo para expresar mi reconocimiento por las [&hellip;]\" \/>\n<meta property=\"og:url\" content=\"https:\/\/www.gesmujer.org\/sitio\/centro-de-capacitacion\/guia-abc-2\/el-abc-de-la-lider-comunitaria-entrelazando-saberes-por-zenaida-perez\/\" \/>\n<meta property=\"og:site_name\" content=\"GESMujer &quot;Rosario Castellanos&quot;\" \/>\n<meta property=\"article:publisher\" content=\"https:\/\/www.facebook.com\/gesmujer.rosario.castellanos.ac\" \/>\n<meta property=\"article:modified_time\" content=\"2014-03-13T17:41:57+00:00\" \/>\n<meta property=\"og:image\" content=\"https:\/\/www.gesmujer.org\/sitio\/wp-content\/uploads\/2014\/03\/IMG_0110-e1394732232111-scaled.jpg\" \/>\n\t<meta property=\"og:image:width\" content=\"2560\" \/>\n\t<meta property=\"og:image:height\" content=\"1707\" \/>\n\t<meta property=\"og:image:type\" content=\"image\/jpeg\" \/>\n<meta name=\"twitter:card\" content=\"summary_large_image\" \/>\n<meta name=\"twitter:site\" content=\"@GES_Mujer\" \/>\n<meta name=\"twitter:label1\" content=\"Tiempo de lectura\" \/>\n\t<meta name=\"twitter:data1\" content=\"4 minutos\" \/>\n<script type=\"application\/ld+json\" class=\"yoast-schema-graph\">{\"@context\":\"https:\\\/\\\/schema.org\",\"@graph\":[{\"@type\":\"WebPage\",\"@id\":\"https:\\\/\\\/www.gesmujer.org\\\/sitio\\\/centro-de-capacitacion\\\/guia-abc-2\\\/el-abc-de-la-lider-comunitaria-entrelazando-saberes-por-zenaida-perez\\\/\",\"url\":\"https:\\\/\\\/www.gesmujer.org\\\/sitio\\\/centro-de-capacitacion\\\/guia-abc-2\\\/el-abc-de-la-lider-comunitaria-entrelazando-saberes-por-zenaida-perez\\\/\",\"name\":\"\u201cEl abc de la l\u00edder comunitaria: entrelazando saberes\u201d. Por Zenaida P\u00e9rez - GESMujer &quot;Rosario Castellanos&quot;\",\"isPartOf\":{\"@id\":\"https:\\\/\\\/www.gesmujer.org\\\/sitio\\\/#website\"},\"primaryImageOfPage\":{\"@id\":\"https:\\\/\\\/www.gesmujer.org\\\/sitio\\\/centro-de-capacitacion\\\/guia-abc-2\\\/el-abc-de-la-lider-comunitaria-entrelazando-saberes-por-zenaida-perez\\\/#primaryimage\"},\"image\":{\"@id\":\"https:\\\/\\\/www.gesmujer.org\\\/sitio\\\/centro-de-capacitacion\\\/guia-abc-2\\\/el-abc-de-la-lider-comunitaria-entrelazando-saberes-por-zenaida-perez\\\/#primaryimage\"},\"thumbnailUrl\":\"https:\\\/\\\/www.gesmujer.org\\\/sitio\\\/wp-content\\\/uploads\\\/2014\\\/03\\\/IMG_0110-e1394732232111-scaled.jpg\",\"datePublished\":\"2014-03-01T17:38:51+00:00\",\"dateModified\":\"2014-03-13T17:41:57+00:00\",\"breadcrumb\":{\"@id\":\"https:\\\/\\\/www.gesmujer.org\\\/sitio\\\/centro-de-capacitacion\\\/guia-abc-2\\\/el-abc-de-la-lider-comunitaria-entrelazando-saberes-por-zenaida-perez\\\/#breadcrumb\"},\"inLanguage\":\"es\",\"potentialAction\":[{\"@type\":\"ReadAction\",\"target\":[\"https:\\\/\\\/www.gesmujer.org\\\/sitio\\\/centro-de-capacitacion\\\/guia-abc-2\\\/el-abc-de-la-lider-comunitaria-entrelazando-saberes-por-zenaida-perez\\\/\"]}]},{\"@type\":\"ImageObject\",\"inLanguage\":\"es\",\"@id\":\"https:\\\/\\\/www.gesmujer.org\\\/sitio\\\/centro-de-capacitacion\\\/guia-abc-2\\\/el-abc-de-la-lider-comunitaria-entrelazando-saberes-por-zenaida-perez\\\/#primaryimage\",\"url\":\"https:\\\/\\\/www.gesmujer.org\\\/sitio\\\/wp-content\\\/uploads\\\/2014\\\/03\\\/IMG_0110-e1394732232111-scaled.jpg\",\"contentUrl\":\"https:\\\/\\\/www.gesmujer.org\\\/sitio\\\/wp-content\\\/uploads\\\/2014\\\/03\\\/IMG_0110-e1394732232111-scaled.jpg\",\"width\":2560,\"height\":1707},{\"@type\":\"BreadcrumbList\",\"@id\":\"https:\\\/\\\/www.gesmujer.org\\\/sitio\\\/centro-de-capacitacion\\\/guia-abc-2\\\/el-abc-de-la-lider-comunitaria-entrelazando-saberes-por-zenaida-perez\\\/#breadcrumb\",\"itemListElement\":[{\"@type\":\"ListItem\",\"position\":1,\"name\":\"Home\",\"item\":\"https:\\\/\\\/www.gesmujer.org\\\/sitio\\\/\"},{\"@type\":\"ListItem\",\"position\":2,\"name\":\"Centro de Capacitaci\u00f3n\",\"item\":\"https:\\\/\\\/www.gesmujer.org\\\/sitio\\\/centro-de-capacitacion\\\/\"},{\"@type\":\"ListItem\",\"position\":3,\"name\":\"Gu\u00eda ABC\",\"item\":\"https:\\\/\\\/www.gesmujer.org\\\/sitio\\\/centro-de-capacitacion\\\/guia-abc-2\\\/\"},{\"@type\":\"ListItem\",\"position\":4,\"name\":\"\u201cEl abc de la l\u00edder comunitaria: entrelazando saberes\u201d. Por Zenaida P\u00e9rez\"}]},{\"@type\":\"WebSite\",\"@id\":\"https:\\\/\\\/www.gesmujer.org\\\/sitio\\\/#website\",\"url\":\"https:\\\/\\\/www.gesmujer.org\\\/sitio\\\/\",\"name\":\"GESMujer \\\"Rosario Castellanos\\\"\",\"description\":\"M\u00e1s de 45 a\u00f1os ha llevado a cabo acciones para erradicar la violencia de g\u00e9nero y construir entornos donde las mujeres encuentren su resiliencia, incrementen su agencia y autonom\u00eda que les permita lograr su empoderamiento a trav\u00e9s de cinco l\u00edneas de acci\u00f3n.\",\"publisher\":{\"@id\":\"https:\\\/\\\/www.gesmujer.org\\\/sitio\\\/#organization\"},\"alternateName\":\"GESMujer\",\"potentialAction\":[{\"@type\":\"SearchAction\",\"target\":{\"@type\":\"EntryPoint\",\"urlTemplate\":\"https:\\\/\\\/www.gesmujer.org\\\/sitio\\\/?s={search_term_string}\"},\"query-input\":{\"@type\":\"PropertyValueSpecification\",\"valueRequired\":true,\"valueName\":\"search_term_string\"}}],\"inLanguage\":\"es\"},{\"@type\":\"Organization\",\"@id\":\"https:\\\/\\\/www.gesmujer.org\\\/sitio\\\/#organization\",\"name\":\"Grupo de estudios sobre la mujer Rosario Castellanos ac\",\"alternateName\":\"GESMujer\",\"url\":\"https:\\\/\\\/www.gesmujer.org\\\/sitio\\\/\",\"logo\":{\"@type\":\"ImageObject\",\"inLanguage\":\"es\",\"@id\":\"https:\\\/\\\/www.gesmujer.org\\\/sitio\\\/#\\\/schema\\\/logo\\\/image\\\/\",\"url\":\"https:\\\/\\\/www.gesmujer.org\\\/sitio\\\/wp-content\\\/uploads\\\/2026\\\/03\\\/Logo-GESMujer-300.png\",\"contentUrl\":\"https:\\\/\\\/www.gesmujer.org\\\/sitio\\\/wp-content\\\/uploads\\\/2026\\\/03\\\/Logo-GESMujer-300.png\",\"width\":300,\"height\":141,\"caption\":\"Grupo de estudios sobre la mujer Rosario Castellanos ac\"},\"image\":{\"@id\":\"https:\\\/\\\/www.gesmujer.org\\\/sitio\\\/#\\\/schema\\\/logo\\\/image\\\/\"},\"sameAs\":[\"https:\\\/\\\/www.facebook.com\\\/gesmujer.rosario.castellanos.ac\",\"https:\\\/\\\/x.com\\\/GES_Mujer\",\"https:\\\/\\\/www.instagram.com\\\/ges_mujer\\\/?hl=es\",\"https:\\\/\\\/www.youtube.com\\\/c\\\/GESMujerRosarioCastellanos\\\/videos\",\"https:\\\/\\\/soundcloud.com\\\/gesmujerac\",\"https:\\\/\\\/www.tiktok.com\\\/@gesmujer\"]}]}<\/script>\n<!-- \/ Yoast SEO plugin. -->","yoast_head_json":{"title":"\u201cEl abc de la l\u00edder comunitaria: entrelazando saberes\u201d. Por Zenaida P\u00e9rez - GESMujer &quot;Rosario Castellanos&quot;","robots":{"index":"index","follow":"follow","max-snippet":"max-snippet:-1","max-image-preview":"max-image-preview:large","max-video-preview":"max-video-preview:-1"},"canonical":"https:\/\/www.gesmujer.org\/sitio\/centro-de-capacitacion\/guia-abc-2\/el-abc-de-la-lider-comunitaria-entrelazando-saberes-por-zenaida-perez\/","og_locale":"es_MX","og_type":"article","og_title":"\u201cEl abc de la l\u00edder comunitaria: entrelazando saberes\u201d. Por Zenaida P\u00e9rez - GESMujer &quot;Rosario Castellanos&quot;","og_description":"Quiero agradecer a Ximena y a todo el equipo de la Casa por darme la oportunidad de expresar mis ideas en este espacio, al tiempo que ofrezco disculpas por no estar presente f\u00edsicamente. Quise compartir este escrito porque no quer\u00eda dejar pasar esta oportunidad para saludarlas, y sobre todo para expresar mi reconocimiento por las [&hellip;]","og_url":"https:\/\/www.gesmujer.org\/sitio\/centro-de-capacitacion\/guia-abc-2\/el-abc-de-la-lider-comunitaria-entrelazando-saberes-por-zenaida-perez\/","og_site_name":"GESMujer &quot;Rosario Castellanos&quot;","article_publisher":"https:\/\/www.facebook.com\/gesmujer.rosario.castellanos.ac","article_modified_time":"2014-03-13T17:41:57+00:00","og_image":[{"width":2560,"height":1707,"url":"https:\/\/www.gesmujer.org\/sitio\/wp-content\/uploads\/2014\/03\/IMG_0110-e1394732232111-scaled.jpg","type":"image\/jpeg"}],"twitter_card":"summary_large_image","twitter_site":"@GES_Mujer","twitter_misc":{"Tiempo de lectura":"4 minutos"},"schema":{"@context":"https:\/\/schema.org","@graph":[{"@type":"WebPage","@id":"https:\/\/www.gesmujer.org\/sitio\/centro-de-capacitacion\/guia-abc-2\/el-abc-de-la-lider-comunitaria-entrelazando-saberes-por-zenaida-perez\/","url":"https:\/\/www.gesmujer.org\/sitio\/centro-de-capacitacion\/guia-abc-2\/el-abc-de-la-lider-comunitaria-entrelazando-saberes-por-zenaida-perez\/","name":"\u201cEl abc de la l\u00edder comunitaria: entrelazando saberes\u201d. Por Zenaida P\u00e9rez - GESMujer &quot;Rosario Castellanos&quot;","isPartOf":{"@id":"https:\/\/www.gesmujer.org\/sitio\/#website"},"primaryImageOfPage":{"@id":"https:\/\/www.gesmujer.org\/sitio\/centro-de-capacitacion\/guia-abc-2\/el-abc-de-la-lider-comunitaria-entrelazando-saberes-por-zenaida-perez\/#primaryimage"},"image":{"@id":"https:\/\/www.gesmujer.org\/sitio\/centro-de-capacitacion\/guia-abc-2\/el-abc-de-la-lider-comunitaria-entrelazando-saberes-por-zenaida-perez\/#primaryimage"},"thumbnailUrl":"https:\/\/www.gesmujer.org\/sitio\/wp-content\/uploads\/2014\/03\/IMG_0110-e1394732232111-scaled.jpg","datePublished":"2014-03-01T17:38:51+00:00","dateModified":"2014-03-13T17:41:57+00:00","breadcrumb":{"@id":"https:\/\/www.gesmujer.org\/sitio\/centro-de-capacitacion\/guia-abc-2\/el-abc-de-la-lider-comunitaria-entrelazando-saberes-por-zenaida-perez\/#breadcrumb"},"inLanguage":"es","potentialAction":[{"@type":"ReadAction","target":["https:\/\/www.gesmujer.org\/sitio\/centro-de-capacitacion\/guia-abc-2\/el-abc-de-la-lider-comunitaria-entrelazando-saberes-por-zenaida-perez\/"]}]},{"@type":"ImageObject","inLanguage":"es","@id":"https:\/\/www.gesmujer.org\/sitio\/centro-de-capacitacion\/guia-abc-2\/el-abc-de-la-lider-comunitaria-entrelazando-saberes-por-zenaida-perez\/#primaryimage","url":"https:\/\/www.gesmujer.org\/sitio\/wp-content\/uploads\/2014\/03\/IMG_0110-e1394732232111-scaled.jpg","contentUrl":"https:\/\/www.gesmujer.org\/sitio\/wp-content\/uploads\/2014\/03\/IMG_0110-e1394732232111-scaled.jpg","width":2560,"height":1707},{"@type":"BreadcrumbList","@id":"https:\/\/www.gesmujer.org\/sitio\/centro-de-capacitacion\/guia-abc-2\/el-abc-de-la-lider-comunitaria-entrelazando-saberes-por-zenaida-perez\/#breadcrumb","itemListElement":[{"@type":"ListItem","position":1,"name":"Home","item":"https:\/\/www.gesmujer.org\/sitio\/"},{"@type":"ListItem","position":2,"name":"Centro de Capacitaci\u00f3n","item":"https:\/\/www.gesmujer.org\/sitio\/centro-de-capacitacion\/"},{"@type":"ListItem","position":3,"name":"Gu\u00eda ABC","item":"https:\/\/www.gesmujer.org\/sitio\/centro-de-capacitacion\/guia-abc-2\/"},{"@type":"ListItem","position":4,"name":"\u201cEl abc de la l\u00edder comunitaria: entrelazando saberes\u201d. Por Zenaida P\u00e9rez"}]},{"@type":"WebSite","@id":"https:\/\/www.gesmujer.org\/sitio\/#website","url":"https:\/\/www.gesmujer.org\/sitio\/","name":"GESMujer \"Rosario Castellanos\"","description":"M\u00e1s de 45 a\u00f1os ha llevado a cabo acciones para erradicar la violencia de g\u00e9nero y construir entornos donde las mujeres encuentren su resiliencia, incrementen su agencia y autonom\u00eda que les permita lograr su empoderamiento a trav\u00e9s de cinco l\u00edneas de acci\u00f3n.","publisher":{"@id":"https:\/\/www.gesmujer.org\/sitio\/#organization"},"alternateName":"GESMujer","potentialAction":[{"@type":"SearchAction","target":{"@type":"EntryPoint","urlTemplate":"https:\/\/www.gesmujer.org\/sitio\/?s={search_term_string}"},"query-input":{"@type":"PropertyValueSpecification","valueRequired":true,"valueName":"search_term_string"}}],"inLanguage":"es"},{"@type":"Organization","@id":"https:\/\/www.gesmujer.org\/sitio\/#organization","name":"Grupo de estudios sobre la mujer Rosario Castellanos ac","alternateName":"GESMujer","url":"https:\/\/www.gesmujer.org\/sitio\/","logo":{"@type":"ImageObject","inLanguage":"es","@id":"https:\/\/www.gesmujer.org\/sitio\/#\/schema\/logo\/image\/","url":"https:\/\/www.gesmujer.org\/sitio\/wp-content\/uploads\/2026\/03\/Logo-GESMujer-300.png","contentUrl":"https:\/\/www.gesmujer.org\/sitio\/wp-content\/uploads\/2026\/03\/Logo-GESMujer-300.png","width":300,"height":141,"caption":"Grupo de estudios sobre la mujer Rosario Castellanos ac"},"image":{"@id":"https:\/\/www.gesmujer.org\/sitio\/#\/schema\/logo\/image\/"},"sameAs":["https:\/\/www.facebook.com\/gesmujer.rosario.castellanos.ac","https:\/\/x.com\/GES_Mujer","https:\/\/www.instagram.com\/ges_mujer\/?hl=es","https:\/\/www.youtube.com\/c\/GESMujerRosarioCastellanos\/videos","https:\/\/soundcloud.com\/gesmujerac","https:\/\/www.tiktok.com\/@gesmujer"]}]}},"campaignId":"","_links":{"self":[{"href":"https:\/\/www.gesmujer.org\/sitio\/wp-json\/wp\/v2\/pages\/626","targetHints":{"allow":["GET"]}}],"collection":[{"href":"https:\/\/www.gesmujer.org\/sitio\/wp-json\/wp\/v2\/pages"}],"about":[{"href":"https:\/\/www.gesmujer.org\/sitio\/wp-json\/wp\/v2\/types\/page"}],"author":[{"embeddable":true,"href":"https:\/\/www.gesmujer.org\/sitio\/wp-json\/wp\/v2\/users\/4"}],"replies":[{"embeddable":true,"href":"https:\/\/www.gesmujer.org\/sitio\/wp-json\/wp\/v2\/comments?post=626"}],"version-history":[{"count":1,"href":"https:\/\/www.gesmujer.org\/sitio\/wp-json\/wp\/v2\/pages\/626\/revisions"}],"predecessor-version":[{"id":628,"href":"https:\/\/www.gesmujer.org\/sitio\/wp-json\/wp\/v2\/pages\/626\/revisions\/628"}],"up":[{"embeddable":true,"href":"https:\/\/www.gesmujer.org\/sitio\/wp-json\/wp\/v2\/pages\/623"}],"wp:featuredmedia":[{"embeddable":true,"href":"https:\/\/www.gesmujer.org\/sitio\/wp-json\/wp\/v2\/media\/627"}],"wp:attachment":[{"href":"https:\/\/www.gesmujer.org\/sitio\/wp-json\/wp\/v2\/media?parent=626"}],"curies":[{"name":"wp","href":"https:\/\/api.w.org\/{rel}","templated":true}]}}