{"id":636,"date":"2014-03-01T11:52:33","date_gmt":"2014-03-01T17:52:33","guid":{"rendered":"http:\/\/www.gesmujer.org\/sitio\/?page_id=636"},"modified":"2014-03-13T12:02:43","modified_gmt":"2014-03-13T18:02:43","slug":"el-abc-de-la-lider-comunitaria-entrelanzando-saberes-por-leticia-briseno","status":"publish","type":"page","link":"https:\/\/www.gesmujer.org\/sitio\/centro-de-capacitacion\/guia-abc-2\/el-abc-de-la-lider-comunitaria-entrelanzando-saberes-por-leticia-briseno\/","title":{"rendered":"&#8220;El abc de la l\u00edder comunitaria: entrelanzando saberes&#8221;. Por Leticia Brise\u00f1o"},"content":{"rendered":"<h1 style=\"text-align: center;\"><b>El ABC y el tejido de la vida cotidiana<\/b><\/h1>\n<p><b>MAR\u00cdA LETICIA BRISE\u00d1O MAAS*<\/b><\/p>\n<p style=\"text-align: justify;\">&#8220;El ABC de la l\u00edder comunitaria: entrelazando saberes&#8221;, el cual nos presenta el Grupo de estudios sobre la mujer &#8220;Rosario Castellanos&#8221;, Asociaci\u00f3n Civil, como parte del Diplomado en liderazgo y Gesti\u00f3n Comunitaria, nos lleva a la met\u00e1fora del tejido artesanal, minucioso, colorido, como rebozo de fiesta, en donde los hilos que bordamos todos los d\u00edas se van entrecruzando con la habilidad de muchas manos, de muchas cabezas y muchas esperanzas.<br \/>\nRemite al tejido de manos zapotecas, mixes, chinantecas, de los diferentes grupos sociales, de todas las lenguas, de todas las comunidades, sin excluir.<\/p>\n<p style=\"text-align: justify;\">Es un documento que no tiene las grandes pretensiones te\u00f3ricas ni de disquisiciones acad\u00e9micas abstractas; por el contrario, se dirige a la pr\u00e1ctica, al coraz\u00f3n de la vida cotidiana de mujeres y hombres, sobre lo que saben, lo que creen, lo que esperan, o bien lo que pueden aportar para mejorar sus propias historias y las historias de sus comunidades, sin esa distinci\u00f3n r\u00edgida de saberes superiores y saberes inferiores.<\/p>\n<p style=\"text-align: justify;\">Se habla a los corazones y a las inteligencias comunes, con claridad y sencillez, para convocar a un trabajo participativo a favor de la salud, de la educaci\u00f3n, para la erradicaci\u00f3n de todo tipo de violencias, para hacer mejores comunidades, para tejer entre todas y todos, un manto democr\u00e1tico muy cercano a lo que deber\u00edamos vivir cada d\u00eda. Este esfuerzo nos demuestra que los l\u00edderes mesi\u00e1nicos no existen cuando comprendemos la posibilidad transformadora de cada una de nosotras, de nosotros, con nuestros actos, nuestras palabras, con las semillas que esparcimos en las aulas, en las calles y en todos los espacios p\u00fablicos.<\/p>\n<p style=\"text-align: justify;\">La lectura de este ABC que nos trae GES Mujer, nos permite comprender que este tejido nuestro, tiene hilos sueltos que hay que seguir liando, que no tenemos que inventar las grandes soluciones o pedir que vengan desde arriba. Con humildad, basta voltear a los lados, al trabajo que de mucho tiempo atr\u00e1s desarrollan los pueblos ind\u00edgenas para mantener su cohesi\u00f3n social, al trabajo que se hace en las colonias, en los centros de trabajo, en las plazas.<br \/>\nEl documento nos inspira a renovar nuestras relaciones a trav\u00e9s del respeto a las ideas de todas y todos, de los saberes, de soluciones que no solo parten de mentes de cient\u00edficos inalcanzables, sino de las soluciones que nos procuramos en la vida cotidiana, aquellas que se construyen en la cooperaci\u00f3n, en la solidaridad en la esperanza, pero tambi\u00e9n en la certeza de que la construcci\u00f3n de mejores comunidades incluyentes y solidarias, pueden permitir el hilado de mejores mundos, o de mundos en donde quepan muchos mundos como bien dicen los hermanos de las monta\u00f1as chiapanecas.<\/p>\n<p style=\"text-align: justify;\">La gu\u00eda de trabajo &#8220;El ABC de la l\u00edder comunitaria: entrelazando saberes&#8221; est\u00e1 dise\u00f1ada a partir de aquello que en la academia se denomina metodolog\u00edas de aprendizaje participativo. De manera clara, sin formalismos ni palabras oscuras, recaba con una rigurosidad cient\u00edfica, la experiencia y el conocimiento de mujeres y hombres en el tema, reconociendo que todas las personas somos portadoras de saberes, que a partir de los saberes acumulados se generan condiciones para aprender nuevos conocimientos y que de la reflexi\u00f3n y el an\u00e1lisis se pueden construir aprendizajes que sean apropiados no s\u00f3lo para la raz\u00f3n, sino que se vuelvan parte de la vida de las personas, de sus almas al guiarlos a la apertura de nuevos caminos, a la ampliaci\u00f3n de horizontes.<\/p>\n<p style=\"text-align: justify;\">El &#8220;ABC&#8221; toca temas como la igualdad y la equidad de g\u00e9nero, la interculturalidad, la salud, los derechos sexuales y reproductivos, la prevenci\u00f3n de la violencia en el noviazgo, la participaci\u00f3n y la gesti\u00f3n comunitaria, de los j\u00f3venes, los pueblos ind\u00edgenas, los y las descendientes africanos.<br \/>\nEn la presentaci\u00f3n que registra el Grupo de estudios sobre la mujer &#8220;Rosario Castellanos&#8221; al interior de la gu\u00eda, se habla de una identidad compartida, de mujeres tejedoras de sue\u00f1os, de justicia y libertad. En ella convocan a compartir conocimientos construidos de manera colectiva por intelectuales, acad\u00e9micas, maestras, promotoras comunitarias, mujeres ind\u00edgenas, educadoras populares, as\u00ed como por mujeres que desde sus comunidades han aportado sus experiencias, conocimientos y propuestas, en fin, mujeres que d\u00eda a d\u00eda aprenden, comparten, ense\u00f1an y vuelven a aprender sobre sus derechos, la forma de ejercerlos y de colaborar en su defensa.<\/p>\n<p style=\"text-align: justify;\">El ABC apertura posibilidades al se\u00f1alar que los ciclos no terminan, se reinventan cada d\u00eda en un tejido que como la vida misma, se extiende a trav\u00e9s de generaciones.<\/p>\n<p style=\"text-align: justify;\">Como apuntan las compa\u00f1eras de GES Mujer, El camino sigue, no se agota y es a trav\u00e9s de El ABC de la l\u00edder comunitaria: entrelazando saberes que han ido &#8220;descubriendo nuevas formas de pensar y sentir nuestros derechos, nos apropiamos de ellos, no solo con la cabeza, sino que los vivimos con todas las emociones que podemos sentir, desde las que nos provocan situaciones de injusticia y discriminaci\u00f3n, hasta las que reconocemos como esperanzadoras al saber que la vida puede ser distinta para las mujeres y los hombres, que puede ser mejor. Se trata de descubrir tambi\u00e9n con el coraz\u00f3n, con la voluntad y la esperanza de que todas y todos queremos y merecemos un presente y un futuro mejor&#8221;.<br \/>\n*Intervenci\u00f3n en la presentaci\u00f3n de la gu\u00eda &#8220;El ABC de la l\u00edder comunitaria&#8221;. Ciudad Universitaria, UABJO. **Profesora-Investigadora del Instituto de Ciencias de la Educaci\u00f3n. Integrante del Sistema Nacional de Investigadores.<\/p>\n<p style=\"text-align: justify;\">Discurso le\u00eddo durante la presentaci\u00f3n de la Gu\u00eda \u201cEl abc de la l\u00edder comunitaria: entrelazando saberes\u201d. 28 de febrero del 2014<\/p>\n","protected":false},"excerpt":{"rendered":"<p>El ABC y el tejido de la vida cotidiana MAR\u00cdA LETICIA BRISE\u00d1O MAAS* &#8220;El ABC de la l\u00edder comunitaria: entrelazando saberes&#8221;, el cual nos presenta el Grupo de estudios sobre la mujer &#8220;Rosario Castellanos&#8221;, Asociaci\u00f3n Civil, como parte del Diplomado en liderazgo y Gesti\u00f3n Comunitaria, nos lleva a la met\u00e1fora del tejido artesanal, minucioso, colorido, [&hellip;]<\/p>\n","protected":false},"author":4,"featured_media":580,"parent":623,"menu_order":0,"comment_status":"closed","ping_status":"open","template":"","meta":{"give_campaign_id":0,"footnotes":""},"class_list":["post-636","page","type-page","status-publish","has-post-thumbnail","hentry"],"yoast_head":"<!-- This site is optimized with the Yoast SEO plugin v27.4 - https:\/\/yoast.com\/product\/yoast-seo-wordpress\/ -->\n<title>&quot;El abc de la l\u00edder comunitaria: entrelanzando saberes&quot;. Por Leticia Brise\u00f1o - GESMujer &quot;Rosario Castellanos&quot;<\/title>\n<meta name=\"robots\" content=\"index, follow, max-snippet:-1, max-image-preview:large, max-video-preview:-1\" \/>\n<link rel=\"canonical\" href=\"https:\/\/www.gesmujer.org\/sitio\/centro-de-capacitacion\/guia-abc-2\/el-abc-de-la-lider-comunitaria-entrelanzando-saberes-por-leticia-briseno\/\" \/>\n<meta property=\"og:locale\" content=\"es_MX\" \/>\n<meta property=\"og:type\" content=\"article\" \/>\n<meta property=\"og:title\" content=\"&quot;El abc de la l\u00edder comunitaria: entrelanzando saberes&quot;. Por Leticia Brise\u00f1o - GESMujer &quot;Rosario Castellanos&quot;\" \/>\n<meta property=\"og:description\" content=\"El ABC y el tejido de la vida cotidiana MAR\u00cdA LETICIA BRISE\u00d1O MAAS* &#8220;El ABC de la l\u00edder comunitaria: entrelazando saberes&#8221;, el cual nos presenta el Grupo de estudios sobre la mujer &#8220;Rosario Castellanos&#8221;, Asociaci\u00f3n Civil, como parte del Diplomado en liderazgo y Gesti\u00f3n Comunitaria, nos lleva a la met\u00e1fora del tejido artesanal, minucioso, colorido, [&hellip;]\" \/>\n<meta property=\"og:url\" content=\"https:\/\/www.gesmujer.org\/sitio\/centro-de-capacitacion\/guia-abc-2\/el-abc-de-la-lider-comunitaria-entrelanzando-saberes-por-leticia-briseno\/\" \/>\n<meta property=\"og:site_name\" content=\"GESMujer &quot;Rosario Castellanos&quot;\" \/>\n<meta property=\"article:publisher\" content=\"https:\/\/www.facebook.com\/gesmujer.rosario.castellanos.ac\" \/>\n<meta property=\"article:modified_time\" content=\"2014-03-13T18:02:43+00:00\" \/>\n<meta property=\"og:image\" content=\"https:\/\/www.gesmujer.org\/sitio\/wp-content\/uploads\/2014\/03\/IMG_0085-scaled.jpg\" \/>\n\t<meta property=\"og:image:width\" content=\"2560\" \/>\n\t<meta property=\"og:image:height\" content=\"1920\" \/>\n\t<meta property=\"og:image:type\" content=\"image\/jpeg\" \/>\n<meta name=\"twitter:card\" content=\"summary_large_image\" \/>\n<meta name=\"twitter:site\" content=\"@GES_Mujer\" \/>\n<meta name=\"twitter:label1\" content=\"Tiempo de lectura\" \/>\n\t<meta name=\"twitter:data1\" content=\"5 minutos\" \/>\n<script type=\"application\/ld+json\" class=\"yoast-schema-graph\">{\"@context\":\"https:\\\/\\\/schema.org\",\"@graph\":[{\"@type\":\"WebPage\",\"@id\":\"https:\\\/\\\/www.gesmujer.org\\\/sitio\\\/centro-de-capacitacion\\\/guia-abc-2\\\/el-abc-de-la-lider-comunitaria-entrelanzando-saberes-por-leticia-briseno\\\/\",\"url\":\"https:\\\/\\\/www.gesmujer.org\\\/sitio\\\/centro-de-capacitacion\\\/guia-abc-2\\\/el-abc-de-la-lider-comunitaria-entrelanzando-saberes-por-leticia-briseno\\\/\",\"name\":\"\\\"El abc de la l\u00edder comunitaria: entrelanzando saberes\\\". Por Leticia Brise\u00f1o - GESMujer &quot;Rosario Castellanos&quot;\",\"isPartOf\":{\"@id\":\"https:\\\/\\\/www.gesmujer.org\\\/sitio\\\/#website\"},\"primaryImageOfPage\":{\"@id\":\"https:\\\/\\\/www.gesmujer.org\\\/sitio\\\/centro-de-capacitacion\\\/guia-abc-2\\\/el-abc-de-la-lider-comunitaria-entrelanzando-saberes-por-leticia-briseno\\\/#primaryimage\"},\"image\":{\"@id\":\"https:\\\/\\\/www.gesmujer.org\\\/sitio\\\/centro-de-capacitacion\\\/guia-abc-2\\\/el-abc-de-la-lider-comunitaria-entrelanzando-saberes-por-leticia-briseno\\\/#primaryimage\"},\"thumbnailUrl\":\"https:\\\/\\\/www.gesmujer.org\\\/sitio\\\/wp-content\\\/uploads\\\/2014\\\/03\\\/IMG_0085-scaled.jpg\",\"datePublished\":\"2014-03-01T17:52:33+00:00\",\"dateModified\":\"2014-03-13T18:02:43+00:00\",\"breadcrumb\":{\"@id\":\"https:\\\/\\\/www.gesmujer.org\\\/sitio\\\/centro-de-capacitacion\\\/guia-abc-2\\\/el-abc-de-la-lider-comunitaria-entrelanzando-saberes-por-leticia-briseno\\\/#breadcrumb\"},\"inLanguage\":\"es\",\"potentialAction\":[{\"@type\":\"ReadAction\",\"target\":[\"https:\\\/\\\/www.gesmujer.org\\\/sitio\\\/centro-de-capacitacion\\\/guia-abc-2\\\/el-abc-de-la-lider-comunitaria-entrelanzando-saberes-por-leticia-briseno\\\/\"]}]},{\"@type\":\"ImageObject\",\"inLanguage\":\"es\",\"@id\":\"https:\\\/\\\/www.gesmujer.org\\\/sitio\\\/centro-de-capacitacion\\\/guia-abc-2\\\/el-abc-de-la-lider-comunitaria-entrelanzando-saberes-por-leticia-briseno\\\/#primaryimage\",\"url\":\"https:\\\/\\\/www.gesmujer.org\\\/sitio\\\/wp-content\\\/uploads\\\/2014\\\/03\\\/IMG_0085-scaled.jpg\",\"contentUrl\":\"https:\\\/\\\/www.gesmujer.org\\\/sitio\\\/wp-content\\\/uploads\\\/2014\\\/03\\\/IMG_0085-scaled.jpg\",\"width\":2560,\"height\":1920},{\"@type\":\"BreadcrumbList\",\"@id\":\"https:\\\/\\\/www.gesmujer.org\\\/sitio\\\/centro-de-capacitacion\\\/guia-abc-2\\\/el-abc-de-la-lider-comunitaria-entrelanzando-saberes-por-leticia-briseno\\\/#breadcrumb\",\"itemListElement\":[{\"@type\":\"ListItem\",\"position\":1,\"name\":\"Home\",\"item\":\"https:\\\/\\\/www.gesmujer.org\\\/sitio\\\/\"},{\"@type\":\"ListItem\",\"position\":2,\"name\":\"Centro de Capacitaci\u00f3n\",\"item\":\"https:\\\/\\\/www.gesmujer.org\\\/sitio\\\/centro-de-capacitacion\\\/\"},{\"@type\":\"ListItem\",\"position\":3,\"name\":\"Gu\u00eda ABC\",\"item\":\"https:\\\/\\\/www.gesmujer.org\\\/sitio\\\/centro-de-capacitacion\\\/guia-abc-2\\\/\"},{\"@type\":\"ListItem\",\"position\":4,\"name\":\"&#8220;El abc de la l\u00edder comunitaria: entrelanzando saberes&#8221;. Por Leticia Brise\u00f1o\"}]},{\"@type\":\"WebSite\",\"@id\":\"https:\\\/\\\/www.gesmujer.org\\\/sitio\\\/#website\",\"url\":\"https:\\\/\\\/www.gesmujer.org\\\/sitio\\\/\",\"name\":\"GESMujer \\\"Rosario Castellanos\\\"\",\"description\":\"M\u00e1s de 45 a\u00f1os ha llevado a cabo acciones para erradicar la violencia de g\u00e9nero y construir entornos donde las mujeres encuentren su resiliencia, incrementen su agencia y autonom\u00eda que les permita lograr su empoderamiento a trav\u00e9s de cinco l\u00edneas de acci\u00f3n.\",\"publisher\":{\"@id\":\"https:\\\/\\\/www.gesmujer.org\\\/sitio\\\/#organization\"},\"alternateName\":\"GESMujer\",\"potentialAction\":[{\"@type\":\"SearchAction\",\"target\":{\"@type\":\"EntryPoint\",\"urlTemplate\":\"https:\\\/\\\/www.gesmujer.org\\\/sitio\\\/?s={search_term_string}\"},\"query-input\":{\"@type\":\"PropertyValueSpecification\",\"valueRequired\":true,\"valueName\":\"search_term_string\"}}],\"inLanguage\":\"es\"},{\"@type\":\"Organization\",\"@id\":\"https:\\\/\\\/www.gesmujer.org\\\/sitio\\\/#organization\",\"name\":\"Grupo de estudios sobre la mujer Rosario Castellanos ac\",\"alternateName\":\"GESMujer\",\"url\":\"https:\\\/\\\/www.gesmujer.org\\\/sitio\\\/\",\"logo\":{\"@type\":\"ImageObject\",\"inLanguage\":\"es\",\"@id\":\"https:\\\/\\\/www.gesmujer.org\\\/sitio\\\/#\\\/schema\\\/logo\\\/image\\\/\",\"url\":\"https:\\\/\\\/www.gesmujer.org\\\/sitio\\\/wp-content\\\/uploads\\\/2026\\\/03\\\/Logo-GESMujer-300.png\",\"contentUrl\":\"https:\\\/\\\/www.gesmujer.org\\\/sitio\\\/wp-content\\\/uploads\\\/2026\\\/03\\\/Logo-GESMujer-300.png\",\"width\":300,\"height\":141,\"caption\":\"Grupo de estudios sobre la mujer Rosario Castellanos ac\"},\"image\":{\"@id\":\"https:\\\/\\\/www.gesmujer.org\\\/sitio\\\/#\\\/schema\\\/logo\\\/image\\\/\"},\"sameAs\":[\"https:\\\/\\\/www.facebook.com\\\/gesmujer.rosario.castellanos.ac\",\"https:\\\/\\\/x.com\\\/GES_Mujer\",\"https:\\\/\\\/www.instagram.com\\\/ges_mujer\\\/?hl=es\",\"https:\\\/\\\/www.youtube.com\\\/c\\\/GESMujerRosarioCastellanos\\\/videos\",\"https:\\\/\\\/soundcloud.com\\\/gesmujerac\",\"https:\\\/\\\/www.tiktok.com\\\/@gesmujer\"]}]}<\/script>\n<!-- \/ Yoast SEO plugin. -->","yoast_head_json":{"title":"\"El abc de la l\u00edder comunitaria: entrelanzando saberes\". Por Leticia Brise\u00f1o - GESMujer &quot;Rosario Castellanos&quot;","robots":{"index":"index","follow":"follow","max-snippet":"max-snippet:-1","max-image-preview":"max-image-preview:large","max-video-preview":"max-video-preview:-1"},"canonical":"https:\/\/www.gesmujer.org\/sitio\/centro-de-capacitacion\/guia-abc-2\/el-abc-de-la-lider-comunitaria-entrelanzando-saberes-por-leticia-briseno\/","og_locale":"es_MX","og_type":"article","og_title":"\"El abc de la l\u00edder comunitaria: entrelanzando saberes\". Por Leticia Brise\u00f1o - GESMujer &quot;Rosario Castellanos&quot;","og_description":"El ABC y el tejido de la vida cotidiana MAR\u00cdA LETICIA BRISE\u00d1O MAAS* &#8220;El ABC de la l\u00edder comunitaria: entrelazando saberes&#8221;, el cual nos presenta el Grupo de estudios sobre la mujer &#8220;Rosario Castellanos&#8221;, Asociaci\u00f3n Civil, como parte del Diplomado en liderazgo y Gesti\u00f3n Comunitaria, nos lleva a la met\u00e1fora del tejido artesanal, minucioso, colorido, [&hellip;]","og_url":"https:\/\/www.gesmujer.org\/sitio\/centro-de-capacitacion\/guia-abc-2\/el-abc-de-la-lider-comunitaria-entrelanzando-saberes-por-leticia-briseno\/","og_site_name":"GESMujer &quot;Rosario Castellanos&quot;","article_publisher":"https:\/\/www.facebook.com\/gesmujer.rosario.castellanos.ac","article_modified_time":"2014-03-13T18:02:43+00:00","og_image":[{"width":2560,"height":1920,"url":"https:\/\/www.gesmujer.org\/sitio\/wp-content\/uploads\/2014\/03\/IMG_0085-scaled.jpg","type":"image\/jpeg"}],"twitter_card":"summary_large_image","twitter_site":"@GES_Mujer","twitter_misc":{"Tiempo de lectura":"5 minutos"},"schema":{"@context":"https:\/\/schema.org","@graph":[{"@type":"WebPage","@id":"https:\/\/www.gesmujer.org\/sitio\/centro-de-capacitacion\/guia-abc-2\/el-abc-de-la-lider-comunitaria-entrelanzando-saberes-por-leticia-briseno\/","url":"https:\/\/www.gesmujer.org\/sitio\/centro-de-capacitacion\/guia-abc-2\/el-abc-de-la-lider-comunitaria-entrelanzando-saberes-por-leticia-briseno\/","name":"\"El abc de la l\u00edder comunitaria: entrelanzando saberes\". Por Leticia Brise\u00f1o - GESMujer &quot;Rosario Castellanos&quot;","isPartOf":{"@id":"https:\/\/www.gesmujer.org\/sitio\/#website"},"primaryImageOfPage":{"@id":"https:\/\/www.gesmujer.org\/sitio\/centro-de-capacitacion\/guia-abc-2\/el-abc-de-la-lider-comunitaria-entrelanzando-saberes-por-leticia-briseno\/#primaryimage"},"image":{"@id":"https:\/\/www.gesmujer.org\/sitio\/centro-de-capacitacion\/guia-abc-2\/el-abc-de-la-lider-comunitaria-entrelanzando-saberes-por-leticia-briseno\/#primaryimage"},"thumbnailUrl":"https:\/\/www.gesmujer.org\/sitio\/wp-content\/uploads\/2014\/03\/IMG_0085-scaled.jpg","datePublished":"2014-03-01T17:52:33+00:00","dateModified":"2014-03-13T18:02:43+00:00","breadcrumb":{"@id":"https:\/\/www.gesmujer.org\/sitio\/centro-de-capacitacion\/guia-abc-2\/el-abc-de-la-lider-comunitaria-entrelanzando-saberes-por-leticia-briseno\/#breadcrumb"},"inLanguage":"es","potentialAction":[{"@type":"ReadAction","target":["https:\/\/www.gesmujer.org\/sitio\/centro-de-capacitacion\/guia-abc-2\/el-abc-de-la-lider-comunitaria-entrelanzando-saberes-por-leticia-briseno\/"]}]},{"@type":"ImageObject","inLanguage":"es","@id":"https:\/\/www.gesmujer.org\/sitio\/centro-de-capacitacion\/guia-abc-2\/el-abc-de-la-lider-comunitaria-entrelanzando-saberes-por-leticia-briseno\/#primaryimage","url":"https:\/\/www.gesmujer.org\/sitio\/wp-content\/uploads\/2014\/03\/IMG_0085-scaled.jpg","contentUrl":"https:\/\/www.gesmujer.org\/sitio\/wp-content\/uploads\/2014\/03\/IMG_0085-scaled.jpg","width":2560,"height":1920},{"@type":"BreadcrumbList","@id":"https:\/\/www.gesmujer.org\/sitio\/centro-de-capacitacion\/guia-abc-2\/el-abc-de-la-lider-comunitaria-entrelanzando-saberes-por-leticia-briseno\/#breadcrumb","itemListElement":[{"@type":"ListItem","position":1,"name":"Home","item":"https:\/\/www.gesmujer.org\/sitio\/"},{"@type":"ListItem","position":2,"name":"Centro de Capacitaci\u00f3n","item":"https:\/\/www.gesmujer.org\/sitio\/centro-de-capacitacion\/"},{"@type":"ListItem","position":3,"name":"Gu\u00eda ABC","item":"https:\/\/www.gesmujer.org\/sitio\/centro-de-capacitacion\/guia-abc-2\/"},{"@type":"ListItem","position":4,"name":"&#8220;El abc de la l\u00edder comunitaria: entrelanzando saberes&#8221;. Por Leticia Brise\u00f1o"}]},{"@type":"WebSite","@id":"https:\/\/www.gesmujer.org\/sitio\/#website","url":"https:\/\/www.gesmujer.org\/sitio\/","name":"GESMujer \"Rosario Castellanos\"","description":"M\u00e1s de 45 a\u00f1os ha llevado a cabo acciones para erradicar la violencia de g\u00e9nero y construir entornos donde las mujeres encuentren su resiliencia, incrementen su agencia y autonom\u00eda que les permita lograr su empoderamiento a trav\u00e9s de cinco l\u00edneas de acci\u00f3n.","publisher":{"@id":"https:\/\/www.gesmujer.org\/sitio\/#organization"},"alternateName":"GESMujer","potentialAction":[{"@type":"SearchAction","target":{"@type":"EntryPoint","urlTemplate":"https:\/\/www.gesmujer.org\/sitio\/?s={search_term_string}"},"query-input":{"@type":"PropertyValueSpecification","valueRequired":true,"valueName":"search_term_string"}}],"inLanguage":"es"},{"@type":"Organization","@id":"https:\/\/www.gesmujer.org\/sitio\/#organization","name":"Grupo de estudios sobre la mujer Rosario Castellanos ac","alternateName":"GESMujer","url":"https:\/\/www.gesmujer.org\/sitio\/","logo":{"@type":"ImageObject","inLanguage":"es","@id":"https:\/\/www.gesmujer.org\/sitio\/#\/schema\/logo\/image\/","url":"https:\/\/www.gesmujer.org\/sitio\/wp-content\/uploads\/2026\/03\/Logo-GESMujer-300.png","contentUrl":"https:\/\/www.gesmujer.org\/sitio\/wp-content\/uploads\/2026\/03\/Logo-GESMujer-300.png","width":300,"height":141,"caption":"Grupo de estudios sobre la mujer Rosario Castellanos ac"},"image":{"@id":"https:\/\/www.gesmujer.org\/sitio\/#\/schema\/logo\/image\/"},"sameAs":["https:\/\/www.facebook.com\/gesmujer.rosario.castellanos.ac","https:\/\/x.com\/GES_Mujer","https:\/\/www.instagram.com\/ges_mujer\/?hl=es","https:\/\/www.youtube.com\/c\/GESMujerRosarioCastellanos\/videos","https:\/\/soundcloud.com\/gesmujerac","https:\/\/www.tiktok.com\/@gesmujer"]}]}},"campaignId":"","_links":{"self":[{"href":"https:\/\/www.gesmujer.org\/sitio\/wp-json\/wp\/v2\/pages\/636","targetHints":{"allow":["GET"]}}],"collection":[{"href":"https:\/\/www.gesmujer.org\/sitio\/wp-json\/wp\/v2\/pages"}],"about":[{"href":"https:\/\/www.gesmujer.org\/sitio\/wp-json\/wp\/v2\/types\/page"}],"author":[{"embeddable":true,"href":"https:\/\/www.gesmujer.org\/sitio\/wp-json\/wp\/v2\/users\/4"}],"replies":[{"embeddable":true,"href":"https:\/\/www.gesmujer.org\/sitio\/wp-json\/wp\/v2\/comments?post=636"}],"version-history":[{"count":4,"href":"https:\/\/www.gesmujer.org\/sitio\/wp-json\/wp\/v2\/pages\/636\/revisions"}],"predecessor-version":[{"id":641,"href":"https:\/\/www.gesmujer.org\/sitio\/wp-json\/wp\/v2\/pages\/636\/revisions\/641"}],"up":[{"embeddable":true,"href":"https:\/\/www.gesmujer.org\/sitio\/wp-json\/wp\/v2\/pages\/623"}],"wp:featuredmedia":[{"embeddable":true,"href":"https:\/\/www.gesmujer.org\/sitio\/wp-json\/wp\/v2\/media\/580"}],"wp:attachment":[{"href":"https:\/\/www.gesmujer.org\/sitio\/wp-json\/wp\/v2\/media?parent=636"}],"curies":[{"name":"wp","href":"https:\/\/api.w.org\/{rel}","templated":true}]}}