{"id":647,"date":"2014-03-01T13:07:27","date_gmt":"2014-03-01T19:07:27","guid":{"rendered":"http:\/\/www.gesmujer.org\/sitio\/?page_id=647"},"modified":"2014-03-13T13:19:33","modified_gmt":"2014-03-13T19:19:33","slug":"el-abc-de-la-lider-comunitaria-entrelanzando-saberes-por-sandra-luz-villalobos","status":"publish","type":"page","link":"https:\/\/www.gesmujer.org\/sitio\/centro-de-capacitacion\/guia-abc-2\/el-abc-de-la-lider-comunitaria-entrelanzando-saberes-por-sandra-luz-villalobos\/","title":{"rendered":"&#8220;El abc de la l\u00edder comunitaria: entrelanzando saberes&#8221;. Por Sandra Luz Villalobos"},"content":{"rendered":"<p style=\"text-align: justify;\">Se me invit\u00f3 hoy y agradezco la amable consideraci\u00f3n, a comentar la publicaci\u00f3n, gran compromiso, iniciar\u00e9 \u00a0parafraseando a Borges como un mensaje para quienes lo construyeron\u2026 <i>existen personas en nuestras vidas que nos hacen felices por la simple casualidad de haberse cruzado en nuestro camino. Algunas recorren el camino a nuestro lado, viendo muchas lunas pasar, m\u00e1s otras apenas vemos entre un paso y otro.<\/i><\/p>\n<p style=\"text-align: justify;\">\u201cEntrelazando saberes\u201d es un lazarillo una gu\u00eda que nos conduce\u00a0 a compartir nuestros saberes, a adquirir nuevos y a ir sembrando nuevas semillas que den frutos semillas que reforesten esas \u00e1ridas tierras que durante siglos han sido est\u00e9riles.<\/p>\n<p style=\"text-align: justify;\">Caminar con las otras y ver soles y lunas, con una metodolog\u00eda ayuda y ayuda mucho ir avanzando con la convicci\u00f3n de COMPARTIR, compartir de lo m\u00edo y APROPIARNOS del vivir de las otras y los otros del convivir en la comunidad y GENERAR, generar esas propuestas de mejora esas acciones que permitir\u00e1n que broten frutos nuevos condiciones nuevas de vida en las cuales nuestras y nuestros iguales seguramente se levantaran como l\u00edderes aqu\u00ed o all\u00e1.<\/p>\n<p style=\"text-align: justify;\">\u00a0La comunidad joven, \u00a0Hombres y Mujeres adquirir\u00e1n un compromiso social de manera sutil hablando de lo suyo de su cultura de su costumbre de sentirse iguales y saberse iguales les permitir\u00e1 incidir en su comunidad.<\/p>\n<p style=\"text-align: justify;\">Los temas que detonan la reflexi\u00f3n nos conducen a una largamente ansiada igualdad, a \u00a0visibilizar la equidad a trav\u00e9s de los conceptos b\u00e1sicos del G\u00e9nero y sexo, identificarnos con una cultura propia con la convicci\u00f3n de que no somos ni m\u00e1s ni menos un sexo que otro, responsabilizarnos de nuestra sexualidad y compartir el conocimiento acerca de los derechos a vivir una sexualidad plena y conducirles para generar las condiciones de salud y una cultura de autocuidado enmarcada en nuestra multiculturalidad. Trabajar en la comunidad es complicado no lo hacemos con todo a nuestro favor he all\u00ed la importancia de hace alianzas y reconocer el trabajo de las iguales.<\/p>\n<p style=\"text-align: justify;\">El resultado de este esfuerzo no tiene un final, es m\u00e1s bien el principio de un trabajo arduo meticuloso y necesario, lo evidencia el material digitalizado que comparten, una oportunidad para explorar y trabajar de manera sostenida<\/p>\n<p style=\"text-align: justify;\">Las im\u00e1genes que enmarcan el texto son un verdadero ejemplo del trabajo comunitario. Muestran el caminar de GESMUJER. Desde su portada\u00a0 que nos hace memoria de nuestro desarrollo.<\/p>\n<p style=\"text-align: justify;\">Concluir\u00e9 nuevamente con Borges diciendo <i>Simplemente porque cada persona que pasa en nuestra vida es \u00fanica. Siempre deja un poco de si y se lleva un poco de nosotros. Habr\u00e1 los que se llevaran mucho, pero no habr\u00e1 de los que no nos dejaran nada.<\/i><\/p>\n<p align=\"right\">Sandra Luz Villalobos Rueda<\/p>\n<p style=\"text-align: left;\" align=\"right\">Discurso<\/p>\n","protected":false},"excerpt":{"rendered":"<p>Se me invit\u00f3 hoy y agradezco la amable consideraci\u00f3n, a comentar la publicaci\u00f3n, gran compromiso, iniciar\u00e9 \u00a0parafraseando a Borges como un mensaje para quienes lo construyeron\u2026 existen personas en nuestras vidas que nos hacen felices por la simple casualidad de haberse cruzado en nuestro camino. Algunas recorren el camino a nuestro lado, viendo muchas lunas [&hellip;]<\/p>\n","protected":false},"author":4,"featured_media":651,"parent":623,"menu_order":0,"comment_status":"closed","ping_status":"open","template":"","meta":{"give_campaign_id":0,"footnotes":""},"class_list":["post-647","page","type-page","status-publish","has-post-thumbnail","hentry"],"yoast_head":"<!-- This site is optimized with the Yoast SEO plugin v27.4 - https:\/\/yoast.com\/product\/yoast-seo-wordpress\/ -->\n<title>&quot;El abc de la l\u00edder comunitaria: entrelanzando saberes&quot;. Por Sandra Luz Villalobos - GESMujer &quot;Rosario Castellanos&quot;<\/title>\n<meta name=\"robots\" content=\"index, follow, max-snippet:-1, max-image-preview:large, max-video-preview:-1\" \/>\n<link rel=\"canonical\" href=\"https:\/\/www.gesmujer.org\/sitio\/centro-de-capacitacion\/guia-abc-2\/el-abc-de-la-lider-comunitaria-entrelanzando-saberes-por-sandra-luz-villalobos\/\" \/>\n<meta property=\"og:locale\" content=\"es_MX\" \/>\n<meta property=\"og:type\" content=\"article\" \/>\n<meta property=\"og:title\" content=\"&quot;El abc de la l\u00edder comunitaria: entrelanzando saberes&quot;. Por Sandra Luz Villalobos - GESMujer &quot;Rosario Castellanos&quot;\" \/>\n<meta property=\"og:description\" content=\"Se me invit\u00f3 hoy y agradezco la amable consideraci\u00f3n, a comentar la publicaci\u00f3n, gran compromiso, iniciar\u00e9 \u00a0parafraseando a Borges como un mensaje para quienes lo construyeron\u2026 existen personas en nuestras vidas que nos hacen felices por la simple casualidad de haberse cruzado en nuestro camino. Algunas recorren el camino a nuestro lado, viendo muchas lunas [&hellip;]\" \/>\n<meta property=\"og:url\" content=\"https:\/\/www.gesmujer.org\/sitio\/centro-de-capacitacion\/guia-abc-2\/el-abc-de-la-lider-comunitaria-entrelanzando-saberes-por-sandra-luz-villalobos\/\" \/>\n<meta property=\"og:site_name\" content=\"GESMujer &quot;Rosario Castellanos&quot;\" \/>\n<meta property=\"article:publisher\" content=\"https:\/\/www.facebook.com\/gesmujer.rosario.castellanos.ac\" \/>\n<meta property=\"article:modified_time\" content=\"2014-03-13T19:19:33+00:00\" \/>\n<meta property=\"og:image\" content=\"https:\/\/www.gesmujer.org\/sitio\/wp-content\/uploads\/2014\/03\/IMG_0067-scaled.jpg\" \/>\n\t<meta property=\"og:image:width\" content=\"2560\" \/>\n\t<meta property=\"og:image:height\" content=\"1920\" \/>\n\t<meta property=\"og:image:type\" content=\"image\/jpeg\" \/>\n<meta name=\"twitter:card\" content=\"summary_large_image\" \/>\n<meta name=\"twitter:site\" content=\"@GES_Mujer\" \/>\n<meta name=\"twitter:label1\" content=\"Tiempo de lectura\" \/>\n\t<meta name=\"twitter:data1\" content=\"2 minutos\" \/>\n<script type=\"application\/ld+json\" class=\"yoast-schema-graph\">{\"@context\":\"https:\\\/\\\/schema.org\",\"@graph\":[{\"@type\":\"WebPage\",\"@id\":\"https:\\\/\\\/www.gesmujer.org\\\/sitio\\\/centro-de-capacitacion\\\/guia-abc-2\\\/el-abc-de-la-lider-comunitaria-entrelanzando-saberes-por-sandra-luz-villalobos\\\/\",\"url\":\"https:\\\/\\\/www.gesmujer.org\\\/sitio\\\/centro-de-capacitacion\\\/guia-abc-2\\\/el-abc-de-la-lider-comunitaria-entrelanzando-saberes-por-sandra-luz-villalobos\\\/\",\"name\":\"\\\"El abc de la l\u00edder comunitaria: entrelanzando saberes\\\". Por Sandra Luz Villalobos - GESMujer &quot;Rosario Castellanos&quot;\",\"isPartOf\":{\"@id\":\"https:\\\/\\\/www.gesmujer.org\\\/sitio\\\/#website\"},\"primaryImageOfPage\":{\"@id\":\"https:\\\/\\\/www.gesmujer.org\\\/sitio\\\/centro-de-capacitacion\\\/guia-abc-2\\\/el-abc-de-la-lider-comunitaria-entrelanzando-saberes-por-sandra-luz-villalobos\\\/#primaryimage\"},\"image\":{\"@id\":\"https:\\\/\\\/www.gesmujer.org\\\/sitio\\\/centro-de-capacitacion\\\/guia-abc-2\\\/el-abc-de-la-lider-comunitaria-entrelanzando-saberes-por-sandra-luz-villalobos\\\/#primaryimage\"},\"thumbnailUrl\":\"https:\\\/\\\/www.gesmujer.org\\\/sitio\\\/wp-content\\\/uploads\\\/2014\\\/03\\\/IMG_0067-scaled.jpg\",\"datePublished\":\"2014-03-01T19:07:27+00:00\",\"dateModified\":\"2014-03-13T19:19:33+00:00\",\"breadcrumb\":{\"@id\":\"https:\\\/\\\/www.gesmujer.org\\\/sitio\\\/centro-de-capacitacion\\\/guia-abc-2\\\/el-abc-de-la-lider-comunitaria-entrelanzando-saberes-por-sandra-luz-villalobos\\\/#breadcrumb\"},\"inLanguage\":\"es\",\"potentialAction\":[{\"@type\":\"ReadAction\",\"target\":[\"https:\\\/\\\/www.gesmujer.org\\\/sitio\\\/centro-de-capacitacion\\\/guia-abc-2\\\/el-abc-de-la-lider-comunitaria-entrelanzando-saberes-por-sandra-luz-villalobos\\\/\"]}]},{\"@type\":\"ImageObject\",\"inLanguage\":\"es\",\"@id\":\"https:\\\/\\\/www.gesmujer.org\\\/sitio\\\/centro-de-capacitacion\\\/guia-abc-2\\\/el-abc-de-la-lider-comunitaria-entrelanzando-saberes-por-sandra-luz-villalobos\\\/#primaryimage\",\"url\":\"https:\\\/\\\/www.gesmujer.org\\\/sitio\\\/wp-content\\\/uploads\\\/2014\\\/03\\\/IMG_0067-scaled.jpg\",\"contentUrl\":\"https:\\\/\\\/www.gesmujer.org\\\/sitio\\\/wp-content\\\/uploads\\\/2014\\\/03\\\/IMG_0067-scaled.jpg\",\"width\":2560,\"height\":1920},{\"@type\":\"BreadcrumbList\",\"@id\":\"https:\\\/\\\/www.gesmujer.org\\\/sitio\\\/centro-de-capacitacion\\\/guia-abc-2\\\/el-abc-de-la-lider-comunitaria-entrelanzando-saberes-por-sandra-luz-villalobos\\\/#breadcrumb\",\"itemListElement\":[{\"@type\":\"ListItem\",\"position\":1,\"name\":\"Home\",\"item\":\"https:\\\/\\\/www.gesmujer.org\\\/sitio\\\/\"},{\"@type\":\"ListItem\",\"position\":2,\"name\":\"Centro de Capacitaci\u00f3n\",\"item\":\"https:\\\/\\\/www.gesmujer.org\\\/sitio\\\/centro-de-capacitacion\\\/\"},{\"@type\":\"ListItem\",\"position\":3,\"name\":\"Gu\u00eda ABC\",\"item\":\"https:\\\/\\\/www.gesmujer.org\\\/sitio\\\/centro-de-capacitacion\\\/guia-abc-2\\\/\"},{\"@type\":\"ListItem\",\"position\":4,\"name\":\"&#8220;El abc de la l\u00edder comunitaria: entrelanzando saberes&#8221;. Por Sandra Luz Villalobos\"}]},{\"@type\":\"WebSite\",\"@id\":\"https:\\\/\\\/www.gesmujer.org\\\/sitio\\\/#website\",\"url\":\"https:\\\/\\\/www.gesmujer.org\\\/sitio\\\/\",\"name\":\"GESMujer \\\"Rosario Castellanos\\\"\",\"description\":\"M\u00e1s de 45 a\u00f1os ha llevado a cabo acciones para erradicar la violencia de g\u00e9nero y construir entornos donde las mujeres encuentren su resiliencia, incrementen su agencia y autonom\u00eda que les permita lograr su empoderamiento a trav\u00e9s de cinco l\u00edneas de acci\u00f3n.\",\"publisher\":{\"@id\":\"https:\\\/\\\/www.gesmujer.org\\\/sitio\\\/#organization\"},\"alternateName\":\"GESMujer\",\"potentialAction\":[{\"@type\":\"SearchAction\",\"target\":{\"@type\":\"EntryPoint\",\"urlTemplate\":\"https:\\\/\\\/www.gesmujer.org\\\/sitio\\\/?s={search_term_string}\"},\"query-input\":{\"@type\":\"PropertyValueSpecification\",\"valueRequired\":true,\"valueName\":\"search_term_string\"}}],\"inLanguage\":\"es\"},{\"@type\":\"Organization\",\"@id\":\"https:\\\/\\\/www.gesmujer.org\\\/sitio\\\/#organization\",\"name\":\"Grupo de estudios sobre la mujer Rosario Castellanos ac\",\"alternateName\":\"GESMujer\",\"url\":\"https:\\\/\\\/www.gesmujer.org\\\/sitio\\\/\",\"logo\":{\"@type\":\"ImageObject\",\"inLanguage\":\"es\",\"@id\":\"https:\\\/\\\/www.gesmujer.org\\\/sitio\\\/#\\\/schema\\\/logo\\\/image\\\/\",\"url\":\"https:\\\/\\\/www.gesmujer.org\\\/sitio\\\/wp-content\\\/uploads\\\/2026\\\/03\\\/Logo-GESMujer-300.png\",\"contentUrl\":\"https:\\\/\\\/www.gesmujer.org\\\/sitio\\\/wp-content\\\/uploads\\\/2026\\\/03\\\/Logo-GESMujer-300.png\",\"width\":300,\"height\":141,\"caption\":\"Grupo de estudios sobre la mujer Rosario Castellanos ac\"},\"image\":{\"@id\":\"https:\\\/\\\/www.gesmujer.org\\\/sitio\\\/#\\\/schema\\\/logo\\\/image\\\/\"},\"sameAs\":[\"https:\\\/\\\/www.facebook.com\\\/gesmujer.rosario.castellanos.ac\",\"https:\\\/\\\/x.com\\\/GES_Mujer\",\"https:\\\/\\\/www.instagram.com\\\/ges_mujer\\\/?hl=es\",\"https:\\\/\\\/www.youtube.com\\\/c\\\/GESMujerRosarioCastellanos\\\/videos\",\"https:\\\/\\\/soundcloud.com\\\/gesmujerac\",\"https:\\\/\\\/www.tiktok.com\\\/@gesmujer\"]}]}<\/script>\n<!-- \/ Yoast SEO plugin. -->","yoast_head_json":{"title":"\"El abc de la l\u00edder comunitaria: entrelanzando saberes\". Por Sandra Luz Villalobos - GESMujer &quot;Rosario Castellanos&quot;","robots":{"index":"index","follow":"follow","max-snippet":"max-snippet:-1","max-image-preview":"max-image-preview:large","max-video-preview":"max-video-preview:-1"},"canonical":"https:\/\/www.gesmujer.org\/sitio\/centro-de-capacitacion\/guia-abc-2\/el-abc-de-la-lider-comunitaria-entrelanzando-saberes-por-sandra-luz-villalobos\/","og_locale":"es_MX","og_type":"article","og_title":"\"El abc de la l\u00edder comunitaria: entrelanzando saberes\". Por Sandra Luz Villalobos - GESMujer &quot;Rosario Castellanos&quot;","og_description":"Se me invit\u00f3 hoy y agradezco la amable consideraci\u00f3n, a comentar la publicaci\u00f3n, gran compromiso, iniciar\u00e9 \u00a0parafraseando a Borges como un mensaje para quienes lo construyeron\u2026 existen personas en nuestras vidas que nos hacen felices por la simple casualidad de haberse cruzado en nuestro camino. Algunas recorren el camino a nuestro lado, viendo muchas lunas [&hellip;]","og_url":"https:\/\/www.gesmujer.org\/sitio\/centro-de-capacitacion\/guia-abc-2\/el-abc-de-la-lider-comunitaria-entrelanzando-saberes-por-sandra-luz-villalobos\/","og_site_name":"GESMujer &quot;Rosario Castellanos&quot;","article_publisher":"https:\/\/www.facebook.com\/gesmujer.rosario.castellanos.ac","article_modified_time":"2014-03-13T19:19:33+00:00","og_image":[{"width":2560,"height":1920,"url":"https:\/\/www.gesmujer.org\/sitio\/wp-content\/uploads\/2014\/03\/IMG_0067-scaled.jpg","type":"image\/jpeg"}],"twitter_card":"summary_large_image","twitter_site":"@GES_Mujer","twitter_misc":{"Tiempo de lectura":"2 minutos"},"schema":{"@context":"https:\/\/schema.org","@graph":[{"@type":"WebPage","@id":"https:\/\/www.gesmujer.org\/sitio\/centro-de-capacitacion\/guia-abc-2\/el-abc-de-la-lider-comunitaria-entrelanzando-saberes-por-sandra-luz-villalobos\/","url":"https:\/\/www.gesmujer.org\/sitio\/centro-de-capacitacion\/guia-abc-2\/el-abc-de-la-lider-comunitaria-entrelanzando-saberes-por-sandra-luz-villalobos\/","name":"\"El abc de la l\u00edder comunitaria: entrelanzando saberes\". Por Sandra Luz Villalobos - GESMujer &quot;Rosario Castellanos&quot;","isPartOf":{"@id":"https:\/\/www.gesmujer.org\/sitio\/#website"},"primaryImageOfPage":{"@id":"https:\/\/www.gesmujer.org\/sitio\/centro-de-capacitacion\/guia-abc-2\/el-abc-de-la-lider-comunitaria-entrelanzando-saberes-por-sandra-luz-villalobos\/#primaryimage"},"image":{"@id":"https:\/\/www.gesmujer.org\/sitio\/centro-de-capacitacion\/guia-abc-2\/el-abc-de-la-lider-comunitaria-entrelanzando-saberes-por-sandra-luz-villalobos\/#primaryimage"},"thumbnailUrl":"https:\/\/www.gesmujer.org\/sitio\/wp-content\/uploads\/2014\/03\/IMG_0067-scaled.jpg","datePublished":"2014-03-01T19:07:27+00:00","dateModified":"2014-03-13T19:19:33+00:00","breadcrumb":{"@id":"https:\/\/www.gesmujer.org\/sitio\/centro-de-capacitacion\/guia-abc-2\/el-abc-de-la-lider-comunitaria-entrelanzando-saberes-por-sandra-luz-villalobos\/#breadcrumb"},"inLanguage":"es","potentialAction":[{"@type":"ReadAction","target":["https:\/\/www.gesmujer.org\/sitio\/centro-de-capacitacion\/guia-abc-2\/el-abc-de-la-lider-comunitaria-entrelanzando-saberes-por-sandra-luz-villalobos\/"]}]},{"@type":"ImageObject","inLanguage":"es","@id":"https:\/\/www.gesmujer.org\/sitio\/centro-de-capacitacion\/guia-abc-2\/el-abc-de-la-lider-comunitaria-entrelanzando-saberes-por-sandra-luz-villalobos\/#primaryimage","url":"https:\/\/www.gesmujer.org\/sitio\/wp-content\/uploads\/2014\/03\/IMG_0067-scaled.jpg","contentUrl":"https:\/\/www.gesmujer.org\/sitio\/wp-content\/uploads\/2014\/03\/IMG_0067-scaled.jpg","width":2560,"height":1920},{"@type":"BreadcrumbList","@id":"https:\/\/www.gesmujer.org\/sitio\/centro-de-capacitacion\/guia-abc-2\/el-abc-de-la-lider-comunitaria-entrelanzando-saberes-por-sandra-luz-villalobos\/#breadcrumb","itemListElement":[{"@type":"ListItem","position":1,"name":"Home","item":"https:\/\/www.gesmujer.org\/sitio\/"},{"@type":"ListItem","position":2,"name":"Centro de Capacitaci\u00f3n","item":"https:\/\/www.gesmujer.org\/sitio\/centro-de-capacitacion\/"},{"@type":"ListItem","position":3,"name":"Gu\u00eda ABC","item":"https:\/\/www.gesmujer.org\/sitio\/centro-de-capacitacion\/guia-abc-2\/"},{"@type":"ListItem","position":4,"name":"&#8220;El abc de la l\u00edder comunitaria: entrelanzando saberes&#8221;. Por Sandra Luz Villalobos"}]},{"@type":"WebSite","@id":"https:\/\/www.gesmujer.org\/sitio\/#website","url":"https:\/\/www.gesmujer.org\/sitio\/","name":"GESMujer \"Rosario Castellanos\"","description":"M\u00e1s de 45 a\u00f1os ha llevado a cabo acciones para erradicar la violencia de g\u00e9nero y construir entornos donde las mujeres encuentren su resiliencia, incrementen su agencia y autonom\u00eda que les permita lograr su empoderamiento a trav\u00e9s de cinco l\u00edneas de acci\u00f3n.","publisher":{"@id":"https:\/\/www.gesmujer.org\/sitio\/#organization"},"alternateName":"GESMujer","potentialAction":[{"@type":"SearchAction","target":{"@type":"EntryPoint","urlTemplate":"https:\/\/www.gesmujer.org\/sitio\/?s={search_term_string}"},"query-input":{"@type":"PropertyValueSpecification","valueRequired":true,"valueName":"search_term_string"}}],"inLanguage":"es"},{"@type":"Organization","@id":"https:\/\/www.gesmujer.org\/sitio\/#organization","name":"Grupo de estudios sobre la mujer Rosario Castellanos ac","alternateName":"GESMujer","url":"https:\/\/www.gesmujer.org\/sitio\/","logo":{"@type":"ImageObject","inLanguage":"es","@id":"https:\/\/www.gesmujer.org\/sitio\/#\/schema\/logo\/image\/","url":"https:\/\/www.gesmujer.org\/sitio\/wp-content\/uploads\/2026\/03\/Logo-GESMujer-300.png","contentUrl":"https:\/\/www.gesmujer.org\/sitio\/wp-content\/uploads\/2026\/03\/Logo-GESMujer-300.png","width":300,"height":141,"caption":"Grupo de estudios sobre la mujer Rosario Castellanos ac"},"image":{"@id":"https:\/\/www.gesmujer.org\/sitio\/#\/schema\/logo\/image\/"},"sameAs":["https:\/\/www.facebook.com\/gesmujer.rosario.castellanos.ac","https:\/\/x.com\/GES_Mujer","https:\/\/www.instagram.com\/ges_mujer\/?hl=es","https:\/\/www.youtube.com\/c\/GESMujerRosarioCastellanos\/videos","https:\/\/soundcloud.com\/gesmujerac","https:\/\/www.tiktok.com\/@gesmujer"]}]}},"campaignId":"","_links":{"self":[{"href":"https:\/\/www.gesmujer.org\/sitio\/wp-json\/wp\/v2\/pages\/647","targetHints":{"allow":["GET"]}}],"collection":[{"href":"https:\/\/www.gesmujer.org\/sitio\/wp-json\/wp\/v2\/pages"}],"about":[{"href":"https:\/\/www.gesmujer.org\/sitio\/wp-json\/wp\/v2\/types\/page"}],"author":[{"embeddable":true,"href":"https:\/\/www.gesmujer.org\/sitio\/wp-json\/wp\/v2\/users\/4"}],"replies":[{"embeddable":true,"href":"https:\/\/www.gesmujer.org\/sitio\/wp-json\/wp\/v2\/comments?post=647"}],"version-history":[{"count":1,"href":"https:\/\/www.gesmujer.org\/sitio\/wp-json\/wp\/v2\/pages\/647\/revisions"}],"predecessor-version":[{"id":652,"href":"https:\/\/www.gesmujer.org\/sitio\/wp-json\/wp\/v2\/pages\/647\/revisions\/652"}],"up":[{"embeddable":true,"href":"https:\/\/www.gesmujer.org\/sitio\/wp-json\/wp\/v2\/pages\/623"}],"wp:featuredmedia":[{"embeddable":true,"href":"https:\/\/www.gesmujer.org\/sitio\/wp-json\/wp\/v2\/media\/651"}],"wp:attachment":[{"href":"https:\/\/www.gesmujer.org\/sitio\/wp-json\/wp\/v2\/media?parent=647"}],"curies":[{"name":"wp","href":"https:\/\/api.w.org\/{rel}","templated":true}]}}